{"id":5000,"date":"2006-03-07T21:30:46","date_gmt":"2006-03-07T20:30:46","guid":{"rendered":"https:\/\/www.jcvignoli.com\/blog\/?page_id=5000"},"modified":"2025-08-24T15:47:09","modified_gmt":"2025-08-24T13:47:09","slug":"presentation-of-jean-claude-vignoli","status":"publish","type":"page","link":"https:\/\/www.jcvignoli.com\/blog\/en\/presentation-of-jean-claude-vignoli","title":{"rendered":"Presentation of Jean-Claude Vignoli"},"content":{"rendered":"\n<h2 class=\"wp-block-heading\">Jean-Claude Vignoli<\/h2>\n\n\n<div class=\"wp-block-image\">\n<figure class=\"alignleft\"><img loading=\"lazy\" decoding=\"async\" width=\"150\" height=\"150\" src=\"https:\/\/www.jcvignoli.com\/blog\/wp-content\/uploads\/Moi-150x150.jpg\" alt=\"Jean-Claude Vignoli\" class=\"wp-image-2334\"\/><\/figure>\n<\/div>\n\n\n<p>After several years in Africa, I am currently traveling Latin America, residing among several indigenous peoples, such as the <a href=\"\/blog\/2019\/la-cosmovision-des-bribris-du-costa-rica\">Bri-bris in Costa Rica<\/a>, the <a href=\"\/blog\/2019\/les-kogis-ou-comment-survive-face-a-la-modernite-lorsquon-valorise-la-tradition\">Kogis in Colombia<\/a>, the <a href=\"\/blog\/2020\/les-qeros-un-peuple-descendant-des-incas-mais-plus-pour-longtemps\">Qeros in Peru<\/a>. I am passionate about archeology and ancient arts, but don&rsquo;t mind trying to understand quantum physics or modern art. I like literature and philosophy, love <a href=\"\/blog\/critiques-de-cinema\">cinema<\/a> that makes people dream intelligently. I love the present and the past, because the future concerns us all.<\/p>\n\n\n\n<p>I am the founder of the&nbsp;<a title=\"the Guardians of the Amazon NGO\" href=\"https:\/\/guardians.jcvignoli.com\/\">Guardians of the Amazon<\/a>&nbsp;(2024-), an NGO dedicated to&nbsp;<b>protecting the Amazon and its original inhabitants<\/b>. I am also a&nbsp;<a href=\"https:\/\/lapuerta.jcvignoli.com\/?code=itisok\">tourism promoter<\/a>&nbsp;(2024-), aiming to offer alternatives to former guerrillas and drug traffickers in Colombia. I am a freelance&nbsp;<b>journalist<\/b>&nbsp;(2020-), helping sometimes marginalized communities to make their voice heard. I am also an&nbsp;<b>international consultant on human rights<\/b>&nbsp;(2023-), helping activists to pursue their goals without maximum efficiency. I hold a master&rsquo;s degree in international relations from the&nbsp;<a title=\"Graduate institute of international and development studies of Geneva\" href=\"https:\/\/graduateinstitute.ch\/\" rel=\"external\">Graduate institute<\/a>&nbsp;(2001-2005), I am the former director of programmes of <a title=\"UPR Info, promoting and strengthening the Universal Periodic Review\" href=\"https:\/\/www.upr-info.org\/\">UPR Info<\/a>&nbsp;(2008-2017), an international&nbsp;<b>human rights<\/b>&nbsp;NGO that I co-founded. I was also national manager at&nbsp;<a title=\"Eco Activists for Governance and Law Enforcement\" href=\"http:\/\/www.eagle-enforcement.org\/\">EAGLE<\/a>&nbsp;(an NGO fighting against&nbsp;<b>trafficking in protected animals<\/b>, 2017-2019). In this role, I was in charge of infiltrating criminal networks to put an end to their illegal activities. I was member of the Committee of the&nbsp;<a href=\"https:\/\/verts-ge.ch\/\">Green party of Geneva<\/a>&nbsp;(2011-2012), in Switzerland. As a volunteer journalist and activist for&nbsp;<a title=\"site d'Amnesty International section Suisse\" href=\"https:\/\/www.amnesty.ch\/\">Amnesty International<\/a>&lsquo;s Swiss chapter (2010-2013), I organized many activities to denounce the&nbsp;<a href=\"https:\/\/www.jcvignoli.com\/blog\/2007\/peine-de-mort-et-si-cetait-votre-enfant\">death penalty<\/a>&nbsp;and torture all over the world. Finally, I am the author of&nbsp;<a href=\"https:\/\/www.jcvignoli.com\/pour-une-poignee-d-ivoire\/\">Pour une poign\u00e9e d&rsquo;ivoire<\/a>&nbsp;(2023), a&nbsp;<b>book<\/b>&nbsp;sharing my experience in wildlife counter-trafficking in Africa.<\/p>\n\n\n\n<p>I honor the ethical and practical fights, that is to say those for which my action can make a difference for the most disadvantaged, be they humans or animals.<\/p>\n\n\n\n<h2 class=\"wp-block-heading\">Selection of publications:<\/h2>\n\n\n\n<p><a href=\"https:\/\/www.jcvignoli.com\/ppi\/\">Pour une poign\u00e9e d&rsquo;ivoire<\/a>&nbsp;(Book, Editions Favre, 2023)<\/p>\n\n\n\n<p><a href=\"https:\/\/www.jcvignoli.com\/blog\/2022\/donner-de-lespoir-balle-au-pied-aux-prisonniers\">La balle aux prisonniers<\/a>, un ONG peu commune (sport and human rights,<a href=\"https:\/\/echomagazine.ch\/\"> Echo Magazine<\/a>, 2022, <a href=\"\/blog\/wp-content\/uploads\/Echomagazine_labap_2022.pdf\">pdf<\/a>)<\/p>\n\n\n\n<p>Les <a href=\"\/blog\/2021\/les-cholitas-luchadoras-de-la-paz\">cholitas luchadoras<\/a> (sport and culture, <a href=\"https:\/\/web.archive.org\/web\/20211126134332\/https:\/\/www.letemps.ch\/sport\/cholitas-catcheuses-legalite\">Le Temps<\/a>, 2021)<\/p>\n\n\n\n<p>Les <a href=\"\/blog\/2021\/les-missions-jesuites-du-paraguay-une-utopie\">missions j\u00e9suites du Paraguay<\/a>, une utopie? (Culture, histoire, <a href=\"\/blog\/2021\/les-missions-jesuites-du-paraguay-une-utopie\">Echo Magazine<\/a>, 2021)<\/p>\n\n\n\n<p><a href=\"\/blog\/2021\/les-autochtones-marchent-pour-le-respect-de-leurs-terres-en-bolivie\">Les autochtones marchent pour le respect de leurs terres en Bolivie<\/a> (Interview, indigenous people, <a href=\"http:\/\/www.icrainternational.org\/actualites\/?post=les-autochtones-marchent-pour-le-respect-de-leurs-terres-en-bolivie\">Ikewan<\/a> 2021)<\/p>\n\n\n\n<p><a href=\"https:\/\/www.jcvignoli.com\/blog\/2021\/daniel-chappuis-un-viticulteur-entre-dans-la-legende-en-bolivie\">Daniel Chappuis, un viticulteur suisse entr\u00e9 dans la l\u00e9gende en Bolivie<\/a> (Portrait, <a href=\"https:\/\/echomagazine.ch\">Echo Magazine<\/a>, 2021, <a title=\"Echo Magazine june 2021 - Daniel Chappuis\" href=\"https:\/\/www.jcvignoli.com\/blog\/wp-content\/uploads\/Echo-Magazine-25-2021.pdf\">pdf<\/a>)<\/p>\n\n\n\n<p><a href=\"https:\/\/www.jcvignoli.com\/blog\/2021\/caral-la-plus-ancienne-civilisation-des-ameriques-en-peril-pour-cause-de-pandemie\">Caral, 5000 ans d\u2019histoire en p\u00e9ril \u00e0 cause de Covid-19<\/a> (Archaeology, <a href=\"https:\/\/web.archive.org\/web\/20210615040754\/https:\/\/www.heidi.news\/sciences\/caral-5000-ans-d-histoire-en-peril-a-cause-de-covid-19\">Heidi.news<\/a>, 2021, <a href=\"https:\/\/www.jcvignoli.com\/blog\/wp-content\/uploads\/Caral-5000-ans-dhistoire-en-peril-a-cause-de-Covid-19-Heidi.news_.pdf\">pdf<\/a>)<\/p>\n\n\n\n<p><a href=\"\/blog\/2021\/eva-copa-le-nouvel-espoir-del-alto\">Eva Copa, le nouvel espoir d&rsquo;El Alto<\/a> (Politics, Le <a href=\"https:\/\/web.archive.org\/web\/20210426211841\/https:\/\/lecourrier.ch\/2021\/04\/26\/eva-copa-le-nouvel-espoir-del-alto\/\">Courrier<\/a>, 2021, <a href=\"https:\/\/www.jcvignoli.com\/blog\/wp-content\/uploads\/LeCourrierElAlto20210427.pdf\">pdf<\/a>)<\/p>\n\n\n\n<p><a href=\"\/blog\/2021\/la-liberation-et-la-securite-passent-par-lagriculture-urbaine-en-bolivie\">Les jardins de l&rsquo;\u00e9mancipation<\/a> (Society, Le <a href=\"https:\/\/web.archive.org\/web\/20210426173537\/https:\/\/lecourrier.ch\/2021\/04\/26\/les-jardins-de-lemancipation\/\">Courrier<\/a>, 2021, <a href=\"https:\/\/www.jcvignoli.com\/blog\/wp-content\/uploads\/LeCourrierElAlto20210427.pdf\">pdf<\/a>)<\/p>\n\n\n\n<p><a href=\"\/blog\/2020\/vices-et-ruee-vers-lor-dans-la-plus-haute-ville-de-monde-la-rinconada\">L\u2019enfer dor\u00e9 de l\u2019Altiplano p\u00e9ruvien<\/a> (Society and environment, Le <a href=\"https:\/\/web.archive.org\/web\/20200908024411\/https:\/\/lecourrier.ch\/2020\/09\/07\/lenfer-dore-de-laltiplano-peruvien\/\">Courrier<\/a>, 2020)<\/p>\n\n\n\n<p>Les Kogis, entre tradition et modernit\u00e9 (Indigenous people and environment, <a href=\"https:\/\/web.archive.org\/web\/20200424103711\/https:\/\/www.icrainternational.org\/ikewan\/?post=112-les-kogis-de-colombie\">Ikewan<\/a>, 2020)<\/p>\n\n\n\n<p>Le grand dirigeant des Mochicas \u00e9tait&#8230; une femme ! (Archeology, <a href=\"https:\/\/www.jcvignoli.com\/blog\/wp-content\/uploads\/Le-dirigeant-Mochica-\u00e9tait-une-femme-Echo-Magazine-04-2020.pdf\">L&rsquo;Echo Magazine<\/a>, 2020)<\/p>\n\n\n\n<p>L&rsquo;enseignement du peuple autochtone des Kogis face aux d\u00e9fis climatiques (Indigenous people and environment, <a href=\"https:\/\/web.archive.org\/web\/20200908025222\/https:\/\/www.heidi.news\/sciences\/l-enseignement-du-peuple-autochtone-des-kogis-face-aux-defis-climatiques\">Heidi.news<\/a>, 2019)<\/p>\n\n\n\n<p><a href=\"https:\/\/pub.jcvignoli.com\/UPRINFO_the_butterfly_effect-2016.pdf\">The Butterfly Effect &#8211; Spreading good practices of UPR implementation<\/a> (Human rights, UPR Info, 2016)<\/p>\n\n\n\n<p><a href=\"https:\/\/www.jcvignoli.com\/blog\/2015\/des-geants-decimes-pour-une-poignee-divoire-les-dessous-du-braconnage-delephants-au-kenya\">Des g\u00e9ants d\u00e9cim\u00e9s pour une poign\u00e9e d&rsquo;ivoire, les dessous de la r\u00e9alit\u00e9 du braconnage<\/a> (Wildlife, environment, <a href=\"https:\/\/www.jcvignoli.com\/blog\/wp-content\/uploads\/2015-Rangers-h\u00e9ro\u00efques-Le-Temps.pdf\">Le Temps<\/a>, 2015)<\/p>\n\n\n\n<p><a href=\"https:\/\/pub.jcvignoli.com\/UPRINFO_beyond_promises-2014.pdf\">Beyond Promises &#8211; the impact of the UPR on the ground<\/a> (Human rights, UPR Info, 2014)<\/p>\n\n\n\n<p><a href=\"https:\/\/pub.jcvignoli.com\/UPRINFO_on_the_road_to_implementation-2012.pdf\">On the Road to Implementation<\/a> (Human rights, UPR Info, 2012)<\/p>\n\n\n\n<p>Les coulisses du r\u00e9gime Khadafi, interview d&rsquo;Idris Aboufaied (Human rights, <a href=\"https:\/\/web.archive.org\/web\/20200325134952\/https:\/\/www.amnesty.ch\/fr\/sur-amnesty\/publications\/magazine-amnesty\/2009-3\/les-coulisses-du-regime-kadhafi\">Amnesty International<\/a>, 2009)<\/p>\n\n\n\n<p><a href=\"https:\/\/web.archive.org\/web\/20200908025353\/https:\/\/come4news.com\/droits-de-lhomme-a-lupr-une-france-au-dessus-de-tous-soupcons\/\">Droits de l&rsquo;homme \u00e0 l&rsquo;UPR; Une France au-dessus de tout soup\u00e7on ?<\/a> (Human rights, Comes4news, 2008)<\/p>\n\n\n\n<p><a href=\"https:\/\/web.archive.org\/web\/20200325142712\/https:\/\/www.amnesty.ch\/fr\/sur-amnesty\/publications\/magazine-amnesty\/2008-2\/oksana-chelysheva-russie-tchetchenie\">Russie: \u00ab\u00a0Tout est verrouill\u00e9 depuis le haut\u00a0\u00bb<\/a>, interview d&rsquo;Oxana Chelysheva (Human rights, Amnesty International, 2008)<\/p>\n\n\n\n<p><a href=\"https:\/\/www.jcvignoli.com\/blog\/2007\/hyperdemocratiecom-comment-les-nouvelles-technologies-alterent-definitivement-les-structures-politiques\">Hyperd\u00e9mocratie.com \u2013 comment nos superd\u00e9mocraties sont devenues hyperm\u00e9morielles<\/a> (Essai, Political sciences, New Technologies, Sociology, 2007)<\/p>\n\n\n\n<p><a href=\"https:\/\/web.archive.org\/web\/20200908025718\/https:\/\/www.agoravox.fr\/actualites\/international\/article\/les-consequences-de-la-mort-de-8541\">Les cons\u00e9quences de la mort de Milosevic<\/a> (Politics, Agoravox, 2006)<\/p>\n\n\n\n<h2 class=\"wp-block-heading\">Of tone<\/h2>\n\n\n\n<p>This blog mixes genres, topics, and can seem out of sync at times. It is daring to mix the tones, because the risk is not to be taken seriously. I see this as a mistake, the world is complex and separation only makes sense if you bring together what is scattered. My interests are multiple, for the simple reason that life is short. Very short.<\/p>\n\n\n\n<h2 class=\"wp-block-heading\">Of utilisation<\/h2>\n\n\n\n<p>Whether on any topic on the blog, express yourself freely, without fear of censorship.<\/p>\n\n\n\n<p>Do not hesitate to respond much later to an article, to react to words that shocked you, to ask several months (years?) Later for any clarification; rest assured that your message will not go unanswered.<\/p>\n\n\n\n<p>You can also consult a page gathering the <a href=\"\/blog\/dossiers\">articles of best quality<\/a>, one relating to my <a href=\"\/blog\/critiques-de-cinema\">critics of cinephile<\/a> or take a look at the <a href=\"\/blog\/archives\">archive page<\/a>.<\/p>\n\n\n\n<p>For any questions, visit the page where you can <a href=\"\/blog\/contact\">contact me<\/a>.<\/p>\n\n\n\n<p>A <a href=\"\/blog\/feed\">RSS feed<\/a> for the site is available to you.<\/p>\n","protected":false},"excerpt":{"rendered":"<p>Jean-Claude Vignoli After several years in Africa, I am currently traveling Latin America, residing among several indigenous peoples, such as the Bri-bris in Costa Rica, the Kogis in Colombia, the Qeros in Peru. I am passionate about archeology and ancient arts, but don&rsquo;t mind trying to understand quantum physics or modern art. I like literature [&hellip;]<\/p>\n","protected":false},"author":1,"featured_media":2334,"parent":0,"menu_order":0,"comment_status":"open","ping_status":"closed","template":"","meta":{"ocean_post_layout":"","ocean_both_sidebars_style":"","ocean_both_sidebars_content_width":0,"ocean_both_sidebars_sidebars_width":0,"ocean_sidebar":"0","ocean_second_sidebar":"0","ocean_disable_margins":"enable","ocean_add_body_class":"","ocean_shortcode_before_top_bar":"","ocean_shortcode_after_top_bar":"","ocean_shortcode_before_header":"","ocean_shortcode_after_header":"","ocean_has_shortcode":"","ocean_shortcode_after_title":"","ocean_shortcode_before_footer_widgets":"","ocean_shortcode_after_footer_widgets":"","ocean_shortcode_before_footer_bottom":"","ocean_shortcode_after_footer_bottom":"","ocean_display_top_bar":"default","ocean_display_header":"default","ocean_header_style":"","ocean_center_header_left_menu":"0","ocean_custom_header_template":"0","ocean_custom_logo":0,"ocean_custom_retina_logo":0,"ocean_custom_logo_max_width":0,"ocean_custom_logo_tablet_max_width":0,"ocean_custom_logo_mobile_max_width":0,"ocean_custom_logo_max_height":0,"ocean_custom_logo_tablet_max_height":0,"ocean_custom_logo_mobile_max_height":0,"ocean_header_custom_menu":"0","ocean_menu_typo_font_family":"0","ocean_menu_typo_font_subset":"","ocean_menu_typo_font_size":0,"ocean_menu_typo_font_size_tablet":0,"ocean_menu_typo_font_size_mobile":0,"ocean_menu_typo_font_size_unit":"px","ocean_menu_typo_font_weight":"","ocean_menu_typo_font_weight_tablet":"","ocean_menu_typo_font_weight_mobile":"","ocean_menu_typo_transform":"","ocean_menu_typo_transform_tablet":"","ocean_menu_typo_transform_mobile":"","ocean_menu_typo_line_height":0,"ocean_menu_typo_line_height_tablet":0,"ocean_menu_typo_line_height_mobile":0,"ocean_menu_typo_line_height_unit":"","ocean_menu_typo_spacing":0,"ocean_menu_typo_spacing_tablet":0,"ocean_menu_typo_spacing_mobile":0,"ocean_menu_typo_spacing_unit":"","ocean_menu_link_color":"","ocean_menu_link_color_hover":"","ocean_menu_link_color_active":"","ocean_menu_link_background":"","ocean_menu_link_hover_background":"","ocean_menu_link_active_background":"","ocean_menu_social_links_bg":"","ocean_menu_social_hover_links_bg":"","ocean_menu_social_links_color":"","ocean_menu_social_hover_links_color":"","ocean_disable_title":"default","ocean_disable_heading":"default","ocean_post_title":"","ocean_post_subheading":"","ocean_post_title_style":"","ocean_post_title_background_color":"","ocean_post_title_background":0,"ocean_post_title_bg_image_position":"","ocean_post_title_bg_image_attachment":"","ocean_post_title_bg_image_repeat":"","ocean_post_title_bg_image_size":"","ocean_post_title_height":0,"ocean_post_title_bg_overlay":0.5,"ocean_post_title_bg_overlay_color":"","ocean_disable_breadcrumbs":"default","ocean_breadcrumbs_color":"","ocean_breadcrumbs_separator_color":"","ocean_breadcrumbs_links_color":"","ocean_breadcrumbs_links_hover_color":"","ocean_display_footer_widgets":"default","ocean_display_footer_bottom":"default","ocean_custom_footer_template":"0","footnotes":""},"class_list":["post-5000","page","type-page","status-publish","has-post-thumbnail","hentry","entry","has-media"],"aioseo_notices":[],"language":"en","_links":{"self":[{"href":"https:\/\/www.jcvignoli.com\/blog\/wp-json\/wp\/v2\/pages\/5000","targetHints":{"allow":["GET"]}}],"collection":[{"href":"https:\/\/www.jcvignoli.com\/blog\/wp-json\/wp\/v2\/pages"}],"about":[{"href":"https:\/\/www.jcvignoli.com\/blog\/wp-json\/wp\/v2\/types\/page"}],"author":[{"embeddable":true,"href":"https:\/\/www.jcvignoli.com\/blog\/wp-json\/wp\/v2\/users\/1"}],"replies":[{"embeddable":true,"href":"https:\/\/www.jcvignoli.com\/blog\/wp-json\/wp\/v2\/comments?post=5000"}],"version-history":[{"count":3,"href":"https:\/\/www.jcvignoli.com\/blog\/wp-json\/wp\/v2\/pages\/5000\/revisions"}],"predecessor-version":[{"id":6577,"href":"https:\/\/www.jcvignoli.com\/blog\/wp-json\/wp\/v2\/pages\/5000\/revisions\/6577"}],"wp:featuredmedia":[{"embeddable":true,"href":"https:\/\/www.jcvignoli.com\/blog\/wp-json\/wp\/v2\/media\/2334"}],"wp:attachment":[{"href":"https:\/\/www.jcvignoli.com\/blog\/wp-json\/wp\/v2\/media?parent=5000"}],"curies":[{"name":"wp","href":"https:\/\/api.w.org\/{rel}","templated":true}]}}