{"id":2634,"date":"2019-12-28T12:14:03","date_gmt":"2019-12-28T17:14:03","guid":{"rendered":"https:\/\/www.ikiru.ch\/blog\/?page_id=2634"},"modified":"2025-08-24T14:04:03","modified_gmt":"2025-08-24T12:04:03","slug":"archives","status":"publish","type":"page","link":"https:\/\/www.jcvignoli.com\/blog\/archives","title":{"rendered":"Archives de Lost Highway"},"content":{"rendered":"\n<h2 class=\"wp-block-heading\">Page regroupant toutes les archives cat\u00e9goris\u00e9es de Lost Highway<\/h2>\n\n\n\n<p>Utilisez les filtres pour trouver une article en particulier.<\/p>\n\n\n<table id=\"posts-table-1\" class=\"posts-data-table\" data-page-length=\"25\" data-paging=\"true\" data-order='[[2, \"desc\"]]' data-click-filter=\"true\" data-scroll-offset=\"15\" cellspacing=\"0\" width=\"100%\"><thead><tr><th data-name=\"image\" data-priority=\"6\" data-width=\"\">Image<\/th><th data-name=\"title\" data-priority=\"1\" data-width=\"\">Titre :<\/th><th data-name=\"date\" data-priority=\"2\" data-width=\"\" data-order-data=\"5\">Dat\u00e9<\/th><th data-name=\"categories\" data-priority=\"7\" data-width=\"\">Cat\u00e9gories<\/th><th data-name=\"tags\" data-priority=\"8\" data-width=\"\">\u00c9tiquettes<\/th><th data-name=\"timestamp\" data-visible=\"false\"><\/th><\/tr><\/thead><tbody><tr><td><img loading=\"lazy\" decoding=\"async\" width=\"200\" height=\"200\" src=\"https:\/\/www.jcvignoli.com\/blog\/wp-content\/uploads\/alex-pretti-200x200.jpg\" class=\"attachment-thumbnail size-thumbnail wp-post-image\" alt=\"\" \/><\/td><td><a href=\"https:\/\/www.jcvignoli.com\/blog\/2026\/nous-ne-sommes-pas-condamnes-a-voir-lextreme-droite-au-pouvoir\">Nous ne sommes pas condamn\u00e9s \u00e0 voir l&rsquo;extr\u00eame droite au pouvoir<\/a><\/td><td>2026\/01\/26<\/td><td><a href=\"https:\/\/www.jcvignoli.com\/blog\/category\/activisme\" rel=\"category tag\">Activisme<\/a>, <a href=\"https:\/\/www.jcvignoli.com\/blog\/category\/politique\/droits-humains\" rel=\"category tag\">Droits humains<\/a>, <a href=\"https:\/\/www.jcvignoli.com\/blog\/category\/politique\/ecologie\" rel=\"category tag\">Ecologie<\/a>, <a href=\"https:\/\/www.jcvignoli.com\/blog\/category\/politique\" rel=\"category tag\">Politique<\/a>, <a href=\"https:\/\/www.jcvignoli.com\/blog\/category\/politique\/usa\" rel=\"category tag\">USA<\/a><\/td><td><a href=\"https:\/\/www.jcvignoli.com\/blog\/tag\/alex-pretti\" rel=\"tag\">Alex Pretti<\/a>, <a href=\"https:\/\/www.jcvignoli.com\/blog\/tag\/democratie\" rel=\"tag\">d\u00e9mocratie<\/a>, <a href=\"https:\/\/www.jcvignoli.com\/blog\/tag\/fascisme\" rel=\"tag\">fascisme<\/a>, <a href=\"https:\/\/www.jcvignoli.com\/blog\/tag\/trump-fr\" rel=\"tag\">Trump<\/a><\/td><td>2026-01-26 14:00:05<\/td><\/tr><tr><td><img loading=\"lazy\" decoding=\"async\" width=\"200\" height=\"200\" src=\"https:\/\/www.jcvignoli.com\/blog\/wp-content\/uploads\/alex-pretti-200x200.jpg\" class=\"attachment-thumbnail size-thumbnail wp-post-image\" alt=\"\" \/><\/td><td><a href=\"https:\/\/www.jcvignoli.com\/blog\/en\/2026\/we-are-not-doomed-to-see-the-far-right-in-power\">We are not doomed to see the far right in power<\/a><\/td><td>2026\/01\/26<\/td><td><a href=\"https:\/\/www.jcvignoli.com\/blog\/en\/category\/activism\" rel=\"category tag\">Activism<\/a>, <a href=\"https:\/\/www.jcvignoli.com\/blog\/en\/category\/politics\/ecology\" rel=\"category tag\">Ecology<\/a>, <a href=\"https:\/\/www.jcvignoli.com\/blog\/en\/category\/politics\/human-rights\" rel=\"category tag\">Human rights<\/a>, <a href=\"https:\/\/www.jcvignoli.com\/blog\/en\/category\/politics\" rel=\"category tag\">Politics<\/a>, <a href=\"https:\/\/www.jcvignoli.com\/blog\/en\/category\/politics\/usa-en\" rel=\"category tag\">USA<\/a><\/td><td><a href=\"https:\/\/www.jcvignoli.com\/blog\/en\/tag\/activism\" rel=\"tag\">activism<\/a>, <a href=\"https:\/\/www.jcvignoli.com\/blog\/en\/tag\/alex-patti\" rel=\"tag\">Alex Patti<\/a>, <a href=\"https:\/\/www.jcvignoli.com\/blog\/en\/tag\/democracy\" rel=\"tag\">democracy<\/a>, <a href=\"https:\/\/www.jcvignoli.com\/blog\/en\/tag\/fascism\" rel=\"tag\">fascism<\/a>, <a href=\"https:\/\/www.jcvignoli.com\/blog\/en\/tag\/renee-good\" rel=\"tag\">Renee Good<\/a>, <a href=\"https:\/\/www.jcvignoli.com\/blog\/en\/tag\/trump\" rel=\"tag\">Trump<\/a><\/td><td>2026-01-26 13:57:08<\/td><\/tr><tr><td><img loading=\"lazy\" decoding=\"async\" width=\"200\" height=\"200\" src=\"https:\/\/www.jcvignoli.com\/blog\/wp-content\/uploads\/board_of_peace-200x200.png\" class=\"attachment-thumbnail size-thumbnail wp-post-image\" alt=\"\" srcset=\"https:\/\/www.jcvignoli.com\/blog\/wp-content\/uploads\/board_of_peace-200x200.png 200w, https:\/\/www.jcvignoli.com\/blog\/wp-content\/uploads\/board_of_peace-450x450.png 450w, https:\/\/www.jcvignoli.com\/blog\/wp-content\/uploads\/board_of_peace-768x768.png 768w, https:\/\/www.jcvignoli.com\/blog\/wp-content\/uploads\/board_of_peace-600x600.png 600w, https:\/\/www.jcvignoli.com\/blog\/wp-content\/uploads\/board_of_peace.png 1024w\" sizes=\"auto, (max-width: 200px) 100vw, 200px\" \/><\/td><td><a href=\"https:\/\/www.jcvignoli.com\/blog\/2026\/board-of-peace-une-arnaque-trumpiste\">Board of Peace: une arnaque trumpienne<\/a><\/td><td>2026\/01\/23<\/td><td><a href=\"https:\/\/www.jcvignoli.com\/blog\/category\/politique\/onu\" rel=\"category tag\">ONU<\/a>, <a href=\"https:\/\/www.jcvignoli.com\/blog\/category\/politique\" rel=\"category tag\">Politique<\/a>, <a href=\"https:\/\/www.jcvignoli.com\/blog\/category\/politique\/usa\" rel=\"category tag\">USA<\/a><\/td><td><a href=\"https:\/\/www.jcvignoli.com\/blog\/tag\/board-of-peace\" rel=\"tag\">Board of peace<\/a>, <a href=\"https:\/\/www.jcvignoli.com\/blog\/tag\/guerre\" rel=\"tag\">guerre<\/a>, <a href=\"https:\/\/www.jcvignoli.com\/blog\/tag\/mafia\" rel=\"tag\">mafia<\/a>, <a href=\"https:\/\/www.jcvignoli.com\/blog\/tag\/trump-fr\" rel=\"tag\">Trump<\/a><\/td><td>2026-01-23 13:49:15<\/td><\/tr><tr><td><img loading=\"lazy\" decoding=\"async\" width=\"200\" height=\"200\" src=\"https:\/\/www.jcvignoli.com\/blog\/wp-content\/uploads\/ligne-rouge-200x200.jpg\" class=\"attachment-thumbnail size-thumbnail wp-post-image\" alt=\"ligne rouge s\u00e9parant urne de vote et casque militaire\" srcset=\"https:\/\/www.jcvignoli.com\/blog\/wp-content\/uploads\/ligne-rouge-200x200.jpg 200w, https:\/\/www.jcvignoli.com\/blog\/wp-content\/uploads\/ligne-rouge-600x600.jpg 600w\" sizes=\"auto, (max-width: 200px) 100vw, 200px\" \/><\/td><td><a href=\"https:\/\/www.jcvignoli.com\/blog\/2025\/la-ligne-rouge-les-nouveaux-territoires-de-la-guerre-democratique-et-culturelle\">La ligne rouge &#8211; les nouveaux territoires de la guerre d\u00e9mocratique et culturelle<\/a><\/td><td>2025\/11\/09<\/td><td><a href=\"https:\/\/www.jcvignoli.com\/blog\/category\/activisme\" rel=\"category tag\">Activisme<\/a>, <a href=\"https:\/\/www.jcvignoli.com\/blog\/category\/politique\/droits-humains\" rel=\"category tag\">Droits humains<\/a>, <a href=\"https:\/\/www.jcvignoli.com\/blog\/category\/politique\" rel=\"category tag\">Politique<\/a>, <a href=\"https:\/\/www.jcvignoli.com\/blog\/category\/politique\/usa\" rel=\"category tag\">USA<\/a><\/td><td><a href=\"https:\/\/www.jcvignoli.com\/blog\/tag\/democratie\" rel=\"tag\">d\u00e9mocratie<\/a>, <a href=\"https:\/\/www.jcvignoli.com\/blog\/tag\/fascisme\" rel=\"tag\">fascisme<\/a>, <a href=\"https:\/\/www.jcvignoli.com\/blog\/tag\/guerre-culturelle\" rel=\"tag\">guerre culturelle<\/a><\/td><td>2025-11-09 15:35:41<\/td><\/tr><tr><td><img loading=\"lazy\" decoding=\"async\" width=\"200\" height=\"200\" src=\"https:\/\/www.jcvignoli.com\/blog\/wp-content\/uploads\/Commander-Bovino-200x200.png\" class=\"attachment-thumbnail size-thumbnail wp-post-image\" alt=\"Commander Bovino habill\u00e9 en nazi\" \/><\/td><td><a href=\"https:\/\/www.jcvignoli.com\/blog\/2025\/les-etats-unis-sombrent-dans-le-fascisme\">Les Etats-Unis sombrent dans le fascisme<\/a><\/td><td>2025\/11\/04<\/td><td><a href=\"https:\/\/www.jcvignoli.com\/blog\/category\/activisme\" rel=\"category tag\">Activisme<\/a>, <a href=\"https:\/\/www.jcvignoli.com\/blog\/category\/politique\/usa\" rel=\"category tag\">USA<\/a><\/td><td><a href=\"https:\/\/www.jcvignoli.com\/blog\/tag\/democratie\" rel=\"tag\">d\u00e9mocratie<\/a>, <a href=\"https:\/\/www.jcvignoli.com\/blog\/tag\/droit-homme\" rel=\"tag\">droits de l'homme<\/a>, <a href=\"https:\/\/www.jcvignoli.com\/blog\/tag\/fascisme\" rel=\"tag\">fascisme<\/a>, <a href=\"https:\/\/www.jcvignoli.com\/blog\/tag\/homeland-security\" rel=\"tag\">Homeland security<\/a>, <a href=\"https:\/\/www.jcvignoli.com\/blog\/tag\/trump-fr\" rel=\"tag\">Trump<\/a><\/td><td>2025-11-04 11:19:28<\/td><\/tr><tr><td><img loading=\"lazy\" decoding=\"async\" width=\"200\" height=\"200\" src=\"https:\/\/www.jcvignoli.com\/blog\/wp-content\/uploads\/atef-khelili-1-200x200.jpg\" class=\"attachment-thumbnail size-thumbnail wp-post-image\" alt=\"Atef Khelili with sunglasses and a blue shirt is making a peace sign.\" \/><\/td><td><a href=\"https:\/\/www.jcvignoli.com\/blog\/2025\/lespoir-suisse-dun-apostat-algerien-atef-khelili\">L\u2019espoir suisse d\u2019un apostat alg\u00e9rien &#8211; Atef Khelili<\/a><\/td><td>2025\/08\/09<\/td><td><a href=\"https:\/\/www.jcvignoli.com\/blog\/category\/articles\" rel=\"category tag\">Articles<\/a>, <a href=\"https:\/\/www.jcvignoli.com\/blog\/category\/politique\/droits-humains\" rel=\"category tag\">Droits humains<\/a>, <a href=\"https:\/\/www.jcvignoli.com\/blog\/category\/articles\/ecrits-publies\" rel=\"category tag\">Ecrits publi\u00e9s<\/a>, <a href=\"https:\/\/www.jcvignoli.com\/blog\/category\/articles\/interview\" rel=\"category tag\">Interview<\/a>, <a href=\"https:\/\/www.jcvignoli.com\/blog\/category\/politique\/suisse\" rel=\"category tag\">Suisse<\/a><\/td><td><a href=\"https:\/\/www.jcvignoli.com\/blog\/tag\/algerie\" rel=\"tag\">alg\u00e9rie<\/a>, <a href=\"https:\/\/www.jcvignoli.com\/blog\/tag\/blaspheme\" rel=\"tag\">blasph\u00e8me<\/a>, <a href=\"https:\/\/www.jcvignoli.com\/blog\/tag\/conscience\" rel=\"tag\">conscience<\/a>, <a href=\"https:\/\/www.jcvignoli.com\/blog\/tag\/droit-homme\" rel=\"tag\">droits de l'homme<\/a>, <a href=\"https:\/\/www.jcvignoli.com\/blog\/tag\/liberte\" rel=\"tag\">libert\u00e9<\/a>, <a href=\"https:\/\/www.jcvignoli.com\/blog\/tag\/religion\" rel=\"tag\">religion<\/a>, <a href=\"https:\/\/www.jcvignoli.com\/blog\/tag\/suisse\" rel=\"tag\">Suisse<\/a><\/td><td>2025-08-09 10:50:42<\/td><\/tr><tr><td><img loading=\"lazy\" decoding=\"async\" width=\"200\" height=\"200\" src=\"https:\/\/www.jcvignoli.com\/blog\/wp-content\/uploads\/united-nations-flag-200x200.jpg\" class=\"attachment-thumbnail size-thumbnail wp-post-image\" alt=\"\" srcset=\"https:\/\/www.jcvignoli.com\/blog\/wp-content\/uploads\/united-nations-flag-200x200.jpg 200w, https:\/\/www.jcvignoli.com\/blog\/wp-content\/uploads\/united-nations-flag-600x600.jpg 600w\" sizes=\"auto, (max-width: 200px) 100vw, 200px\" \/><\/td><td><a href=\"https:\/\/www.jcvignoli.com\/blog\/en\/2025\/the-end-of-the-liberal-order-a-call-for-mobilization\">The end of the liberal order &#8211; a call for mobilization<\/a><\/td><td>2025\/02\/22<\/td><td><a href=\"https:\/\/www.jcvignoli.com\/blog\/en\/category\/activism\" rel=\"category tag\">Activism<\/a>, <a href=\"https:\/\/www.jcvignoli.com\/blog\/en\/category\/politics\" rel=\"category tag\">Politics<\/a>, <a href=\"https:\/\/www.jcvignoli.com\/blog\/en\/category\/politics\/usa-en\" rel=\"category tag\">USA<\/a><\/td><td><a href=\"https:\/\/www.jcvignoli.com\/blog\/en\/tag\/fascism\" rel=\"tag\">fascism<\/a>, <a href=\"https:\/\/www.jcvignoli.com\/blog\/en\/tag\/liberal-order\" rel=\"tag\">liberal order<\/a>, <a href=\"https:\/\/www.jcvignoli.com\/blog\/en\/tag\/trump\" rel=\"tag\">Trump<\/a>, <a href=\"https:\/\/www.jcvignoli.com\/blog\/en\/tag\/war\" rel=\"tag\">war<\/a><\/td><td>2025-02-22 10:41:49<\/td><\/tr><tr><td><img loading=\"lazy\" decoding=\"async\" width=\"200\" height=\"200\" src=\"https:\/\/www.jcvignoli.com\/blog\/wp-content\/uploads\/united-nations-flag-200x200.jpg\" class=\"attachment-thumbnail size-thumbnail wp-post-image\" alt=\"\" srcset=\"https:\/\/www.jcvignoli.com\/blog\/wp-content\/uploads\/united-nations-flag-200x200.jpg 200w, https:\/\/www.jcvignoli.com\/blog\/wp-content\/uploads\/united-nations-flag-600x600.jpg 600w\" sizes=\"auto, (max-width: 200px) 100vw, 200px\" \/><\/td><td><a href=\"https:\/\/www.jcvignoli.com\/blog\/2025\/la-fin-de-lordre-liberal-un-appel-a-la-mobilisation\">La fin de l&rsquo;ordre lib\u00e9ral &#8211; un appel \u00e0 la mobilisation<\/a><\/td><td>2025\/02\/22<\/td><td><a href=\"https:\/\/www.jcvignoli.com\/blog\/category\/activisme\" rel=\"category tag\">Activisme<\/a>, <a href=\"https:\/\/www.jcvignoli.com\/blog\/category\/politique\" rel=\"category tag\">Politique<\/a>, <a href=\"https:\/\/www.jcvignoli.com\/blog\/category\/politique\/usa\" rel=\"category tag\">USA<\/a><\/td><td><a href=\"https:\/\/www.jcvignoli.com\/blog\/tag\/bush\" rel=\"tag\">Bush<\/a>, <a href=\"https:\/\/www.jcvignoli.com\/blog\/tag\/democratie\" rel=\"tag\">d\u00e9mocratie<\/a>, <a href=\"https:\/\/www.jcvignoli.com\/blog\/tag\/fascisme\" rel=\"tag\">fascisme<\/a>, <a href=\"https:\/\/www.jcvignoli.com\/blog\/tag\/liberte\" rel=\"tag\">libert\u00e9<\/a>, <a href=\"https:\/\/www.jcvignoli.com\/blog\/tag\/ordre-liberal\" rel=\"tag\">Ordre lib\u00e9ral<\/a>, <a href=\"https:\/\/www.jcvignoli.com\/blog\/tag\/trump-fr\" rel=\"tag\">Trump<\/a><\/td><td>2025-02-22 10:32:02<\/td><\/tr><tr><td><img loading=\"lazy\" decoding=\"async\" width=\"150\" height=\"150\" src=\"https:\/\/www.jcvignoli.com\/blog\/wp-content\/uploads\/Village-kogi-scaled-150x150.jpg\" class=\"attachment-thumbnail size-thumbnail wp-post-image\" alt=\"Village kogi de la sierra nevada colombie\" \/><\/td><td><a href=\"https:\/\/www.jcvignoli.com\/blog\/2025\/demander-une-permission-a-la-nature-un-contrat-social-autochtone\">Demander une permission \u00e0 la nature, un contrat social autochtone<\/a><\/td><td>2025\/02\/18<\/td><td><a href=\"https:\/\/www.jcvignoli.com\/blog\/category\/anthropologie\" rel=\"category tag\">Anthropologie<\/a>, <a href=\"https:\/\/www.jcvignoli.com\/blog\/category\/politique\/ecologie\" rel=\"category tag\">Ecologie<\/a>, <a href=\"https:\/\/www.jcvignoli.com\/blog\/category\/philosophie\" rel=\"category tag\">Philosophie<\/a><\/td><td><a href=\"https:\/\/www.jcvignoli.com\/blog\/tag\/aluna\" rel=\"tag\">aluna<\/a>, <a href=\"https:\/\/www.jcvignoli.com\/blog\/tag\/autochtones\" rel=\"tag\">autochtones<\/a>, <a href=\"https:\/\/www.jcvignoli.com\/blog\/tag\/capitalisme\" rel=\"tag\">capitalisme<\/a>, <a href=\"https:\/\/www.jcvignoli.com\/blog\/tag\/nature\" rel=\"tag\">nature<\/a><\/td><td>2025-02-18 10:24:32<\/td><\/tr><tr><td><img loading=\"lazy\" decoding=\"async\" width=\"200\" height=\"200\" src=\"https:\/\/www.jcvignoli.com\/blog\/wp-content\/uploads\/geneva_2024-200x200.jpg\" class=\"attachment-thumbnail size-thumbnail wp-post-image\" alt=\"\" srcset=\"https:\/\/www.jcvignoli.com\/blog\/wp-content\/uploads\/geneva_2024-200x200.jpg 200w, https:\/\/www.jcvignoli.com\/blog\/wp-content\/uploads\/geneva_2024-600x600.jpg 600w\" sizes=\"auto, (max-width: 200px) 100vw, 200px\" \/><\/td><td><a href=\"https:\/\/www.jcvignoli.com\/blog\/2024\/bolivie-des-militants-pour-alerter-lopinion-publique-et-les-decideurs-a-geneve\">Bolivie: des militants pour alerter l\u2019opinion publique et les d\u00e9cideurs \u00e0 Gen\u00e8ve<\/a><\/td><td>2024\/12\/05<\/td><td><a href=\"https:\/\/www.jcvignoli.com\/blog\/category\/activisme\" rel=\"category tag\">Activisme<\/a>, <a href=\"https:\/\/www.jcvignoli.com\/blog\/category\/articles\" rel=\"category tag\">Articles<\/a>, <a href=\"https:\/\/www.jcvignoli.com\/blog\/category\/politique\/droits-humains\" rel=\"category tag\">Droits humains<\/a><\/td><td><a href=\"https:\/\/www.jcvignoli.com\/blog\/tag\/alex-villca-limaco\" rel=\"tag\">Alex Villca Limaco<\/a>, <a href=\"https:\/\/www.jcvignoli.com\/blog\/tag\/article-refuse-parce-quon-se-torche-avec-la-realite\" rel=\"tag\">Article refus\u00e9 parce qu'on se torche avec la r\u00e9alit\u00e9<\/a>, <a href=\"https:\/\/www.jcvignoli.com\/blog\/tag\/bolivie\" rel=\"tag\">Bolivie<\/a>, <a href=\"https:\/\/www.jcvignoli.com\/blog\/tag\/droits-humains\" rel=\"tag\">droits humains<\/a>, <a href=\"https:\/\/www.jcvignoli.com\/blog\/tag\/evo-morales\" rel=\"tag\">Evo Morales<\/a>, <a href=\"https:\/\/www.jcvignoli.com\/blog\/tag\/ruth-alipaz\" rel=\"tag\">Ruth Alipaz<\/a><\/td><td>2024-12-05 06:44:40<\/td><\/tr><tr><td><img loading=\"lazy\" decoding=\"async\" width=\"200\" height=\"200\" src=\"https:\/\/www.jcvignoli.com\/blog\/wp-content\/uploads\/tony-200x200.jpg\" class=\"attachment-thumbnail size-thumbnail wp-post-image\" alt=\"Salvatore Callea\" srcset=\"https:\/\/www.jcvignoli.com\/blog\/wp-content\/uploads\/tony-200x200.jpg 200w, https:\/\/www.jcvignoli.com\/blog\/wp-content\/uploads\/tony-600x600.jpg 600w\" sizes=\"auto, (max-width: 200px) 100vw, 200px\" \/><\/td><td><a href=\"https:\/\/www.jcvignoli.com\/blog\/2024\/non-aspettare-mai-di-dire-che-ami\">Non aspettare mai di dire che ami<\/a><\/td><td>2024\/12\/05<\/td><td><a href=\"https:\/\/www.jcvignoli.com\/blog\/category\/non-classe\" rel=\"category tag\">Non class\u00e9<\/a><\/td><td><a href=\"https:\/\/www.jcvignoli.com\/blog\/tag\/memento-mori\" rel=\"tag\">Memento mori<\/a>, <a href=\"https:\/\/www.jcvignoli.com\/blog\/tag\/salvatore-callea\" rel=\"tag\">Salvatore Callea<\/a>, <a href=\"https:\/\/www.jcvignoli.com\/blog\/tag\/tony-callea\" rel=\"tag\">Tony Callea<\/a><\/td><td>2024-12-05 06:36:54<\/td><\/tr><tr><td><img loading=\"lazy\" decoding=\"async\" width=\"200\" height=\"200\" src=\"https:\/\/www.jcvignoli.com\/blog\/wp-content\/uploads\/UNWatch-logo-200x200.jpg\" class=\"attachment-thumbnail size-thumbnail wp-post-image\" alt=\"\" srcset=\"https:\/\/www.jcvignoli.com\/blog\/wp-content\/uploads\/UNWatch-logo-200x200.jpg 200w, https:\/\/www.jcvignoli.com\/blog\/wp-content\/uploads\/UNWatch-logo-450x450.jpg 450w, https:\/\/www.jcvignoli.com\/blog\/wp-content\/uploads\/UNWatch-logo-768x768.jpg 768w, https:\/\/www.jcvignoli.com\/blog\/wp-content\/uploads\/UNWatch-logo-600x600.jpg 600w, https:\/\/www.jcvignoli.com\/blog\/wp-content\/uploads\/UNWatch-logo.jpg 1200w\" sizes=\"auto, (max-width: 200px) 100vw, 200px\" \/><\/td><td><a href=\"https:\/\/www.jcvignoli.com\/blog\/en\/2024\/un-watch-is-a-popular-and-harmful-ngo\">UN Watch is a popular and harmful NGO<\/a><\/td><td>2024\/09\/29<\/td><td><a href=\"https:\/\/www.jcvignoli.com\/blog\/en\/category\/activism\" rel=\"category tag\">Activism<\/a>, <a href=\"https:\/\/www.jcvignoli.com\/blog\/en\/category\/articles-en\" rel=\"category tag\">Articles<\/a>, <a href=\"https:\/\/www.jcvignoli.com\/blog\/en\/category\/politics\/human-rights\" rel=\"category tag\">Human rights<\/a>, <a href=\"https:\/\/www.jcvignoli.com\/blog\/en\/category\/politics\" rel=\"category tag\">Politics<\/a><\/td><td><\/td><td>2024-09-29 16:04:19<\/td><\/tr><tr><td><img loading=\"lazy\" decoding=\"async\" width=\"200\" height=\"200\" src=\"https:\/\/www.jcvignoli.com\/blog\/wp-content\/uploads\/UNWatch-logo-200x200.jpg\" class=\"attachment-thumbnail size-thumbnail wp-post-image\" alt=\"\" srcset=\"https:\/\/www.jcvignoli.com\/blog\/wp-content\/uploads\/UNWatch-logo-200x200.jpg 200w, https:\/\/www.jcvignoli.com\/blog\/wp-content\/uploads\/UNWatch-logo-450x450.jpg 450w, https:\/\/www.jcvignoli.com\/blog\/wp-content\/uploads\/UNWatch-logo-768x768.jpg 768w, https:\/\/www.jcvignoli.com\/blog\/wp-content\/uploads\/UNWatch-logo-600x600.jpg 600w, https:\/\/www.jcvignoli.com\/blog\/wp-content\/uploads\/UNWatch-logo.jpg 1200w\" sizes=\"auto, (max-width: 200px) 100vw, 200px\" \/><\/td><td><a href=\"https:\/\/www.jcvignoli.com\/blog\/2024\/un-watch-l-effroyable-imposture\">UN Watch, l&rsquo;effroyable imposture<\/a><\/td><td>2024\/09\/13<\/td><td><a href=\"https:\/\/www.jcvignoli.com\/blog\/category\/activisme\" rel=\"category tag\">Activisme<\/a>, <a href=\"https:\/\/www.jcvignoli.com\/blog\/category\/articles\" rel=\"category tag\">Articles<\/a>, <a href=\"https:\/\/www.jcvignoli.com\/blog\/category\/politique\/droits-humains\" rel=\"category tag\">Droits humains<\/a>, <a href=\"https:\/\/www.jcvignoli.com\/blog\/category\/politique\/onu\" rel=\"category tag\">ONU<\/a>, <a href=\"https:\/\/www.jcvignoli.com\/blog\/category\/politique\" rel=\"category tag\">Politique<\/a><\/td><td><a href=\"https:\/\/www.jcvignoli.com\/blog\/tag\/lobby\" rel=\"tag\">lobby<\/a>, <a href=\"https:\/\/www.jcvignoli.com\/blog\/tag\/un-watch\" rel=\"tag\">UN Watch<\/a><\/td><td>2024-09-13 22:12:42<\/td><\/tr><tr><td><img loading=\"lazy\" decoding=\"async\" width=\"200\" height=\"200\" src=\"https:\/\/www.jcvignoli.com\/blog\/wp-content\/uploads\/united-nations-flag-200x200.jpg\" class=\"attachment-thumbnail size-thumbnail wp-post-image\" alt=\"\" srcset=\"https:\/\/www.jcvignoli.com\/blog\/wp-content\/uploads\/united-nations-flag-200x200.jpg 200w, https:\/\/www.jcvignoli.com\/blog\/wp-content\/uploads\/united-nations-flag-600x600.jpg 600w\" sizes=\"auto, (max-width: 200px) 100vw, 200px\" \/><\/td><td><a href=\"https:\/\/www.jcvignoli.com\/blog\/2024\/la-fin-du-liberalisme-et-la-fin-de-la-culpabilite-israel-perdra-la-guerre\">La fin du lib\u00e9ralisme et la fin de la culpabilit\u00e9 &#8211; Isra\u00ebl perdra la guerre<\/a><\/td><td>2024\/05\/24<\/td><td><a href=\"https:\/\/www.jcvignoli.com\/blog\/category\/politique\/droits-humains\" rel=\"category tag\">Droits humains<\/a>, <a href=\"https:\/\/www.jcvignoli.com\/blog\/category\/politique\/onu\" rel=\"category tag\">ONU<\/a>, <a href=\"https:\/\/www.jcvignoli.com\/blog\/category\/politique\" rel=\"category tag\">Politique<\/a>, <a href=\"https:\/\/www.jcvignoli.com\/blog\/category\/politique\/usa\" rel=\"category tag\">USA<\/a><\/td><td><a href=\"https:\/\/www.jcvignoli.com\/blog\/tag\/bush\" rel=\"tag\">Bush<\/a>, <a href=\"https:\/\/www.jcvignoli.com\/blog\/tag\/cour-de-justice-internationale\" rel=\"tag\">Cour de Justice Internationale<\/a>, <a href=\"https:\/\/www.jcvignoli.com\/blog\/tag\/cour-penale-internationale\" rel=\"tag\">Cour P\u00e9nale Internationale<\/a>, <a href=\"https:\/\/www.jcvignoli.com\/blog\/tag\/democratie\" rel=\"tag\">d\u00e9mocratie<\/a>, <a href=\"https:\/\/www.jcvignoli.com\/blog\/tag\/droit-international\" rel=\"tag\">droit international<\/a>, <a href=\"https:\/\/www.jcvignoli.com\/blog\/tag\/droit-homme\" rel=\"tag\">droits de l'homme<\/a>, <a href=\"https:\/\/www.jcvignoli.com\/blog\/tag\/extreme-droite\" rel=\"tag\">extr\u00eame droite<\/a>, <a href=\"https:\/\/www.jcvignoli.com\/blog\/tag\/identitie\" rel=\"tag\">Identiti\u00e9<\/a>, <a href=\"https:\/\/www.jcvignoli.com\/blog\/tag\/israel\" rel=\"tag\">isra\u00ebl<\/a>, <a href=\"https:\/\/www.jcvignoli.com\/blog\/tag\/liberte\" rel=\"tag\">libert\u00e9<\/a>, <a href=\"https:\/\/www.jcvignoli.com\/blog\/tag\/netanyahou\" rel=\"tag\">Netanyahou<\/a>, <a href=\"https:\/\/www.jcvignoli.com\/blog\/tag\/palestine\" rel=\"tag\">palestine<\/a>, <a href=\"https:\/\/www.jcvignoli.com\/blog\/tag\/tribalisme\" rel=\"tag\">Tribalisme<\/a><\/td><td>2024-05-24 13:24:24<\/td><\/tr><tr><td><img loading=\"lazy\" decoding=\"async\" width=\"200\" height=\"200\" src=\"https:\/\/www.jcvignoli.com\/blog\/wp-content\/uploads\/baleine-200x200.jpg\" class=\"attachment-thumbnail size-thumbnail wp-post-image\" alt=\"Baleine avec son baleineau\" srcset=\"https:\/\/www.jcvignoli.com\/blog\/wp-content\/uploads\/baleine-200x200.jpg 200w, https:\/\/www.jcvignoli.com\/blog\/wp-content\/uploads\/baleine-600x600.jpg 600w\" sizes=\"auto, (max-width: 200px) 100vw, 200px\" \/><\/td><td><a href=\"https:\/\/www.jcvignoli.com\/blog\/2024\/la-baleine\">La baleine<\/a><\/td><td>2024\/05\/14<\/td><td><a href=\"https:\/\/www.jcvignoli.com\/blog\/category\/cinema\" rel=\"category tag\">Cin\u00e9ma<\/a>, <a href=\"https:\/\/www.jcvignoli.com\/blog\/category\/cinema\/critiques-de-cinema\" rel=\"category tag\">Critiques de cin\u00e9ma<\/a><\/td><td><a href=\"https:\/\/www.jcvignoli.com\/blog\/tag\/baleine\" rel=\"tag\">baleine<\/a>, <a href=\"https:\/\/www.jcvignoli.com\/blog\/tag\/darren-aronofsky\" rel=\"tag\">Darren Aronofsky<\/a>, <a href=\"https:\/\/www.jcvignoli.com\/blog\/tag\/dialectique\" rel=\"tag\">dialectique<\/a>, <a href=\"https:\/\/www.jcvignoli.com\/blog\/tag\/maieutique\" rel=\"tag\">ma\u00efeutique<\/a>, <a href=\"https:\/\/www.jcvignoli.com\/blog\/tag\/obese\" rel=\"tag\">ob\u00e8se<\/a>, <a href=\"https:\/\/www.jcvignoli.com\/blog\/tag\/philosophie\" rel=\"tag\">philosophie<\/a>, <a href=\"https:\/\/www.jcvignoli.com\/blog\/tag\/verite\" rel=\"tag\">v\u00e9rit\u00e9<\/a><\/td><td>2024-05-14 09:51:05<\/td><\/tr><tr><td><img loading=\"lazy\" decoding=\"async\" width=\"200\" height=\"200\" src=\"https:\/\/www.jcvignoli.com\/blog\/wp-content\/uploads\/NGO-Guardianes-200x200.jpg\" class=\"attachment-thumbnail size-thumbnail wp-post-image\" alt=\"\" srcset=\"https:\/\/www.jcvignoli.com\/blog\/wp-content\/uploads\/NGO-Guardianes-200x200.jpg 200w, https:\/\/www.jcvignoli.com\/blog\/wp-content\/uploads\/NGO-Guardianes-600x600.jpg 600w\" sizes=\"auto, (max-width: 200px) 100vw, 200px\" \/><\/td><td><a href=\"https:\/\/www.jcvignoli.com\/blog\/es\/2024\/los-guardianes-de-la-amazonia\">Los Guardianes de la Amazon\u00eda<\/a><\/td><td>2024\/04\/04<\/td><td><a href=\"https:\/\/www.jcvignoli.com\/blog\/es\/category\/activismo\" rel=\"category tag\">Activismo<\/a>, <a href=\"https:\/\/www.jcvignoli.com\/blog\/es\/category\/ecologia\" rel=\"category tag\">Ecologia<\/a><\/td><td><a href=\"https:\/\/www.jcvignoli.com\/blog\/es\/tag\/amazonia\" rel=\"tag\">Amazonia<\/a>, <a href=\"https:\/\/www.jcvignoli.com\/blog\/es\/tag\/colombia-es\" rel=\"tag\">Colombia<\/a>, <a href=\"https:\/\/www.jcvignoli.com\/blog\/es\/tag\/indigenas\" rel=\"tag\">ind\u00edgenas<\/a><\/td><td>2024-04-04 08:01:23<\/td><\/tr><tr><td><img loading=\"lazy\" decoding=\"async\" width=\"200\" height=\"200\" src=\"https:\/\/www.jcvignoli.com\/blog\/wp-content\/uploads\/NGO-Guardianes-200x200.jpg\" class=\"attachment-thumbnail size-thumbnail wp-post-image\" alt=\"\" srcset=\"https:\/\/www.jcvignoli.com\/blog\/wp-content\/uploads\/NGO-Guardianes-200x200.jpg 200w, https:\/\/www.jcvignoli.com\/blog\/wp-content\/uploads\/NGO-Guardianes-600x600.jpg 600w\" sizes=\"auto, (max-width: 200px) 100vw, 200px\" \/><\/td><td><a href=\"https:\/\/www.jcvignoli.com\/blog\/en\/2024\/the-guardians-of-the-amazon\">The Guardians of the Amazon<\/a><\/td><td>2024\/04\/04<\/td><td><a href=\"https:\/\/www.jcvignoli.com\/blog\/en\/category\/activism\" rel=\"category tag\">Activism<\/a>, <a href=\"https:\/\/www.jcvignoli.com\/blog\/en\/category\/politics\/ecology\" rel=\"category tag\">Ecology<\/a>, <a href=\"https:\/\/www.jcvignoli.com\/blog\/en\/category\/politics\/human-rights\" rel=\"category tag\">Human rights<\/a>, <a href=\"https:\/\/www.jcvignoli.com\/blog\/en\/category\/politics\" rel=\"category tag\">Politics<\/a><\/td><td><a href=\"https:\/\/www.jcvignoli.com\/blog\/en\/tag\/amazon\" rel=\"tag\">Amazon<\/a>, <a href=\"https:\/\/www.jcvignoli.com\/blog\/en\/tag\/colombia\" rel=\"tag\">Colombia<\/a>, <a href=\"https:\/\/www.jcvignoli.com\/blog\/en\/tag\/conservancy-en\" rel=\"tag\">conservancy<\/a>, <a href=\"https:\/\/www.jcvignoli.com\/blog\/en\/tag\/indigenous-people-en\" rel=\"tag\">indigenous people<\/a><\/td><td>2024-04-04 07:53:20<\/td><\/tr><tr><td><img loading=\"lazy\" decoding=\"async\" width=\"200\" height=\"200\" src=\"https:\/\/www.jcvignoli.com\/blog\/wp-content\/uploads\/NGO-Guardianes-200x200.jpg\" class=\"attachment-thumbnail size-thumbnail wp-post-image\" alt=\"\" srcset=\"https:\/\/www.jcvignoli.com\/blog\/wp-content\/uploads\/NGO-Guardianes-200x200.jpg 200w, https:\/\/www.jcvignoli.com\/blog\/wp-content\/uploads\/NGO-Guardianes-600x600.jpg 600w\" sizes=\"auto, (max-width: 200px) 100vw, 200px\" \/><\/td><td><a href=\"https:\/\/www.jcvignoli.com\/blog\/2024\/les-guardiens-de-lamazonie\">Les Gardiens de l&rsquo;Amazonie<\/a><\/td><td>2024\/04\/04<\/td><td><a href=\"https:\/\/www.jcvignoli.com\/blog\/category\/activisme\" rel=\"category tag\">Activisme<\/a>, <a href=\"https:\/\/www.jcvignoli.com\/blog\/category\/politique\/droits-humains\" rel=\"category tag\">Droits humains<\/a>, <a href=\"https:\/\/www.jcvignoli.com\/blog\/category\/politique\/ecologie\" rel=\"category tag\">Ecologie<\/a>, <a href=\"https:\/\/www.jcvignoli.com\/blog\/category\/politique\" rel=\"category tag\">Politique<\/a><\/td><td><a href=\"https:\/\/www.jcvignoli.com\/blog\/tag\/amazonie\" rel=\"tag\">Amazonie<\/a>, <a href=\"https:\/\/www.jcvignoli.com\/blog\/tag\/autochtones\" rel=\"tag\">autochtones<\/a>, <a href=\"https:\/\/www.jcvignoli.com\/blog\/tag\/biodiversite\" rel=\"tag\">biodiversit\u00e9<\/a>, <a href=\"https:\/\/www.jcvignoli.com\/blog\/tag\/colombie\" rel=\"tag\">Colombie<\/a><\/td><td>2024-04-04 07:27:59<\/td><\/tr><tr><td><img loading=\"lazy\" decoding=\"async\" width=\"200\" height=\"200\" src=\"https:\/\/www.jcvignoli.com\/blog\/wp-content\/uploads\/la-gambie-un-moteur-de-justice-200x200.jpg\" class=\"attachment-thumbnail size-thumbnail wp-post-image\" alt=\"Gambia Minister Abubakarr Tambadou sues Myanmar against genocide\" \/><\/td><td><a href=\"https:\/\/www.jcvignoli.com\/blog\/2024\/la-gambie-un-moteur-de-justice-inter-nationale\">La Gambie, un moteur de justice (inter-) nationale ?<\/a><\/td><td>2024\/02\/04<\/td><td><a href=\"https:\/\/www.jcvignoli.com\/blog\/category\/articles\" rel=\"category tag\">Articles<\/a>, <a href=\"https:\/\/www.jcvignoli.com\/blog\/category\/politique\/droits-humains\" rel=\"category tag\">Droits humains<\/a>, <a href=\"https:\/\/www.jcvignoli.com\/blog\/category\/articles\/ecrits-publies\" rel=\"category tag\">Ecrits publi\u00e9s<\/a>, <a href=\"https:\/\/www.jcvignoli.com\/blog\/category\/articles\/interview\" rel=\"category tag\">Interview<\/a>, <a href=\"https:\/\/www.jcvignoli.com\/blog\/category\/politique\" rel=\"category tag\">Politique<\/a><\/td><td><a href=\"https:\/\/www.jcvignoli.com\/blog\/tag\/droits-humains\" rel=\"tag\">droits humains<\/a>, <a href=\"https:\/\/www.jcvignoli.com\/blog\/tag\/gambie\" rel=\"tag\">Gambie<\/a>, <a href=\"https:\/\/www.jcvignoli.com\/blog\/tag\/icj\" rel=\"tag\">ICJ<\/a>, <a href=\"https:\/\/www.jcvignoli.com\/blog\/tag\/justice\" rel=\"tag\">justice<\/a>, <a href=\"https:\/\/www.jcvignoli.com\/blog\/tag\/myanmar\" rel=\"tag\">Myanmar<\/a><\/td><td>2024-02-04 20:21:05<\/td><\/tr><tr><td><img loading=\"lazy\" decoding=\"async\" width=\"200\" height=\"200\" src=\"https:\/\/www.jcvignoli.com\/blog\/wp-content\/uploads\/Cachi-Werner-Jaisli-e1656108847111-200x200.jpg\" class=\"attachment-thumbnail size-thumbnail wp-post-image\" alt=\"Werner Jaisli dans une photo qu&#039;il aimait tant\" srcset=\"https:\/\/www.jcvignoli.com\/blog\/wp-content\/uploads\/Cachi-Werner-Jaisli-e1656108847111-200x200.jpg 200w, https:\/\/www.jcvignoli.com\/blog\/wp-content\/uploads\/Cachi-Werner-Jaisli-e1656108847111-600x600.jpg 600w\" sizes=\"auto, (max-width: 200px) 100vw, 200px\" \/><\/td><td><a href=\"https:\/\/www.jcvignoli.com\/blog\/2023\/lovniport-de-werner-jaisli-a-cachi-un-leg-pas-comme-les-autres\">L&rsquo;OVNIport de Werner Jaisli \u00e0 Cachi, un leg pas comme les autres<\/a><\/td><td>2023\/11\/09<\/td><td><a href=\"https:\/\/www.jcvignoli.com\/blog\/category\/articles\" rel=\"category tag\">Articles<\/a>, <a href=\"https:\/\/www.jcvignoli.com\/blog\/category\/articles\/ecrits-publies\" rel=\"category tag\">Ecrits publi\u00e9s<\/a>, <a href=\"https:\/\/www.jcvignoli.com\/blog\/category\/articles\/interview\" rel=\"category tag\">Interview<\/a>, <a href=\"https:\/\/www.jcvignoli.com\/blog\/category\/voyages\" rel=\"category tag\">Voyages<\/a><\/td><td><a href=\"https:\/\/www.jcvignoli.com\/blog\/tag\/cachi\" rel=\"tag\">Cachi<\/a>, <a href=\"https:\/\/www.jcvignoli.com\/blog\/tag\/etoile-de-lesperance\" rel=\"tag\">Etoile de l'esp\u00e9rance<\/a>, <a href=\"https:\/\/www.jcvignoli.com\/blog\/tag\/ovni\" rel=\"tag\">OVNI<\/a>, <a href=\"https:\/\/www.jcvignoli.com\/blog\/tag\/ovniport\" rel=\"tag\">OVNIport<\/a>, <a href=\"https:\/\/www.jcvignoli.com\/blog\/tag\/passions\" rel=\"tag\">passions<\/a>, <a href=\"https:\/\/www.jcvignoli.com\/blog\/tag\/salta\" rel=\"tag\">Salta<\/a>, <a href=\"https:\/\/www.jcvignoli.com\/blog\/tag\/werner-jaisli\" rel=\"tag\">Werner Jaisli<\/a><\/td><td>2023-11-09 00:01:37<\/td><\/tr><tr><td><img loading=\"lazy\" decoding=\"async\" width=\"200\" height=\"200\" src=\"https:\/\/www.jcvignoli.com\/blog\/wp-content\/uploads\/rio-colores-san-jose-200x200.jpg\" class=\"attachment-thumbnail size-thumbnail wp-post-image\" alt=\"rio colores - San Jos\u00e9\" srcset=\"https:\/\/www.jcvignoli.com\/blog\/wp-content\/uploads\/rio-colores-san-jose-200x200.jpg 200w, https:\/\/www.jcvignoli.com\/blog\/wp-content\/uploads\/rio-colores-san-jose-600x600.jpg 600w\" sizes=\"auto, (max-width: 200px) 100vw, 200px\" \/><\/td><td><a href=\"https:\/\/www.jcvignoli.com\/blog\/2023\/la-vie-apres-avoir-ete-producteur-de-cocaine\">La vie apr\u00e8s avoir \u00e9t\u00e9 producteur de coca\u00efne<\/a><\/td><td>2023\/10\/09<\/td><td><a href=\"https:\/\/www.jcvignoli.com\/blog\/category\/articles\" rel=\"category tag\">Articles<\/a>, <a href=\"https:\/\/www.jcvignoli.com\/blog\/category\/politique\/colombie\" rel=\"category tag\">Colombie<\/a>, <a href=\"https:\/\/www.jcvignoli.com\/blog\/category\/politique\/droits-humains\" rel=\"category tag\">Droits humains<\/a>, <a href=\"https:\/\/www.jcvignoli.com\/blog\/category\/politique\/ecologie\" rel=\"category tag\">Ecologie<\/a>, <a href=\"https:\/\/www.jcvignoli.com\/blog\/category\/articles\/interview\" rel=\"category tag\">Interview<\/a>, <a href=\"https:\/\/www.jcvignoli.com\/blog\/category\/politique\/usa\" rel=\"category tag\">USA<\/a>, <a href=\"https:\/\/www.jcvignoli.com\/blog\/category\/voyages\" rel=\"category tag\">Voyages<\/a><\/td><td><a href=\"https:\/\/www.jcvignoli.com\/blog\/tag\/chimie\" rel=\"tag\">chimie<\/a>, <a href=\"https:\/\/www.jcvignoli.com\/blog\/tag\/cocaine\" rel=\"tag\">cocaine<\/a>, <a href=\"https:\/\/www.jcvignoli.com\/blog\/tag\/guaviare\" rel=\"tag\">Guaviare<\/a><\/td><td>2023-10-09 11:57:01<\/td><\/tr><tr><td><img loading=\"lazy\" decoding=\"async\" width=\"200\" height=\"200\" src=\"https:\/\/www.jcvignoli.com\/blog\/wp-content\/uploads\/chien-huayhuash-200x200.jpg\" class=\"attachment-thumbnail size-thumbnail wp-post-image\" alt=\"Chien dans la Cordill\u00e8re de Huayhuash\" srcset=\"https:\/\/www.jcvignoli.com\/blog\/wp-content\/uploads\/chien-huayhuash-200x200.jpg 200w, https:\/\/www.jcvignoli.com\/blog\/wp-content\/uploads\/chien-huayhuash-600x600.jpg 600w\" sizes=\"auto, (max-width: 200px) 100vw, 200px\" \/><\/td><td><a href=\"https:\/\/www.jcvignoli.com\/blog\/2023\/questionnements-ethiques-dabreuve-ta-science-sur-une-pour-une-poignee-divoire\">Questionnements \u00e9thiques d&rsquo;Abreuve ta Science sur une Pour une poign\u00e9e d&rsquo;ivoire<\/a><\/td><td>2023\/07\/09<\/td><td><a href=\"https:\/\/www.jcvignoli.com\/blog\/category\/politique\/droits-humains\" rel=\"category tag\">Droits humains<\/a>, <a href=\"https:\/\/www.jcvignoli.com\/blog\/category\/politique\/ecologie\" rel=\"category tag\">Ecologie<\/a>, <a href=\"https:\/\/www.jcvignoli.com\/blog\/category\/politique\" rel=\"category tag\">Politique<\/a>, <a href=\"https:\/\/www.jcvignoli.com\/blog\/category\/livres\" rel=\"category tag\">Presse\/livres<\/a><\/td><td><a href=\"https:\/\/www.jcvignoli.com\/blog\/tag\/eagle\" rel=\"tag\">EAGLE<\/a>, <a href=\"https:\/\/www.jcvignoli.com\/blog\/tag\/ethique\" rel=\"tag\">\u00e9thique<\/a>, <a href=\"https:\/\/www.jcvignoli.com\/blog\/tag\/ong\" rel=\"tag\">ONG<\/a>, <a href=\"https:\/\/www.jcvignoli.com\/blog\/tag\/pour-une-poignee-divoire\" rel=\"tag\">pour une poign\u00e9e d'ivoire<\/a><\/td><td>2023-07-09 13:33:12<\/td><\/tr><tr><td><img loading=\"lazy\" decoding=\"async\" width=\"200\" height=\"200\" src=\"https:\/\/www.jcvignoli.com\/blog\/wp-content\/uploads\/laguna-churup-200x200.jpg\" class=\"attachment-thumbnail size-thumbnail wp-post-image\" alt=\"\" srcset=\"https:\/\/www.jcvignoli.com\/blog\/wp-content\/uploads\/laguna-churup-200x200.jpg 200w, https:\/\/www.jcvignoli.com\/blog\/wp-content\/uploads\/laguna-churup-600x600.jpg 600w\" sizes=\"auto, (max-width: 200px) 100vw, 200px\" \/><\/td><td><a href=\"https:\/\/www.jcvignoli.com\/blog\/2023\/limagination-du-colibri\">L&rsquo;imagination du colibri<\/a><\/td><td>2023\/06\/14<\/td><td><a href=\"https:\/\/www.jcvignoli.com\/blog\/category\/voyages\/chroniques\" rel=\"category tag\">Chroniques<\/a>, <a href=\"https:\/\/www.jcvignoli.com\/blog\/category\/voyages\" rel=\"category tag\">Voyages<\/a><\/td><td><a href=\"https:\/\/www.jcvignoli.com\/blog\/tag\/biodiversite\" rel=\"tag\">biodiversit\u00e9<\/a>, <a href=\"https:\/\/www.jcvignoli.com\/blog\/tag\/churup\" rel=\"tag\">churup<\/a>, <a href=\"https:\/\/www.jcvignoli.com\/blog\/tag\/colibri\" rel=\"tag\">colibri<\/a>, <a href=\"https:\/\/www.jcvignoli.com\/blog\/tag\/huaraz\" rel=\"tag\">huaraz<\/a>, <a href=\"https:\/\/www.jcvignoli.com\/blog\/tag\/imagination\" rel=\"tag\">imagination<\/a>, <a href=\"https:\/\/www.jcvignoli.com\/blog\/tag\/reves\" rel=\"tag\">r\u00eaves<\/a><\/td><td>2023-06-14 17:37:31<\/td><\/tr><tr><td><img loading=\"lazy\" decoding=\"async\" width=\"200\" height=\"200\" src=\"https:\/\/www.jcvignoli.com\/blog\/wp-content\/uploads\/invitation-vernissage-pour-une-poignee-divoire-200x200.jpg\" class=\"attachment-thumbnail size-thumbnail wp-post-image\" alt=\"Invitation du 2 mars 2023 au vernissage du livre Pour une poign\u00e9e d&#039;Ivoire\" srcset=\"https:\/\/www.jcvignoli.com\/blog\/wp-content\/uploads\/invitation-vernissage-pour-une-poignee-divoire-200x200.jpg 200w, https:\/\/www.jcvignoli.com\/blog\/wp-content\/uploads\/invitation-vernissage-pour-une-poignee-divoire-600x600.jpg 600w\" sizes=\"auto, (max-width: 200px) 100vw, 200px\" \/><\/td><td><a href=\"https:\/\/www.jcvignoli.com\/blog\/2023\/extrait-de-pour-une-poigne-divoire\">Extrait de \u00ab\u00a0Pour une Poign\u00e9 d&rsquo;Ivoire\u00a0\u00bb<\/a><\/td><td>2023\/02\/09<\/td><td><a href=\"https:\/\/www.jcvignoli.com\/blog\/category\/activisme\" rel=\"category tag\">Activisme<\/a>, <a href=\"https:\/\/www.jcvignoli.com\/blog\/category\/articles\/ecrits-publies\" rel=\"category tag\">Ecrits publi\u00e9s<\/a>, <a href=\"https:\/\/www.jcvignoli.com\/blog\/category\/livres\" rel=\"category tag\">Presse\/livres<\/a><\/td><td><a href=\"https:\/\/www.jcvignoli.com\/blog\/tag\/chine\" rel=\"tag\">Chine<\/a>, <a href=\"https:\/\/www.jcvignoli.com\/blog\/tag\/dedicace\" rel=\"tag\">d\u00e9dicace<\/a>, <a href=\"https:\/\/www.jcvignoli.com\/blog\/tag\/eagle\" rel=\"tag\">EAGLE<\/a>, <a href=\"https:\/\/www.jcvignoli.com\/blog\/tag\/elephant\" rel=\"tag\">\u00e9l\u00e9phant<\/a>, <a href=\"https:\/\/www.jcvignoli.com\/blog\/tag\/ivoire\" rel=\"tag\">ivoire<\/a>, <a href=\"https:\/\/www.jcvignoli.com\/blog\/tag\/pangolin\" rel=\"tag\">pangolin<\/a>, <a href=\"https:\/\/www.jcvignoli.com\/blog\/tag\/pour-une-poignee-divoire\" rel=\"tag\">pour une poign\u00e9e d'ivoire<\/a><\/td><td>2023-02-09 10:48:59<\/td><\/tr><tr><td><img loading=\"lazy\" decoding=\"async\" width=\"200\" height=\"200\" src=\"https:\/\/www.jcvignoli.com\/blog\/wp-content\/uploads\/pour-une-poignee-divoire-couverture-scaled-200x200.jpg\" class=\"attachment-thumbnail size-thumbnail wp-post-image\" alt=\"Couverture du livre Pour une poign\u00e9e d&#039;ivoire\" srcset=\"https:\/\/www.jcvignoli.com\/blog\/wp-content\/uploads\/pour-une-poignee-divoire-couverture-scaled-200x200.jpg 200w, https:\/\/www.jcvignoli.com\/blog\/wp-content\/uploads\/pour-une-poignee-divoire-couverture-scaled-600x600.jpg 600w\" sizes=\"auto, (max-width: 200px) 100vw, 200px\" \/><\/td><td><a href=\"https:\/\/www.jcvignoli.com\/blog\/2023\/sortie-du-livre-pour-un-poignee-divoire\">Sortie du livre \u00ab\u00a0Pour un poign\u00e9e d&rsquo;ivoire\u00a0\u00bb<\/a><\/td><td>2023\/01\/17<\/td><td><a href=\"https:\/\/www.jcvignoli.com\/blog\/category\/articles\/ecrits-publies\" rel=\"category tag\">Ecrits publi\u00e9s<\/a>, <a href=\"https:\/\/www.jcvignoli.com\/blog\/category\/livres\" rel=\"category tag\">Presse\/livres<\/a><\/td><td><a href=\"https:\/\/www.jcvignoli.com\/blog\/tag\/afrique\" rel=\"tag\">Afrique<\/a>, <a href=\"https:\/\/www.jcvignoli.com\/blog\/tag\/crime-organise\" rel=\"tag\">crime organis\u00e9<\/a>, <a href=\"https:\/\/www.jcvignoli.com\/blog\/tag\/pour-une-poignee-divoire\" rel=\"tag\">pour une poign\u00e9e d'ivoire<\/a><\/td><td>2023-01-17 11:45:42<\/td><\/tr><tr><td><img loading=\"lazy\" decoding=\"async\" width=\"200\" height=\"200\" src=\"https:\/\/www.jcvignoli.com\/blog\/wp-content\/uploads\/santa-cruz-camacho-tenemos-hambre-scaled-200x200.jpg\" class=\"attachment-thumbnail size-thumbnail wp-post-image\" alt=\"Grafiti Camacho on a faim\" srcset=\"https:\/\/www.jcvignoli.com\/blog\/wp-content\/uploads\/santa-cruz-camacho-tenemos-hambre-scaled-200x200.jpg 200w, https:\/\/www.jcvignoli.com\/blog\/wp-content\/uploads\/santa-cruz-camacho-tenemos-hambre-scaled-600x600.jpg 600w\" sizes=\"auto, (max-width: 200px) 100vw, 200px\" \/><\/td><td><a href=\"https:\/\/www.jcvignoli.com\/blog\/2022\/siege-de-deux-semaines-a-santa-cruz-dispute-bolivienne-pour-un-recensement\">Si\u00e8ge de deux semaines \u00e0 Santa Cruz: le recensement de la col\u00e8re<\/a><\/td><td>2022\/11\/07<\/td><td><a href=\"https:\/\/www.jcvignoli.com\/blog\/category\/articles\" rel=\"category tag\">Articles<\/a><\/td><td><a href=\"https:\/\/www.jcvignoli.com\/blog\/tag\/bolivie\" rel=\"tag\">Bolivie<\/a>, <a href=\"https:\/\/www.jcvignoli.com\/blog\/tag\/comite-civique-pro-santa-cruz\" rel=\"tag\">Comit\u00e9 civique pro-Santa Cruz<\/a>, <a href=\"https:\/\/www.jcvignoli.com\/blog\/tag\/evo-morales\" rel=\"tag\">Evo Morales<\/a>, <a href=\"https:\/\/www.jcvignoli.com\/blog\/tag\/greve\" rel=\"tag\">Gr\u00e8ve<\/a>, <a href=\"https:\/\/www.jcvignoli.com\/blog\/tag\/luis-camacho\" rel=\"tag\">Luis Camacho<\/a>, <a href=\"https:\/\/www.jcvignoli.com\/blog\/tag\/mas\" rel=\"tag\">MAS<\/a>, <a href=\"https:\/\/www.jcvignoli.com\/blog\/tag\/recensement\" rel=\"tag\">recensement<\/a>, <a href=\"https:\/\/www.jcvignoli.com\/blog\/tag\/santa-cruz\" rel=\"tag\">Santa Cruz<\/a><\/td><td>2022-11-07 09:55:03<\/td><\/tr><tr><td><img loading=\"lazy\" decoding=\"async\" width=\"200\" height=\"200\" src=\"https:\/\/www.jcvignoli.com\/blog\/wp-content\/uploads\/Laguna-Jakob-bariloche-scaled-200x200.jpg\" class=\"attachment-thumbnail size-thumbnail wp-post-image\" alt=\"\" srcset=\"https:\/\/www.jcvignoli.com\/blog\/wp-content\/uploads\/Laguna-Jakob-bariloche-scaled-200x200.jpg 200w, https:\/\/www.jcvignoli.com\/blog\/wp-content\/uploads\/Laguna-Jakob-bariloche-scaled-600x600.jpg 600w\" sizes=\"auto, (max-width: 200px) 100vw, 200px\" \/><\/td><td><a href=\"https:\/\/www.jcvignoli.com\/blog\/2022\/san-carlos-de-bariloche-la-suisse-de-patagonie\">San Carlos de Bariloche, la Suisse de Patagonie<\/a><\/td><td>2022\/06\/19<\/td><td><a href=\"https:\/\/www.jcvignoli.com\/blog\/category\/articles\" rel=\"category tag\">Articles<\/a>, <a href=\"https:\/\/www.jcvignoli.com\/blog\/category\/politique\/suisse\" rel=\"category tag\">Suisse<\/a>, <a href=\"https:\/\/www.jcvignoli.com\/blog\/category\/voyages\" rel=\"category tag\">Voyages<\/a><\/td><td><a href=\"https:\/\/www.jcvignoli.com\/blog\/tag\/argentine\" rel=\"tag\">Argentine<\/a>, <a href=\"https:\/\/www.jcvignoli.com\/blog\/tag\/autochtones\" rel=\"tag\">autochtones<\/a>, <a href=\"https:\/\/www.jcvignoli.com\/blog\/tag\/bariloche\" rel=\"tag\">Bariloche<\/a>, <a href=\"https:\/\/www.jcvignoli.com\/blog\/tag\/mapuche\" rel=\"tag\">Mapuche<\/a>, <a href=\"https:\/\/www.jcvignoli.com\/blog\/tag\/montagnes\" rel=\"tag\">montagnes<\/a>, <a href=\"https:\/\/www.jcvignoli.com\/blog\/tag\/suisse\" rel=\"tag\">Suisse<\/a><\/td><td>2022-06-19 11:06:41<\/td><\/tr><tr><td><img loading=\"lazy\" decoding=\"async\" width=\"200\" height=\"200\" src=\"https:\/\/www.jcvignoli.com\/blog\/wp-content\/uploads\/labap-but-200x200.jpg\" class=\"attachment-thumbnail size-thumbnail wp-post-image\" alt=\"\" \/><\/td><td><a href=\"https:\/\/www.jcvignoli.com\/blog\/2022\/donner-de-lespoir-balle-au-pied-aux-prisonniers\">Donner de l\u2019espoir balle au pied aux prisonniers<\/a><\/td><td>2022\/01\/27<\/td><td><a href=\"https:\/\/www.jcvignoli.com\/blog\/category\/articles\" rel=\"category tag\">Articles<\/a>, <a href=\"https:\/\/www.jcvignoli.com\/blog\/category\/articles\/ecrits-publies\" rel=\"category tag\">Ecrits publi\u00e9s<\/a>, <a href=\"https:\/\/www.jcvignoli.com\/blog\/category\/articles\/interview\" rel=\"category tag\">Interview<\/a><\/td><td><a href=\"https:\/\/www.jcvignoli.com\/blog\/tag\/echomagazine\" rel=\"tag\">Echomagazine<\/a>, <a href=\"https:\/\/www.jcvignoli.com\/blog\/tag\/la-balle-aux-prisonniers\" rel=\"tag\">La balle aux prisonniers<\/a>, <a href=\"https:\/\/www.jcvignoli.com\/blog\/tag\/michel-foucault\" rel=\"tag\">michel foucault<\/a>, <a href=\"https:\/\/www.jcvignoli.com\/blog\/tag\/prison\" rel=\"tag\">prison<\/a><\/td><td>2022-01-27 11:47:21<\/td><\/tr><tr><td><img loading=\"lazy\" decoding=\"async\" width=\"200\" height=\"200\" src=\"https:\/\/www.jcvignoli.com\/blog\/wp-content\/uploads\/bryos_final-credit-BAS-200x200.jpg\" class=\"attachment-thumbnail size-thumbnail wp-post-image\" alt=\"\" \/><\/td><td><a href=\"https:\/\/www.jcvignoli.com\/blog\/2022\/antarctique-la-vie-existe-la-ou-lon-ne-devrait-pas-la-trouver\">Antarctique: la vie existe l\u00e0 o\u00f9 l&rsquo;on ne devrait pas la trouver<\/a><\/td><td>2022\/01\/19<\/td><td><a href=\"https:\/\/www.jcvignoli.com\/blog\/category\/articles\" rel=\"category tag\">Articles<\/a>, <a href=\"https:\/\/www.jcvignoli.com\/blog\/category\/politique\/ecologie\" rel=\"category tag\">Ecologie<\/a>, <a href=\"https:\/\/www.jcvignoli.com\/blog\/category\/articles\/interview\" rel=\"category tag\">Interview<\/a><\/td><td><a href=\"https:\/\/www.jcvignoli.com\/blog\/tag\/antarctique\" rel=\"tag\">Antarctique<\/a>, <a href=\"https:\/\/www.jcvignoli.com\/blog\/tag\/science\" rel=\"tag\">science<\/a>, <a href=\"https:\/\/www.jcvignoli.com\/blog\/tag\/vie\" rel=\"tag\">vie<\/a><\/td><td>2022-01-19 17:39:45<\/td><\/tr><tr><td><img loading=\"lazy\" decoding=\"async\" width=\"200\" height=\"200\" src=\"https:\/\/www.jcvignoli.com\/blog\/wp-content\/uploads\/Moucherolle-a-queue-large-200x200.jpg\" class=\"attachment-thumbnail size-thumbnail wp-post-image\" alt=\"Moucherolle \u00e0 queue large\" \/><\/td><td><a href=\"https:\/\/www.jcvignoli.com\/blog\/2021\/la-reintroduction-despeces-disparues-dans-le-parc-ibera-argentine-une-aventure-humaine\">La r\u00e9introduction d&rsquo;esp\u00e8ces disparues dans le parc Ib\u00e9ra, Argentine : une aventure humaine<\/a><\/td><td>2021\/12\/30<\/td><td><a href=\"https:\/\/www.jcvignoli.com\/blog\/category\/articles\" rel=\"category tag\">Articles<\/a>, <a href=\"https:\/\/www.jcvignoli.com\/blog\/category\/voyages\/chroniques\" rel=\"category tag\">Chroniques<\/a>, <a href=\"https:\/\/www.jcvignoli.com\/blog\/category\/politique\/ecologie\" rel=\"category tag\">Ecologie<\/a>, <a href=\"https:\/\/www.jcvignoli.com\/blog\/category\/articles\/interview\" rel=\"category tag\">Interview<\/a>, <a href=\"https:\/\/www.jcvignoli.com\/blog\/category\/voyages\" rel=\"category tag\">Voyages<\/a><\/td><td><a href=\"https:\/\/www.jcvignoli.com\/blog\/tag\/argentine\" rel=\"tag\">Argentine<\/a>, <a href=\"https:\/\/www.jcvignoli.com\/blog\/tag\/guarani\" rel=\"tag\">Guarani<\/a>, <a href=\"https:\/\/www.jcvignoli.com\/blog\/tag\/ibera\" rel=\"tag\">Iber\u00e1<\/a>, <a href=\"https:\/\/www.jcvignoli.com\/blog\/tag\/parc-naturel\" rel=\"tag\">Parc naturel<\/a><\/td><td>2021-12-30 17:07:15<\/td><\/tr><tr><td><img loading=\"lazy\" decoding=\"async\" width=\"200\" height=\"200\" src=\"https:\/\/www.jcvignoli.com\/blog\/wp-content\/uploads\/Parc-Ybycui-Paraguay-scaled-200x200.jpg\" class=\"attachment-thumbnail size-thumbnail wp-post-image\" alt=\"Reflet dans le ruisseau\" \/><\/td><td><a href=\"https:\/\/www.jcvignoli.com\/blog\/2021\/pourquoi-la-cop26-sera-un-echec\">Pourquoi la COP26 sera un \u00e9chec<\/a><\/td><td>2021\/11\/05<\/td><td><a href=\"https:\/\/www.jcvignoli.com\/blog\/category\/politique\/droits-humains\" rel=\"category tag\">Droits humains<\/a>, <a href=\"https:\/\/www.jcvignoli.com\/blog\/category\/politique\/ecologie\" rel=\"category tag\">Ecologie<\/a>, <a href=\"https:\/\/www.jcvignoli.com\/blog\/category\/politique\" rel=\"category tag\">Politique<\/a><\/td><td><a href=\"https:\/\/www.jcvignoli.com\/blog\/tag\/cop25\" rel=\"tag\">COP25<\/a>, <a href=\"https:\/\/www.jcvignoli.com\/blog\/tag\/decroissance\" rel=\"tag\">d\u00e9croissance<\/a><\/td><td>2021-11-05 16:10:37<\/td><\/tr><tr><td><img loading=\"lazy\" decoding=\"async\" width=\"200\" height=\"200\" src=\"https:\/\/www.jcvignoli.com\/blog\/wp-content\/uploads\/Mission-San-Cosme-artisanat-guarani-Paraguay-scaled-200x200.jpg\" class=\"attachment-thumbnail size-thumbnail wp-post-image\" alt=\"\" \/><\/td><td><a href=\"https:\/\/www.jcvignoli.com\/blog\/2021\/les-missions-jesuites-du-paraguay-une-utopie\">Les Missions j\u00e9suites du Paraguay \u2013 Une utopie\u00a0?<\/a><\/td><td>2021\/11\/03<\/td><td><a href=\"https:\/\/www.jcvignoli.com\/blog\/category\/articles\" rel=\"category tag\">Articles<\/a>, <a href=\"https:\/\/www.jcvignoli.com\/blog\/category\/articles\/ecrits-publies\" rel=\"category tag\">Ecrits publi\u00e9s<\/a><\/td><td><a href=\"https:\/\/www.jcvignoli.com\/blog\/tag\/echomagazine\" rel=\"tag\">Echomagazine<\/a>, <a href=\"https:\/\/www.jcvignoli.com\/blog\/tag\/guarani\" rel=\"tag\">Guarani<\/a>, <a href=\"https:\/\/www.jcvignoli.com\/blog\/tag\/jesuites\" rel=\"tag\">j\u00e9suites<\/a>, <a href=\"https:\/\/www.jcvignoli.com\/blog\/tag\/mission\" rel=\"tag\">mission<\/a>, <a href=\"https:\/\/www.jcvignoli.com\/blog\/tag\/paraguay\" rel=\"tag\">Paraguay<\/a><\/td><td>2021-11-03 13:39:58<\/td><\/tr><tr><td><img loading=\"lazy\" decoding=\"async\" width=\"200\" height=\"200\" src=\"https:\/\/www.jcvignoli.com\/blog\/wp-content\/uploads\/Guaranis-petite-famille-scaled-200x200.jpg\" class=\"attachment-thumbnail size-thumbnail wp-post-image\" alt=\"\" \/><\/td><td><a href=\"https:\/\/www.jcvignoli.com\/blog\/2021\/les-guaranis-ou-limpossible-survie-dans-la-foret-paraguayenne\">Les Guaranis, ou l&rsquo;impossible survie dans la for\u00eat paraguayenne<\/a><\/td><td>2021\/10\/27<\/td><td><a href=\"https:\/\/www.jcvignoli.com\/blog\/category\/anthropologie\" rel=\"category tag\">Anthropologie<\/a>, <a href=\"https:\/\/www.jcvignoli.com\/blog\/category\/voyages\/chroniques\" rel=\"category tag\">Chroniques<\/a>, <a href=\"https:\/\/www.jcvignoli.com\/blog\/category\/voyages\" rel=\"category tag\">Voyages<\/a><\/td><td><a href=\"https:\/\/www.jcvignoli.com\/blog\/tag\/autochtones\" rel=\"tag\">autochtones<\/a>, <a href=\"https:\/\/www.jcvignoli.com\/blog\/tag\/guarani\" rel=\"tag\">Guarani<\/a>, <a href=\"https:\/\/www.jcvignoli.com\/blog\/tag\/paraguay\" rel=\"tag\">Paraguay<\/a><\/td><td>2021-10-27 14:19:47<\/td><\/tr><tr><td><img loading=\"lazy\" decoding=\"async\" width=\"200\" height=\"200\" src=\"https:\/\/www.jcvignoli.com\/blog\/wp-content\/uploads\/Sol-de-crecimiento-scaled-200x200.jpg\" class=\"attachment-thumbnail size-thumbnail wp-post-image\" alt=\"Sol de crecimiento de Ni\u00f1a del gancho\" \/><\/td><td><a href=\"https:\/\/www.jcvignoli.com\/blog\/2021\/chocs-culturels\">Chocs culturels et normativit\u00e9 sociale<\/a><\/td><td>2021\/10\/22<\/td><td><a href=\"https:\/\/www.jcvignoli.com\/blog\/category\/politique\/suisse\" rel=\"category tag\">Suisse<\/a>, <a href=\"https:\/\/www.jcvignoli.com\/blog\/category\/politique\/ue\" rel=\"category tag\">UE<\/a><\/td><td><a href=\"https:\/\/www.jcvignoli.com\/blog\/tag\/choc-culturel\" rel=\"tag\">choc culturel<\/a>, <a href=\"https:\/\/www.jcvignoli.com\/blog\/tag\/covid-19\" rel=\"tag\">Covid 19<\/a>, <a href=\"https:\/\/www.jcvignoli.com\/blog\/tag\/etat-providence\" rel=\"tag\">Etat providence<\/a>, <a href=\"https:\/\/www.jcvignoli.com\/blog\/tag\/etat-nation\" rel=\"tag\">Etat-nation<\/a>, <a href=\"https:\/\/www.jcvignoli.com\/blog\/tag\/sociologie\" rel=\"tag\">sociologie<\/a><\/td><td>2021-10-22 10:42:04<\/td><\/tr><tr><td><img loading=\"lazy\" decoding=\"async\" width=\"200\" height=\"200\" src=\"https:\/\/www.jcvignoli.com\/blog\/wp-content\/uploads\/Marche-indigene-Bolivie-rue-scaled-200x200.jpg\" class=\"attachment-thumbnail size-thumbnail wp-post-image\" alt=\"marche indigene bolivie rue\" \/><\/td><td><a href=\"https:\/\/www.jcvignoli.com\/blog\/es\/2021\/indigenas-marchan-por-el-respeto-a-sus-tierras-en-bolivia\">Ind\u00edgenas marchan por el respeto a sus tierras en Bolivia<\/a><\/td><td>2021\/10\/07<\/td><td><a href=\"https:\/\/www.jcvignoli.com\/blog\/es\/category\/articulos\" rel=\"category tag\">Art\u00edculos<\/a>, <a href=\"https:\/\/www.jcvignoli.com\/blog\/es\/category\/articulos\/entrevista\" rel=\"category tag\">Entrevista<\/a>, <a href=\"https:\/\/www.jcvignoli.com\/blog\/es\/category\/articulos\/escritos-publicados\" rel=\"category tag\">Escritos publicados<\/a><\/td><td><a href=\"https:\/\/www.jcvignoli.com\/blog\/es\/tag\/bolivia\" rel=\"tag\">Bolivia<\/a>, <a href=\"https:\/\/www.jcvignoli.com\/blog\/es\/tag\/evo-morales-es\" rel=\"tag\">Evo Morales<\/a>, <a href=\"https:\/\/www.jcvignoli.com\/blog\/es\/tag\/indigenas\" rel=\"tag\">ind\u00edgenas<\/a><\/td><td>2021-10-07 09:50:34<\/td><\/tr><tr><td><img loading=\"lazy\" decoding=\"async\" width=\"200\" height=\"200\" src=\"https:\/\/www.jcvignoli.com\/blog\/wp-content\/uploads\/Marche-indigene-Bolivie-rue-scaled-200x200.jpg\" class=\"attachment-thumbnail size-thumbnail wp-post-image\" alt=\"marche indigene bolivie rue\" \/><\/td><td><a href=\"https:\/\/www.jcvignoli.com\/blog\/2021\/les-autochtones-marchent-pour-le-respect-de-leurs-terres-en-bolivie\">Les autochtones marchent pour le respect de leurs terres en Bolivie<\/a><\/td><td>2021\/10\/05<\/td><td><a href=\"https:\/\/www.jcvignoli.com\/blog\/category\/articles\" rel=\"category tag\">Articles<\/a>, <a href=\"https:\/\/www.jcvignoli.com\/blog\/category\/politique\/droits-humains\" rel=\"category tag\">Droits humains<\/a>, <a href=\"https:\/\/www.jcvignoli.com\/blog\/category\/politique\/ecologie\" rel=\"category tag\">Ecologie<\/a>, <a href=\"https:\/\/www.jcvignoli.com\/blog\/category\/articles\/ecrits-publies\" rel=\"category tag\">Ecrits publi\u00e9s<\/a>, <a href=\"https:\/\/www.jcvignoli.com\/blog\/category\/articles\/interview\" rel=\"category tag\">Interview<\/a><\/td><td><a href=\"https:\/\/www.jcvignoli.com\/blog\/tag\/autochtones\" rel=\"tag\">autochtones<\/a>, <a href=\"https:\/\/www.jcvignoli.com\/blog\/tag\/bolivie\" rel=\"tag\">Bolivie<\/a>, <a href=\"https:\/\/www.jcvignoli.com\/blog\/tag\/evo-morales\" rel=\"tag\">Evo Morales<\/a>, <a href=\"https:\/\/www.jcvignoli.com\/blog\/tag\/ikewan\" rel=\"tag\">Ikewan<\/a>, <a href=\"https:\/\/www.jcvignoli.com\/blog\/tag\/mas\" rel=\"tag\">MAS<\/a><\/td><td>2021-10-05 22:45:15<\/td><\/tr><tr><td><img loading=\"lazy\" decoding=\"async\" width=\"200\" height=\"200\" src=\"https:\/\/www.jcvignoli.com\/blog\/wp-content\/uploads\/Esmoruco-region-cathedrale-rome-montagne-de-nuages-scaled-200x200.jpg\" class=\"attachment-thumbnail size-thumbnail wp-post-image\" alt=\"\" \/><\/td><td><a href=\"https:\/\/www.jcvignoli.com\/blog\/2021\/daniel-chappuis-un-viticulteur-entre-dans-la-legende-en-bolivie\">Daniel Chappuis, un viticulteur entr\u00e9 dans la l\u00e9gende en Bolivie\u00a0<\/a><\/td><td>2021\/06\/23<\/td><td><a href=\"https:\/\/www.jcvignoli.com\/blog\/category\/articles\" rel=\"category tag\">Articles<\/a>, <a href=\"https:\/\/www.jcvignoli.com\/blog\/category\/articles\/ecrits-publies\" rel=\"category tag\">Ecrits publi\u00e9s<\/a>, <a href=\"https:\/\/www.jcvignoli.com\/blog\/category\/articles\/interview\" rel=\"category tag\">Interview<\/a>, <a href=\"https:\/\/www.jcvignoli.com\/blog\/category\/voyages\" rel=\"category tag\">Voyages<\/a><\/td><td><a href=\"https:\/\/www.jcvignoli.com\/blog\/tag\/bolivie\" rel=\"tag\">Bolivie<\/a>, <a href=\"https:\/\/www.jcvignoli.com\/blog\/tag\/daniel-chappuis\" rel=\"tag\">Daniel Chappuis<\/a>, <a href=\"https:\/\/www.jcvignoli.com\/blog\/tag\/echomagazine\" rel=\"tag\">Echomagazine<\/a>, <a href=\"https:\/\/www.jcvignoli.com\/blog\/tag\/suisse\" rel=\"tag\">Suisse<\/a>, <a href=\"https:\/\/www.jcvignoli.com\/blog\/tag\/sur-lipez\" rel=\"tag\">Sur Lipez<\/a>, <a href=\"https:\/\/www.jcvignoli.com\/blog\/tag\/viticulteur\" rel=\"tag\">viticulteur<\/a><\/td><td>2021-06-23 20:05:08<\/td><\/tr><tr><td><img loading=\"lazy\" decoding=\"async\" width=\"150\" height=\"150\" src=\"https:\/\/www.jcvignoli.com\/blog\/wp-content\/uploads\/Caral-replique-autel-de-feu-150x150.jpg\" class=\"attachment-thumbnail size-thumbnail wp-post-image\" alt=\"R\u00e9plique de l&#039;autel du feu \u00e0 Caral\" \/><\/td><td><a href=\"https:\/\/www.jcvignoli.com\/blog\/2021\/caral-la-plus-ancienne-civilisation-des-ameriques-en-peril-pour-cause-de-pandemie\">Caral, la plus ancienne civilisation des Am\u00e9riques en p\u00e9ril pour cause de pand\u00e9mie<\/a><\/td><td>2021\/06\/15<\/td><td><a href=\"https:\/\/www.jcvignoli.com\/blog\/category\/archeologie\" rel=\"category tag\">Arch\u00e9ologie<\/a>, <a href=\"https:\/\/www.jcvignoli.com\/blog\/category\/articles\" rel=\"category tag\">Articles<\/a>, <a href=\"https:\/\/www.jcvignoli.com\/blog\/category\/articles\/ecrits-publies\" rel=\"category tag\">Ecrits publi\u00e9s<\/a>, <a href=\"https:\/\/www.jcvignoli.com\/blog\/category\/articles\/interview\" rel=\"category tag\">Interview<\/a><\/td><td><a href=\"https:\/\/www.jcvignoli.com\/blog\/tag\/caral\" rel=\"tag\">Caral<\/a>, <a href=\"https:\/\/www.jcvignoli.com\/blog\/tag\/covid-19\" rel=\"tag\">Covid 19<\/a>, <a href=\"https:\/\/www.jcvignoli.com\/blog\/tag\/heidinews\" rel=\"tag\">Heidinews<\/a>, <a href=\"https:\/\/www.jcvignoli.com\/blog\/tag\/perou\" rel=\"tag\">P\u00e9rou<\/a>, <a href=\"https:\/\/www.jcvignoli.com\/blog\/tag\/ruth-shady-soli\" rel=\"tag\">Ruth Shady Soli<\/a><\/td><td>2021-06-15 00:06:25<\/td><\/tr><tr><td><img loading=\"lazy\" decoding=\"async\" width=\"200\" height=\"200\" src=\"https:\/\/www.jcvignoli.com\/blog\/wp-content\/uploads\/Maribel-catcheuse-cholita-la-paz-scaled-200x200.jpg\" class=\"attachment-thumbnail size-thumbnail wp-post-image\" alt=\"Maribel catcheuse cholita \u00e0 montrant ses muscles\" \/><\/td><td><a href=\"https:\/\/www.jcvignoli.com\/blog\/2021\/les-cholitas-luchadoras-de-la-paz\">Les cholitas luchadoras de La Paz<\/a><\/td><td>2021\/05\/04<\/td><td><a href=\"https:\/\/www.jcvignoli.com\/blog\/category\/articles\" rel=\"category tag\">Articles<\/a>, <a href=\"https:\/\/www.jcvignoli.com\/blog\/category\/articles\/ecrits-publies\" rel=\"category tag\">Ecrits publi\u00e9s<\/a>, <a href=\"https:\/\/www.jcvignoli.com\/blog\/category\/articles\/interview\" rel=\"category tag\">Interview<\/a>, <a href=\"https:\/\/www.jcvignoli.com\/blog\/category\/voyages\" rel=\"category tag\">Voyages<\/a><\/td><td><a href=\"https:\/\/www.jcvignoli.com\/blog\/tag\/bolivie\" rel=\"tag\">Bolivie<\/a>, <a href=\"https:\/\/www.jcvignoli.com\/blog\/tag\/catch\" rel=\"tag\">catch<\/a>, <a href=\"https:\/\/www.jcvignoli.com\/blog\/tag\/le-temps\" rel=\"tag\">le temps<\/a>, <a href=\"https:\/\/www.jcvignoli.com\/blog\/tag\/wrestling\" rel=\"tag\">wrestling<\/a><\/td><td>2021-05-04 07:55:45<\/td><\/tr><tr><td><img loading=\"lazy\" decoding=\"async\" width=\"200\" height=\"200\" src=\"https:\/\/www.jcvignoli.com\/blog\/wp-content\/uploads\/eva-copa-le-nouvel-espoir-del-alto-200x200.jpg\" class=\"attachment-thumbnail size-thumbnail wp-post-image\" alt=\"Eva Copa votations subr\u00e9gionales boliviennes 2021\" \/><\/td><td><a href=\"https:\/\/www.jcvignoli.com\/blog\/2021\/eva-copa-le-nouvel-espoir-del-alto\">Eva Copa, le nouvel espoir d\u2019El Alto<\/a><\/td><td>2021\/04\/26<\/td><td><a href=\"https:\/\/www.jcvignoli.com\/blog\/category\/articles\" rel=\"category tag\">Articles<\/a>, <a href=\"https:\/\/www.jcvignoli.com\/blog\/category\/articles\/ecrits-publies\" rel=\"category tag\">Ecrits publi\u00e9s<\/a><\/td><td><a href=\"https:\/\/www.jcvignoli.com\/blog\/tag\/bolivie\" rel=\"tag\">Bolivie<\/a>, <a href=\"https:\/\/www.jcvignoli.com\/blog\/tag\/el-alto\" rel=\"tag\">El Alto<\/a>, <a href=\"https:\/\/www.jcvignoli.com\/blog\/tag\/eva-copa\" rel=\"tag\">Eva Copa<\/a>, <a href=\"https:\/\/www.jcvignoli.com\/blog\/tag\/feminisme\" rel=\"tag\">f\u00e9minisme<\/a>, <a href=\"https:\/\/www.jcvignoli.com\/blog\/tag\/le-courrier\" rel=\"tag\">Le Courrier<\/a><\/td><td>2021-04-26 17:11:46<\/td><\/tr><tr><td><img loading=\"lazy\" decoding=\"async\" width=\"200\" height=\"200\" src=\"https:\/\/www.jcvignoli.com\/blog\/wp-content\/uploads\/jardiniere-agriculture-urbaine-la-paz-scaled-200x200.jpg\" class=\"attachment-thumbnail size-thumbnail wp-post-image\" alt=\"\" \/><\/td><td><a href=\"https:\/\/www.jcvignoli.com\/blog\/2021\/la-liberation-et-la-securite-passent-par-lagriculture-urbaine-en-bolivie\">La lib\u00e9ration et la s\u00e9curit\u00e9 passent par l\u2019agriculture urbaine en Bolivie<\/a><\/td><td>2021\/04\/26<\/td><td><a href=\"https:\/\/www.jcvignoli.com\/blog\/category\/articles\" rel=\"category tag\">Articles<\/a>, <a href=\"https:\/\/www.jcvignoli.com\/blog\/category\/articles\/ecrits-publies\" rel=\"category tag\">Ecrits publi\u00e9s<\/a>, <a href=\"https:\/\/www.jcvignoli.com\/blog\/category\/articles\/interview\" rel=\"category tag\">Interview<\/a>, <a href=\"https:\/\/www.jcvignoli.com\/blog\/category\/voyages\" rel=\"category tag\">Voyages<\/a><\/td><td><a href=\"https:\/\/www.jcvignoli.com\/blog\/tag\/agriculture-urbaine\" rel=\"tag\">Agriculture urbaine<\/a>, <a href=\"https:\/\/www.jcvignoli.com\/blog\/tag\/bolivie\" rel=\"tag\">Bolivie<\/a>, <a href=\"https:\/\/www.jcvignoli.com\/blog\/tag\/el-alto\" rel=\"tag\">El Alto<\/a>, <a href=\"https:\/\/www.jcvignoli.com\/blog\/tag\/la-paz\" rel=\"tag\">La Paz<\/a>, <a href=\"https:\/\/www.jcvignoli.com\/blog\/tag\/le-courrier\" rel=\"tag\">Le Courrier<\/a><\/td><td>2021-04-26 13:27:38<\/td><\/tr><tr><td><img loading=\"lazy\" decoding=\"async\" width=\"200\" height=\"200\" src=\"https:\/\/www.jcvignoli.com\/blog\/wp-content\/uploads\/Alex-Villca-et-Ruth-Aliapaz-Chepete-Rurrenabaque-scaled-200x200.jpeg\" class=\"attachment-thumbnail size-thumbnail wp-post-image\" alt=\"Alex Villca et Ruth Aliapaz regardant le site du Chepete\" \/><\/td><td><a href=\"https:\/\/www.jcvignoli.com\/blog\/2021\/les-vrais-heros-de-lamazonie\">Les vrais h\u00e9ros de l\u2019Amazonie<\/a><\/td><td>2021\/04\/08<\/td><td><a href=\"https:\/\/www.jcvignoli.com\/blog\/category\/activisme\" rel=\"category tag\">Activisme<\/a>, <a href=\"https:\/\/www.jcvignoli.com\/blog\/category\/articles\" rel=\"category tag\">Articles<\/a>, <a href=\"https:\/\/www.jcvignoli.com\/blog\/category\/voyages\/chroniques\" rel=\"category tag\">Chroniques<\/a>, <a href=\"https:\/\/www.jcvignoli.com\/blog\/category\/articles\/interview\" rel=\"category tag\">Interview<\/a>, <a href=\"https:\/\/www.jcvignoli.com\/blog\/category\/voyages\" rel=\"category tag\">Voyages<\/a><\/td><td><a href=\"https:\/\/www.jcvignoli.com\/blog\/tag\/alex-villca-limaco\" rel=\"tag\">Alex Villca Limaco<\/a>, <a href=\"https:\/\/www.jcvignoli.com\/blog\/tag\/amazonie\" rel=\"tag\">Amazonie<\/a>, <a href=\"https:\/\/www.jcvignoli.com\/blog\/tag\/bala\" rel=\"tag\">Bala<\/a>, <a href=\"https:\/\/www.jcvignoli.com\/blog\/tag\/bolivie\" rel=\"tag\">Bolivie<\/a>, <a href=\"https:\/\/www.jcvignoli.com\/blog\/tag\/chepete\" rel=\"tag\">Chepete<\/a>, <a href=\"https:\/\/www.jcvignoli.com\/blog\/tag\/contiocap\" rel=\"tag\">CONTIOCAP<\/a>, <a href=\"https:\/\/www.jcvignoli.com\/blog\/tag\/evo-morales\" rel=\"tag\">Evo Morales<\/a>, <a href=\"https:\/\/www.jcvignoli.com\/blog\/tag\/ruth-alipaz\" rel=\"tag\">Ruth Alipaz<\/a><\/td><td>2021-04-08 22:47:35<\/td><\/tr><tr><td><img loading=\"lazy\" decoding=\"async\" width=\"200\" height=\"200\" src=\"https:\/\/www.jcvignoli.com\/blog\/wp-content\/uploads\/Sajama-sommet-scaled-200x200.jpg\" class=\"attachment-thumbnail size-thumbnail wp-post-image\" alt=\"\" \/><\/td><td><a href=\"https:\/\/www.jcvignoli.com\/blog\/en\/2021\/sajama-the-mountain-with-a-thousand-curiosities-and-which-looks-out-over-bolivia\">Sajama, the mountain with a thousand curiosities and which looks out over Bolivia<\/a><\/td><td>2021\/03\/14<\/td><td><a href=\"https:\/\/www.jcvignoli.com\/blog\/en\/category\/travels\/chronicles\" rel=\"category tag\">Chronicles<\/a>, <a href=\"https:\/\/www.jcvignoli.com\/blog\/en\/category\/travels\" rel=\"category tag\">Travels<\/a><\/td><td><\/td><td>2021-03-14 11:14:07<\/td><\/tr><tr><td><img loading=\"lazy\" decoding=\"async\" width=\"200\" height=\"200\" src=\"https:\/\/www.jcvignoli.com\/blog\/wp-content\/uploads\/Sajama-sommet-scaled-200x200.jpg\" class=\"attachment-thumbnail size-thumbnail wp-post-image\" alt=\"\" \/><\/td><td><a href=\"https:\/\/www.jcvignoli.com\/blog\/2021\/sajama-la-montagne-aux-mille-curiosites-et-qui-toise-la-bolivie\">Sajama, la montagne aux mille curiosit\u00e9s et qui toise la Bolivie<\/a><\/td><td>2021\/03\/14<\/td><td><a href=\"https:\/\/www.jcvignoli.com\/blog\/category\/voyages\/chroniques\" rel=\"category tag\">Chroniques<\/a>, <a href=\"https:\/\/www.jcvignoli.com\/blog\/category\/voyages\" rel=\"category tag\">Voyages<\/a><\/td><td><a href=\"https:\/\/www.jcvignoli.com\/blog\/tag\/bolivie\" rel=\"tag\">Bolivie<\/a>, <a href=\"https:\/\/www.jcvignoli.com\/blog\/tag\/montagne\" rel=\"tag\">Montagne<\/a>, <a href=\"https:\/\/www.jcvignoli.com\/blog\/tag\/sajama\" rel=\"tag\">Sajama<\/a><\/td><td>2021-03-14 11:14:07<\/td><\/tr><tr><td><img loading=\"lazy\" decoding=\"async\" width=\"200\" height=\"200\" src=\"https:\/\/www.jcvignoli.com\/blog\/wp-content\/uploads\/Esmoruco-Cathedrale-Roma-scaled-200x200.jpg\" class=\"attachment-thumbnail size-thumbnail wp-post-image\" alt=\"\" \/><\/td><td><a href=\"https:\/\/www.jcvignoli.com\/blog\/2021\/canyon-tutayoj-la-grande-aventure-pour-voir-des-petits-hommes\">Canyon Tutayoj : la grande aventure pour voir des petits hommes<\/a><\/td><td>2021\/03\/07<\/td><td><a href=\"https:\/\/www.jcvignoli.com\/blog\/category\/archeologie\" rel=\"category tag\">Arch\u00e9ologie<\/a>, <a href=\"https:\/\/www.jcvignoli.com\/blog\/category\/articles\" rel=\"category tag\">Articles<\/a>, <a href=\"https:\/\/www.jcvignoli.com\/blog\/category\/voyages\/chroniques\" rel=\"category tag\">Chroniques<\/a>, <a href=\"https:\/\/www.jcvignoli.com\/blog\/category\/voyages\" rel=\"category tag\">Voyages<\/a><\/td><td><a href=\"https:\/\/www.jcvignoli.com\/blog\/tag\/bolivie\" rel=\"tag\">Bolivie<\/a>, <a href=\"https:\/\/www.jcvignoli.com\/blog\/tag\/canyon-de-tutayoj\" rel=\"tag\">Canyon de Tutayoj<\/a>, <a href=\"https:\/\/www.jcvignoli.com\/blog\/tag\/covid-19\" rel=\"tag\">Covid 19<\/a>, <a href=\"https:\/\/www.jcvignoli.com\/blog\/tag\/esmoruco\" rel=\"tag\">Esmoruco<\/a>, <a href=\"https:\/\/www.jcvignoli.com\/blog\/tag\/guadalupe\" rel=\"tag\">Guadalupe<\/a>, <a href=\"https:\/\/www.jcvignoli.com\/blog\/tag\/tupiza\" rel=\"tag\">Tupiza<\/a><\/td><td>2021-03-07 12:03:58<\/td><\/tr><tr><td><img loading=\"lazy\" decoding=\"async\" width=\"200\" height=\"200\" src=\"https:\/\/www.jcvignoli.com\/blog\/wp-content\/uploads\/Route-to-Sucre-200x200.jpg\" class=\"attachment-thumbnail size-thumbnail wp-post-image\" alt=\"\" \/><\/td><td><a href=\"https:\/\/www.jcvignoli.com\/blog\/2021\/un-amour-vache-pour-la-jungle-bolivienne\">Un amour vache pour la jungle bolivienne<\/a><\/td><td>2021\/02\/21<\/td><td><a href=\"https:\/\/www.jcvignoli.com\/blog\/category\/voyages\/chroniques\" rel=\"category tag\">Chroniques<\/a>, <a href=\"https:\/\/www.jcvignoli.com\/blog\/category\/voyages\" rel=\"category tag\">Voyages<\/a><\/td><td><a href=\"https:\/\/www.jcvignoli.com\/blog\/tag\/bolivie\" rel=\"tag\">Bolivie<\/a>, <a href=\"https:\/\/www.jcvignoli.com\/blog\/tag\/cuevas\" rel=\"tag\">Cuevas<\/a>, <a href=\"https:\/\/www.jcvignoli.com\/blog\/tag\/jungle\" rel=\"tag\">Jungle<\/a>, <a href=\"https:\/\/www.jcvignoli.com\/blog\/tag\/samaipata\" rel=\"tag\">Samaipata<\/a><\/td><td>2021-02-21 17:54:46<\/td><\/tr><tr><td><img loading=\"lazy\" decoding=\"async\" width=\"200\" height=\"200\" src=\"https:\/\/www.jcvignoli.com\/blog\/wp-content\/uploads\/Anonymat-scaled-200x200.jpg\" class=\"attachment-thumbnail size-thumbnail wp-post-image\" alt=\"Anonymat\" \/><\/td><td><a href=\"https:\/\/www.jcvignoli.com\/blog\/2021\/de-lanonymat\">De l&rsquo;anonymat<\/a><\/td><td>2021\/02\/16<\/td><td><a href=\"https:\/\/www.jcvignoli.com\/blog\/category\/informatique\" rel=\"category tag\">Informatique<\/a>, <a href=\"https:\/\/www.jcvignoli.com\/blog\/category\/politique\" rel=\"category tag\">Politique<\/a><\/td><td><a href=\"https:\/\/www.jcvignoli.com\/blog\/tag\/anonymat\" rel=\"tag\">anonymat<\/a>, <a href=\"https:\/\/www.jcvignoli.com\/blog\/tag\/internet\" rel=\"tag\">internet<\/a><\/td><td>2021-02-16 12:14:11<\/td><\/tr><tr><td><img loading=\"lazy\" decoding=\"async\" width=\"200\" height=\"200\" src=\"https:\/\/www.jcvignoli.com\/blog\/wp-content\/uploads\/Salar-de-Uyuni-02-200x200.jpg\" class=\"attachment-thumbnail size-thumbnail wp-post-image\" alt=\"\" \/><\/td><td><a href=\"https:\/\/www.jcvignoli.com\/blog\/en\/2021\/lithium-at-the-uyuni-salt-flat-one-of-the-worlds-greatest-wonders-under-threat\">Lithium at the Uyuni Salt Flat, one of the world&rsquo;s greatest wonders under threat<\/a><\/td><td>2021\/02\/01<\/td><td><a href=\"https:\/\/www.jcvignoli.com\/blog\/en\/category\/travels\/chronicles\" rel=\"category tag\">Chronicles<\/a>, <a href=\"https:\/\/www.jcvignoli.com\/blog\/en\/category\/politics\/ecology\" rel=\"category tag\">Ecology<\/a>, <a href=\"https:\/\/www.jcvignoli.com\/blog\/en\/category\/travels\" rel=\"category tag\">Travels<\/a><\/td><td><a href=\"https:\/\/www.jcvignoli.com\/blog\/en\/tag\/bolvia-en\" rel=\"tag\">Bolvia<\/a>, <a href=\"https:\/\/www.jcvignoli.com\/blog\/en\/tag\/lithium-en\" rel=\"tag\">Lithium<\/a>, <a href=\"https:\/\/www.jcvignoli.com\/blog\/en\/tag\/uyuni-salt-flat\" rel=\"tag\">Uyuni salt flat<\/a><\/td><td>2021-02-01 21:49:16<\/td><\/tr><tr><td><img loading=\"lazy\" decoding=\"async\" width=\"200\" height=\"200\" src=\"https:\/\/www.jcvignoli.com\/blog\/wp-content\/uploads\/Salar-de-Uyuni-02-200x200.jpg\" class=\"attachment-thumbnail size-thumbnail wp-post-image\" alt=\"\" \/><\/td><td><a href=\"https:\/\/www.jcvignoli.com\/blog\/es\/2021\/litio-en-el-salar-de-uyuni-una-de-las-mayores-maravillas-del-mundo-amenazada\">Litio en el Salar de Uyuni, una de las mayores maravillas del mundo amenazada<\/a><\/td><td>2021\/02\/01<\/td><td><a href=\"https:\/\/www.jcvignoli.com\/blog\/es\/category\/viajes\/cronicas\" rel=\"category tag\">Cr\u00f3nicas<\/a>, <a href=\"https:\/\/www.jcvignoli.com\/blog\/es\/category\/viajes\" rel=\"category tag\">Viajes<\/a><\/td><td><a href=\"https:\/\/www.jcvignoli.com\/blog\/es\/tag\/bolivia\" rel=\"tag\">Bolivia<\/a>, <a href=\"https:\/\/www.jcvignoli.com\/blog\/es\/tag\/litio\" rel=\"tag\">Litio<\/a>, <a href=\"https:\/\/www.jcvignoli.com\/blog\/es\/tag\/salar-de-uyuni-es\" rel=\"tag\">Salar de Uyuni<\/a><\/td><td>2021-02-01 21:49:16<\/td><\/tr><tr><td><img loading=\"lazy\" decoding=\"async\" width=\"200\" height=\"200\" src=\"https:\/\/www.jcvignoli.com\/blog\/wp-content\/uploads\/Salar-de-Uyuni-02-200x200.jpg\" class=\"attachment-thumbnail size-thumbnail wp-post-image\" alt=\"\" \/><\/td><td><a href=\"https:\/\/www.jcvignoli.com\/blog\/2021\/le-lithium-au-salar-duyuni-lune-des-plus-grandes-merveilles-du-monde-menacee\">Le lithium au Salar d&rsquo;Uyuni, l&rsquo;une des plus grandes merveilles du monde menac\u00e9e<\/a><\/td><td>2021\/02\/01<\/td><td><a href=\"https:\/\/www.jcvignoli.com\/blog\/category\/voyages\/chroniques\" rel=\"category tag\">Chroniques<\/a>, <a href=\"https:\/\/www.jcvignoli.com\/blog\/category\/politique\/ecologie\" rel=\"category tag\">Ecologie<\/a>, <a href=\"https:\/\/www.jcvignoli.com\/blog\/category\/voyages\" rel=\"category tag\">Voyages<\/a><\/td><td><a href=\"https:\/\/www.jcvignoli.com\/blog\/tag\/bolivie\" rel=\"tag\">Bolivie<\/a>, <a href=\"https:\/\/www.jcvignoli.com\/blog\/tag\/lithium\" rel=\"tag\">Lithium<\/a>, <a href=\"https:\/\/www.jcvignoli.com\/blog\/tag\/salar-de-uyuni\" rel=\"tag\">Salar de Uyuni<\/a><\/td><td>2021-02-01 21:49:16<\/td><\/tr><tr><td><img loading=\"lazy\" decoding=\"async\" width=\"150\" height=\"150\" src=\"https:\/\/www.jcvignoli.com\/blog\/wp-content\/uploads\/guaviare-elraudal-peintures-rupestres-cerro-azul-passage-largeangle-150x150.jpg\" class=\"attachment-thumbnail size-thumbnail wp-post-image\" alt=\"Guaviare peintures rupestres Cerro Azul passage large angle\" \/><\/td><td><a href=\"https:\/\/www.jcvignoli.com\/blog\/es\/2020\/arqueologia-descolonizante-la-capilla-sixtina-del-guaviare\">Arqueolog\u00eda descolonizante: la Capilla Sixtina del Guaviare<\/a><\/td><td>2020\/12\/17<\/td><td><a href=\"https:\/\/www.jcvignoli.com\/blog\/es\/category\/arqueologia\" rel=\"category tag\">Arqueolog\u00eda<\/a>, <a href=\"https:\/\/www.jcvignoli.com\/blog\/es\/category\/prensa-libros\" rel=\"category tag\">Prensa\/libros<\/a>, <a href=\"https:\/\/www.jcvignoli.com\/blog\/es\/category\/viajes\" rel=\"category tag\">Viajes<\/a><\/td><td><a href=\"https:\/\/www.jcvignoli.com\/blog\/es\/tag\/colombia-es\" rel=\"tag\">Colombia<\/a>, <a href=\"https:\/\/www.jcvignoli.com\/blog\/es\/tag\/el-raudal-es\" rel=\"tag\">El Raudal<\/a>, <a href=\"https:\/\/www.jcvignoli.com\/blog\/es\/tag\/farc-es\" rel=\"tag\">FARC<\/a>, <a href=\"https:\/\/www.jcvignoli.com\/blog\/es\/tag\/pinturas-rupestres\" rel=\"tag\">pinturas rupestres<\/a><\/td><td>2020-12-17 10:51:07<\/td><\/tr><tr><td><img loading=\"lazy\" decoding=\"async\" width=\"150\" height=\"150\" src=\"https:\/\/www.jcvignoli.com\/blog\/wp-content\/uploads\/guaviare-elraudal-peintures-rupestres-cerro-azul-passage-largeangle-150x150.jpg\" class=\"attachment-thumbnail size-thumbnail wp-post-image\" alt=\"Guaviare peintures rupestres Cerro Azul passage large angle\" \/><\/td><td><a href=\"https:\/\/www.jcvignoli.com\/blog\/en\/2020\/decolonizing-archeology-the-sistine-chapel-of-guaviare\">Decolonizing archeology: the Sistine Chapel of Guaviare<\/a><\/td><td>2020\/12\/17<\/td><td><a href=\"https:\/\/www.jcvignoli.com\/blog\/en\/category\/archaelogy\" rel=\"category tag\">Archaelogy<\/a>, <a href=\"https:\/\/www.jcvignoli.com\/blog\/en\/category\/press-books\" rel=\"category tag\">Press\/books<\/a>, <a href=\"https:\/\/www.jcvignoli.com\/blog\/en\/category\/travels\" rel=\"category tag\">Travels<\/a><\/td><td><a href=\"https:\/\/www.jcvignoli.com\/blog\/en\/tag\/cave-paintings\" rel=\"tag\">cave paintings<\/a>, <a href=\"https:\/\/www.jcvignoli.com\/blog\/en\/tag\/colombia\" rel=\"tag\">Colombia<\/a>, <a href=\"https:\/\/www.jcvignoli.com\/blog\/en\/tag\/el-raudal-en\" rel=\"tag\">El Raudal<\/a>, <a href=\"https:\/\/www.jcvignoli.com\/blog\/en\/tag\/farc-en\" rel=\"tag\">FARC<\/a><\/td><td>2020-12-17 10:51:07<\/td><\/tr><tr><td><img loading=\"lazy\" decoding=\"async\" width=\"150\" height=\"150\" src=\"https:\/\/www.jcvignoli.com\/blog\/wp-content\/uploads\/guaviare-elraudal-peintures-rupestres-cerro-azul-passage-largeangle-150x150.jpg\" class=\"attachment-thumbnail size-thumbnail wp-post-image\" alt=\"Guaviare peintures rupestres Cerro Azul passage large angle\" \/><\/td><td><a href=\"https:\/\/www.jcvignoli.com\/blog\/2020\/decoloniser-larcheologie-la-chapelle-sixtine-du-guaviare\">D\u00e9coloniser l&rsquo;arch\u00e9ologie: la chapelle Sixtine du Guaviare<\/a><\/td><td>2020\/12\/17<\/td><td><a href=\"https:\/\/www.jcvignoli.com\/blog\/category\/archeologie\" rel=\"category tag\">Arch\u00e9ologie<\/a>, <a href=\"https:\/\/www.jcvignoli.com\/blog\/category\/livres\" rel=\"category tag\">Presse\/livres<\/a>, <a href=\"https:\/\/www.jcvignoli.com\/blog\/category\/voyages\" rel=\"category tag\">Voyages<\/a><\/td><td><a href=\"https:\/\/www.jcvignoli.com\/blog\/tag\/colombie\" rel=\"tag\">Colombie<\/a>, <a href=\"https:\/\/www.jcvignoli.com\/blog\/tag\/el-raudal\" rel=\"tag\">El Raudal<\/a>, <a href=\"https:\/\/www.jcvignoli.com\/blog\/tag\/farc\" rel=\"tag\">FARC<\/a>, <a href=\"https:\/\/www.jcvignoli.com\/blog\/tag\/peintures-rupestres\" rel=\"tag\">peintures rupestres<\/a><\/td><td>2020-12-17 10:51:07<\/td><\/tr><tr><td><img loading=\"lazy\" decoding=\"async\" width=\"200\" height=\"200\" src=\"https:\/\/www.jcvignoli.com\/blog\/wp-content\/uploads\/Sabancaya-closeup-02-scaled-200x200.jpg\" class=\"attachment-thumbnail size-thumbnail wp-post-image\" alt=\"\" \/><\/td><td><a href=\"https:\/\/www.jcvignoli.com\/blog\/2020\/sa-majeste-sabancaya-rencontre-du-troisieme-type-avec-un-volcan-actif\">Sa majest\u00e9 Sabancaya, rencontre du troisi\u00e8me type avec un volcan actif<\/a><\/td><td>2020\/12\/08<\/td><td><a href=\"https:\/\/www.jcvignoli.com\/blog\/category\/articles\" rel=\"category tag\">Articles<\/a>, <a href=\"https:\/\/www.jcvignoli.com\/blog\/category\/voyages\/chroniques\" rel=\"category tag\">Chroniques<\/a>, <a href=\"https:\/\/www.jcvignoli.com\/blog\/category\/voyages\" rel=\"category tag\">Voyages<\/a><\/td><td><a href=\"https:\/\/www.jcvignoli.com\/blog\/tag\/canyon-du-colca\" rel=\"tag\">Canyon du Colca<\/a>, <a href=\"https:\/\/www.jcvignoli.com\/blog\/tag\/chivay\" rel=\"tag\">Chivay<\/a>, <a href=\"https:\/\/www.jcvignoli.com\/blog\/tag\/condor\" rel=\"tag\">condor<\/a>, <a href=\"https:\/\/www.jcvignoli.com\/blog\/tag\/geyser\" rel=\"tag\">Geyser<\/a>, <a href=\"https:\/\/www.jcvignoli.com\/blog\/tag\/montagne\" rel=\"tag\">Montagne<\/a>, <a href=\"https:\/\/www.jcvignoli.com\/blog\/tag\/perou\" rel=\"tag\">P\u00e9rou<\/a>, <a href=\"https:\/\/www.jcvignoli.com\/blog\/tag\/pinchollo\" rel=\"tag\">Pinchollo<\/a>, <a href=\"https:\/\/www.jcvignoli.com\/blog\/tag\/sabancaya\" rel=\"tag\">Sabancaya<\/a>, <a href=\"https:\/\/www.jcvignoli.com\/blog\/tag\/volcans\" rel=\"tag\">volcans<\/a>, <a href=\"https:\/\/www.jcvignoli.com\/blog\/tag\/yanque\" rel=\"tag\">Yanque<\/a><\/td><td>2020-12-08 13:06:21<\/td><\/tr><tr><td><img loading=\"lazy\" decoding=\"async\" width=\"150\" height=\"150\" src=\"https:\/\/www.jcvignoli.com\/blog\/wp-content\/uploads\/terezin-chemin-chambre-a-gaz-150x150.jpg\" class=\"attachment-thumbnail size-thumbnail wp-post-image\" alt=\"Chemin\u00e9e de chambre-\u00e0-gaz \u00e0 Terezinstadt\" \/><\/td><td><a href=\"https:\/\/www.jcvignoli.com\/blog\/2020\/guide-pratique-de-vulgarisation-scientifique-a-lattention-du-complotiste-et-anti-complotiste\">Guide pratique de vulgarisation scientifique \u00e0 l&rsquo;attention du complotiste et anti-complotiste<\/a><\/td><td>2020\/11\/16<\/td><td><a href=\"https:\/\/www.jcvignoli.com\/blog\/category\/articles\" rel=\"category tag\">Articles<\/a>, <a href=\"https:\/\/www.jcvignoli.com\/blog\/category\/philosophie\" rel=\"category tag\">Philosophie<\/a><\/td><td><a href=\"https:\/\/www.jcvignoli.com\/blog\/tag\/covid-19\" rel=\"tag\">Covid 19<\/a>, <a href=\"https:\/\/www.jcvignoli.com\/blog\/tag\/epistemologie\" rel=\"tag\">\u00e9pist\u00e9mologie<\/a>, <a href=\"https:\/\/www.jcvignoli.com\/blog\/tag\/fake-news\" rel=\"tag\">fake-news<\/a>, <a href=\"https:\/\/www.jcvignoli.com\/blog\/tag\/grippe-aviaire\" rel=\"tag\">grippe aviaire<\/a>, <a href=\"https:\/\/www.jcvignoli.com\/blog\/tag\/journalisme\" rel=\"tag\">journalisme<\/a>, <a href=\"https:\/\/www.jcvignoli.com\/blog\/tag\/oms\" rel=\"tag\">OMS<\/a>, <a href=\"https:\/\/www.jcvignoli.com\/blog\/tag\/science\" rel=\"tag\">science<\/a>, <a href=\"https:\/\/www.jcvignoli.com\/blog\/tag\/vaccins\" rel=\"tag\">Vaccins<\/a><\/td><td>2020-11-16 10:22:35<\/td><\/tr><tr><td><img loading=\"lazy\" decoding=\"async\" width=\"200\" height=\"200\" src=\"https:\/\/www.jcvignoli.com\/blog\/wp-content\/uploads\/Andagua-vue-volcans-Mellizos-scaled-200x200.jpg\" class=\"attachment-thumbnail size-thumbnail wp-post-image\" alt=\"vue sur les volcans Mellizos (jumeaux) d&#039;Andagua\" \/><\/td><td><a href=\"https:\/\/www.jcvignoli.com\/blog\/2020\/histoires-de-lezards-a-deux-queues-au-perou\">Histoires de l\u00e9zards \u00e0 deux queues au P\u00e9rou<\/a><\/td><td>2020\/11\/15<\/td><td><a href=\"https:\/\/www.jcvignoli.com\/blog\/category\/anthropologie\" rel=\"category tag\">Anthropologie<\/a>, <a href=\"https:\/\/www.jcvignoli.com\/blog\/category\/archeologie\" rel=\"category tag\">Arch\u00e9ologie<\/a>, <a href=\"https:\/\/www.jcvignoli.com\/blog\/category\/articles\" rel=\"category tag\">Articles<\/a>, <a href=\"https:\/\/www.jcvignoli.com\/blog\/category\/voyages\/chroniques\" rel=\"category tag\">Chroniques<\/a>, <a href=\"https:\/\/www.jcvignoli.com\/blog\/category\/voyages\" rel=\"category tag\">Voyages<\/a><\/td><td><a href=\"https:\/\/www.jcvignoli.com\/blog\/tag\/allegorie\" rel=\"tag\">all\u00e9gorie<\/a>, <a href=\"https:\/\/www.jcvignoli.com\/blog\/tag\/andigua\" rel=\"tag\">Andigua<\/a>, <a href=\"https:\/\/www.jcvignoli.com\/blog\/tag\/antaymarca\" rel=\"tag\">Antaymarca<\/a>, <a href=\"https:\/\/www.jcvignoli.com\/blog\/tag\/contes\" rel=\"tag\">Contes<\/a>, <a href=\"https:\/\/www.jcvignoli.com\/blog\/tag\/legendes\" rel=\"tag\">L\u00e9gendes<\/a>, <a href=\"https:\/\/www.jcvignoli.com\/blog\/tag\/perou\" rel=\"tag\">P\u00e9rou<\/a>, <a href=\"https:\/\/www.jcvignoli.com\/blog\/tag\/volcans\" rel=\"tag\">volcans<\/a><\/td><td>2020-11-15 17:09:16<\/td><\/tr><tr><td><img loading=\"lazy\" decoding=\"async\" width=\"200\" height=\"200\" src=\"https:\/\/www.jcvignoli.com\/blog\/wp-content\/uploads\/Arequipa-manif-01-scaled-200x200.jpg\" class=\"attachment-thumbnail size-thumbnail wp-post-image\" alt=\"\" \/><\/td><td><a href=\"https:\/\/www.jcvignoli.com\/blog\/2020\/1000-manifestants-a-arequipa-reclament-le-depart-du-president-merino\">1000 manifestants \u00e0 Arequipa r\u00e9clament le d\u00e9part du pr\u00e9sident Merino<\/a><\/td><td>2020\/11\/12<\/td><td><a href=\"https:\/\/www.jcvignoli.com\/blog\/category\/activisme\" rel=\"category tag\">Activisme<\/a>, <a href=\"https:\/\/www.jcvignoli.com\/blog\/category\/articles\" rel=\"category tag\">Articles<\/a>, <a href=\"https:\/\/www.jcvignoli.com\/blog\/category\/politique\" rel=\"category tag\">Politique<\/a><\/td><td><a href=\"https:\/\/www.jcvignoli.com\/blog\/tag\/manifestation\" rel=\"tag\">manifestation<\/a>, <a href=\"https:\/\/www.jcvignoli.com\/blog\/tag\/merino\" rel=\"tag\">Merino<\/a>, <a href=\"https:\/\/www.jcvignoli.com\/blog\/tag\/perou\" rel=\"tag\">P\u00e9rou<\/a>, <a href=\"https:\/\/www.jcvignoli.com\/blog\/tag\/vizcarra\" rel=\"tag\">Vizcarra<\/a><\/td><td>2020-11-12 21:34:56<\/td><\/tr><tr><td><img loading=\"lazy\" decoding=\"async\" width=\"150\" height=\"150\" src=\"https:\/\/www.jcvignoli.com\/blog\/wp-content\/uploads\/manif-anti-udc-drapeau-suisse-150x150.jpg\" class=\"attachment-thumbnail size-thumbnail wp-post-image\" alt=\"porter du drapeau \u00e0 la fausse manifestation udc\" \/><\/td><td><a href=\"https:\/\/www.jcvignoli.com\/blog\/2020\/linitiative-des-multinationales-responsables-quand-lhypocrisie-et-lignorance-sont-des-arguments\">L&rsquo;initiative des multinationales responsables, quand l&rsquo;hypocrisie et l&rsquo;ignorance sont des arguments<\/a><\/td><td>2020\/11\/10<\/td><td><a href=\"https:\/\/www.jcvignoli.com\/blog\/category\/activisme\" rel=\"category tag\">Activisme<\/a>, <a href=\"https:\/\/www.jcvignoli.com\/blog\/category\/politique\/droits-humains\" rel=\"category tag\">Droits humains<\/a>, <a href=\"https:\/\/www.jcvignoli.com\/blog\/category\/politique\/ecologie\" rel=\"category tag\">Ecologie<\/a>, <a href=\"https:\/\/www.jcvignoli.com\/blog\/category\/politique\" rel=\"category tag\">Politique<\/a>, <a href=\"https:\/\/www.jcvignoli.com\/blog\/category\/politique\/suisse\" rel=\"category tag\">Suisse<\/a><\/td><td><a href=\"https:\/\/www.jcvignoli.com\/blog\/tag\/droits-humains\" rel=\"tag\">droits humains<\/a>, <a href=\"https:\/\/www.jcvignoli.com\/blog\/tag\/economie\" rel=\"tag\">\u00e9conomie<\/a>, <a href=\"https:\/\/www.jcvignoli.com\/blog\/tag\/glencore\" rel=\"tag\">Glencore<\/a>, <a href=\"https:\/\/www.jcvignoli.com\/blog\/tag\/initiative\" rel=\"tag\">initiative<\/a>, <a href=\"https:\/\/www.jcvignoli.com\/blog\/tag\/justice\" rel=\"tag\">justice<\/a>, <a href=\"https:\/\/www.jcvignoli.com\/blog\/tag\/multinationales-responsables\" rel=\"tag\">Multinationales responsables<\/a>, <a href=\"https:\/\/www.jcvignoli.com\/blog\/tag\/nestle\" rel=\"tag\">Nestl\u00e9<\/a>, <a href=\"https:\/\/www.jcvignoli.com\/blog\/tag\/trafigura\" rel=\"tag\">Trafigura<\/a><\/td><td>2020-11-10 18:11:28<\/td><\/tr><tr><td><img loading=\"lazy\" decoding=\"async\" width=\"150\" height=\"150\" src=\"https:\/\/www.jcvignoli.com\/blog\/wp-content\/uploads\/Caral-25-ans-150x150.jpg\" class=\"attachment-thumbnail size-thumbnail wp-post-image\" alt=\"G\u00e9oglyphe en spirale pour les 25 ans de Caral\" \/><\/td><td><a href=\"https:\/\/www.jcvignoli.com\/blog\/2020\/lhistoire-aux-ameriques-commence-a-caral-et-elle-sy-poursuit\">L&rsquo;histoire aux Am\u00e9riques commence \u00e0 Caral&#8230; et elle s&rsquo;y poursuit<\/a><\/td><td>2020\/11\/06<\/td><td><a href=\"https:\/\/www.jcvignoli.com\/blog\/category\/archeologie\" rel=\"category tag\">Arch\u00e9ologie<\/a>, <a href=\"https:\/\/www.jcvignoli.com\/blog\/category\/articles\" rel=\"category tag\">Articles<\/a>, <a href=\"https:\/\/www.jcvignoli.com\/blog\/category\/articles\/interview\" rel=\"category tag\">Interview<\/a>, <a href=\"https:\/\/www.jcvignoli.com\/blog\/category\/voyages\" rel=\"category tag\">Voyages<\/a><\/td><td><a href=\"https:\/\/www.jcvignoli.com\/blog\/tag\/aspero\" rel=\"tag\">Aspero<\/a>, <a href=\"https:\/\/www.jcvignoli.com\/blog\/tag\/caral\" rel=\"tag\">Caral<\/a>, <a href=\"https:\/\/www.jcvignoli.com\/blog\/tag\/perou\" rel=\"tag\">P\u00e9rou<\/a>, <a href=\"https:\/\/www.jcvignoli.com\/blog\/tag\/peter-fuchs\" rel=\"tag\">Peter Fuchs<\/a>, <a href=\"https:\/\/www.jcvignoli.com\/blog\/tag\/preceramique\" rel=\"tag\">pr\u00e9c\u00e9ramique<\/a>, <a href=\"https:\/\/www.jcvignoli.com\/blog\/tag\/ruth-shady-soli\" rel=\"tag\">Ruth Shady Soli<\/a>, <a href=\"https:\/\/www.jcvignoli.com\/blog\/tag\/sechin-bajo\" rel=\"tag\">Sechin bajo<\/a>, <a href=\"https:\/\/www.jcvignoli.com\/blog\/tag\/vallee-de-supe\" rel=\"tag\">Vall\u00e9e de Supe<\/a><\/td><td>2020-11-06 20:41:32<\/td><\/tr><tr><td><img loading=\"lazy\" decoding=\"async\" width=\"200\" height=\"200\" src=\"https:\/\/www.jcvignoli.com\/blog\/wp-content\/uploads\/Nasca-geoglyphe-singe-200x200.jpg\" class=\"attachment-thumbnail size-thumbnail wp-post-image\" alt=\"Nasca le g\u00e9oglyphe du singe\" \/><\/td><td><a href=\"https:\/\/www.jcvignoli.com\/blog\/2020\/maria-reiche-la-folle-du-desert-qui-amena-labondance-a-nazca\">Maria Reiche, la folle du d\u00e9sert qui amena l&rsquo;abondance \u00e0 Nazca<\/a><\/td><td>2020\/09\/11<\/td><td><a href=\"https:\/\/www.jcvignoli.com\/blog\/category\/archeologie\" rel=\"category tag\">Arch\u00e9ologie<\/a>, <a href=\"https:\/\/www.jcvignoli.com\/blog\/category\/articles\" rel=\"category tag\">Articles<\/a>, <a href=\"https:\/\/www.jcvignoli.com\/blog\/category\/articles\/interview\" rel=\"category tag\">Interview<\/a><\/td><td><a href=\"https:\/\/www.jcvignoli.com\/blog\/tag\/folie\" rel=\"tag\">folie<\/a>, <a href=\"https:\/\/www.jcvignoli.com\/blog\/tag\/geoglyphe\" rel=\"tag\">g\u00e9oglyphe<\/a>, <a href=\"https:\/\/www.jcvignoli.com\/blog\/tag\/maria-reiche\" rel=\"tag\">Maria Reiche<\/a>, <a href=\"https:\/\/www.jcvignoli.com\/blog\/tag\/nazca\" rel=\"tag\">Nazca<\/a>, <a href=\"https:\/\/www.jcvignoli.com\/blog\/tag\/paracas\" rel=\"tag\">Paracas<\/a>, <a href=\"https:\/\/www.jcvignoli.com\/blog\/tag\/perou\" rel=\"tag\">P\u00e9rou<\/a><\/td><td>2020-09-11 16:57:25<\/td><\/tr><tr><td><img loading=\"lazy\" decoding=\"async\" width=\"200\" height=\"200\" src=\"https:\/\/www.jcvignoli.com\/blog\/wp-content\/uploads\/Rinconada-Puno-vue-sur-montagnes-200x200.jpg\" class=\"attachment-thumbnail size-thumbnail wp-post-image\" alt=\"Rinconada Puno vue sur montagnes\" \/><\/td><td><a href=\"https:\/\/www.jcvignoli.com\/blog\/es\/2020\/vicios-y-fiebre-del-oro-en-la-ciudad-mas-alta-del-mundo-la-rinconada\">Vicios y fiebre del oro en la ciudad m\u00e1s alta del mundo, La Rinconada<\/a><\/td><td>2020\/07\/14<\/td><td><a href=\"https:\/\/www.jcvignoli.com\/blog\/es\/category\/articulos\" rel=\"category tag\">Art\u00edculos<\/a>, <a href=\"https:\/\/www.jcvignoli.com\/blog\/es\/category\/viajes\/cronicas\" rel=\"category tag\">Cr\u00f3nicas<\/a>, <a href=\"https:\/\/www.jcvignoli.com\/blog\/es\/category\/articulos\/entrevista\" rel=\"category tag\">Entrevista<\/a>, <a href=\"https:\/\/www.jcvignoli.com\/blog\/es\/category\/articulos\/escritos-publicados\" rel=\"category tag\">Escritos publicados<\/a>, <a href=\"https:\/\/www.jcvignoli.com\/blog\/es\/category\/viajes\" rel=\"category tag\">Viajes<\/a><\/td><td><\/td><td>2020-07-14 23:04:55<\/td><\/tr><tr><td><img loading=\"lazy\" decoding=\"async\" width=\"200\" height=\"200\" src=\"https:\/\/www.jcvignoli.com\/blog\/wp-content\/uploads\/Rinconada-Puno-vue-sur-montagnes-200x200.jpg\" class=\"attachment-thumbnail size-thumbnail wp-post-image\" alt=\"Rinconada Puno vue sur montagnes\" \/><\/td><td><a href=\"https:\/\/www.jcvignoli.com\/blog\/2020\/vices-et-ruee-vers-lor-dans-la-plus-haute-ville-de-monde-la-rinconada\">Vices et ru\u00e9e vers l&rsquo;or dans la plus haute ville de monde, La Rinconada<\/a><\/td><td>2020\/07\/14<\/td><td><a href=\"https:\/\/www.jcvignoli.com\/blog\/category\/articles\" rel=\"category tag\">Articles<\/a>, <a href=\"https:\/\/www.jcvignoli.com\/blog\/category\/voyages\/chroniques\" rel=\"category tag\">Chroniques<\/a>, <a href=\"https:\/\/www.jcvignoli.com\/blog\/category\/articles\/ecrits-publies\" rel=\"category tag\">Ecrits publi\u00e9s<\/a>, <a href=\"https:\/\/www.jcvignoli.com\/blog\/category\/articles\/interview\" rel=\"category tag\">Interview<\/a>, <a href=\"https:\/\/www.jcvignoli.com\/blog\/category\/voyages\" rel=\"category tag\">Voyages<\/a><\/td><td><a href=\"https:\/\/www.jcvignoli.com\/blog\/tag\/far-west\" rel=\"tag\">Far West<\/a>, <a href=\"https:\/\/www.jcvignoli.com\/blog\/tag\/la-rinconada\" rel=\"tag\">La Rinconada<\/a>, <a href=\"https:\/\/www.jcvignoli.com\/blog\/tag\/le-courrier\" rel=\"tag\">Le Courrier<\/a>, <a href=\"https:\/\/www.jcvignoli.com\/blog\/tag\/mines-dor\" rel=\"tag\">Mines d'or<\/a>, <a href=\"https:\/\/www.jcvignoli.com\/blog\/tag\/newmont-mining-corp\" rel=\"tag\">Newmont Mining Corp.<\/a>, <a href=\"https:\/\/www.jcvignoli.com\/blog\/tag\/perou\" rel=\"tag\">P\u00e9rou<\/a>, <a href=\"https:\/\/www.jcvignoli.com\/blog\/tag\/prostitution\" rel=\"tag\">Prostitution<\/a>, <a href=\"https:\/\/www.jcvignoli.com\/blog\/tag\/travail-force\" rel=\"tag\">Travail forc\u00e9<\/a><\/td><td>2020-07-14 23:04:55<\/td><\/tr><tr><td><img loading=\"lazy\" decoding=\"async\" width=\"200\" height=\"200\" src=\"https:\/\/www.jcvignoli.com\/blog\/wp-content\/uploads\/Petroglyphe-de-Checta-zoomorphe-200x200.jpg\" class=\"attachment-thumbnail size-thumbnail wp-post-image\" alt=\"Le virus de la grippe sur un p\u00e9troglyphe \u00e0 Checta\" \/><\/td><td><a href=\"https:\/\/www.jcvignoli.com\/blog\/2020\/le-monde-des-petroglyphes-de-checta\">Le monde des p\u00e9troglyphes de Checta<\/a><\/td><td>2020\/07\/10<\/td><td><a href=\"https:\/\/www.jcvignoli.com\/blog\/category\/anthropologie\" rel=\"category tag\">Anthropologie<\/a>, <a href=\"https:\/\/www.jcvignoli.com\/blog\/category\/archeologie\" rel=\"category tag\">Arch\u00e9ologie<\/a>, <a href=\"https:\/\/www.jcvignoli.com\/blog\/category\/voyages\/chroniques\" rel=\"category tag\">Chroniques<\/a>, <a href=\"https:\/\/www.jcvignoli.com\/blog\/category\/philosophie\" rel=\"category tag\">Philosophie<\/a><\/td><td><a href=\"https:\/\/www.jcvignoli.com\/blog\/tag\/autochtones\" rel=\"tag\">autochtones<\/a>, <a href=\"https:\/\/www.jcvignoli.com\/blog\/tag\/bribri\" rel=\"tag\">Bribri<\/a>, <a href=\"https:\/\/www.jcvignoli.com\/blog\/tag\/checta\" rel=\"tag\">Checta<\/a>, <a href=\"https:\/\/www.jcvignoli.com\/blog\/tag\/perou\" rel=\"tag\">P\u00e9rou<\/a>, <a href=\"https:\/\/www.jcvignoli.com\/blog\/tag\/petroglyphes\" rel=\"tag\">p\u00e9troglyphes<\/a>, <a href=\"https:\/\/www.jcvignoli.com\/blog\/tag\/science\" rel=\"tag\">science<\/a><\/td><td>2020-07-10 17:31:35<\/td><\/tr><tr><td><img loading=\"lazy\" decoding=\"async\" width=\"200\" height=\"200\" src=\"https:\/\/www.jcvignoli.com\/blog\/wp-content\/uploads\/statue-jefferson-davis-d\u00e9boulonn\u00e9e-200x200.jpg\" class=\"attachment-thumbnail size-thumbnail wp-post-image\" alt=\"La statue Jefferson Davis d\u00e9boulonn\u00e9e aux USA\" \/><\/td><td><a href=\"https:\/\/www.jcvignoli.com\/blog\/2020\/les-resistances-des-occidentaux-blancs-a-lantiracisme-et-ses-nouveaux-symboles\">Les r\u00e9sistances des Occidentaux blancs \u00e0 l&rsquo;antiracisme et ses nouveaux symboles<\/a><\/td><td>2020\/06\/15<\/td><td><a href=\"https:\/\/www.jcvignoli.com\/blog\/category\/activisme\" rel=\"category tag\">Activisme<\/a>, <a href=\"https:\/\/www.jcvignoli.com\/blog\/category\/politique\/droits-humains\" rel=\"category tag\">Droits humains<\/a>, <a href=\"https:\/\/www.jcvignoli.com\/blog\/category\/philosophie\" rel=\"category tag\">Philosophie<\/a>, <a href=\"https:\/\/www.jcvignoli.com\/blog\/category\/politique\" rel=\"category tag\">Politique<\/a><\/td><td><a href=\"https:\/\/www.jcvignoli.com\/blog\/tag\/christophe-colomb\" rel=\"tag\">Christophe Colomb<\/a>, <a href=\"https:\/\/www.jcvignoli.com\/blog\/tag\/churchill\" rel=\"tag\">Churchill<\/a>, <a href=\"https:\/\/www.jcvignoli.com\/blog\/tag\/feminisme\" rel=\"tag\">f\u00e9minisme<\/a>, <a href=\"https:\/\/www.jcvignoli.com\/blog\/tag\/george-floyd\" rel=\"tag\">George Floyd<\/a>, <a href=\"https:\/\/www.jcvignoli.com\/blog\/tag\/histoire\" rel=\"tag\">histoire<\/a>, <a href=\"https:\/\/www.jcvignoli.com\/blog\/tag\/historiographie\" rel=\"tag\">historiographie<\/a>, <a href=\"https:\/\/www.jcvignoli.com\/blog\/tag\/racisme\" rel=\"tag\">racisme<\/a>, <a href=\"https:\/\/www.jcvignoli.com\/blog\/tag\/symboles\" rel=\"tag\">symboles<\/a><\/td><td>2020-06-15 12:06:39<\/td><\/tr><tr><td><img loading=\"lazy\" decoding=\"async\" width=\"200\" height=\"200\" src=\"https:\/\/www.jcvignoli.com\/blog\/wp-content\/uploads\/don-Audrey-Joan-avec-dame-de-dos-200x200.jpg\" class=\"attachment-thumbnail size-thumbnail wp-post-image\" alt=\"don-Audrey-Joan-avec-dame-de-dos\" \/><\/td><td><a href=\"https:\/\/www.jcvignoli.com\/blog\/2020\/coronavirus-au-perou-je-me-vois-contrainte-de-dire-non-a-des-peruviens-qui-me-demandent-a-manger-une-dure-realite-de-la-solidarite\">Coronavirus au P\u00e9rou : \u00ab Je me vois contrainte de dire non \u00e0 des P\u00e9ruviens qui me demandent \u00e0 manger\u00bb, une dure r\u00e9alit\u00e9 de la solidarit\u00e9<\/a><\/td><td>2020\/04\/09<\/td><td><a href=\"https:\/\/www.jcvignoli.com\/blog\/category\/activisme\" rel=\"category tag\">Activisme<\/a>, <a href=\"https:\/\/www.jcvignoli.com\/blog\/category\/articles\/interview\" rel=\"category tag\">Interview<\/a><\/td><td><a href=\"https:\/\/www.jcvignoli.com\/blog\/tag\/coronavirus\" rel=\"tag\">Coronavirus<\/a>, <a href=\"https:\/\/www.jcvignoli.com\/blog\/tag\/pauvrete\" rel=\"tag\">Pauvret\u00e9<\/a>, <a href=\"https:\/\/www.jcvignoli.com\/blog\/tag\/perou\" rel=\"tag\">P\u00e9rou<\/a>, <a href=\"https:\/\/www.jcvignoli.com\/blog\/tag\/trujillo\" rel=\"tag\">Trujillo<\/a><\/td><td>2020-04-09 08:42:52<\/td><\/tr><tr><td><img loading=\"lazy\" decoding=\"async\" width=\"150\" height=\"150\" src=\"https:\/\/www.jcvignoli.com\/blog\/wp-content\/uploads\/Cerro-Sechin-guerrier-01-150x150.jpg\" class=\"attachment-thumbnail size-thumbnail wp-post-image\" alt=\"Cerro Sechin guerrier 01\" \/><\/td><td><a href=\"https:\/\/www.jcvignoli.com\/blog\/2020\/les-tremblements-de-terre-sont-une-aubaine-a-cerro-sechin\">Les tremblements de terre sont une aubaine \u00e0 Cerro Sech\u00edn<\/a><\/td><td>2020\/04\/06<\/td><td><a href=\"https:\/\/www.jcvignoli.com\/blog\/category\/archeologie\" rel=\"category tag\">Arch\u00e9ologie<\/a>, <a href=\"https:\/\/www.jcvignoli.com\/blog\/category\/articles\" rel=\"category tag\">Articles<\/a>, <a href=\"https:\/\/www.jcvignoli.com\/blog\/category\/articles\/interview\" rel=\"category tag\">Interview<\/a>, <a href=\"https:\/\/www.jcvignoli.com\/blog\/category\/voyages\" rel=\"category tag\">Voyages<\/a><\/td><td><a href=\"https:\/\/www.jcvignoli.com\/blog\/tag\/cerro-sechin\" rel=\"tag\">Cerro Sechin<\/a>, <a href=\"https:\/\/www.jcvignoli.com\/blog\/tag\/lorenzo-alberto-samaniego-roman\" rel=\"tag\">Lorenzo Alberto Samaniego Roman<\/a>, <a href=\"https:\/\/www.jcvignoli.com\/blog\/tag\/perou\" rel=\"tag\">P\u00e9rou<\/a>, <a href=\"https:\/\/www.jcvignoli.com\/blog\/tag\/sacrifices\" rel=\"tag\">Sacrifices<\/a>, <a href=\"https:\/\/www.jcvignoli.com\/blog\/tag\/tremblement-de-terre\" rel=\"tag\">tremblement de terre<\/a><\/td><td>2020-04-06 10:39:26<\/td><\/tr><tr><td><img loading=\"lazy\" decoding=\"async\" width=\"200\" height=\"200\" src=\"https:\/\/www.jcvignoli.com\/blog\/wp-content\/uploads\/qero-portrait-200x200.jpg\" class=\"attachment-thumbnail size-thumbnail wp-post-image\" alt=\"Portrait de Qero\" \/><\/td><td><a href=\"https:\/\/www.jcvignoli.com\/blog\/2020\/les-qeros-un-peuple-descendant-des-incas-mais-plus-pour-longtemps\">Les Qeros, un peuple descendant des Incas mais plus pour longtemps<\/a><\/td><td>2020\/03\/22<\/td><td><a href=\"https:\/\/www.jcvignoli.com\/blog\/category\/anthropologie\" rel=\"category tag\">Anthropologie<\/a>, <a href=\"https:\/\/www.jcvignoli.com\/blog\/category\/voyages\/chroniques\" rel=\"category tag\">Chroniques<\/a>, <a href=\"https:\/\/www.jcvignoli.com\/blog\/category\/voyages\" rel=\"category tag\">Voyages<\/a><\/td><td><a href=\"https:\/\/www.jcvignoli.com\/blog\/tag\/autochtones\" rel=\"tag\">autochtones<\/a>, <a href=\"https:\/\/www.jcvignoli.com\/blog\/tag\/cuzco\" rel=\"tag\">Cuzco<\/a>, <a href=\"https:\/\/www.jcvignoli.com\/blog\/tag\/inca\" rel=\"tag\">Inca<\/a>, <a href=\"https:\/\/www.jcvignoli.com\/blog\/tag\/indigenes\" rel=\"tag\">indig\u00e8nes<\/a>, <a href=\"https:\/\/www.jcvignoli.com\/blog\/tag\/pachamama\" rel=\"tag\">pachamama<\/a>, <a href=\"https:\/\/www.jcvignoli.com\/blog\/tag\/pago\" rel=\"tag\">pago<\/a>, <a href=\"https:\/\/www.jcvignoli.com\/blog\/tag\/qeros\" rel=\"tag\">Qeros<\/a><\/td><td>2020-03-22 19:29:59<\/td><\/tr><tr><td><img loading=\"lazy\" decoding=\"async\" width=\"150\" height=\"150\" src=\"https:\/\/www.jcvignoli.com\/blog\/wp-content\/uploads\/Bouee-liberte-150x150.jpg\" class=\"attachment-thumbnail size-thumbnail wp-post-image\" alt=\"bou\u00e9e de sauvetage nomm\u00e9e libert\u00e9\" \/><\/td><td><a href=\"https:\/\/www.jcvignoli.com\/blog\/2020\/coronavirus-le-monde-dapres-la-liberte-des-uns-passe-par-la-liberte-des-autres\">Coronavirus, le monde d&rsquo;apr\u00e8s : La libert\u00e9 des uns passe par la libert\u00e9 des autres<\/a><\/td><td>2020\/03\/18<\/td><td><a href=\"https:\/\/www.jcvignoli.com\/blog\/en\/category\/miscellaneous\" rel=\"category tag\">Miscellaneous<\/a><\/td><td><a href=\"https:\/\/www.jcvignoli.com\/blog\/tag\/coronavirus\" rel=\"tag\">Coronavirus<\/a>, <a href=\"https:\/\/www.jcvignoli.com\/blog\/tag\/covid-19\" rel=\"tag\">Covid 19<\/a>, <a href=\"https:\/\/www.jcvignoli.com\/blog\/tag\/liberte\" rel=\"tag\">libert\u00e9<\/a>, <a href=\"https:\/\/www.jcvignoli.com\/blog\/tag\/societe\" rel=\"tag\">Soci\u00e9t\u00e9<\/a><\/td><td>2020-03-18 10:48:44<\/td><\/tr><tr><td><img loading=\"lazy\" decoding=\"async\" width=\"150\" height=\"150\" src=\"https:\/\/www.jcvignoli.com\/blog\/wp-content\/uploads\/La-Gramita-Cerro-Mongon-150x150.jpg\" class=\"attachment-thumbnail size-thumbnail wp-post-image\" alt=\"Cerro Mongon vu depuis las Aldas\" \/><\/td><td><a href=\"https:\/\/www.jcvignoli.com\/blog\/2020\/cerro-mongon-ou-comment-jai-decouvert-des-ruines-au-perou\">Cerro Mong\u00f3n, ou comment j&rsquo;ai d\u00e9couvert des ruines au P\u00e9rou<\/a><\/td><td>2020\/03\/09<\/td><td><a href=\"https:\/\/www.jcvignoli.com\/blog\/category\/archeologie\" rel=\"category tag\">Arch\u00e9ologie<\/a>, <a href=\"https:\/\/www.jcvignoli.com\/blog\/category\/articles\" rel=\"category tag\">Articles<\/a>, <a href=\"https:\/\/www.jcvignoli.com\/blog\/category\/voyages\/chroniques\" rel=\"category tag\">Chroniques<\/a>, <a href=\"https:\/\/www.jcvignoli.com\/blog\/category\/voyages\" rel=\"category tag\">Voyages<\/a><\/td><td><a href=\"https:\/\/www.jcvignoli.com\/blog\/tag\/cerro-mongon\" rel=\"tag\">Cerro Mong\u00f3n<\/a>, <a href=\"https:\/\/www.jcvignoli.com\/blog\/tag\/dante-scarpati-garbone\" rel=\"tag\">Dante Scarpati Garbone<\/a>, <a href=\"https:\/\/www.jcvignoli.com\/blog\/tag\/decouverte\" rel=\"tag\">d\u00e9couverte<\/a>, <a href=\"https:\/\/www.jcvignoli.com\/blog\/tag\/gramita\" rel=\"tag\">Gramita<\/a>, <a href=\"https:\/\/www.jcvignoli.com\/blog\/tag\/las-aldas\" rel=\"tag\">Las Aldas<\/a>, <a href=\"https:\/\/www.jcvignoli.com\/blog\/tag\/las-haldas\" rel=\"tag\">Las Haldas<\/a>, <a href=\"https:\/\/www.jcvignoli.com\/blog\/tag\/montagne\" rel=\"tag\">Montagne<\/a>, <a href=\"https:\/\/www.jcvignoli.com\/blog\/tag\/perou\" rel=\"tag\">P\u00e9rou<\/a>, <a href=\"https:\/\/www.jcvignoli.com\/blog\/tag\/sigda\" rel=\"tag\">SIGDA<\/a>, <a href=\"https:\/\/www.jcvignoli.com\/blog\/tag\/succes\" rel=\"tag\">succ\u00e8s<\/a><\/td><td>2020-03-09 12:48:38<\/td><\/tr><tr><td><img loading=\"lazy\" decoding=\"async\" width=\"200\" height=\"200\" src=\"https:\/\/www.jcvignoli.com\/blog\/wp-content\/uploads\/Incas-legende-des-freres-Ayer-200x200.jpg\" class=\"attachment-thumbnail size-thumbnail wp-post-image\" alt=\"Incas tableau sur la l\u00e9gende des fr\u00e8res Ayer\" \/><\/td><td><a href=\"https:\/\/www.jcvignoli.com\/blog\/2020\/les-legendes-des-origines-des-incas\">Les l\u00e9gendes des origines des Incas<\/a><\/td><td>2020\/02\/27<\/td><td><a href=\"https:\/\/www.jcvignoli.com\/blog\/category\/archeologie\" rel=\"category tag\">Arch\u00e9ologie<\/a><\/td><td><a href=\"https:\/\/www.jcvignoli.com\/blog\/tag\/ayar-manco\" rel=\"tag\">Ayar Manco<\/a>, <a href=\"https:\/\/www.jcvignoli.com\/blog\/tag\/inca\" rel=\"tag\">Inca<\/a>, <a href=\"https:\/\/www.jcvignoli.com\/blog\/tag\/mama-ocllo\" rel=\"tag\">Mama Ocllo<\/a>, <a href=\"https:\/\/www.jcvignoli.com\/blog\/tag\/manco-qapaq\" rel=\"tag\">Manco Qapaq<\/a>, <a href=\"https:\/\/www.jcvignoli.com\/blog\/tag\/perou\" rel=\"tag\">P\u00e9rou<\/a>, <a href=\"https:\/\/www.jcvignoli.com\/blog\/tag\/wiracocha\" rel=\"tag\">Wiracocha<\/a><\/td><td>2020-02-27 09:46:18<\/td><\/tr><tr><td><img loading=\"lazy\" decoding=\"async\" width=\"150\" height=\"150\" src=\"https:\/\/www.jcvignoli.com\/blog\/wp-content\/uploads\/Pachacamac-Cavillaca-et-Cuniraya-de-pres-150x150.jpg\" class=\"attachment-thumbnail size-thumbnail wp-post-image\" alt=\"Pachacamac Cavillaca et Cuniraya vus de pr\u00e8s\" \/><\/td><td><a href=\"https:\/\/www.jcvignoli.com\/blog\/2020\/pachacamac-le-mythe-de-cavillaca-et-cuniraya\">Pachacamac : Le mythe de Cavillaca et Cuniraya<\/a><\/td><td>2020\/02\/14<\/td><td><a href=\"https:\/\/www.jcvignoli.com\/blog\/category\/archeologie\" rel=\"category tag\">Arch\u00e9ologie<\/a><\/td><td><a href=\"https:\/\/www.jcvignoli.com\/blog\/tag\/cavillaca\" rel=\"tag\">Cavillaca<\/a>, <a href=\"https:\/\/www.jcvignoli.com\/blog\/tag\/cuniraya\" rel=\"tag\">Cuniraya<\/a>, <a href=\"https:\/\/www.jcvignoli.com\/blog\/tag\/mythe\" rel=\"tag\">mythe<\/a>, <a href=\"https:\/\/www.jcvignoli.com\/blog\/tag\/pachacamac\" rel=\"tag\">Pachacamac<\/a>, <a href=\"https:\/\/www.jcvignoli.com\/blog\/tag\/perou\" rel=\"tag\">P\u00e9rou<\/a><\/td><td>2020-02-14 21:22:54<\/td><\/tr><tr><td><img loading=\"lazy\" decoding=\"async\" width=\"150\" height=\"150\" src=\"https:\/\/www.jcvignoli.com\/blog\/wp-content\/uploads\/Huanacaure-montagnes-embrumees-150x150.jpg\" class=\"attachment-thumbnail size-thumbnail wp-post-image\" alt=\"Huanacaure montagnes embrum\u00e9es\" \/><\/td><td><a href=\"https:\/\/www.jcvignoli.com\/blog\/2020\/huanacaure-histoire-dune-decouverte-manquee\">Huanacaure, histoire d&rsquo;une d\u00e9couverte manqu\u00e9e<\/a><\/td><td>2020\/02\/12<\/td><td><a href=\"https:\/\/www.jcvignoli.com\/blog\/category\/archeologie\" rel=\"category tag\">Arch\u00e9ologie<\/a>, <a href=\"https:\/\/www.jcvignoli.com\/blog\/category\/articles\" rel=\"category tag\">Articles<\/a>, <a href=\"https:\/\/www.jcvignoli.com\/blog\/category\/voyages\/chroniques\" rel=\"category tag\">Chroniques<\/a>, <a href=\"https:\/\/www.jcvignoli.com\/blog\/category\/voyages\" rel=\"category tag\">Voyages<\/a><\/td><td><a href=\"https:\/\/www.jcvignoli.com\/blog\/tag\/cocaine\" rel=\"tag\">cocaine<\/a>, <a href=\"https:\/\/www.jcvignoli.com\/blog\/tag\/echec\" rel=\"tag\">\u00e9chec<\/a>, <a href=\"https:\/\/www.jcvignoli.com\/blog\/tag\/huanacaure\" rel=\"tag\">Huanacaure<\/a>, <a href=\"https:\/\/www.jcvignoli.com\/blog\/tag\/huanuco\" rel=\"tag\">Huanuco<\/a>, <a href=\"https:\/\/www.jcvignoli.com\/blog\/tag\/kotosh\" rel=\"tag\">Kotosh<\/a>, <a href=\"https:\/\/www.jcvignoli.com\/blog\/tag\/perou\" rel=\"tag\">P\u00e9rou<\/a><\/td><td>2020-02-12 18:26:00<\/td><\/tr><tr><td><img loading=\"lazy\" decoding=\"async\" width=\"150\" height=\"150\" src=\"https:\/\/www.jcvignoli.com\/blog\/wp-content\/uploads\/Wilder-Ivan-Monteza-Hinetrasa-150x150.jpg\" class=\"attachment-thumbnail size-thumbnail wp-post-image\" alt=\"Wilder Ivan Monteza Hinetrasa tenant un t\u00e9l\u00e9phone portable\" \/><\/td><td><a href=\"https:\/\/www.jcvignoli.com\/blog\/2020\/guerisseur-trafiquant-darmes-et-banquier-entre-materiel-et-spirituel-le-parcours-heteroclite-de-wilder\">Gu\u00e9risseur, trafiquant d&rsquo;armes et banquier : entre mat\u00e9riel et spirituel, le parcours h\u00e9t\u00e9roclite de Wilder<\/a><\/td><td>2020\/02\/01<\/td><td><a href=\"https:\/\/www.jcvignoli.com\/blog\/category\/articles\" rel=\"category tag\">Articles<\/a>, <a href=\"https:\/\/www.jcvignoli.com\/blog\/category\/articles\/interview\" rel=\"category tag\">Interview<\/a>, <a href=\"https:\/\/www.jcvignoli.com\/blog\/category\/voyages\" rel=\"category tag\">Voyages<\/a><\/td><td><a href=\"https:\/\/www.jcvignoli.com\/blog\/tag\/guerisseur\" rel=\"tag\">gu\u00e9risseur<\/a>, <a href=\"https:\/\/www.jcvignoli.com\/blog\/tag\/perou\" rel=\"tag\">P\u00e9rou<\/a>, <a href=\"https:\/\/www.jcvignoli.com\/blog\/tag\/shipibos\" rel=\"tag\">Shipibos<\/a>, <a href=\"https:\/\/www.jcvignoli.com\/blog\/tag\/trafic-darmes\" rel=\"tag\">trafic d'armes<\/a>, <a href=\"https:\/\/www.jcvignoli.com\/blog\/tag\/wilder-ivan-monteza-hinetrasa\" rel=\"tag\">Wilder Ivan Monteza Hinetrasa<\/a><\/td><td>2020-02-01 20:43:25<\/td><\/tr><tr><td><img loading=\"lazy\" decoding=\"async\" width=\"150\" height=\"150\" src=\"https:\/\/www.jcvignoli.com\/blog\/wp-content\/uploads\/Kotosh-temple-des-mains-croisees-mains-masculines-150x150.jpg\" class=\"attachment-thumbnail size-thumbnail wp-post-image\" alt=\"Kotosh temple des mains crois\u00e9es mains masculines\" \/><\/td><td><a href=\"https:\/\/www.jcvignoli.com\/blog\/2020\/le-site-de-kotosh-et-le-temple-des-mains-croisees\">Le site de Kotosh et le Temple des Mains Crois\u00e9es<\/a><\/td><td>2020\/01\/29<\/td><td><a href=\"https:\/\/www.jcvignoli.com\/blog\/category\/archeologie\" rel=\"category tag\">Arch\u00e9ologie<\/a>, <a href=\"https:\/\/www.jcvignoli.com\/blog\/category\/voyages\" rel=\"category tag\">Voyages<\/a><\/td><td><a href=\"https:\/\/www.jcvignoli.com\/blog\/tag\/chavin-de-huantar\" rel=\"tag\">Chavin de Huantar<\/a>, <a href=\"https:\/\/www.jcvignoli.com\/blog\/tag\/kotosh\" rel=\"tag\">Kotosh<\/a>, <a href=\"https:\/\/www.jcvignoli.com\/blog\/tag\/perou\" rel=\"tag\">P\u00e9rou<\/a>, <a href=\"https:\/\/www.jcvignoli.com\/blog\/tag\/temple-des-mains-croisees\" rel=\"tag\">temple des mains crois\u00e9es<\/a><\/td><td>2020-01-29 13:22:10<\/td><\/tr><tr><td><img loading=\"lazy\" decoding=\"async\" width=\"150\" height=\"150\" src=\"https:\/\/www.jcvignoli.com\/blog\/wp-content\/uploads\/mushishi01-150x150.png\" class=\"attachment-thumbnail size-thumbnail wp-post-image\" alt=\"mushishi plantes\" \/><\/td><td><a href=\"https:\/\/www.jcvignoli.com\/blog\/2020\/mushishi-une-poesie-aussi-vieille-que-le-monde\">Mushishi<\/a><\/td><td>2020\/01\/20<\/td><td><a href=\"https:\/\/www.jcvignoli.com\/blog\/category\/cinema\/critiques-de-cinema\" rel=\"category tag\">Critiques de cin\u00e9ma<\/a><\/td><td><a href=\"https:\/\/www.jcvignoli.com\/blog\/tag\/anime\" rel=\"tag\">anime<\/a>, <a href=\"https:\/\/www.jcvignoli.com\/blog\/tag\/cinema\" rel=\"tag\">Cin\u00e9ma<\/a>, <a href=\"https:\/\/www.jcvignoli.com\/blog\/tag\/japanime\" rel=\"tag\">japanime<\/a>, <a href=\"https:\/\/www.jcvignoli.com\/blog\/tag\/mushishi\" rel=\"tag\">mushishi<\/a><\/td><td>2020-01-20 14:20:47<\/td><\/tr><tr><td><img loading=\"lazy\" decoding=\"async\" width=\"150\" height=\"150\" src=\"https:\/\/www.jcvignoli.com\/blog\/wp-content\/uploads\/Chavin-de-Huantar-Marches-de-la-dualite-150x150.jpg\" class=\"attachment-thumbnail size-thumbnail wp-post-image\" alt=\"Chav\u00edn de Huantar Marches de la dualit\u00e9\" \/><\/td><td><a href=\"https:\/\/www.jcvignoli.com\/blog\/2020\/chavin-de-huantar-lun-des-plus-anciens-temples-oraculaires-du-monde\">Chav\u00edn de Hu\u00e1ntar, l&rsquo;un des plus anciens temples oraculaires du monde<\/a><\/td><td>2020\/01\/16<\/td><td><a href=\"https:\/\/www.jcvignoli.com\/blog\/category\/archeologie\" rel=\"category tag\">Arch\u00e9ologie<\/a>, <a href=\"https:\/\/www.jcvignoli.com\/blog\/category\/articles\" rel=\"category tag\">Articles<\/a>, <a href=\"https:\/\/www.jcvignoli.com\/blog\/category\/voyages\" rel=\"category tag\">Voyages<\/a><\/td><td><a href=\"https:\/\/www.jcvignoli.com\/blog\/tag\/caral\" rel=\"tag\">Caral<\/a>, <a href=\"https:\/\/www.jcvignoli.com\/blog\/tag\/chavin-de-huantar\" rel=\"tag\">Chavin de Huantar<\/a>, <a href=\"https:\/\/www.jcvignoli.com\/blog\/tag\/delphes\" rel=\"tag\">Delphes<\/a>, <a href=\"https:\/\/www.jcvignoli.com\/blog\/tag\/mochica\" rel=\"tag\">Mochica<\/a>, <a href=\"https:\/\/www.jcvignoli.com\/blog\/tag\/perou\" rel=\"tag\">P\u00e9rou<\/a>, <a href=\"https:\/\/www.jcvignoli.com\/blog\/tag\/sechin-bajo\" rel=\"tag\">Sechin bajo<\/a><\/td><td>2020-01-16 14:43:43<\/td><\/tr><tr><td><img loading=\"lazy\" decoding=\"async\" width=\"150\" height=\"150\" src=\"https:\/\/www.jcvignoli.com\/blog\/wp-content\/uploads\/guaviare-peintures-rupestres-cerro-el-raudal02-150x150.jpg\" class=\"attachment-thumbnail size-thumbnail wp-post-image\" alt=\"Peintures rupestres du Cerro El Raudal du Guaviare\" \/><\/td><td><a href=\"https:\/\/www.jcvignoli.com\/blog\/2020\/les-peintures-rupestres-del-raudal-du-guaviare-en-colombie\">Les peintures rupestres d&rsquo;El Raudal du Guaviare en Colombie<\/a><\/td><td>2020\/01\/02<\/td><td><a href=\"https:\/\/www.jcvignoli.com\/blog\/category\/archeologie\" rel=\"category tag\">Arch\u00e9ologie<\/a>, <a href=\"https:\/\/www.jcvignoli.com\/blog\/category\/articles\" rel=\"category tag\">Articles<\/a>, <a href=\"https:\/\/www.jcvignoli.com\/blog\/category\/voyages\" rel=\"category tag\">Voyages<\/a><\/td><td><a href=\"https:\/\/www.jcvignoli.com\/blog\/tag\/cerro-azul\" rel=\"tag\">Cerro Azul<\/a>, <a href=\"https:\/\/www.jcvignoli.com\/blog\/tag\/colombie\" rel=\"tag\">Colombie<\/a>, <a href=\"https:\/\/www.jcvignoli.com\/blog\/tag\/el-raudal\" rel=\"tag\">El Raudal<\/a>, <a href=\"https:\/\/www.jcvignoli.com\/blog\/tag\/guaviare\" rel=\"tag\">Guaviare<\/a>, <a href=\"https:\/\/www.jcvignoli.com\/blog\/tag\/nuevo-tolima\" rel=\"tag\">Nuevo Tolima<\/a>, <a href=\"https:\/\/www.jcvignoli.com\/blog\/tag\/peintures-rupestres\" rel=\"tag\">peintures rupestres<\/a>, <a href=\"https:\/\/www.jcvignoli.com\/blog\/tag\/san-jose-del-guaviare\" rel=\"tag\">San Jos\u00e9 del Guaviare<\/a>, <a href=\"https:\/\/www.jcvignoli.com\/blog\/tag\/serrania-la-lindosa\" rel=\"tag\">Serran\u00eda la Lindosa<\/a><\/td><td>2020-01-02 13:01:28<\/td><\/tr><tr><td><img loading=\"lazy\" decoding=\"async\" width=\"150\" height=\"150\" src=\"https:\/\/www.jcvignoli.com\/blog\/wp-content\/uploads\/guaviare-peintures-rupestres-cerro-el-raudal02-150x150.jpg\" class=\"attachment-thumbnail size-thumbnail wp-post-image\" alt=\"Peintures rupestres du Cerro El Raudal du Guaviare\" \/><\/td><td><a href=\"https:\/\/www.jcvignoli.com\/blog\/es\/2020\/las-pinturas-rupestres-de-el-raudal-du-guaviare-en-colombia\">Las pinturas rupestres del Raudal del Guaviare en Colombia<\/a><\/td><td>2020\/01\/02<\/td><td><a href=\"https:\/\/www.jcvignoli.com\/blog\/es\/category\/arqueologia\" rel=\"category tag\">Arqueolog\u00eda<\/a>, <a href=\"https:\/\/www.jcvignoli.com\/blog\/es\/category\/articulos\" rel=\"category tag\">Art\u00edculos<\/a>, <a href=\"https:\/\/www.jcvignoli.com\/blog\/es\/category\/viajes\" rel=\"category tag\">Viajes<\/a><\/td><td><a href=\"https:\/\/www.jcvignoli.com\/blog\/es\/tag\/colombia-es\" rel=\"tag\">Colombia<\/a>, <a href=\"https:\/\/www.jcvignoli.com\/blog\/es\/tag\/el-raudal-es\" rel=\"tag\">El Raudal<\/a>, <a href=\"https:\/\/www.jcvignoli.com\/blog\/es\/tag\/pinturas-rupestres\" rel=\"tag\">pinturas rupestres<\/a><\/td><td>2020-01-02 08:08:26<\/td><\/tr><tr><td><img loading=\"lazy\" decoding=\"async\" width=\"200\" height=\"200\" src=\"https:\/\/www.jcvignoli.com\/blog\/wp-content\/uploads\/Huanchaco-coucher-de-soleil-mer-200x200.jpg\" class=\"attachment-thumbnail size-thumbnail wp-post-image\" alt=\"Coucher de soleil sur la mer de Huanchaco P\u00e9rou\" srcset=\"https:\/\/www.jcvignoli.com\/blog\/wp-content\/uploads\/Huanchaco-coucher-de-soleil-mer-200x200.jpg 200w, https:\/\/www.jcvignoli.com\/blog\/wp-content\/uploads\/Huanchaco-coucher-de-soleil-mer-160x160.jpg 160w, https:\/\/www.jcvignoli.com\/blog\/wp-content\/uploads\/Huanchaco-coucher-de-soleil-mer-320x320.jpg 320w\" sizes=\"auto, (max-width: 200px) 100vw, 200px\" \/><\/td><td><a href=\"https:\/\/www.jcvignoli.com\/blog\/2020\/etre-la-mer-en-2020\">\u00catre la mer en 2020<\/a><\/td><td>2020\/01\/01<\/td><td><a href=\"https:\/\/www.jcvignoli.com\/blog\/en\/category\/miscellaneous\" rel=\"category tag\">Miscellaneous<\/a><\/td><td><a href=\"https:\/\/www.jcvignoli.com\/blog\/tag\/2020\" rel=\"tag\">2020<\/a>, <a href=\"https:\/\/www.jcvignoli.com\/blog\/tag\/bonne-annee\" rel=\"tag\">bonne ann\u00e9e<\/a>, <a href=\"https:\/\/www.jcvignoli.com\/blog\/tag\/huanchaco\" rel=\"tag\">Huanchaco<\/a>, <a href=\"https:\/\/www.jcvignoli.com\/blog\/tag\/mer\" rel=\"tag\">Mer<\/a>, <a href=\"https:\/\/www.jcvignoli.com\/blog\/tag\/voeux\" rel=\"tag\">voeux<\/a><\/td><td>2020-01-01 14:12:28<\/td><\/tr><tr><td><img loading=\"lazy\" decoding=\"async\" width=\"150\" height=\"150\" src=\"https:\/\/www.jcvignoli.com\/blog\/wp-content\/uploads\/tsavo-elephant-braconne-150x150.jpg\" class=\"attachment-thumbnail size-thumbnail wp-post-image\" alt=\"Elephant braconn\u00e9 dans le parc de Tsavo, Kenya\" \/><\/td><td><a href=\"https:\/\/www.jcvignoli.com\/blog\/2019\/lenvironnement-na-pas-besoin-detre-gere\">L&rsquo;environnement n&rsquo;a pas besoin d&rsquo;\u00eatre g\u00e9r\u00e9<\/a><\/td><td>2019\/12\/27<\/td><td><a href=\"https:\/\/www.jcvignoli.com\/blog\/category\/activisme\" rel=\"category tag\">Activisme<\/a>, <a href=\"https:\/\/www.jcvignoli.com\/blog\/category\/anthropologie\" rel=\"category tag\">Anthropologie<\/a>, <a href=\"https:\/\/www.jcvignoli.com\/blog\/category\/politique\/ecologie\" rel=\"category tag\">Ecologie<\/a><\/td><td><a href=\"https:\/\/www.jcvignoli.com\/blog\/tag\/baka\" rel=\"tag\">baka<\/a>, <a href=\"https:\/\/www.jcvignoli.com\/blog\/tag\/bribri\" rel=\"tag\">Bribri<\/a>, <a href=\"https:\/\/www.jcvignoli.com\/blog\/tag\/conservancy\" rel=\"tag\">conservancy<\/a>, <a href=\"https:\/\/www.jcvignoli.com\/blog\/tag\/environment\" rel=\"tag\">environment<\/a>, <a href=\"https:\/\/www.jcvignoli.com\/blog\/tag\/indigenous-people\" rel=\"tag\">indigenous people<\/a>, <a href=\"https:\/\/www.jcvignoli.com\/blog\/tag\/kogi\" rel=\"tag\">kogi<\/a>, <a href=\"https:\/\/www.jcvignoli.com\/blog\/tag\/survival-international\" rel=\"tag\">survival international<\/a><\/td><td>2019-12-27 19:33:05<\/td><\/tr><tr><td><img loading=\"lazy\" decoding=\"async\" width=\"150\" height=\"150\" src=\"https:\/\/www.jcvignoli.com\/blog\/wp-content\/uploads\/tsavo-elephant-braconne-150x150.jpg\" class=\"attachment-thumbnail size-thumbnail wp-post-image\" alt=\"Elephant braconn\u00e9 dans le parc de Tsavo, Kenya\" \/><\/td><td><a href=\"https:\/\/www.jcvignoli.com\/blog\/en\/2019\/the-environment-does-not-need-to-be-made\">The environment does not need to be made<\/a><\/td><td>2019\/12\/27<\/td><td><a href=\"https:\/\/www.jcvignoli.com\/blog\/en\/category\/activism\" rel=\"category tag\">Activism<\/a>, <a href=\"https:\/\/www.jcvignoli.com\/blog\/en\/category\/anthropology\" rel=\"category tag\">Anthropology<\/a>, <a href=\"https:\/\/www.jcvignoli.com\/blog\/en\/category\/politics\/ecology\" rel=\"category tag\">Ecology<\/a><\/td><td><a href=\"https:\/\/www.jcvignoli.com\/blog\/en\/tag\/baka-en\" rel=\"tag\">baka<\/a>, <a href=\"https:\/\/www.jcvignoli.com\/blog\/en\/tag\/bribri-en\" rel=\"tag\">Bribri<\/a>, <a href=\"https:\/\/www.jcvignoli.com\/blog\/en\/tag\/conservancy-en\" rel=\"tag\">conservancy<\/a>, <a href=\"https:\/\/www.jcvignoli.com\/blog\/en\/tag\/environment-en\" rel=\"tag\">environment<\/a>, <a href=\"https:\/\/www.jcvignoli.com\/blog\/en\/tag\/indigenous-people-en\" rel=\"tag\">indigenous people<\/a>, <a href=\"https:\/\/www.jcvignoli.com\/blog\/en\/tag\/kogi-en\" rel=\"tag\">kogi<\/a>, <a href=\"https:\/\/www.jcvignoli.com\/blog\/en\/tag\/survival-international-en\" rel=\"tag\">survival international<\/a><\/td><td>2019-12-27 19:33:05<\/td><\/tr><tr><td><img loading=\"lazy\" decoding=\"async\" width=\"150\" height=\"150\" src=\"https:\/\/www.jcvignoli.com\/blog\/wp-content\/uploads\/geoglyphe-simple-spirale-santo-domingo-150x150.jpg\" class=\"attachment-thumbnail size-thumbnail wp-post-image\" alt=\"G\u00e9oglyphe simple spirale Santo Domingo\" \/><\/td><td><a href=\"https:\/\/www.jcvignoli.com\/blog\/2019\/lhistoire-de-la-destruction-des-geoglyphes-de-santo-domingo-au-perou\">L&rsquo;histoire de la destruction des g\u00e9oglyphes de Santo Domingo au P\u00e9rou<\/a><\/td><td>2019\/12\/11<\/td><td><a href=\"https:\/\/www.jcvignoli.com\/blog\/category\/archeologie\" rel=\"category tag\">Arch\u00e9ologie<\/a>, <a href=\"https:\/\/www.jcvignoli.com\/blog\/category\/voyages\/chroniques\" rel=\"category tag\">Chroniques<\/a>, <a href=\"https:\/\/www.jcvignoli.com\/blog\/category\/voyages\" rel=\"category tag\">Voyages<\/a><\/td><td><a href=\"https:\/\/www.jcvignoli.com\/blog\/tag\/chimu\" rel=\"tag\">chimu<\/a>, <a href=\"https:\/\/www.jcvignoli.com\/blog\/tag\/destruction\" rel=\"tag\">destruction<\/a>, <a href=\"https:\/\/www.jcvignoli.com\/blog\/tag\/geoglyphe\" rel=\"tag\">g\u00e9oglyphe<\/a>, <a href=\"https:\/\/www.jcvignoli.com\/blog\/tag\/perou\" rel=\"tag\">P\u00e9rou<\/a>, <a href=\"https:\/\/www.jcvignoli.com\/blog\/tag\/preservation\" rel=\"tag\">pr\u00e9servation<\/a>, <a href=\"https:\/\/www.jcvignoli.com\/blog\/tag\/santo-domingo\" rel=\"tag\">santo domingo<\/a><\/td><td>2019-12-11 23:42:16<\/td><\/tr><tr><td><img loading=\"lazy\" decoding=\"async\" width=\"150\" height=\"150\" src=\"https:\/\/www.jcvignoli.com\/blog\/wp-content\/uploads\/el-brujo-audience-aiapaec-scaled-150x150.jpg\" class=\"attachment-thumbnail size-thumbnail wp-post-image\" alt=\"Reconstitution de bas-relief d&#039;Ai Apaec de la Huaca Cao Vieja au Complexe du Brujo\" \/><\/td><td><a href=\"https:\/\/www.jcvignoli.com\/blog\/2019\/la-dame-de-cao-et-larcheologie-anonyme-qui-fait-vivre-le-passe-dans-le-present\">La dame de Cao et l&rsquo;arch\u00e9ologue anonyme qui fait vivre le pass\u00e9 dans le pr\u00e9sent<\/a><\/td><td>2019\/12\/08<\/td><td><a href=\"https:\/\/www.jcvignoli.com\/blog\/category\/archeologie\" rel=\"category tag\">Arch\u00e9ologie<\/a>, <a href=\"https:\/\/www.jcvignoli.com\/blog\/category\/articles\" rel=\"category tag\">Articles<\/a>, <a href=\"https:\/\/www.jcvignoli.com\/blog\/category\/articles\/ecrits-publies\" rel=\"category tag\">Ecrits publi\u00e9s<\/a>, <a href=\"https:\/\/www.jcvignoli.com\/blog\/category\/articles\/interview\" rel=\"category tag\">Interview<\/a>, <a href=\"https:\/\/www.jcvignoli.com\/blog\/category\/voyages\" rel=\"category tag\">Voyages<\/a><\/td><td><a href=\"https:\/\/www.jcvignoli.com\/blog\/tag\/anonyme\" rel=\"tag\">anonyme<\/a>, <a href=\"https:\/\/www.jcvignoli.com\/blog\/tag\/chaman\" rel=\"tag\">chaman<\/a>, <a href=\"https:\/\/www.jcvignoli.com\/blog\/tag\/echomagazine\" rel=\"tag\">Echomagazine<\/a>, <a href=\"https:\/\/www.jcvignoli.com\/blog\/tag\/el-brujo\" rel=\"tag\">el brujo<\/a>, <a href=\"https:\/\/www.jcvignoli.com\/blog\/tag\/huaca-cao-viella\" rel=\"tag\">huaca cao viella<\/a>, <a href=\"https:\/\/www.jcvignoli.com\/blog\/tag\/juan-vilela-puelles\" rel=\"tag\">juan vilela puelles<\/a>, <a href=\"https:\/\/www.jcvignoli.com\/blog\/tag\/moche\" rel=\"tag\">Moche<\/a>, <a href=\"https:\/\/www.jcvignoli.com\/blog\/tag\/mochica\" rel=\"tag\">Mochica<\/a>, <a href=\"https:\/\/www.jcvignoli.com\/blog\/tag\/perou\" rel=\"tag\">P\u00e9rou<\/a><\/td><td>2019-12-08 20:47:14<\/td><\/tr><tr><td><img loading=\"lazy\" decoding=\"async\" width=\"150\" height=\"150\" src=\"https:\/\/www.jcvignoli.com\/blog\/wp-content\/uploads\/divinite-poulpe-mochica-150x150.jpg\" class=\"attachment-thumbnail size-thumbnail wp-post-image\" alt=\"Divinit\u00e9 poulpe mochica mus\u00e9e de las tumbas reales lambayeque\" \/><\/td><td><a href=\"https:\/\/www.jcvignoli.com\/blog\/2019\/visiter-les-sites-archeologiques-de-chiclayo-perou\">Visiter les sites arch\u00e9ologiques mochica et lambayeque de Chiclayo, P\u00e9rou<\/a><\/td><td>2019\/12\/03<\/td><td><a href=\"https:\/\/www.jcvignoli.com\/blog\/category\/archeologie\" rel=\"category tag\">Arch\u00e9ologie<\/a>, <a href=\"https:\/\/www.jcvignoli.com\/blog\/category\/voyages\" rel=\"category tag\">Voyages<\/a><\/td><td><a href=\"https:\/\/www.jcvignoli.com\/blog\/tag\/batan-grande\" rel=\"tag\">batan grande<\/a>, <a href=\"https:\/\/www.jcvignoli.com\/blog\/tag\/bruning\" rel=\"tag\">bruning<\/a>, <a href=\"https:\/\/www.jcvignoli.com\/blog\/tag\/chiclayo\" rel=\"tag\">chiclayo<\/a>, <a href=\"https:\/\/www.jcvignoli.com\/blog\/tag\/chimu\" rel=\"tag\">chimu<\/a>, <a href=\"https:\/\/www.jcvignoli.com\/blog\/tag\/ferrenafe\" rel=\"tag\">Ferre\u00f1afe<\/a>, <a href=\"https:\/\/www.jcvignoli.com\/blog\/tag\/huaca-del-oro\" rel=\"tag\">huaca del oro<\/a>, <a href=\"https:\/\/www.jcvignoli.com\/blog\/tag\/huaca-rajada\" rel=\"tag\">huaca rajada<\/a>, <a href=\"https:\/\/www.jcvignoli.com\/blog\/tag\/lambayeque\" rel=\"tag\">Lambayeque<\/a>, <a href=\"https:\/\/www.jcvignoli.com\/blog\/tag\/moche\" rel=\"tag\">Moche<\/a>, <a href=\"https:\/\/www.jcvignoli.com\/blog\/tag\/mochica\" rel=\"tag\">Mochica<\/a>, <a href=\"https:\/\/www.jcvignoli.com\/blog\/tag\/naylamp\" rel=\"tag\">Naylamp<\/a>, <a href=\"https:\/\/www.jcvignoli.com\/blog\/tag\/pampa-grande\" rel=\"tag\">pampa grande<\/a>, <a href=\"https:\/\/www.jcvignoli.com\/blog\/tag\/perou\" rel=\"tag\">P\u00e9rou<\/a>, <a href=\"https:\/\/www.jcvignoli.com\/blog\/tag\/seigneur-de-sican\" rel=\"tag\">seigneur de sican<\/a>, <a href=\"https:\/\/www.jcvignoli.com\/blog\/tag\/sican\" rel=\"tag\">Sican<\/a>, <a href=\"https:\/\/www.jcvignoli.com\/blog\/tag\/sipan\" rel=\"tag\">sipan<\/a>, <a href=\"https:\/\/www.jcvignoli.com\/blog\/tag\/tucume\" rel=\"tag\">tucume<\/a>, <a href=\"https:\/\/www.jcvignoli.com\/blog\/tag\/ventarron\" rel=\"tag\">ventarron<\/a><\/td><td>2019-12-03 00:50:45<\/td><\/tr><tr><td><img loading=\"lazy\" decoding=\"async\" width=\"150\" height=\"150\" src=\"https:\/\/www.jcvignoli.com\/blog\/wp-content\/uploads\/chachapoyas-kuelap-150x150.jpg\" class=\"attachment-thumbnail size-thumbnail wp-post-image\" alt=\"Ku\u00e9lap\" \/><\/td><td><a href=\"https:\/\/www.jcvignoli.com\/blog\/2019\/visiter-les-beautes-de-chachapoyas-amazonas-perou\">Visiter les beaut\u00e9s de Chachapoyas, Amazonas, P\u00e9rou<\/a><\/td><td>2019\/11\/09<\/td><td><a href=\"https:\/\/www.jcvignoli.com\/blog\/category\/archeologie\" rel=\"category tag\">Arch\u00e9ologie<\/a>, <a href=\"https:\/\/www.jcvignoli.com\/blog\/category\/voyages\" rel=\"category tag\">Voyages<\/a><\/td><td><a href=\"https:\/\/www.jcvignoli.com\/blog\/tag\/campanauro\" rel=\"tag\">Campanauro<\/a>, <a href=\"https:\/\/www.jcvignoli.com\/blog\/tag\/cataneo\" rel=\"tag\">Cataneo<\/a>, <a href=\"https:\/\/www.jcvignoli.com\/blog\/tag\/chachapoyas\" rel=\"tag\">Chachapoyas<\/a>, <a href=\"https:\/\/www.jcvignoli.com\/blog\/tag\/congona\" rel=\"tag\">Congona<\/a>, <a href=\"https:\/\/www.jcvignoli.com\/blog\/tag\/corderopunta\" rel=\"tag\">Corderopunta<\/a>, <a href=\"https:\/\/www.jcvignoli.com\/blog\/tag\/guishoc\" rel=\"tag\">Guishoc<\/a>, <a href=\"https:\/\/www.jcvignoli.com\/blog\/tag\/leymebamba\" rel=\"tag\">Leymebamba<\/a>, <a href=\"https:\/\/www.jcvignoli.com\/blog\/tag\/molinete\" rel=\"tag\">Molinete<\/a>, <a href=\"https:\/\/www.jcvignoli.com\/blog\/tag\/perou\" rel=\"tag\">P\u00e9rou<\/a>, <a href=\"https:\/\/www.jcvignoli.com\/blog\/tag\/purumacho\" rel=\"tag\">Purumacho<\/a><\/td><td>2019-11-09 02:02:40<\/td><\/tr><tr><td><img loading=\"lazy\" decoding=\"async\" width=\"150\" height=\"150\" src=\"https:\/\/www.jcvignoli.com\/blog\/wp-content\/uploads\/bribri-enfants-150x150.jpg\" class=\"attachment-thumbnail size-thumbnail wp-post-image\" alt=\"Enseignement bribri enfant\" \/><\/td><td><a href=\"https:\/\/www.jcvignoli.com\/blog\/2019\/la-cosmovision-des-bribris-du-costa-rica\">La cosmovision des Bribris du Costa Rica<\/a><\/td><td>2019\/11\/08<\/td><td><a href=\"https:\/\/www.jcvignoli.com\/blog\/category\/anthropologie\" rel=\"category tag\">Anthropologie<\/a>, <a href=\"https:\/\/www.jcvignoli.com\/blog\/category\/articles\" rel=\"category tag\">Articles<\/a>, <a href=\"https:\/\/www.jcvignoli.com\/blog\/category\/politique\/ecologie\" rel=\"category tag\">Ecologie<\/a>, <a href=\"https:\/\/www.jcvignoli.com\/blog\/category\/voyages\" rel=\"category tag\">Voyages<\/a><\/td><td><a href=\"https:\/\/www.jcvignoli.com\/blog\/tag\/autochtones\" rel=\"tag\">autochtones<\/a>, <a href=\"https:\/\/www.jcvignoli.com\/blog\/tag\/bribri\" rel=\"tag\">Bribri<\/a>, <a href=\"https:\/\/www.jcvignoli.com\/blog\/tag\/costa-rica\" rel=\"tag\">Costa Rica<\/a>, <a href=\"https:\/\/www.jcvignoli.com\/blog\/tag\/indigenes\" rel=\"tag\">indig\u00e8nes<\/a><\/td><td>2019-11-08 21:44:40<\/td><\/tr><tr><td><img loading=\"lazy\" decoding=\"async\" width=\"150\" height=\"150\" src=\"https:\/\/www.jcvignoli.com\/blog\/wp-content\/uploads\/moi-et-mario-dans-ma-chambre-150x150.jpg\" class=\"attachment-thumbnail size-thumbnail wp-post-image\" alt=\"Moi et Mario O&#039;Glorioso\" \/><\/td><td><a href=\"https:\/\/www.jcvignoli.com\/blog\/2019\/la-caisse-cest-par-la\">La caisse c&rsquo;est par l\u00e0<\/a><\/td><td>2019\/10\/31<\/td><td><a href=\"https:\/\/www.jcvignoli.com\/blog\/en\/category\/miscellaneous\" rel=\"category tag\">Miscellaneous<\/a><\/td><td><a href=\"https:\/\/www.jcvignoli.com\/blog\/tag\/mario-glorioso\" rel=\"tag\">Mario Glorioso<\/a><\/td><td>2019-10-31 21:37:31<\/td><\/tr><tr><td><img loading=\"lazy\" decoding=\"async\" width=\"200\" height=\"200\" src=\"https:\/\/www.jcvignoli.com\/blog\/wp-content\/uploads\/Arequipa-manif-03-scaled-200x200.jpg\" class=\"attachment-thumbnail size-thumbnail wp-post-image\" alt=\"Banderolles des manifestants\" \/><\/td><td><a href=\"https:\/\/www.jcvignoli.com\/blog\/2019\/plaidoyer-pour-un-activisme-a-tout-age\">Plaidoyer pour un activisme \u00e0 tout \u00e2ge<\/a><\/td><td>2019\/10\/14<\/td><td><a href=\"https:\/\/www.jcvignoli.com\/blog\/category\/activisme\" rel=\"category tag\">Activisme<\/a>, <a href=\"https:\/\/www.jcvignoli.com\/blog\/category\/politique\/ecologie\" rel=\"category tag\">Ecologie<\/a>, <a href=\"https:\/\/www.jcvignoli.com\/blog\/category\/politique\" rel=\"category tag\">Politique<\/a><\/td><td><a href=\"https:\/\/www.jcvignoli.com\/blog\/tag\/changement-climatique\" rel=\"tag\">changement climatique<\/a>, <a href=\"https:\/\/www.jcvignoli.com\/blog\/tag\/greta-thunberg\" rel=\"tag\">Greta Thunberg<\/a>, <a href=\"https:\/\/www.jcvignoli.com\/blog\/tag\/manifestation\" rel=\"tag\">manifestation<\/a><\/td><td>2019-10-14 14:27:03<\/td><\/tr><tr><td><img loading=\"lazy\" decoding=\"async\" width=\"150\" height=\"150\" src=\"https:\/\/www.jcvignoli.com\/blog\/wp-content\/uploads\/Guaviare-coucher-soleil-150x150.jpg\" class=\"attachment-thumbnail size-thumbnail wp-post-image\" alt=\"Guaviare coucher de soleil\" \/><\/td><td><a href=\"https:\/\/www.jcvignoli.com\/blog\/2019\/sur-les-hasards-de-la-route-de-la-cocaine-et-de-la-revolution\">Sur les hasards de la route de la coca\u00efne et de la r\u00e9volution<\/a><\/td><td>2019\/09\/23<\/td><td><a href=\"https:\/\/www.jcvignoli.com\/blog\/category\/articles\" rel=\"category tag\">Articles<\/a>, <a href=\"https:\/\/www.jcvignoli.com\/blog\/category\/voyages\/chroniques\" rel=\"category tag\">Chroniques<\/a>, <a href=\"https:\/\/www.jcvignoli.com\/blog\/category\/politique\" rel=\"category tag\">Politique<\/a>, <a href=\"https:\/\/www.jcvignoli.com\/blog\/category\/voyages\" rel=\"category tag\">Voyages<\/a><\/td><td><a href=\"https:\/\/www.jcvignoli.com\/blog\/tag\/cocaine\" rel=\"tag\">cocaine<\/a>, <a href=\"https:\/\/www.jcvignoli.com\/blog\/tag\/colombie\" rel=\"tag\">Colombie<\/a>, <a href=\"https:\/\/www.jcvignoli.com\/blog\/tag\/duque\" rel=\"tag\">duque<\/a>, <a href=\"https:\/\/www.jcvignoli.com\/blog\/tag\/farc\" rel=\"tag\">FARC<\/a>, <a href=\"https:\/\/www.jcvignoli.com\/blog\/tag\/guaviare\" rel=\"tag\">Guaviare<\/a>, <a href=\"https:\/\/www.jcvignoli.com\/blog\/tag\/terrorisme\" rel=\"tag\">terrorisme<\/a><\/td><td>2019-09-23 06:54:16<\/td><\/tr><tr><td><img loading=\"lazy\" decoding=\"async\" width=\"150\" height=\"150\" src=\"https:\/\/www.jcvignoli.com\/blog\/wp-content\/uploads\/Village-kogi-scaled-150x150.jpg\" class=\"attachment-thumbnail size-thumbnail wp-post-image\" alt=\"Village kogi de la sierra nevada colombie\" \/><\/td><td><a href=\"https:\/\/www.jcvignoli.com\/blog\/2019\/les-kogis-ou-comment-survive-face-a-la-modernite-lorsquon-valorise-la-tradition\">Les Kogis, ou comment survivre face \u00e0 la modernit\u00e9 lorsqu\u2019on valorise la tradition<\/a><\/td><td>2019\/08\/02<\/td><td><a href=\"https:\/\/www.jcvignoli.com\/blog\/category\/activisme\" rel=\"category tag\">Activisme<\/a>, <a href=\"https:\/\/www.jcvignoli.com\/blog\/category\/anthropologie\" rel=\"category tag\">Anthropologie<\/a>, <a href=\"https:\/\/www.jcvignoli.com\/blog\/category\/articles\" rel=\"category tag\">Articles<\/a>, <a href=\"https:\/\/www.jcvignoli.com\/blog\/category\/voyages\/chroniques\" rel=\"category tag\">Chroniques<\/a>, <a href=\"https:\/\/www.jcvignoli.com\/blog\/category\/politique\/droits-humains\" rel=\"category tag\">Droits humains<\/a>, <a href=\"https:\/\/www.jcvignoli.com\/blog\/category\/politique\/ecologie\" rel=\"category tag\">Ecologie<\/a>, <a href=\"https:\/\/www.jcvignoli.com\/blog\/category\/articles\/ecrits-publies\" rel=\"category tag\">Ecrits publi\u00e9s<\/a>, <a href=\"https:\/\/www.jcvignoli.com\/blog\/category\/voyages\" rel=\"category tag\">Voyages<\/a><\/td><td><a href=\"https:\/\/www.jcvignoli.com\/blog\/tag\/aluna\" rel=\"tag\">aluna<\/a>, <a href=\"https:\/\/www.jcvignoli.com\/blog\/tag\/autochtones\" rel=\"tag\">autochtones<\/a>, <a href=\"https:\/\/www.jcvignoli.com\/blog\/tag\/colombie\" rel=\"tag\">Colombie<\/a>, <a href=\"https:\/\/www.jcvignoli.com\/blog\/tag\/droits-humains\" rel=\"tag\">droits humains<\/a>, <a href=\"https:\/\/www.jcvignoli.com\/blog\/tag\/heidinews\" rel=\"tag\">Heidinews<\/a>, <a href=\"https:\/\/www.jcvignoli.com\/blog\/tag\/ikewan\" rel=\"tag\">Ikewan<\/a>, <a href=\"https:\/\/www.jcvignoli.com\/blog\/tag\/indigenes\" rel=\"tag\">indig\u00e8nes<\/a>, <a href=\"https:\/\/www.jcvignoli.com\/blog\/tag\/kogi\" rel=\"tag\">kogi<\/a>, <a href=\"https:\/\/www.jcvignoli.com\/blog\/tag\/sierra-nevada\" rel=\"tag\">sierra nevada<\/a><\/td><td>2019-08-02 00:46:20<\/td><\/tr><tr><td><img loading=\"lazy\" decoding=\"async\" width=\"150\" height=\"150\" src=\"https:\/\/www.jcvignoli.com\/blog\/wp-content\/uploads\/Theodor-Herzl-150x150.jpg\" class=\"attachment-thumbnail size-thumbnail wp-post-image\" alt=\"Theodor Herzl p\u00e8re du sionisme\" \/><\/td><td><a href=\"https:\/\/www.jcvignoli.com\/blog\/2019\/anti-sionisme-histoire-dincomprehensions-mutuelles\">Anti-sionisme &#8211; histoire d&rsquo;incompr\u00e9hensions mutuelles<\/a><\/td><td>2019\/07\/15<\/td><td><a href=\"https:\/\/www.jcvignoli.com\/blog\/category\/politique\" rel=\"category tag\">Politique<\/a><\/td><td><a href=\"https:\/\/www.jcvignoli.com\/blog\/tag\/antisemite\" rel=\"tag\">antis\u00e9mite<\/a>, <a href=\"https:\/\/www.jcvignoli.com\/blog\/tag\/antisionisme\" rel=\"tag\">antisionisme<\/a>, <a href=\"https:\/\/www.jcvignoli.com\/blog\/tag\/israel\" rel=\"tag\">isra\u00ebl<\/a>, <a href=\"https:\/\/www.jcvignoli.com\/blog\/tag\/racisme\" rel=\"tag\">racisme<\/a><\/td><td>2019-07-15 01:48:52<\/td><\/tr><tr><td><img loading=\"lazy\" decoding=\"async\" width=\"150\" height=\"150\" src=\"https:\/\/www.jcvignoli.com\/blog\/wp-content\/uploads\/moi-en-attente-150x150.jpg\" class=\"attachment-thumbnail size-thumbnail wp-post-image\" alt=\"Moi en attente\" \/><\/td><td><a href=\"https:\/\/www.jcvignoli.com\/blog\/2019\/se-decouvrir-raciste-apres-avoir-ete-au-service-des-droits-humains\">Se d\u00e9couvrir raciste apr\u00e8s avoir \u00e9t\u00e9 au service des droits humains<\/a><\/td><td>2019\/02\/05<\/td><td><a href=\"https:\/\/www.jcvignoli.com\/blog\/en\/category\/miscellaneous\" rel=\"category tag\">Miscellaneous<\/a>, <a href=\"https:\/\/www.jcvignoli.com\/blog\/category\/voyages\" rel=\"category tag\">Voyages<\/a><\/td><td><a href=\"https:\/\/www.jcvignoli.com\/blog\/tag\/afrique\" rel=\"tag\">Afrique<\/a>, <a href=\"https:\/\/www.jcvignoli.com\/blog\/tag\/noirs\" rel=\"tag\">Noirs<\/a>, <a href=\"https:\/\/www.jcvignoli.com\/blog\/tag\/racisme\" rel=\"tag\">racisme<\/a><\/td><td>2019-02-05 14:00:27<\/td><\/tr><tr><td><img loading=\"lazy\" decoding=\"async\" width=\"200\" height=\"200\" src=\"https:\/\/www.jcvignoli.com\/blog\/wp-content\/uploads\/safari-club-international-logo-200x200.jpg\" class=\"attachment-thumbnail size-thumbnail wp-post-image\" alt=\"Le logo de safari club international SCI\" srcset=\"https:\/\/www.jcvignoli.com\/blog\/wp-content\/uploads\/safari-club-international-logo-200x200.jpg 200w, https:\/\/www.jcvignoli.com\/blog\/wp-content\/uploads\/safari-club-international-logo-160x160.jpg 160w, https:\/\/www.jcvignoli.com\/blog\/wp-content\/uploads\/safari-club-international-logo-320x320.jpg 320w\" sizes=\"auto, (max-width: 200px) 100vw, 200px\" \/><\/td><td><a href=\"https:\/\/www.jcvignoli.com\/blog\/en\/2017\/has-safari-club-international-just-made-an-insightful-mistake-on-zambias-ban-of-elephant-trophies\">Has Safari Club International just made an insightful mistake on Zambia&rsquo;s ban of elephant trophies ?<\/a><\/td><td>2017\/11\/17<\/td><td><a href=\"https:\/\/www.jcvignoli.com\/blog\/en\/category\/politics\/ecology\" rel=\"category tag\">Ecology<\/a>, <a href=\"https:\/\/www.jcvignoli.com\/blog\/en\/category\/politics\/usa-en\" rel=\"category tag\">USA<\/a><\/td><td><a href=\"https:\/\/www.jcvignoli.com\/blog\/en\/tag\/conservancy-en\" rel=\"tag\">conservancy<\/a>, <a href=\"https:\/\/www.jcvignoli.com\/blog\/en\/tag\/elephant-en\" rel=\"tag\">\u00e9l\u00e9phant<\/a>, <a href=\"https:\/\/www.jcvignoli.com\/blog\/en\/tag\/safari-club-international-en\" rel=\"tag\">Safari Club International<\/a><\/td><td>2017-11-17 23:55:14<\/td><\/tr><tr><td><img loading=\"lazy\" decoding=\"async\" width=\"200\" height=\"200\" src=\"https:\/\/www.jcvignoli.com\/blog\/wp-content\/uploads\/Me-too-signe-200x200.jpg\" class=\"attachment-thumbnail size-thumbnail wp-post-image\" alt=\"Femme tenant le signe #MeToo\" srcset=\"https:\/\/www.jcvignoli.com\/blog\/wp-content\/uploads\/Me-too-signe-200x200.jpg 200w, https:\/\/www.jcvignoli.com\/blog\/wp-content\/uploads\/Me-too-signe-160x160.jpg 160w, https:\/\/www.jcvignoli.com\/blog\/wp-content\/uploads\/Me-too-signe-320x320.jpg 320w\" sizes=\"auto, (max-width: 200px) 100vw, 200px\" \/><\/td><td><a href=\"https:\/\/www.jcvignoli.com\/blog\/2017\/feminisme-metoo-un-enieme-signe-du-changement-de-regime-egalitarisme\">F\u00e9minisme: #metoo, un \u00e9ni\u00e8me signe du changement de r\u00e9gime \u00e9galitariste<\/a><\/td><td>2017\/10\/22<\/td><td><a href=\"https:\/\/www.jcvignoli.com\/blog\/category\/activisme\" rel=\"category tag\">Activisme<\/a>, <a href=\"https:\/\/www.jcvignoli.com\/blog\/category\/politique\/droits-humains\" rel=\"category tag\">Droits humains<\/a>, <a href=\"https:\/\/www.jcvignoli.com\/blog\/category\/philosophie\" rel=\"category tag\">Philosophie<\/a>, <a href=\"https:\/\/www.jcvignoli.com\/blog\/category\/politique\" rel=\"category tag\">Politique<\/a><\/td><td><a href=\"https:\/\/www.jcvignoli.com\/blog\/tag\/egalitarisme\" rel=\"tag\">\u00e9galitarisme<\/a>, <a href=\"https:\/\/www.jcvignoli.com\/blog\/tag\/feminisme\" rel=\"tag\">f\u00e9minisme<\/a>, <a href=\"https:\/\/www.jcvignoli.com\/blog\/tag\/mai-68\" rel=\"tag\">mai 68<\/a>, <a href=\"https:\/\/www.jcvignoli.com\/blog\/tag\/rousseau\" rel=\"tag\">rousseau<\/a><\/td><td>2017-10-22 21:01:43<\/td><\/tr><tr><td><\/td><td><a href=\"https:\/\/www.jcvignoli.com\/blog\/2017\/cest-toi-qui-la-voulu\">C&rsquo;est toi qui l&rsquo;a voulu<\/a><\/td><td>2017\/10\/20<\/td><td><a href=\"https:\/\/www.jcvignoli.com\/blog\/category\/activisme\" rel=\"category tag\">Activisme<\/a>, <a href=\"https:\/\/www.jcvignoli.com\/blog\/en\/category\/miscellaneous\" rel=\"category tag\">Miscellaneous<\/a><\/td><td><a href=\"https:\/\/www.jcvignoli.com\/blog\/tag\/afrique\" rel=\"tag\">Afrique<\/a><\/td><td>2017-10-20 13:15:12<\/td><\/tr><tr><td><img loading=\"lazy\" decoding=\"async\" width=\"150\" height=\"150\" src=\"https:\/\/www.jcvignoli.com\/blog\/wp-content\/uploads\/tsavo-elephanteaux-150x150.jpg\" class=\"attachment-thumbnail size-thumbnail wp-post-image\" alt=\"El\u00e9phanteaux \u00e0 Tsavo\" \/><\/td><td><a href=\"https:\/\/www.jcvignoli.com\/blog\/2015\/des-geants-decimes-pour-une-poignee-divoire-les-dessous-du-braconnage-delephants-au-kenya\">Des g\u00e9ants d\u00e9cim\u00e9s pour une poign\u00e9e d&rsquo;ivoire, les dessous du braconnage d&rsquo;\u00e9l\u00e9phants au Kenya<\/a><\/td><td>2015\/09\/02<\/td><td><a href=\"https:\/\/www.jcvignoli.com\/blog\/category\/activisme\" rel=\"category tag\">Activisme<\/a>, <a href=\"https:\/\/www.jcvignoli.com\/blog\/category\/articles\" rel=\"category tag\">Articles<\/a>, <a href=\"https:\/\/www.jcvignoli.com\/blog\/category\/politique\/ecologie\" rel=\"category tag\">Ecologie<\/a>, <a href=\"https:\/\/www.jcvignoli.com\/blog\/category\/articles\/ecrits-publies\" rel=\"category tag\">Ecrits publi\u00e9s<\/a>, <a href=\"https:\/\/www.jcvignoli.com\/blog\/category\/politique\" rel=\"category tag\">Politique<\/a>, <a href=\"https:\/\/www.jcvignoli.com\/blog\/category\/voyages\" rel=\"category tag\">Voyages<\/a><\/td><td><a href=\"https:\/\/www.jcvignoli.com\/blog\/tag\/afrique\" rel=\"tag\">Afrique<\/a>, <a href=\"https:\/\/www.jcvignoli.com\/blog\/tag\/braconnage\" rel=\"tag\">braconnage<\/a>, <a href=\"https:\/\/www.jcvignoli.com\/blog\/tag\/elephant\" rel=\"tag\">\u00e9l\u00e9phant<\/a>, <a href=\"https:\/\/www.jcvignoli.com\/blog\/tag\/kenya\" rel=\"tag\">kenya<\/a>, <a href=\"https:\/\/www.jcvignoli.com\/blog\/tag\/le-temps\" rel=\"tag\">le temps<\/a>, <a href=\"https:\/\/www.jcvignoli.com\/blog\/tag\/poaching\" rel=\"tag\">poaching<\/a>, <a href=\"https:\/\/www.jcvignoli.com\/blog\/tag\/rangers\" rel=\"tag\">rangers<\/a><\/td><td>2015-09-02 10:30:19<\/td><\/tr><tr><td><\/td><td><a href=\"https:\/\/www.jcvignoli.com\/blog\/2015\/virunga-soco-complicite-des-banques\">Virunga, SOCO, complicit\u00e9 des banques<\/a><\/td><td>2015\/06\/11<\/td><td><a href=\"https:\/\/www.jcvignoli.com\/blog\/category\/activisme\" rel=\"category tag\">Activisme<\/a>, <a href=\"https:\/\/www.jcvignoli.com\/blog\/category\/politique\/ecologie\" rel=\"category tag\">Ecologie<\/a><\/td><td><a href=\"https:\/\/www.jcvignoli.com\/blog\/tag\/banque\" rel=\"tag\">banque<\/a>, <a href=\"https:\/\/www.jcvignoli.com\/blog\/tag\/braconnage\" rel=\"tag\">braconnage<\/a>, <a href=\"https:\/\/www.jcvignoli.com\/blog\/tag\/soco-international\" rel=\"tag\">SOCO International<\/a>, <a href=\"https:\/\/www.jcvignoli.com\/blog\/tag\/ubs\" rel=\"tag\">ubs<\/a>, <a href=\"https:\/\/www.jcvignoli.com\/blog\/tag\/virunga\" rel=\"tag\">virunga<\/a><\/td><td>2015-06-11 09:54:39<\/td><\/tr><tr><td><\/td><td><a href=\"https:\/\/www.jcvignoli.com\/blog\/2015\/la-reponse-de-la-jordanie-sera-ferme-terrible-et-forte\">La r\u00e9ponse de la Jordanie sera ferme, terrible et forte<\/a><\/td><td>2015\/02\/04<\/td><td><a href=\"https:\/\/www.jcvignoli.com\/blog\/category\/politique\/droits-humains\" rel=\"category tag\">Droits humains<\/a>, <a href=\"https:\/\/www.jcvignoli.com\/blog\/category\/politique\" rel=\"category tag\">Politique<\/a><\/td><td><a href=\"https:\/\/www.jcvignoli.com\/blog\/tag\/daech\" rel=\"tag\">daech<\/a>, <a href=\"https:\/\/www.jcvignoli.com\/blog\/tag\/jordanie\" rel=\"tag\">jordanie<\/a><\/td><td>2015-02-04 00:22:12<\/td><\/tr><tr><td><img loading=\"lazy\" decoding=\"async\" width=\"150\" height=\"150\" src=\"https:\/\/www.jcvignoli.com\/blog\/wp-content\/uploads\/Bouee-liberte-150x150.jpg\" class=\"attachment-thumbnail size-thumbnail wp-post-image\" alt=\"bou\u00e9e de sauvetage nomm\u00e9e libert\u00e9\" \/><\/td><td><a href=\"https:\/\/www.jcvignoli.com\/blog\/2015\/de-la-liberte-dexpression-totale-expliquee\">De la libert\u00e9 d&rsquo;expression (totale) expliqu\u00e9e<\/a><\/td><td>2015\/01\/18<\/td><td><a href=\"https:\/\/www.jcvignoli.com\/blog\/category\/politique\/droits-humains\" rel=\"category tag\">Droits humains<\/a>, <a href=\"https:\/\/www.jcvignoli.com\/blog\/category\/philosophie\" rel=\"category tag\">Philosophie<\/a>, <a href=\"https:\/\/www.jcvignoli.com\/blog\/category\/politique\" rel=\"category tag\">Politique<\/a><\/td><td><a href=\"https:\/\/www.jcvignoli.com\/blog\/tag\/charlie-hebdo\" rel=\"tag\">charlie hebdo<\/a>, <a href=\"https:\/\/www.jcvignoli.com\/blog\/tag\/liberte\" rel=\"tag\">libert\u00e9<\/a><\/td><td>2015-01-18 15:07:04<\/td><\/tr><tr><td><img loading=\"lazy\" decoding=\"async\" width=\"200\" height=\"200\" src=\"https:\/\/www.jcvignoli.com\/blog\/wp-content\/uploads\/je-suis-charlie-200x200.jpg\" class=\"attachment-thumbnail size-thumbnail wp-post-image\" alt=\"\" \/><\/td><td><a href=\"https:\/\/www.jcvignoli.com\/blog\/2015\/et-surtout-la-sante\">Et surtout&#8230; la sant\u00e9 !<\/a><\/td><td>2015\/01\/10<\/td><td><a href=\"https:\/\/www.jcvignoli.com\/blog\/category\/politique\" rel=\"category tag\">Politique<\/a>, <a href=\"https:\/\/www.jcvignoli.com\/blog\/category\/politique\/ue\" rel=\"category tag\">UE<\/a>, <a href=\"https:\/\/www.jcvignoli.com\/blog\/category\/politique\/usa\" rel=\"category tag\">USA<\/a><\/td><td><a href=\"https:\/\/www.jcvignoli.com\/blog\/tag\/charlie-hebdo\" rel=\"tag\">charlie hebdo<\/a>, <a href=\"https:\/\/www.jcvignoli.com\/blog\/tag\/liberte\" rel=\"tag\">libert\u00e9<\/a>, <a href=\"https:\/\/www.jcvignoli.com\/blog\/tag\/peur\" rel=\"tag\">peur<\/a>, <a href=\"https:\/\/www.jcvignoli.com\/blog\/tag\/terrorisme\" rel=\"tag\">terrorisme<\/a>, <a href=\"https:\/\/www.jcvignoli.com\/blog\/tag\/vie\" rel=\"tag\">vie<\/a><\/td><td>2015-01-10 15:39:03<\/td><\/tr><tr><td><img loading=\"lazy\" decoding=\"async\" width=\"150\" height=\"150\" src=\"https:\/\/www.jcvignoli.com\/blog\/wp-content\/uploads\/Ergo-Proxy-150x150.jpg\" class=\"attachment-thumbnail size-thumbnail wp-post-image\" alt=\"Ergo proxy\" \/><\/td><td><a href=\"https:\/\/www.jcvignoli.com\/blog\/2014\/ergo-proxy\">Ergo Proxy<\/a><\/td><td>2014\/04\/21<\/td><td><a href=\"https:\/\/www.jcvignoli.com\/blog\/category\/articles\" rel=\"category tag\">Articles<\/a>, <a href=\"https:\/\/www.jcvignoli.com\/blog\/category\/cinema\" rel=\"category tag\">Cin\u00e9ma<\/a>, <a href=\"https:\/\/www.jcvignoli.com\/blog\/category\/cinema\/critiques-de-cinema\" rel=\"category tag\">Critiques de cin\u00e9ma<\/a>, <a href=\"https:\/\/www.jcvignoli.com\/blog\/category\/philosophie\" rel=\"category tag\">Philosophie<\/a><\/td><td><a href=\"https:\/\/www.jcvignoli.com\/blog\/tag\/anime\" rel=\"tag\">anime<\/a>, <a href=\"https:\/\/www.jcvignoli.com\/blog\/tag\/cogito-ergo-sum\" rel=\"tag\">cogito ergo sum<\/a>, <a href=\"https:\/\/www.jcvignoli.com\/blog\/tag\/ergo-proxy\" rel=\"tag\">ergo proxy<\/a>, <a href=\"https:\/\/www.jcvignoli.com\/blog\/tag\/film-danimation\" rel=\"tag\">film d'animation<\/a>, <a href=\"https:\/\/www.jcvignoli.com\/blog\/tag\/quete\" rel=\"tag\">qu\u00eate<\/a>, <a href=\"https:\/\/www.jcvignoli.com\/blog\/tag\/verite\" rel=\"tag\">v\u00e9rit\u00e9<\/a><\/td><td>2014-04-21 16:44:28<\/td><\/tr><tr><td><img loading=\"lazy\" decoding=\"async\" width=\"150\" height=\"150\" src=\"https:\/\/www.jcvignoli.com\/blog\/wp-content\/uploads\/Cuba-upr-150x150.jpg\" class=\"attachment-thumbnail size-thumbnail wp-post-image\" alt=\"UPR of Cuba\" \/><\/td><td><a href=\"https:\/\/www.jcvignoli.com\/blog\/en\/2014\/how-cuba-undermines-human-rights-a-true-human-rights-defender-cant-support-cuba\">How Cuba undermines human rights: A true human rights defender can&rsquo;t support Cuba<\/a><\/td><td>2014\/04\/20<\/td><td><a href=\"https:\/\/www.jcvignoli.com\/blog\/en\/category\/activism\" rel=\"category tag\">Activism<\/a>, <a href=\"https:\/\/www.jcvignoli.com\/blog\/en\/category\/articles-en\" rel=\"category tag\">Articles<\/a>, <a href=\"https:\/\/www.jcvignoli.com\/blog\/en\/category\/politics\/human-rights\" rel=\"category tag\">Human rights<\/a>, <a href=\"https:\/\/www.jcvignoli.com\/blog\/en\/category\/politics\" rel=\"category tag\">Politics<\/a><\/td><td><\/td><td>2014-04-20 02:38:01<\/td><\/tr><tr><td><img loading=\"lazy\" decoding=\"async\" width=\"150\" height=\"150\" src=\"https:\/\/www.jcvignoli.com\/blog\/wp-content\/uploads\/heidi-la-bienheureuse-150x150.jpg\" class=\"attachment-thumbnail size-thumbnail wp-post-image\" alt=\"Heidi court dans l&#039;herbe des Alpes suisses\" \/><\/td><td><a href=\"https:\/\/www.jcvignoli.com\/blog\/2014\/le-triomphe-de-heidi\">Le triomphe de Heidi<\/a><\/td><td>2014\/02\/11<\/td><td><a href=\"https:\/\/www.jcvignoli.com\/blog\/category\/politique\" rel=\"category tag\">Politique<\/a>, <a href=\"https:\/\/www.jcvignoli.com\/blog\/category\/politique\/suisse\" rel=\"category tag\">Suisse<\/a>, <a href=\"https:\/\/www.jcvignoli.com\/blog\/category\/politique\/ue\" rel=\"category tag\">UE<\/a><\/td><td><a href=\"https:\/\/www.jcvignoli.com\/blog\/tag\/fromage\" rel=\"tag\">fromage<\/a>, <a href=\"https:\/\/www.jcvignoli.com\/blog\/tag\/heidi\" rel=\"tag\">heidi<\/a>, <a href=\"https:\/\/www.jcvignoli.com\/blog\/tag\/nostalgie\" rel=\"tag\">nostalgie<\/a>, <a href=\"https:\/\/www.jcvignoli.com\/blog\/tag\/pauvrete-de-corps-et-desprit\" rel=\"tag\">pauvret\u00e9 de corps et d'esprit<\/a>, <a href=\"https:\/\/www.jcvignoli.com\/blog\/tag\/votation\" rel=\"tag\">votation<\/a><\/td><td>2014-02-11 10:06:24<\/td><\/tr><tr><td><img loading=\"lazy\" decoding=\"async\" width=\"150\" height=\"150\" src=\"https:\/\/www.jcvignoli.com\/blog\/wp-content\/uploads\/laura-dupuy-lasserre-150x150.jpeg\" class=\"attachment-thumbnail size-thumbnail wp-post-image\" alt=\"Laura Dupuy Lasserre pr\u00e9side le Conseil des droits de l&#039;homme\" \/><\/td><td><a href=\"https:\/\/www.jcvignoli.com\/blog\/2012\/lambassadrice-laura-dupuy-lasserre-rappelle-au-bahrein-limportance-de-proteger-les-defenseurs-de-droits-de-lhomme\">L&rsquo;ambassadrice Laura Dupuy Lasserre rappelle au Bahrein l&rsquo;importance de prot\u00e9ger les d\u00e9fenseurs de droits de l&rsquo;homme<\/a><\/td><td>2012\/05\/25<\/td><td><a href=\"https:\/\/www.jcvignoli.com\/blog\/category\/politique\/droits-humains\" rel=\"category tag\">Droits humains<\/a>, <a href=\"https:\/\/www.jcvignoli.com\/blog\/category\/politique\/onu\" rel=\"category tag\">ONU<\/a><\/td><td><a href=\"https:\/\/www.jcvignoli.com\/blog\/tag\/conseil-des-droits-de-lhomme\" rel=\"tag\">Conseil des droits de l'homme<\/a>, <a href=\"https:\/\/www.jcvignoli.com\/blog\/tag\/droit-homme\" rel=\"tag\">droits de l'homme<\/a>, <a href=\"https:\/\/www.jcvignoli.com\/blog\/tag\/epu\" rel=\"tag\">epu<\/a>, <a href=\"https:\/\/www.jcvignoli.com\/blog\/tag\/hrc\" rel=\"tag\">hrc<\/a>, <a href=\"https:\/\/www.jcvignoli.com\/blog\/tag\/upr\" rel=\"tag\">upr<\/a><\/td><td>2012-05-25 22:34:56<\/td><\/tr><tr><td><\/td><td><a href=\"https:\/\/www.jcvignoli.com\/blog\/2012\/tchad-daniel-deuzoumbe-passalet-avertit-le-regime-didriss-deby\">Tchad: Daniel Deuzoumb\u00e9 Passalet avertit le r\u00e9gime d&rsquo;Idriss Deby<\/a><\/td><td>2012\/01\/25<\/td><td><a href=\"https:\/\/www.jcvignoli.com\/blog\/en\/category\/miscellaneous\" rel=\"category tag\">Miscellaneous<\/a><\/td><td><a href=\"https:\/\/www.jcvignoli.com\/blog\/tag\/droit-homme\" rel=\"tag\">droits de l'homme<\/a>, <a href=\"https:\/\/www.jcvignoli.com\/blog\/tag\/tchad\" rel=\"tag\">Tchad<\/a><\/td><td>2012-01-25 13:30:59<\/td><\/tr><tr><td><img loading=\"lazy\" decoding=\"async\" width=\"200\" height=\"200\" src=\"https:\/\/www.jcvignoli.com\/blog\/wp-content\/uploads\/guaviare_rio-200x200.jpg\" class=\"attachment-thumbnail size-thumbnail wp-post-image\" alt=\"\" \/><\/td><td><a href=\"https:\/\/www.jcvignoli.com\/blog\/2011\/pourquoi-lecologiste-qui-sengage-se-doit-detre-vert-e\">Pourquoi l&rsquo;\u00e9cologiste qui s&rsquo;engage se doit d&rsquo;\u00eatre Vert-e<\/a><\/td><td>2011\/10\/19<\/td><td><a href=\"https:\/\/www.jcvignoli.com\/blog\/category\/activisme\" rel=\"category tag\">Activisme<\/a>, <a href=\"https:\/\/www.jcvignoli.com\/blog\/category\/politique\/ecologie\" rel=\"category tag\">Ecologie<\/a><\/td><td><a href=\"https:\/\/www.jcvignoli.com\/blog\/tag\/elections\" rel=\"tag\">\u00e9lections<\/a>, <a href=\"https:\/\/www.jcvignoli.com\/blog\/tag\/les-verts\" rel=\"tag\">les Verts<\/a>, <a href=\"https:\/\/www.jcvignoli.com\/blog\/tag\/partisanisme\" rel=\"tag\">partisanisme<\/a>, <a href=\"https:\/\/www.jcvignoli.com\/blog\/tag\/spectre-politique\" rel=\"tag\">spectre politique<\/a><\/td><td>2011-10-19 10:40:17<\/td><\/tr><tr><td><img loading=\"lazy\" decoding=\"async\" width=\"200\" height=\"200\" src=\"https:\/\/www.jcvignoli.com\/blog\/wp-content\/uploads\/conseil-des-droits-homme-200x200.jpg\" class=\"attachment-thumbnail size-thumbnail wp-post-image\" alt=\"Salle du Conseil des droits de l&#039;homme\" srcset=\"https:\/\/www.jcvignoli.com\/blog\/wp-content\/uploads\/conseil-des-droits-homme-200x200.jpg 200w, https:\/\/www.jcvignoli.com\/blog\/wp-content\/uploads\/conseil-des-droits-homme-160x160.jpg 160w, https:\/\/www.jcvignoli.com\/blog\/wp-content\/uploads\/conseil-des-droits-homme-320x320.jpg 320w\" sizes=\"auto, (max-width: 200px) 100vw, 200px\" \/><\/td><td><a href=\"https:\/\/www.jcvignoli.com\/blog\/2011\/syrie-vote-en-faveur-letablissement-dune-commission-denquete-au-conseil-des-droits-de-lhomme\">Syrie: Vote en faveur l&rsquo;\u00e9tablissement d&rsquo;une commission d&rsquo;enqu\u00eate au Conseil des droits de l&rsquo;homme<\/a><\/td><td>2011\/08\/23<\/td><td><a href=\"https:\/\/www.jcvignoli.com\/blog\/category\/politique\/droits-humains\" rel=\"category tag\">Droits humains<\/a>, <a href=\"https:\/\/www.jcvignoli.com\/blog\/category\/politique\/onu\" rel=\"category tag\">ONU<\/a>, <a href=\"https:\/\/www.jcvignoli.com\/blog\/category\/politique\" rel=\"category tag\">Politique<\/a><\/td><td><a href=\"https:\/\/www.jcvignoli.com\/blog\/tag\/conseil-des-droits-de-lhomme\" rel=\"tag\">Conseil des droits de l'homme<\/a>, <a href=\"https:\/\/www.jcvignoli.com\/blog\/tag\/cuba\" rel=\"tag\">cuba<\/a>, <a href=\"https:\/\/www.jcvignoli.com\/blog\/tag\/droit-homme\" rel=\"tag\">droits de l'homme<\/a>, <a href=\"https:\/\/www.jcvignoli.com\/blog\/tag\/hrc\" rel=\"tag\">hrc<\/a>, <a href=\"https:\/\/www.jcvignoli.com\/blog\/tag\/onu\" rel=\"tag\">ONU<\/a>, <a href=\"https:\/\/www.jcvignoli.com\/blog\/tag\/syrie\" rel=\"tag\">syrie<\/a><\/td><td>2011-08-23 16:11:46<\/td><\/tr><tr><td><img loading=\"lazy\" decoding=\"async\" width=\"150\" height=\"150\" src=\"https:\/\/www.jcvignoli.com\/blog\/wp-content\/uploads\/udc-breivik-factory-150x150.jpg\" class=\"attachment-thumbnail size-thumbnail wp-post-image\" alt=\"udc une usine \u00e0 breivik\" \/><\/td><td><a href=\"https:\/\/www.jcvignoli.com\/blog\/2011\/initiative-extreme-droite-lusine-a-breivik\">Initiative extr\u00eame droite: l&rsquo;usine \u00e0 Breivik<\/a><\/td><td>2011\/08\/04<\/td><td><a href=\"https:\/\/www.jcvignoli.com\/blog\/category\/politique\" rel=\"category tag\">Politique<\/a>, <a href=\"https:\/\/www.jcvignoli.com\/blog\/category\/politique\/suisse\" rel=\"category tag\">Suisse<\/a><\/td><td><a href=\"https:\/\/www.jcvignoli.com\/blog\/tag\/extremisme\" rel=\"tag\">extr\u00e9misme<\/a>, <a href=\"https:\/\/www.jcvignoli.com\/blog\/tag\/initiative\" rel=\"tag\">initiative<\/a>, <a href=\"https:\/\/www.jcvignoli.com\/blog\/tag\/udc\" rel=\"tag\">udc<\/a><\/td><td>2011-08-04 23:14:24<\/td><\/tr><tr><td><\/td><td><a href=\"https:\/\/www.jcvignoli.com\/blog\/2011\/egypte-la-grande-occasion-manquee\">Egypte : la grande occasion manqu\u00e9e<\/a><\/td><td>2011\/02\/12<\/td><td><a href=\"https:\/\/www.jcvignoli.com\/blog\/category\/politique\" rel=\"category tag\">Politique<\/a><\/td><td><a href=\"https:\/\/www.jcvignoli.com\/blog\/tag\/democratie\" rel=\"tag\">d\u00e9mocratie<\/a>, <a href=\"https:\/\/www.jcvignoli.com\/blog\/tag\/egypte\" rel=\"tag\">egypte<\/a>, <a href=\"https:\/\/www.jcvignoli.com\/blog\/tag\/hypocrisie\" rel=\"tag\">hypocrisie<\/a>, <a href=\"https:\/\/www.jcvignoli.com\/blog\/tag\/occident\" rel=\"tag\">occident<\/a>, <a href=\"https:\/\/www.jcvignoli.com\/blog\/tag\/revolution\" rel=\"tag\">r\u00e9volution<\/a><\/td><td>2011-02-12 17:49:02<\/td><\/tr><tr><td><img loading=\"lazy\" decoding=\"async\" width=\"200\" height=\"200\" src=\"https:\/\/www.jcvignoli.com\/blog\/wp-content\/uploads\/Wikileaks-logo-200x200.jpg\" class=\"attachment-thumbnail size-thumbnail wp-post-image\" alt=\"\" srcset=\"https:\/\/www.jcvignoli.com\/blog\/wp-content\/uploads\/Wikileaks-logo-200x200.jpg 200w, https:\/\/www.jcvignoli.com\/blog\/wp-content\/uploads\/Wikileaks-logo-160x160.jpg 160w, https:\/\/www.jcvignoli.com\/blog\/wp-content\/uploads\/Wikileaks-logo-320x320.jpg 320w\" sizes=\"auto, (max-width: 200px) 100vw, 200px\" \/><\/td><td><a href=\"https:\/\/www.jcvignoli.com\/blog\/2010\/wikileaks-comment-acceder-au-monde-paradoxal-de-la-liberte-de-linformation\">Wikileaks: comment acc\u00e9der au monde paradoxal de la libert\u00e9 de l&rsquo;information<\/a><\/td><td>2010\/12\/14<\/td><td><a href=\"https:\/\/www.jcvignoli.com\/blog\/category\/politique\" rel=\"category tag\">Politique<\/a>, <a href=\"https:\/\/www.jcvignoli.com\/blog\/category\/livres\" rel=\"category tag\">Presse\/livres<\/a><\/td><td><a href=\"https:\/\/www.jcvignoli.com\/blog\/tag\/caricature\" rel=\"tag\">caricature<\/a>, <a href=\"https:\/\/www.jcvignoli.com\/blog\/tag\/censure\" rel=\"tag\">censure<\/a>, <a href=\"https:\/\/www.jcvignoli.com\/blog\/tag\/diplomatie\" rel=\"tag\">diplomatie<\/a>, <a href=\"https:\/\/www.jcvignoli.com\/blog\/tag\/el-pais\" rel=\"tag\">El Pais<\/a>, <a href=\"https:\/\/www.jcvignoli.com\/blog\/tag\/julian-assange\" rel=\"tag\">Julian Assange<\/a>, <a href=\"https:\/\/www.jcvignoli.com\/blog\/tag\/le_monde\" rel=\"tag\">Le Monde<\/a>, <a href=\"https:\/\/www.jcvignoli.com\/blog\/tag\/liberte_expression\" rel=\"tag\">libert\u00e9 d'expression<\/a>, <a href=\"https:\/\/www.jcvignoli.com\/blog\/tag\/liberte-de-la-presse\" rel=\"tag\">libert\u00e9 de la presse<\/a>, <a href=\"https:\/\/www.jcvignoli.com\/blog\/tag\/new-york-times\" rel=\"tag\">New York Times<\/a>, <a href=\"https:\/\/www.jcvignoli.com\/blog\/tag\/peer-to-peer\" rel=\"tag\">peer to peer<\/a>, <a href=\"https:\/\/www.jcvignoli.com\/blog\/tag\/pfizer\" rel=\"tag\">Pfizer<\/a>, <a href=\"https:\/\/www.jcvignoli.com\/blog\/tag\/wikileaks\" rel=\"tag\">wikileaks<\/a><\/td><td>2010-12-14 12:17:21<\/td><\/tr><tr><td><\/td><td><a href=\"https:\/\/www.jcvignoli.com\/blog\/2010\/religion-et-modernisme-reflexions-sur-le-dogme-religieux-la-croyance-monotheiste-et-le-pacte-social\">Religion et modernisme, r\u00e9flexions sur le dogme religieux, la croyance monoth\u00e9iste et le pacte social<\/a><\/td><td>2010\/12\/07<\/td><td><a href=\"https:\/\/www.jcvignoli.com\/blog\/category\/articles\" rel=\"category tag\">Articles<\/a>, <a href=\"https:\/\/www.jcvignoli.com\/blog\/category\/philosophie\" rel=\"category tag\">Philosophie<\/a>, <a href=\"https:\/\/www.jcvignoli.com\/blog\/category\/politique\" rel=\"category tag\">Politique<\/a><\/td><td><a href=\"https:\/\/www.jcvignoli.com\/blog\/tag\/bible\" rel=\"tag\">bible<\/a>, <a href=\"https:\/\/www.jcvignoli.com\/blog\/tag\/christianisme\" rel=\"tag\">christianisme<\/a>, <a href=\"https:\/\/www.jcvignoli.com\/blog\/tag\/constantin\" rel=\"tag\">Constantin<\/a>, <a href=\"https:\/\/www.jcvignoli.com\/blog\/tag\/darwin\" rel=\"tag\">Darwin<\/a>, <a href=\"https:\/\/www.jcvignoli.com\/blog\/tag\/deisme\" rel=\"tag\">d\u00e9isme<\/a>, <a href=\"https:\/\/www.jcvignoli.com\/blog\/tag\/foi\" rel=\"tag\">foi<\/a>, <a href=\"https:\/\/www.jcvignoli.com\/blog\/tag\/islam\" rel=\"tag\">islam<\/a>, <a href=\"https:\/\/www.jcvignoli.com\/blog\/tag\/judaisme\" rel=\"tag\">juda\u00efsme<\/a>, <a href=\"https:\/\/www.jcvignoli.com\/blog\/tag\/mithra\" rel=\"tag\">Mithra<\/a>, <a href=\"https:\/\/www.jcvignoli.com\/blog\/tag\/monotheisme\" rel=\"tag\">monoth\u00e9isme<\/a>, <a href=\"https:\/\/www.jcvignoli.com\/blog\/tag\/pacte-social\" rel=\"tag\">pacte social<\/a>, <a href=\"https:\/\/www.jcvignoli.com\/blog\/tag\/polytheisme\" rel=\"tag\">polyth\u00e9isme<\/a>, <a href=\"https:\/\/www.jcvignoli.com\/blog\/tag\/religion\" rel=\"tag\">religion<\/a>, <a href=\"https:\/\/www.jcvignoli.com\/blog\/tag\/rome\" rel=\"tag\">rome<\/a>, <a href=\"https:\/\/www.jcvignoli.com\/blog\/tag\/saint-augustin\" rel=\"tag\">Saint Augustin<\/a>, <a href=\"https:\/\/www.jcvignoli.com\/blog\/tag\/spiritualite\" rel=\"tag\">spiritualit\u00e9<\/a><\/td><td>2010-12-07 14:21:36<\/td><\/tr><tr><td><\/td><td><a href=\"https:\/\/www.jcvignoli.com\/blog\/2010\/survival-of-the-dead-les-zombies-ne-sen-releveront-plus\">Survival of the dead &#8211; les zombies ne s&rsquo;en rel\u00e8veront plus<\/a><\/td><td>2010\/11\/29<\/td><td><a href=\"https:\/\/www.jcvignoli.com\/blog\/category\/cinema\" rel=\"category tag\">Cin\u00e9ma<\/a><\/td><td><a href=\"https:\/\/www.jcvignoli.com\/blog\/tag\/romero\" rel=\"tag\">romero<\/a>, <a href=\"https:\/\/www.jcvignoli.com\/blog\/tag\/survival-of-the-dead\" rel=\"tag\">survival of the dead<\/a>, <a href=\"https:\/\/www.jcvignoli.com\/blog\/tag\/zombie\" rel=\"tag\">zombie<\/a><\/td><td>2010-11-29 19:40:49<\/td><\/tr><tr><td><\/td><td><a href=\"https:\/\/www.jcvignoli.com\/blog\/2010\/la-victoire-de-la-peur-la-peur-bonne-conseillere\">La victoire de la peur : la peur bonne conseill\u00e8re ?<\/a><\/td><td>2010\/11\/29<\/td><td><a href=\"https:\/\/www.jcvignoli.com\/blog\/category\/politique\" rel=\"category tag\">Politique<\/a>, <a href=\"https:\/\/www.jcvignoli.com\/blog\/category\/politique\/suisse\" rel=\"category tag\">Suisse<\/a><\/td><td><a href=\"https:\/\/www.jcvignoli.com\/blog\/tag\/renvoi-des-etrangers-criminels\" rel=\"tag\">renvoi des \u00e9trangers criminels<\/a>, <a href=\"https:\/\/www.jcvignoli.com\/blog\/tag\/udc\" rel=\"tag\">udc<\/a><\/td><td>2010-11-29 12:53:46<\/td><\/tr><tr><td><\/td><td><a href=\"https:\/\/www.jcvignoli.com\/blog\/2010\/amnesty-international-dit-non-a-linitiative-sur-le-renvoi-et-au-contre-projet\">Amnesty International dit non \u00e0 l&rsquo;initiative sur le renvoi et au contre-projet<\/a><\/td><td>2010\/11\/02<\/td><td><a href=\"https:\/\/www.jcvignoli.com\/blog\/category\/politique\/droits-humains\" rel=\"category tag\">Droits humains<\/a>, <a href=\"https:\/\/www.jcvignoli.com\/blog\/category\/politique\/suisse\" rel=\"category tag\">Suisse<\/a><\/td><td><a href=\"https:\/\/www.jcvignoli.com\/blog\/tag\/amnesty\" rel=\"tag\">amnesty<\/a>, <a href=\"https:\/\/www.jcvignoli.com\/blog\/tag\/communique-de-presse\" rel=\"tag\">communiqu\u00e9 de presse<\/a>, <a href=\"https:\/\/www.jcvignoli.com\/blog\/tag\/suisse\" rel=\"tag\">Suisse<\/a>, <a href=\"https:\/\/www.jcvignoli.com\/blog\/tag\/votation\" rel=\"tag\">votation<\/a><\/td><td>2010-11-02 14:37:33<\/td><\/tr><tr><td><img loading=\"lazy\" decoding=\"async\" width=\"150\" height=\"150\" src=\"https:\/\/www.jcvignoli.com\/blog\/wp-content\/uploads\/UDC-moutons-150x150.png\" class=\"attachment-thumbnail size-thumbnail wp-post-image\" alt=\"UDC affiche avec les moutons et un noir\" \/><\/td><td><a href=\"https:\/\/www.jcvignoli.com\/blog\/2010\/initiative-populaire-federale-pour-le-renvoi-des-etrangers-criminels-bannissement-a-la-suisse\">Initiative populaire f\u00e9d\u00e9rale \u00ab\u00a0Pour le renvoi des \u00e9trangers criminels\u00a0\u00bb &#8211; bannissement \u00e0 la Suisse<\/a><\/td><td>2010\/10\/08<\/td><td><a href=\"https:\/\/www.jcvignoli.com\/blog\/category\/politique\/droits-humains\" rel=\"category tag\">Droits humains<\/a>, <a href=\"https:\/\/www.jcvignoli.com\/blog\/category\/politique\" rel=\"category tag\">Politique<\/a>, <a href=\"https:\/\/www.jcvignoli.com\/blog\/category\/politique\/suisse\" rel=\"category tag\">Suisse<\/a><\/td><td><a href=\"https:\/\/www.jcvignoli.com\/blog\/tag\/etranger\" rel=\"tag\">\u00e9tranger<\/a>, <a href=\"https:\/\/www.jcvignoli.com\/blog\/tag\/immigration\" rel=\"tag\">immigration<\/a>, <a href=\"https:\/\/www.jcvignoli.com\/blog\/tag\/initiative\" rel=\"tag\">initiative<\/a>, <a href=\"https:\/\/www.jcvignoli.com\/blog\/tag\/peur\" rel=\"tag\">peur<\/a>, <a href=\"https:\/\/www.jcvignoli.com\/blog\/tag\/renvoi-des-etrangers-criminels\" rel=\"tag\">renvoi des \u00e9trangers criminels<\/a>, <a href=\"https:\/\/www.jcvignoli.com\/blog\/tag\/udc\" rel=\"tag\">udc<\/a>, <a href=\"https:\/\/www.jcvignoli.com\/blog\/tag\/vote\" rel=\"tag\">vote<\/a>, <a href=\"https:\/\/www.jcvignoli.com\/blog\/tag\/xenophobie\" rel=\"tag\">x\u00e9nophobie<\/a><\/td><td>2010-10-08 08:22:20<\/td><\/tr><tr><td><\/td><td><a href=\"https:\/\/www.jcvignoli.com\/blog\/2010\/arriere-garde-la-constitution-se-dote-du-nucleaire-a-geneve-crey-malville-1-geneve-0\">Arri\u00e8re-garde: la constitution se dote du nucl\u00e9aire \u00e0 Gen\u00e8ve (Crey-Malville 1: Gen\u00e8ve 0)<\/a><\/td><td>2010\/10\/04<\/td><td><a href=\"https:\/\/www.jcvignoli.com\/blog\/category\/politique\/ecologie\" rel=\"category tag\">Ecologie<\/a>, <a href=\"https:\/\/www.jcvignoli.com\/blog\/category\/politique\" rel=\"category tag\">Politique<\/a><\/td><td><a href=\"https:\/\/www.jcvignoli.com\/blog\/tag\/constitution\" rel=\"tag\">constitution<\/a>, <a href=\"https:\/\/www.jcvignoli.com\/blog\/tag\/geneve\" rel=\"tag\">Gen\u00e8ve<\/a>, <a href=\"https:\/\/www.jcvignoli.com\/blog\/tag\/les-verts\" rel=\"tag\">les Verts<\/a>, <a href=\"https:\/\/www.jcvignoli.com\/blog\/tag\/liberal\" rel=\"tag\">lib\u00e9ral<\/a>, <a href=\"https:\/\/www.jcvignoli.com\/blog\/tag\/nucleaire\" rel=\"tag\">nucl\u00e9aire<\/a><\/td><td>2010-10-04 11:57:00<\/td><\/tr><tr><td><img loading=\"lazy\" decoding=\"async\" width=\"200\" height=\"200\" src=\"https:\/\/www.jcvignoli.com\/blog\/wp-content\/uploads\/Desert-de-la-Guajira-200x200.jpg\" class=\"attachment-thumbnail size-thumbnail wp-post-image\" alt=\"Arbre au milieu du d\u00e9sert de la Guajira en Colombie\" \/><\/td><td><a href=\"https:\/\/www.jcvignoli.com\/blog\/2010\/etre-climatosceptique-est-dangereux-et-irresponsable\">Etre climatosceptique est dangereux et irresponsable<\/a><\/td><td>2010\/10\/01<\/td><td><a href=\"https:\/\/www.jcvignoli.com\/blog\/category\/politique\/ecologie\" rel=\"category tag\">Ecologie<\/a>, <a href=\"https:\/\/www.jcvignoli.com\/blog\/category\/politique\" rel=\"category tag\">Politique<\/a><\/td><td><a href=\"https:\/\/www.jcvignoli.com\/blog\/tag\/atome\" rel=\"tag\">atome<\/a>, <a href=\"https:\/\/www.jcvignoli.com\/blog\/tag\/climat\" rel=\"tag\">climat<\/a>, <a href=\"https:\/\/www.jcvignoli.com\/blog\/tag\/climatosceptique\" rel=\"tag\">climatosceptique<\/a>, <a href=\"https:\/\/www.jcvignoli.com\/blog\/tag\/club_de_rome\" rel=\"tag\">Club de Rome<\/a>, <a href=\"https:\/\/www.jcvignoli.com\/blog\/tag\/consommation\" rel=\"tag\">consommation<\/a>, <a href=\"https:\/\/www.jcvignoli.com\/blog\/tag\/les-verts\" rel=\"tag\">les Verts<\/a>, <a href=\"https:\/\/www.jcvignoli.com\/blog\/tag\/nucleaire\" rel=\"tag\">nucl\u00e9aire<\/a>, <a href=\"https:\/\/www.jcvignoli.com\/blog\/tag\/recherche-scientifique\" rel=\"tag\">recherche scientifique<\/a>, <a href=\"https:\/\/www.jcvignoli.com\/blog\/tag\/science\" rel=\"tag\">science<\/a><\/td><td>2010-10-01 12:08:34<\/td><\/tr><tr><td><\/td><td><a href=\"https:\/\/www.jcvignoli.com\/blog\/2010\/sarkozy-les-promesses-nengagent-que-ceux-qui-les-croient\">Sarkozy, les promesses n&rsquo;engagent que ceux qui les croient<\/a><\/td><td>2010\/09\/14<\/td><td><a href=\"https:\/\/www.jcvignoli.com\/blog\/category\/politique\/droits-humains\" rel=\"category tag\">Droits humains<\/a>, <a href=\"https:\/\/www.jcvignoli.com\/blog\/category\/politique\" rel=\"category tag\">Politique<\/a><\/td><td><a href=\"https:\/\/www.jcvignoli.com\/blog\/tag\/elections-presidentielles\" rel=\"tag\">\u00e9lections pr\u00e9sidentielles<\/a>, <a href=\"https:\/\/www.jcvignoli.com\/blog\/tag\/france\" rel=\"tag\">france<\/a>, <a href=\"https:\/\/www.jcvignoli.com\/blog\/tag\/mensonge\" rel=\"tag\">mensonge<\/a>, <a href=\"https:\/\/www.jcvignoli.com\/blog\/tag\/sarkozy\" rel=\"tag\">sarkozy<\/a><\/td><td>2010-09-14 08:33:35<\/td><\/tr><tr><td><img loading=\"lazy\" decoding=\"async\" width=\"200\" height=\"200\" src=\"https:\/\/www.jcvignoli.com\/blog\/wp-content\/uploads\/4-accords-tolteques-200x200.jpg\" class=\"attachment-thumbnail size-thumbnail wp-post-image\" alt=\"\" srcset=\"https:\/\/www.jcvignoli.com\/blog\/wp-content\/uploads\/4-accords-tolteques-200x200.jpg 200w, https:\/\/www.jcvignoli.com\/blog\/wp-content\/uploads\/4-accords-tolteques-600x600.jpg 600w\" sizes=\"auto, (max-width: 200px) 100vw, 200px\" \/><\/td><td><a href=\"https:\/\/www.jcvignoli.com\/blog\/2010\/les-4-quatre-accords-tolteques-la-voixe-coelho-de-lamerique-centrale\">Les 4 (quatre) accords tolt\u00e8ques : la voi(x)e Coelho de l&rsquo;Am\u00e9rique centrale<\/a><\/td><td>2010\/07\/29<\/td><td><a href=\"https:\/\/www.jcvignoli.com\/blog\/category\/livres\" rel=\"category tag\">Presse\/livres<\/a><\/td><td><a href=\"https:\/\/www.jcvignoli.com\/blog\/tag\/liberte\" rel=\"tag\">libert\u00e9<\/a>, <a href=\"https:\/\/www.jcvignoli.com\/blog\/tag\/spiritualite\" rel=\"tag\">spiritualit\u00e9<\/a>, <a href=\"https:\/\/www.jcvignoli.com\/blog\/tag\/tolteque\" rel=\"tag\">tolt\u00e8que<\/a><\/td><td>2010-07-29 09:35:47<\/td><\/tr><tr><td><img loading=\"lazy\" decoding=\"async\" width=\"200\" height=\"200\" src=\"https:\/\/www.jcvignoli.com\/blog\/wp-content\/uploads\/surveiller_et_punir-200x200.webp\" class=\"attachment-thumbnail size-thumbnail wp-post-image\" alt=\"\" \/><\/td><td><a href=\"https:\/\/www.jcvignoli.com\/blog\/2010\/michel-foucault-surveiller-et-punir-ou-la-prison-normalisatrice-une-allegorie-societale\">Michel Foucault \u00ab\u00a0Surveiller et punir\u00a0\u00bb, ou la prison normalisatrice : une all\u00e9gorie soci\u00e9tale<\/a><\/td><td>2010\/07\/25<\/td><td><a href=\"https:\/\/www.jcvignoli.com\/blog\/category\/articles\" rel=\"category tag\">Articles<\/a>, <a href=\"https:\/\/www.jcvignoli.com\/blog\/category\/livres\" rel=\"category tag\">Presse\/livres<\/a><\/td><td><a href=\"https:\/\/www.jcvignoli.com\/blog\/tag\/justice\" rel=\"tag\">justice<\/a>, <a href=\"https:\/\/www.jcvignoli.com\/blog\/tag\/liberte\" rel=\"tag\">libert\u00e9<\/a>, <a href=\"https:\/\/www.jcvignoli.com\/blog\/tag\/michel-foucault\" rel=\"tag\">michel foucault<\/a>, <a href=\"https:\/\/www.jcvignoli.com\/blog\/tag\/normalite\" rel=\"tag\">normalit\u00e9<\/a>, <a href=\"https:\/\/www.jcvignoli.com\/blog\/tag\/panopticon\" rel=\"tag\">panopticon<\/a>, <a href=\"https:\/\/www.jcvignoli.com\/blog\/tag\/peine-de-mort\" rel=\"tag\">peine de mort<\/a>, <a href=\"https:\/\/www.jcvignoli.com\/blog\/tag\/prison\" rel=\"tag\">prison<\/a>, <a href=\"https:\/\/www.jcvignoli.com\/blog\/tag\/torture\" rel=\"tag\">torture<\/a><\/td><td>2010-07-25 22:32:54<\/td><\/tr><tr><td><\/td><td><a href=\"https:\/\/www.jcvignoli.com\/blog\/2010\/le-satyricon-discours-deros-pour-parler-de-thanatos\">Le Satyricon : discours d&rsquo;Eros pour parler de Thanatos<\/a><\/td><td>2010\/05\/20<\/td><td><a href=\"https:\/\/www.jcvignoli.com\/blog\/category\/livres\" rel=\"category tag\">Presse\/livres<\/a><\/td><td><a href=\"https:\/\/www.jcvignoli.com\/blog\/tag\/burlesque\" rel=\"tag\">burlesque<\/a>, <a href=\"https:\/\/www.jcvignoli.com\/blog\/tag\/eros\" rel=\"tag\">eros<\/a>, <a href=\"https:\/\/www.jcvignoli.com\/blog\/tag\/laurent-tailhade\" rel=\"tag\">laurent tailhade<\/a>, <a href=\"https:\/\/www.jcvignoli.com\/blog\/tag\/litterature\" rel=\"tag\">litt\u00e9rature<\/a>, <a href=\"https:\/\/www.jcvignoli.com\/blog\/tag\/rome\" rel=\"tag\">rome<\/a>, <a href=\"https:\/\/www.jcvignoli.com\/blog\/tag\/satyricon\" rel=\"tag\">satyricon<\/a>, <a href=\"https:\/\/www.jcvignoli.com\/blog\/tag\/thanatos\" rel=\"tag\">thanatos<\/a><\/td><td>2010-05-20 15:50:40<\/td><\/tr><tr><td><\/td><td><a href=\"https:\/\/www.jcvignoli.com\/blog\/2010\/poids-des-mots-et-mots-pesants-ii-cetait-pire-que-prevu\">Poids des mots et mots pesants II &#8211; C&rsquo;\u00e9tait pire que pr\u00e9vu<\/a><\/td><td>2010\/05\/17<\/td><td><a href=\"https:\/\/www.jcvignoli.com\/blog\/category\/livres\" rel=\"category tag\">Presse\/livres<\/a><\/td><td><a href=\"https:\/\/www.jcvignoli.com\/blog\/tag\/journal\" rel=\"tag\">journal<\/a>, <a href=\"https:\/\/www.jcvignoli.com\/blog\/tag\/le-temps\" rel=\"tag\">le temps<\/a>, <a href=\"https:\/\/www.jcvignoli.com\/blog\/tag\/marie-helene-miauton\" rel=\"tag\">Marie-H\u00e9l\u00e8ne Miauton<\/a>, <a href=\"https:\/\/www.jcvignoli.com\/blog\/tag\/media\" rel=\"tag\">m\u00e9dia<\/a>, <a href=\"https:\/\/www.jcvignoli.com\/blog\/tag\/medias\" rel=\"tag\">m\u00e9dias<\/a>, <a href=\"https:\/\/www.jcvignoli.com\/blog\/tag\/presse\" rel=\"tag\">presse<\/a>, <a href=\"https:\/\/www.jcvignoli.com\/blog\/tag\/xenophobie\" rel=\"tag\">x\u00e9nophobie<\/a><\/td><td>2010-05-17 10:54:02<\/td><\/tr><tr><td><\/td><td><a href=\"https:\/\/www.jcvignoli.com\/blog\/2010\/poids-des-mots-et-mots-pesants-commentaire-a-risque-zero-pour-les-voleurs-du-temps\">Poids des mots et mots pesants : commentaire \u00e0 \u00ab\u00a0Risque z\u00e9ro pour les voleurs?\u00a0\u00bb du Temps<\/a><\/td><td>2010\/04\/30<\/td><td><a href=\"https:\/\/www.jcvignoli.com\/blog\/category\/livres\" rel=\"category tag\">Presse\/livres<\/a><\/td><td><a href=\"https:\/\/www.jcvignoli.com\/blog\/tag\/journal\" rel=\"tag\">journal<\/a>, <a href=\"https:\/\/www.jcvignoli.com\/blog\/tag\/le-temps\" rel=\"tag\">le temps<\/a>, <a href=\"https:\/\/www.jcvignoli.com\/blog\/tag\/marie-helene-miauton\" rel=\"tag\">Marie-H\u00e9l\u00e8ne Miauton<\/a>, <a href=\"https:\/\/www.jcvignoli.com\/blog\/tag\/media\" rel=\"tag\">m\u00e9dia<\/a>, <a href=\"https:\/\/www.jcvignoli.com\/blog\/tag\/medias\" rel=\"tag\">m\u00e9dias<\/a>, <a href=\"https:\/\/www.jcvignoli.com\/blog\/tag\/presse\" rel=\"tag\">presse<\/a>, <a href=\"https:\/\/www.jcvignoli.com\/blog\/tag\/xenophobie\" rel=\"tag\">x\u00e9nophobie<\/a><\/td><td>2010-04-30 11:32:48<\/td><\/tr><tr><td><\/td><td><a href=\"https:\/\/www.jcvignoli.com\/blog\/2010\/cygnis\">Cygnis, le danger du 25 mars 2010 &#8211; NE LISEZ PAS CE QUI SUIT !<\/a><\/td><td>2010\/03\/22<\/td><td><a href=\"https:\/\/www.jcvignoli.com\/blog\/category\/humour\" rel=\"category tag\">Humour<\/a>, <a href=\"https:\/\/www.jcvignoli.com\/blog\/category\/livres\" rel=\"category tag\">Presse\/livres<\/a><\/td><td><a href=\"https:\/\/www.jcvignoli.com\/blog\/tag\/cygnis\" rel=\"tag\">cygnis<\/a>, <a href=\"https:\/\/www.jcvignoli.com\/blog\/tag\/paranormal\" rel=\"tag\">paranormal<\/a>, <a href=\"https:\/\/www.jcvignoli.com\/blog\/tag\/vincent-gessler\" rel=\"tag\">vincent gessler<\/a><\/td><td>2010-03-22 20:26:35<\/td><\/tr><tr><td><\/td><td><a href=\"https:\/\/www.jcvignoli.com\/blog\/2010\/lanti-sionisme-lorsque-lennemi-cest-soi-meme\">L&rsquo;anti-sionisme : lorsque l&rsquo;ennemi, c&rsquo;est soi-m\u00eame<\/a><\/td><td>2010\/02\/19<\/td><td><a href=\"https:\/\/www.jcvignoli.com\/blog\/en\/category\/miscellaneous\" rel=\"category tag\">Miscellaneous<\/a><\/td><td><a href=\"https:\/\/www.jcvignoli.com\/blog\/tag\/antisionisme\" rel=\"tag\">antisionisme<\/a>, <a href=\"https:\/\/www.jcvignoli.com\/blog\/tag\/israel\" rel=\"tag\">isra\u00ebl<\/a>, <a href=\"https:\/\/www.jcvignoli.com\/blog\/tag\/judaisme\" rel=\"tag\">juda\u00efsme<\/a>, <a href=\"https:\/\/www.jcvignoli.com\/blog\/tag\/juif\" rel=\"tag\">juif<\/a>, <a href=\"https:\/\/www.jcvignoli.com\/blog\/tag\/liberte\" rel=\"tag\">libert\u00e9<\/a>, <a href=\"https:\/\/www.jcvignoli.com\/blog\/tag\/nazi\" rel=\"tag\">nazi<\/a>, <a href=\"https:\/\/www.jcvignoli.com\/blog\/tag\/peur\" rel=\"tag\">peur<\/a>, <a href=\"https:\/\/www.jcvignoli.com\/blog\/tag\/shoah\" rel=\"tag\">shoah<\/a><\/td><td>2010-02-19 12:51:21<\/td><\/tr><tr><td><img loading=\"lazy\" decoding=\"async\" width=\"200\" height=\"200\" src=\"https:\/\/www.jcvignoli.com\/blog\/wp-content\/uploads\/sunshine-200x200.jpg\" class=\"attachment-thumbnail size-thumbnail wp-post-image\" alt=\"Movie Sunshine directed by Danny Boyle\" \/><\/td><td><a href=\"https:\/\/www.jcvignoli.com\/blog\/2010\/sunshine-lorsque-le-soleil-se-prend-pour-dieu\">Sunshine<\/a><\/td><td>2010\/02\/05<\/td><td><a href=\"https:\/\/www.jcvignoli.com\/blog\/category\/cinema\" rel=\"category tag\">Cin\u00e9ma<\/a>, <a href=\"https:\/\/www.jcvignoli.com\/blog\/category\/cinema\/critiques-de-cinema\" rel=\"category tag\">Critiques de cin\u00e9ma<\/a><\/td><td><a href=\"https:\/\/www.jcvignoli.com\/blog\/tag\/christianisme\" rel=\"tag\">christianisme<\/a>, <a href=\"https:\/\/www.jcvignoli.com\/blog\/tag\/culte\" rel=\"tag\">culte<\/a>, <a href=\"https:\/\/www.jcvignoli.com\/blog\/tag\/dany-boyle\" rel=\"tag\">dany boyle<\/a>, <a href=\"https:\/\/www.jcvignoli.com\/blog\/tag\/dieu\" rel=\"tag\">dieu<\/a>, <a href=\"https:\/\/www.jcvignoli.com\/blog\/tag\/solaris\" rel=\"tag\">solaris<\/a>, <a href=\"https:\/\/www.jcvignoli.com\/blog\/tag\/soleil\" rel=\"tag\">soleil<\/a><\/td><td>2010-02-05 15:12:54<\/td><\/tr><tr><td><img loading=\"lazy\" decoding=\"async\" width=\"200\" height=\"200\" src=\"https:\/\/www.jcvignoli.com\/blog\/wp-content\/uploads\/yann-moix-200x200.jpg\" class=\"attachment-thumbnail size-thumbnail wp-post-image\" alt=\"Yann Moix le regard perdu\" srcset=\"https:\/\/www.jcvignoli.com\/blog\/wp-content\/uploads\/yann-moix-200x200.jpg 200w, https:\/\/www.jcvignoli.com\/blog\/wp-content\/uploads\/yann-moix-160x160.jpg 160w, https:\/\/www.jcvignoli.com\/blog\/wp-content\/uploads\/yann-moix-320x320.jpg 320w\" sizes=\"auto, (max-width: 200px) 100vw, 200px\" \/><\/td><td><a href=\"https:\/\/www.jcvignoli.com\/blog\/2010\/le-retrait-de-jaime-polanski-et-je-hais-la-suisse\">Le retrait de \u00ab\u00a0J&rsquo;aime Polanski et je hais la Suisse\u00a0\u00bb<\/a><\/td><td>2010\/02\/05<\/td><td><a href=\"https:\/\/www.jcvignoli.com\/blog\/category\/politique\" rel=\"category tag\">Politique<\/a>, <a href=\"https:\/\/www.jcvignoli.com\/blog\/category\/politique\/suisse\" rel=\"category tag\">Suisse<\/a><\/td><td><a href=\"https:\/\/www.jcvignoli.com\/blog\/tag\/pedophilie\" rel=\"tag\">p\u00e9dophilie<\/a>, <a href=\"https:\/\/www.jcvignoli.com\/blog\/tag\/roman-polanski\" rel=\"tag\">Roman Polanski<\/a>, <a href=\"https:\/\/www.jcvignoli.com\/blog\/tag\/yann-moix\" rel=\"tag\">Yann Moix<\/a><\/td><td>2010-02-05 08:46:38<\/td><\/tr><tr><td><img loading=\"lazy\" decoding=\"async\" width=\"150\" height=\"150\" src=\"https:\/\/www.jcvignoli.com\/blog\/wp-content\/uploads\/minaret-mandril1-150x150.jpg\" class=\"attachment-thumbnail size-thumbnail wp-post-image\" alt=\"minaret par mandril\" \/><\/td><td><a href=\"https:\/\/www.jcvignoli.com\/blog\/2009\/oskar-dessine-moi-la-suisse-du-futur\">Oskar, dessine-moi la Suisse du futur<\/a><\/td><td>2009\/12\/11<\/td><td><a href=\"https:\/\/www.jcvignoli.com\/blog\/category\/humour\" rel=\"category tag\">Humour<\/a>, <a href=\"https:\/\/www.jcvignoli.com\/blog\/category\/politique\" rel=\"category tag\">Politique<\/a>, <a href=\"https:\/\/www.jcvignoli.com\/blog\/category\/politique\/suisse\" rel=\"category tag\">Suisse<\/a><\/td><td><a href=\"https:\/\/www.jcvignoli.com\/blog\/tag\/extreme-droite\" rel=\"tag\">extr\u00eame droite<\/a>, <a href=\"https:\/\/www.jcvignoli.com\/blog\/tag\/extremisme\" rel=\"tag\">extr\u00e9misme<\/a>, <a href=\"https:\/\/www.jcvignoli.com\/blog\/tag\/suisse\" rel=\"tag\">Suisse<\/a>, <a href=\"https:\/\/www.jcvignoli.com\/blog\/tag\/udc\" rel=\"tag\">udc<\/a><\/td><td>2009-12-11 15:12:47<\/td><\/tr><tr><td><img loading=\"lazy\" decoding=\"async\" width=\"150\" height=\"150\" src=\"https:\/\/www.jcvignoli.com\/blog\/wp-content\/uploads\/minaret-missiles-150x150.jpg\" class=\"attachment-thumbnail size-thumbnail wp-post-image\" alt=\"minaret missiles campagne udc\" \/><\/td><td><a href=\"https:\/\/www.jcvignoli.com\/blog\/2009\/lechec-dun-pays-la-suisse-interdit-de-construire-des-minarets\">L&rsquo;\u00e9chec d&rsquo;un pays : la Suisse interdit de construire des minarets<\/a><\/td><td>2009\/11\/30<\/td><td><a href=\"https:\/\/www.jcvignoli.com\/blog\/category\/politique\" rel=\"category tag\">Politique<\/a>, <a href=\"https:\/\/www.jcvignoli.com\/blog\/category\/politique\/suisse\" rel=\"category tag\">Suisse<\/a><\/td><td><a href=\"https:\/\/www.jcvignoli.com\/blog\/tag\/democratie\" rel=\"tag\">d\u00e9mocratie<\/a>, <a href=\"https:\/\/www.jcvignoli.com\/blog\/tag\/islam\" rel=\"tag\">islam<\/a>, <a href=\"https:\/\/www.jcvignoli.com\/blog\/tag\/religion\" rel=\"tag\">religion<\/a>, <a href=\"https:\/\/www.jcvignoli.com\/blog\/tag\/suisse\" rel=\"tag\">Suisse<\/a><\/td><td>2009-11-30 12:56:22<\/td><\/tr><tr><td><\/td><td><a href=\"https:\/\/www.jcvignoli.com\/blog\/2009\/lexport-du-materiel-de-guerre-en-suisse-un-debat-de-clocher\">L&rsquo;export du mat\u00e9riel de guerre en Suisse; un d\u00e9bat de clocher<\/a><\/td><td>2009\/11\/02<\/td><td><a href=\"https:\/\/www.jcvignoli.com\/blog\/category\/politique\" rel=\"category tag\">Politique<\/a>, <a href=\"https:\/\/www.jcvignoli.com\/blog\/category\/politique\/suisse\" rel=\"category tag\">Suisse<\/a><\/td><td><a href=\"https:\/\/www.jcvignoli.com\/blog\/tag\/armement\" rel=\"tag\">armement<\/a>, <a href=\"https:\/\/www.jcvignoli.com\/blog\/tag\/initiative\" rel=\"tag\">initiative<\/a>, <a href=\"https:\/\/www.jcvignoli.com\/blog\/tag\/islamophobie\" rel=\"tag\">islamophobie<\/a>, <a href=\"https:\/\/www.jcvignoli.com\/blog\/tag\/minaret\" rel=\"tag\">minaret<\/a>, <a href=\"https:\/\/www.jcvignoli.com\/blog\/tag\/suisse\" rel=\"tag\">Suisse<\/a><\/td><td>2009-11-02 10:15:05<\/td><\/tr><tr><td><img loading=\"lazy\" decoding=\"async\" width=\"200\" height=\"200\" src=\"https:\/\/www.jcvignoli.com\/blog\/wp-content\/uploads\/Roman-Polanski-200x200.png\" class=\"attachment-thumbnail size-thumbnail wp-post-image\" alt=\"Mug Shot of Roman Polanski\" srcset=\"https:\/\/www.jcvignoli.com\/blog\/wp-content\/uploads\/Roman-Polanski-200x200.png 200w, https:\/\/www.jcvignoli.com\/blog\/wp-content\/uploads\/Roman-Polanski-160x160.png 160w, https:\/\/www.jcvignoli.com\/blog\/wp-content\/uploads\/Roman-Polanski-320x320.png 320w\" sizes=\"auto, (max-width: 200px) 100vw, 200px\" \/><\/td><td><a href=\"https:\/\/www.jcvignoli.com\/blog\/2009\/polanski-et-pedophilie-la-suisse-garante-de-la-justice\">Polanski et p\u00e9dophilie; la Suisse, garante de la justice ?<\/a><\/td><td>2009\/09\/28<\/td><td><a href=\"https:\/\/www.jcvignoli.com\/blog\/category\/cinema\" rel=\"category tag\">Cin\u00e9ma<\/a><\/td><td><a href=\"https:\/\/www.jcvignoli.com\/blog\/tag\/justice\" rel=\"tag\">justice<\/a>, <a href=\"https:\/\/www.jcvignoli.com\/blog\/tag\/libye\" rel=\"tag\">libye<\/a>, <a href=\"https:\/\/www.jcvignoli.com\/blog\/tag\/roman-polanski\" rel=\"tag\">Roman Polanski<\/a><\/td><td>2009-09-28 11:48:37<\/td><\/tr><tr><td><\/td><td><a href=\"https:\/\/www.jcvignoli.com\/blog\/2009\/le-7eme-million\">Le 7\u00e8me million<\/a><\/td><td>2009\/08\/24<\/td><td><a href=\"https:\/\/www.jcvignoli.com\/blog\/en\/category\/miscellaneous\" rel=\"category tag\">Miscellaneous<\/a><\/td><td><a href=\"https:\/\/www.jcvignoli.com\/blog\/tag\/genocide\" rel=\"tag\">g\u00e9nocide<\/a>, <a href=\"https:\/\/www.jcvignoli.com\/blog\/tag\/holocauste\" rel=\"tag\">holocauste<\/a>, <a href=\"https:\/\/www.jcvignoli.com\/blog\/tag\/iieme-guerre-mondiale\" rel=\"tag\">II\u00e8me guerre mondiale<\/a>, <a href=\"https:\/\/www.jcvignoli.com\/blog\/tag\/juif\" rel=\"tag\">juif<\/a>, <a href=\"https:\/\/www.jcvignoli.com\/blog\/tag\/shoah\" rel=\"tag\">shoah<\/a>, <a href=\"https:\/\/www.jcvignoli.com\/blog\/tag\/urss\" rel=\"tag\">urss<\/a><\/td><td>2009-08-24 18:01:52<\/td><\/tr><tr><td><\/td><td><a href=\"https:\/\/www.jcvignoli.com\/blog\/2009\/libye-les-coulisses-du-regime-khadafi\">Libye : Les coulisses du r\u00e9gime Khadafi<\/a><\/td><td>2009\/08\/10<\/td><td><a href=\"https:\/\/www.jcvignoli.com\/blog\/category\/activisme\" rel=\"category tag\">Activisme<\/a>, <a href=\"https:\/\/www.jcvignoli.com\/blog\/category\/articles\" rel=\"category tag\">Articles<\/a>, <a href=\"https:\/\/www.jcvignoli.com\/blog\/category\/politique\/droits-humains\" rel=\"category tag\">Droits humains<\/a>, <a href=\"https:\/\/www.jcvignoli.com\/blog\/category\/articles\/ecrits-publies\" rel=\"category tag\">Ecrits publi\u00e9s<\/a>, <a href=\"https:\/\/www.jcvignoli.com\/blog\/category\/articles\/interview\" rel=\"category tag\">Interview<\/a>, <a href=\"https:\/\/www.jcvignoli.com\/blog\/category\/politique\" rel=\"category tag\">Politique<\/a><\/td><td><a href=\"https:\/\/www.jcvignoli.com\/blog\/tag\/idris-aboufaied\" rel=\"tag\">idris aboufaied<\/a>, <a href=\"https:\/\/www.jcvignoli.com\/blog\/tag\/khadafi\" rel=\"tag\">khadafi<\/a>, <a href=\"https:\/\/www.jcvignoli.com\/blog\/tag\/liberte_expression\" rel=\"tag\">libert\u00e9 d'expression<\/a>, <a href=\"https:\/\/www.jcvignoli.com\/blog\/tag\/libye\" rel=\"tag\">libye<\/a><\/td><td>2009-08-10 08:33:19<\/td><\/tr><tr><td><\/td><td><a href=\"https:\/\/www.jcvignoli.com\/blog\/2009\/linformation-en-birmanie-un-pari-de-claude-schauli\">L&rsquo;information en Birmanie, un pari de Claude Schauli<\/a><\/td><td>2009\/05\/28<\/td><td><a href=\"https:\/\/www.jcvignoli.com\/blog\/category\/activisme\" rel=\"category tag\">Activisme<\/a>, <a href=\"https:\/\/www.jcvignoli.com\/blog\/category\/articles\" rel=\"category tag\">Articles<\/a>, <a href=\"https:\/\/www.jcvignoli.com\/blog\/category\/articles\/interview\" rel=\"category tag\">Interview<\/a><\/td><td><a href=\"https:\/\/www.jcvignoli.com\/blog\/tag\/birmanie\" rel=\"tag\">Birmanie<\/a>, <a href=\"https:\/\/www.jcvignoli.com\/blog\/tag\/schauli\" rel=\"tag\">schauli<\/a><\/td><td>2009-05-28 23:45:14<\/td><\/tr><tr><td><img loading=\"lazy\" decoding=\"async\" width=\"200\" height=\"200\" src=\"https:\/\/www.jcvignoli.com\/blog\/wp-content\/uploads\/Mahmoud-Ahmadinejad-2006-200x200.jpg\" class=\"attachment-thumbnail size-thumbnail wp-post-image\" alt=\"\" srcset=\"https:\/\/www.jcvignoli.com\/blog\/wp-content\/uploads\/Mahmoud-Ahmadinejad-2006-200x200.jpg 200w, https:\/\/www.jcvignoli.com\/blog\/wp-content\/uploads\/Mahmoud-Ahmadinejad-2006-600x600.jpg 600w\" sizes=\"auto, (max-width: 200px) 100vw, 200px\" \/><\/td><td><a href=\"https:\/\/www.jcvignoli.com\/blog\/2009\/liran-un-leader-en-devenir-sur-la-scene-internationale\">L&rsquo;Iran, un leader en devenir sur la sc\u00e8ne internationale<\/a><\/td><td>2009\/04\/22<\/td><td><a href=\"https:\/\/www.jcvignoli.com\/blog\/category\/politique\/droits-humains\" rel=\"category tag\">Droits humains<\/a>, <a href=\"https:\/\/www.jcvignoli.com\/blog\/category\/politique\" rel=\"category tag\">Politique<\/a><\/td><td><a href=\"https:\/\/www.jcvignoli.com\/blog\/tag\/ahmadinejad\" rel=\"tag\">Ahmadinejad<\/a>, <a href=\"https:\/\/www.jcvignoli.com\/blog\/tag\/iran\" rel=\"tag\">Iran<\/a>, <a href=\"https:\/\/www.jcvignoli.com\/blog\/tag\/israel\" rel=\"tag\">isra\u00ebl<\/a><\/td><td>2009-04-22 13:43:12<\/td><\/tr><tr><td><\/td><td><a href=\"https:\/\/www.jcvignoli.com\/blog\/2008\/la-pensee-revolutionnaire-devhemere-au-iiie-s-avant-notre-ere\">La pens\u00e9e r\u00e9volutionnaire d&rsquo;Evh\u00e9m\u00e8re au IIIe s. avant notre \u00e8re<\/a><\/td><td>2008\/12\/11<\/td><td><a href=\"https:\/\/www.jcvignoli.com\/blog\/category\/articles\" rel=\"category tag\">Articles<\/a>, <a href=\"https:\/\/www.jcvignoli.com\/blog\/category\/philosophie\" rel=\"category tag\">Philosophie<\/a>, <a href=\"https:\/\/www.jcvignoli.com\/blog\/category\/livres\" rel=\"category tag\">Presse\/livres<\/a><\/td><td><a href=\"https:\/\/www.jcvignoli.com\/blog\/tag\/agnosticisme\" rel=\"tag\">agnosticisme<\/a>, <a href=\"https:\/\/www.jcvignoli.com\/blog\/tag\/atheisme\" rel=\"tag\">ath\u00e9isme<\/a>, <a href=\"https:\/\/www.jcvignoli.com\/blog\/tag\/evhemere\" rel=\"tag\">\u00e9vh\u00e9m\u00e8re<\/a>, <a href=\"https:\/\/www.jcvignoli.com\/blog\/tag\/grece-antique\" rel=\"tag\">gr\u00e8ce antique<\/a>, <a href=\"https:\/\/www.jcvignoli.com\/blog\/tag\/mythe\" rel=\"tag\">mythe<\/a>, <a href=\"https:\/\/www.jcvignoli.com\/blog\/tag\/mythologie\" rel=\"tag\">mythologie<\/a><\/td><td>2008-12-11 14:28:39<\/td><\/tr><tr><td><\/td><td><a href=\"https:\/\/www.jcvignoli.com\/blog\/2008\/imprescriptiblite-des-actes-pedo-pornographiques-le-triomphe-de-la-democratie-kitsch\">Imprescriptiblit\u00e9 des actes p\u00e9do-pornographiques : le triomphe de la d\u00e9mocratie kitsch<\/a><\/td><td>2008\/12\/01<\/td><td><a href=\"https:\/\/www.jcvignoli.com\/blog\/category\/philosophie\" rel=\"category tag\">Philosophie<\/a>, <a href=\"https:\/\/www.jcvignoli.com\/blog\/category\/politique\" rel=\"category tag\">Politique<\/a>, <a href=\"https:\/\/www.jcvignoli.com\/blog\/category\/politique\/suisse\" rel=\"category tag\">Suisse<\/a><\/td><td><a href=\"https:\/\/www.jcvignoli.com\/blog\/tag\/democratie\" rel=\"tag\">d\u00e9mocratie<\/a>, <a href=\"https:\/\/www.jcvignoli.com\/blog\/tag\/kitsch\" rel=\"tag\">kitsch<\/a>, <a href=\"https:\/\/www.jcvignoli.com\/blog\/tag\/pedophilie\" rel=\"tag\">p\u00e9dophilie<\/a>, <a href=\"https:\/\/www.jcvignoli.com\/blog\/tag\/suisse\" rel=\"tag\">Suisse<\/a>, <a href=\"https:\/\/www.jcvignoli.com\/blog\/tag\/votation\" rel=\"tag\">votation<\/a><\/td><td>2008-12-01 14:17:17<\/td><\/tr><tr><td><\/td><td><a href=\"https:\/\/www.jcvignoli.com\/blog\/2008\/economie-letat-est-de-retour-ah-bon-il-etait-parti\">Economie: l&rsquo;Etat est de retour. Ah bon, il \u00e9tait parti ?<\/a><\/td><td>2008\/11\/29<\/td><td><a href=\"https:\/\/www.jcvignoli.com\/blog\/category\/politique\" rel=\"category tag\">Politique<\/a><\/td><td><a href=\"https:\/\/www.jcvignoli.com\/blog\/tag\/economie\" rel=\"tag\">\u00e9conomie<\/a>, <a href=\"https:\/\/www.jcvignoli.com\/blog\/tag\/etat-nation\" rel=\"tag\">Etat-nation<\/a>, <a href=\"https:\/\/www.jcvignoli.com\/blog\/tag\/liberte\" rel=\"tag\">libert\u00e9<\/a>, <a href=\"https:\/\/www.jcvignoli.com\/blog\/tag\/securite\" rel=\"tag\">S\u00e9curit\u00e9<\/a><\/td><td>2008-11-29 18:48:28<\/td><\/tr><tr><td><img loading=\"lazy\" decoding=\"async\" width=\"150\" height=\"150\" src=\"https:\/\/www.jcvignoli.com\/blog\/wp-content\/uploads\/dungeon-siege-burt-reynolds-150x150.jpg\" class=\"attachment-thumbnail size-thumbnail wp-post-image\" alt=\"dungeon siege burt reynolds\" \/><\/td><td><a href=\"https:\/\/www.jcvignoli.com\/blog\/2008\/in-the-name-of-the-king-a-dungeon-siege-tale\">In the Name of the King: A Dungeon Siege Tale<\/a><\/td><td>2008\/10\/24<\/td><td><a href=\"https:\/\/www.jcvignoli.com\/blog\/category\/cinema\/critiques-de-cinema\" rel=\"category tag\">Critiques de cin\u00e9ma<\/a><\/td><td><a href=\"https:\/\/www.jcvignoli.com\/blog\/tag\/ed-wood\" rel=\"tag\">ed wood<\/a>, <a href=\"https:\/\/www.jcvignoli.com\/blog\/tag\/luc-besson\" rel=\"tag\">luc besson<\/a>, <a href=\"https:\/\/www.jcvignoli.com\/blog\/tag\/navet\" rel=\"tag\">navet<\/a>, <a href=\"https:\/\/www.jcvignoli.com\/blog\/tag\/tony-zarindast\" rel=\"tag\">Tony Zarindast<\/a>, <a href=\"https:\/\/www.jcvignoli.com\/blog\/tag\/uwe-boll\" rel=\"tag\">uwe boll<\/a><\/td><td>2008-10-24 10:44:08<\/td><\/tr><tr><td><\/td><td><a href=\"https:\/\/www.jcvignoli.com\/blog\/2008\/milan-kundera-ses-accusations-et-son-oeuvre\">Milan Kundera, ses accusations et son oeuvre<\/a><\/td><td>2008\/10\/15<\/td><td><a href=\"https:\/\/www.jcvignoli.com\/blog\/category\/philosophie\" rel=\"category tag\">Philosophie<\/a>, <a href=\"https:\/\/www.jcvignoli.com\/blog\/category\/livres\" rel=\"category tag\">Presse\/livres<\/a><\/td><td><a href=\"https:\/\/www.jcvignoli.com\/blog\/tag\/art\" rel=\"tag\">art<\/a>, <a href=\"https:\/\/www.jcvignoli.com\/blog\/tag\/democratie\" rel=\"tag\">d\u00e9mocratie<\/a>, <a href=\"https:\/\/www.jcvignoli.com\/blog\/tag\/guerre-froide\" rel=\"tag\">guerre froide<\/a>, <a href=\"https:\/\/www.jcvignoli.com\/blog\/tag\/justice\" rel=\"tag\">justice<\/a>, <a href=\"https:\/\/www.jcvignoli.com\/blog\/tag\/milan-kundera\" rel=\"tag\">milan kundera<\/a><\/td><td>2008-10-15 15:50:29<\/td><\/tr><tr><td><img loading=\"lazy\" decoding=\"async\" width=\"200\" height=\"200\" src=\"https:\/\/www.jcvignoli.com\/blog\/wp-content\/uploads\/cigarette-200x200.jpg\" class=\"attachment-thumbnail size-thumbnail wp-post-image\" alt=\"Illustration de cigarette\" srcset=\"https:\/\/www.jcvignoli.com\/blog\/wp-content\/uploads\/cigarette-200x200.jpg 200w, https:\/\/www.jcvignoli.com\/blog\/wp-content\/uploads\/cigarette-160x160.jpg 160w, https:\/\/www.jcvignoli.com\/blog\/wp-content\/uploads\/cigarette-320x320.jpg 320w\" sizes=\"auto, (max-width: 200px) 100vw, 200px\" \/><\/td><td><a href=\"https:\/\/www.jcvignoli.com\/blog\/2008\/il-est-anticonstitutionnel-dinterdire-de-fumer-dans-les-lieux-publics-a-geneve\">Il est anticonstitutionnel d&rsquo;interdire de fumer dans les lieux publics \u00e0 Gen\u00e8ve<\/a><\/td><td>2008\/09\/30<\/td><td><a href=\"https:\/\/www.jcvignoli.com\/blog\/category\/politique\" rel=\"category tag\">Politique<\/a>, <a href=\"https:\/\/www.jcvignoli.com\/blog\/category\/politique\/suisse\" rel=\"category tag\">Suisse<\/a><\/td><td><a href=\"https:\/\/www.jcvignoli.com\/blog\/tag\/cigarette\" rel=\"tag\">cigarette<\/a>, <a href=\"https:\/\/www.jcvignoli.com\/blog\/tag\/constitution\" rel=\"tag\">constitution<\/a>, <a href=\"https:\/\/www.jcvignoli.com\/blog\/tag\/democratie\" rel=\"tag\">d\u00e9mocratie<\/a>, <a href=\"https:\/\/www.jcvignoli.com\/blog\/tag\/fumer\" rel=\"tag\">fumer<\/a>, <a href=\"https:\/\/www.jcvignoli.com\/blog\/tag\/initiative\" rel=\"tag\">initiative<\/a>, <a href=\"https:\/\/www.jcvignoli.com\/blog\/tag\/suisse\" rel=\"tag\">Suisse<\/a>, <a href=\"https:\/\/www.jcvignoli.com\/blog\/tag\/udc\" rel=\"tag\">udc<\/a><\/td><td>2008-09-30 19:10:10<\/td><\/tr><tr><td><img loading=\"lazy\" decoding=\"async\" width=\"150\" height=\"150\" src=\"https:\/\/www.jcvignoli.com\/blog\/wp-content\/uploads\/tariq-ramadan-150x150.jpg\" class=\"attachment-thumbnail size-thumbnail wp-post-image\" alt=\"tariq ramadan\" \/><\/td><td><a href=\"https:\/\/www.jcvignoli.com\/blog\/2008\/tariq-ramadan-est-il-justifie-den-avoir-peur\">Tariq Ramadan: est-il justifi\u00e9 d&rsquo;en avoir peur ?<\/a><\/td><td>2008\/09\/27<\/td><td><a href=\"https:\/\/www.jcvignoli.com\/blog\/category\/politique\/droits-humains\" rel=\"category tag\">Droits humains<\/a>, <a href=\"https:\/\/www.jcvignoli.com\/blog\/category\/philosophie\" rel=\"category tag\">Philosophie<\/a>, <a href=\"https:\/\/www.jcvignoli.com\/blog\/category\/politique\" rel=\"category tag\">Politique<\/a><\/td><td><a href=\"https:\/\/www.jcvignoli.com\/blog\/tag\/4eme-festival-francophone-de-philosophie\" rel=\"tag\">4\u00e8me festival francophone de philosophie<\/a>, <a href=\"https:\/\/www.jcvignoli.com\/blog\/tag\/freres-musulmans\" rel=\"tag\">fr\u00e8res musulmans<\/a>, <a href=\"https:\/\/www.jcvignoli.com\/blog\/tag\/islamisme\" rel=\"tag\">islamisme<\/a>, <a href=\"https:\/\/www.jcvignoli.com\/blog\/tag\/islamophobie\" rel=\"tag\">islamophobie<\/a>, <a href=\"https:\/\/www.jcvignoli.com\/blog\/tag\/peur\" rel=\"tag\">peur<\/a>, <a href=\"https:\/\/www.jcvignoli.com\/blog\/tag\/tariq-ramadan\" rel=\"tag\">Tariq Ramadan<\/a><\/td><td>2008-09-27 16:46:46<\/td><\/tr><tr><td><img loading=\"lazy\" decoding=\"async\" width=\"200\" height=\"200\" src=\"https:\/\/www.jcvignoli.com\/blog\/wp-content\/uploads\/Anonymat-scaled-200x200.jpg\" class=\"attachment-thumbnail size-thumbnail wp-post-image\" alt=\"Anonymat\" \/><\/td><td><a href=\"https:\/\/www.jcvignoli.com\/blog\/en\/2008\/how-to-add-a-search-function-to-nextgen-gallery-wordpress-plugin\">How to add a search function to NextGen gallery wordpress plugin<\/a><\/td><td>2008\/09\/26<\/td><td><a href=\"https:\/\/www.jcvignoli.com\/blog\/en\/category\/computers\/blog-en\" rel=\"category tag\">blog<\/a>, <a href=\"https:\/\/www.jcvignoli.com\/blog\/en\/category\/computers\" rel=\"category tag\">Computers<\/a>, <a href=\"https:\/\/www.jcvignoli.com\/blog\/en\/category\/computers\/wordpress-en\" rel=\"category tag\">wordpress<\/a><\/td><td><\/td><td>2008-09-26 23:59:27<\/td><\/tr><tr><td><img loading=\"lazy\" decoding=\"async\" width=\"200\" height=\"200\" src=\"https:\/\/www.jcvignoli.com\/blog\/wp-content\/uploads\/Anonymat-scaled-200x200.jpg\" class=\"attachment-thumbnail size-thumbnail wp-post-image\" alt=\"Anonymat\" \/><\/td><td><a href=\"https:\/\/www.jcvignoli.com\/blog\/en\/2008\/how-to-add-a-search-function-for-nextgen-gallery-wordpress-plugin\">How to add a search function to NextGen gallery wordpress plugin<\/a><\/td><td>2008\/09\/26<\/td><td><a href=\"https:\/\/www.jcvignoli.com\/blog\/en\/category\/computers\/blog-en\" rel=\"category tag\">blog<\/a>, <a href=\"https:\/\/www.jcvignoli.com\/blog\/en\/category\/computers\" rel=\"category tag\">Computers<\/a>, <a href=\"https:\/\/www.jcvignoli.com\/blog\/en\/category\/computers\/wordpress-en\" rel=\"category tag\">wordpress<\/a><\/td><td><a href=\"https:\/\/www.jcvignoli.com\/blog\/en\/tag\/gallery-en\" rel=\"tag\">gallery<\/a>, <a href=\"https:\/\/www.jcvignoli.com\/blog\/en\/tag\/nextgen-gallery-en\" rel=\"tag\">NextGen gallery<\/a>, <a href=\"https:\/\/www.jcvignoli.com\/blog\/en\/tag\/plugin-en\" rel=\"tag\">plugin<\/a>, <a href=\"https:\/\/www.jcvignoli.com\/blog\/en\/tag\/search-en\" rel=\"tag\">search<\/a>, <a href=\"https:\/\/www.jcvignoli.com\/blog\/en\/tag\/wordpress-en\" rel=\"tag\">wordpress<\/a><\/td><td>2008-09-26 23:59:27<\/td><\/tr><tr><td><img loading=\"lazy\" decoding=\"async\" width=\"150\" height=\"150\" src=\"https:\/\/www.jcvignoli.com\/blog\/wp-content\/uploads\/jesse-james-brad-pitt-150x150.jpg\" class=\"attachment-thumbnail size-thumbnail wp-post-image\" alt=\"jesse james brad pitt\" \/><\/td><td><a href=\"https:\/\/www.jcvignoli.com\/blog\/2008\/lassassinat-de-jesse-james-par-le-lache-robert-ford\">L&rsquo;assassinat de Jesse James par le l\u00e2che Robert Ford<\/a><\/td><td>2008\/09\/25<\/td><td><a href=\"https:\/\/www.jcvignoli.com\/blog\/category\/cinema\/critiques-de-cinema\" rel=\"category tag\">Critiques de cin\u00e9ma<\/a><\/td><td><a href=\"https:\/\/www.jcvignoli.com\/blog\/tag\/andrew-dominik\" rel=\"tag\">andrew dominik<\/a>, <a href=\"https:\/\/www.jcvignoli.com\/blog\/tag\/brad_pitt\" rel=\"tag\">Brad Pitt<\/a>, <a href=\"https:\/\/www.jcvignoli.com\/blog\/tag\/casey-affleck\" rel=\"tag\">casey affleck<\/a>, <a href=\"https:\/\/www.jcvignoli.com\/blog\/tag\/jesse-james\" rel=\"tag\">jesse james<\/a>, <a href=\"https:\/\/www.jcvignoli.com\/blog\/tag\/lassassinat-de-jesse-james-par-le-lache-robert-ford\" rel=\"tag\">L'assassinat de Jesse James par le l\u00e2che Robert Ford<\/a>, <a href=\"https:\/\/www.jcvignoli.com\/blog\/tag\/mythe\" rel=\"tag\">mythe<\/a>, <a href=\"https:\/\/www.jcvignoli.com\/blog\/tag\/western\" rel=\"tag\">western<\/a><\/td><td>2008-09-25 13:51:23<\/td><\/tr><tr><td><\/td><td><a href=\"https:\/\/www.jcvignoli.com\/blog\/en\/2008\/eu-and-russia-triumph-of-the-weak-will\">EU and Russia: Triumph of the Weak Will<\/a><\/td><td>2008\/09\/21<\/td><td><a href=\"https:\/\/www.jcvignoli.com\/blog\/en\/category\/politics\/human-rights\" rel=\"category tag\">Human rights<\/a><\/td><td><a href=\"https:\/\/www.jcvignoli.com\/blog\/en\/tag\/g8-en\" rel=\"tag\">g8<\/a>, <a href=\"https:\/\/www.jcvignoli.com\/blog\/en\/tag\/oksana-chelysheva-en\" rel=\"tag\">Oksana Chelysheva<\/a>, <a href=\"https:\/\/www.jcvignoli.com\/blog\/en\/tag\/russie-en\" rel=\"tag\">Russie<\/a>, <a href=\"https:\/\/www.jcvignoli.com\/blog\/en\/tag\/ue-en\" rel=\"tag\">UE<\/a><\/td><td>2008-09-21 17:35:54<\/td><\/tr><tr><td><img loading=\"lazy\" decoding=\"async\" width=\"150\" height=\"150\" src=\"https:\/\/www.jcvignoli.com\/blog\/wp-content\/uploads\/the-prestige-iseeyou-150x150.jpg\" class=\"attachment-thumbnail size-thumbnail wp-post-image\" alt=\"the prestige i see you\" \/><\/td><td><a href=\"https:\/\/www.jcvignoli.com\/blog\/2008\/the-prestige\">The prestige<\/a><\/td><td>2008\/09\/04<\/td><td><a href=\"https:\/\/www.jcvignoli.com\/blog\/category\/cinema\/critiques-de-cinema\" rel=\"category tag\">Critiques de cin\u00e9ma<\/a><\/td><td><a href=\"https:\/\/www.jcvignoli.com\/blog\/tag\/allegorie\" rel=\"tag\">all\u00e9gorie<\/a>, <a href=\"https:\/\/www.jcvignoli.com\/blog\/tag\/christian-bale\" rel=\"tag\">christian bale<\/a>, <a href=\"https:\/\/www.jcvignoli.com\/blog\/tag\/christopher-nolan\" rel=\"tag\">christopher nolan<\/a>, <a href=\"https:\/\/www.jcvignoli.com\/blog\/tag\/hugh-jackman\" rel=\"tag\">hugh jackman<\/a>, <a href=\"https:\/\/www.jcvignoli.com\/blog\/tag\/magicien\" rel=\"tag\">magicien<\/a>, <a href=\"https:\/\/www.jcvignoli.com\/blog\/tag\/nikola-tesla\" rel=\"tag\">Nikola Tesla<\/a>, <a href=\"https:\/\/www.jcvignoli.com\/blog\/tag\/prestige\" rel=\"tag\">prestige<\/a>, <a href=\"https:\/\/www.jcvignoli.com\/blog\/tag\/schumacher\" rel=\"tag\">schumacher<\/a>, <a href=\"https:\/\/www.jcvignoli.com\/blog\/tag\/spectacle\" rel=\"tag\">spectacle<\/a><\/td><td>2008-09-04 14:00:46<\/td><\/tr><tr><td><img loading=\"lazy\" decoding=\"async\" width=\"150\" height=\"150\" src=\"https:\/\/www.jcvignoli.com\/blog\/wp-content\/uploads\/die-hard-voiture-vs-helico-150x150.jpg\" class=\"attachment-thumbnail size-thumbnail wp-post-image\" alt=\"die hard voiture fon\u00e7ant sur helicopt\u00e8re\" \/><\/td><td><a href=\"https:\/\/www.jcvignoli.com\/blog\/2008\/die-hard-4\">Die Hard 4<\/a><\/td><td>2008\/09\/02<\/td><td><a href=\"https:\/\/www.jcvignoli.com\/blog\/category\/cinema\/critiques-de-cinema\" rel=\"category tag\">Critiques de cin\u00e9ma<\/a><\/td><td><a href=\"https:\/\/www.jcvignoli.com\/blog\/tag\/bruce-willis\" rel=\"tag\">bruce willis<\/a>, <a href=\"https:\/\/www.jcvignoli.com\/blog\/tag\/die-hard-4\" rel=\"tag\">die hard 4<\/a>, <a href=\"https:\/\/www.jcvignoli.com\/blog\/tag\/explosion\" rel=\"tag\">explosion<\/a>, <a href=\"https:\/\/www.jcvignoli.com\/blog\/tag\/hollywood\" rel=\"tag\">hollywood<\/a>, <a href=\"https:\/\/www.jcvignoli.com\/blog\/tag\/leathal-weapon\" rel=\"tag\">leathal weapon<\/a>, <a href=\"https:\/\/www.jcvignoli.com\/blog\/tag\/len-wiseman\" rel=\"tag\">len wiseman<\/a><\/td><td>2008-09-02 15:11:34<\/td><\/tr><tr><td><\/td><td><a href=\"https:\/\/www.jcvignoli.com\/blog\/2008\/ce-que-saakachvili-ne-nous-dit-pas-sur-cnn\">Ce que Saakachvili ne nous dit pas sur CNN<\/a><\/td><td>2008\/08\/22<\/td><td><a href=\"https:\/\/www.jcvignoli.com\/blog\/category\/livres\" rel=\"category tag\">Presse\/livres<\/a><\/td><td><a href=\"https:\/\/www.jcvignoli.com\/blog\/tag\/georgie\" rel=\"tag\">georgie<\/a>, <a href=\"https:\/\/www.jcvignoli.com\/blog\/tag\/liberte_expression\" rel=\"tag\">libert\u00e9 d'expression<\/a>, <a href=\"https:\/\/www.jcvignoli.com\/blog\/tag\/russie\" rel=\"tag\">Russie<\/a><\/td><td>2008-08-22 13:41:58<\/td><\/tr><tr><td><img loading=\"lazy\" decoding=\"async\" width=\"150\" height=\"150\" src=\"https:\/\/www.jcvignoli.com\/blog\/wp-content\/uploads\/cloverfield-rig-205-150x150.jpg\" class=\"attachment-thumbnail size-thumbnail wp-post-image\" alt=\"cloverfield rig 205\" \/><\/td><td><a href=\"https:\/\/www.jcvignoli.com\/blog\/2008\/cloverfield-easter-eggs-et-histoire-complete\">Cloverfield, easter eggs et histoire compl\u00e8te<\/a><\/td><td>2008\/08\/22<\/td><td><a href=\"https:\/\/www.jcvignoli.com\/blog\/category\/cinema\" rel=\"category tag\">Cin\u00e9ma<\/a><\/td><td><a href=\"https:\/\/www.jcvignoli.com\/blog\/tag\/cinema\" rel=\"tag\">Cin\u00e9ma<\/a>, <a href=\"https:\/\/www.jcvignoli.com\/blog\/tag\/cloverfield\" rel=\"tag\">cloverfield<\/a>, <a href=\"https:\/\/www.jcvignoli.com\/blog\/tag\/monstre\" rel=\"tag\">monstre<\/a><\/td><td>2008-08-22 10:17:30<\/td><\/tr><tr><td><img loading=\"lazy\" decoding=\"async\" width=\"150\" height=\"150\" src=\"https:\/\/www.jcvignoli.com\/blog\/wp-content\/uploads\/rambo-coutelas-150x150.jpg\" class=\"attachment-thumbnail size-thumbnail wp-post-image\" alt=\"Rambo et son coutelas\" srcset=\"https:\/\/www.jcvignoli.com\/blog\/wp-content\/uploads\/rambo-coutelas-150x150.jpg 150w, https:\/\/www.jcvignoli.com\/blog\/wp-content\/uploads\/rambo-coutelas-300x298.jpg 300w, https:\/\/www.jcvignoli.com\/blog\/wp-content\/uploads\/rambo-coutelas-126x125.jpg 126w, https:\/\/www.jcvignoli.com\/blog\/wp-content\/uploads\/rambo-coutelas.jpg 450w\" sizes=\"auto, (max-width: 150px) 100vw, 150px\" \/><\/td><td><a href=\"https:\/\/www.jcvignoli.com\/blog\/2008\/rambo\">Rambo<\/a><\/td><td>2008\/08\/21<\/td><td><a href=\"https:\/\/www.jcvignoli.com\/blog\/category\/cinema\/critiques-de-cinema\" rel=\"category tag\">Critiques de cin\u00e9ma<\/a><\/td><td><a href=\"https:\/\/www.jcvignoli.com\/blog\/tag\/birmanie\" rel=\"tag\">Birmanie<\/a>, <a href=\"https:\/\/www.jcvignoli.com\/blog\/tag\/myanmar\" rel=\"tag\">Myanmar<\/a>, <a href=\"https:\/\/www.jcvignoli.com\/blog\/tag\/rambo\" rel=\"tag\">rambo<\/a>, <a href=\"https:\/\/www.jcvignoli.com\/blog\/tag\/sylvester-stallone\" rel=\"tag\">sylvester stallone<\/a><\/td><td>2008-08-21 00:26:25<\/td><\/tr><tr><td><img loading=\"lazy\" decoding=\"async\" width=\"150\" height=\"150\" src=\"https:\/\/www.jcvignoli.com\/blog\/wp-content\/uploads\/kkk-robe-150x150.jpg\" class=\"attachment-thumbnail size-thumbnail wp-post-image\" alt=\"Robe ku klux klan\" \/><\/td><td><a href=\"https:\/\/www.jcvignoli.com\/blog\/2008\/wanted\">Wanted<\/a><\/td><td>2008\/08\/19<\/td><td><a href=\"https:\/\/www.jcvignoli.com\/blog\/category\/cinema\/critiques-de-cinema\" rel=\"category tag\">Critiques de cin\u00e9ma<\/a><\/td><td><a href=\"https:\/\/www.jcvignoli.com\/blog\/tag\/fascisme\" rel=\"tag\">fascisme<\/a>, <a href=\"https:\/\/www.jcvignoli.com\/blog\/tag\/schumacher\" rel=\"tag\">schumacher<\/a>, <a href=\"https:\/\/www.jcvignoli.com\/blog\/tag\/timur-bekmambetov\" rel=\"tag\">Timur Bekmambetov<\/a>, <a href=\"https:\/\/www.jcvignoli.com\/blog\/tag\/wanted\" rel=\"tag\">wanted<\/a><\/td><td>2008-08-19 10:09:56<\/td><\/tr><tr><td><img loading=\"lazy\" decoding=\"async\" width=\"150\" height=\"150\" src=\"https:\/\/www.jcvignoli.com\/blog\/wp-content\/uploads\/cloverfield-interrogation-150x150.jpg\" class=\"attachment-thumbnail size-thumbnail wp-post-image\" alt=\"cloverfield interrogation\" \/><\/td><td><a href=\"https:\/\/www.jcvignoli.com\/blog\/2008\/cloverfield\">Cloverfield<\/a><\/td><td>2008\/08\/18<\/td><td><a href=\"https:\/\/www.jcvignoli.com\/blog\/category\/cinema\/critiques-de-cinema\" rel=\"category tag\">Critiques de cin\u00e9ma<\/a><\/td><td><a href=\"https:\/\/www.jcvignoli.com\/blog\/tag\/cloverfield\" rel=\"tag\">cloverfield<\/a>, <a href=\"https:\/\/www.jcvignoli.com\/blog\/tag\/jj-abrahams\" rel=\"tag\">jj abrahams<\/a>, <a href=\"https:\/\/www.jcvignoli.com\/blog\/tag\/matt-reeves\" rel=\"tag\">Matt Reeves<\/a>, <a href=\"https:\/\/www.jcvignoli.com\/blog\/tag\/monstre\" rel=\"tag\">monstre<\/a><\/td><td>2008-08-18 19:24:49<\/td><\/tr><tr><td><\/td><td><a href=\"https:\/\/www.jcvignoli.com\/blog\/2008\/obama-commence-a-gagner-contre-mccain\">Obama commence \u00e0 gagner&#8230; contre McCain<\/a><\/td><td>2008\/05\/21<\/td><td><a href=\"https:\/\/www.jcvignoli.com\/blog\/category\/politique\" rel=\"category tag\">Politique<\/a>, <a href=\"https:\/\/www.jcvignoli.com\/blog\/category\/politique\/usa\" rel=\"category tag\">USA<\/a><\/td><td><a href=\"https:\/\/www.jcvignoli.com\/blog\/tag\/barack-obama\" rel=\"tag\">Barack Obama<\/a>, <a href=\"https:\/\/www.jcvignoli.com\/blog\/tag\/elections-presidentielles\" rel=\"tag\">\u00e9lections pr\u00e9sidentielles<\/a>, <a href=\"https:\/\/www.jcvignoli.com\/blog\/tag\/john-mccain\" rel=\"tag\">John McCain<\/a>, <a href=\"https:\/\/www.jcvignoli.com\/blog\/tag\/usa\" rel=\"tag\">USA<\/a><\/td><td>2008-05-21 11:19:03<\/td><\/tr><tr><td><\/td><td><a href=\"https:\/\/www.jcvignoli.com\/blog\/2008\/les-naturalisations-par-le-peuple-ne-sont-pas-democratiques\">Les naturalisations par le peuple ne sont pas d\u00e9mocratiques<\/a><\/td><td>2008\/05\/20<\/td><td><a href=\"https:\/\/www.jcvignoli.com\/blog\/category\/politique\" rel=\"category tag\">Politique<\/a>, <a href=\"https:\/\/www.jcvignoli.com\/blog\/category\/politique\/suisse\" rel=\"category tag\">Suisse<\/a><\/td><td><a href=\"https:\/\/www.jcvignoli.com\/blog\/tag\/democratie\" rel=\"tag\">d\u00e9mocratie<\/a>, <a href=\"https:\/\/www.jcvignoli.com\/blog\/tag\/droit-international\" rel=\"tag\">droit international<\/a>, <a href=\"https:\/\/www.jcvignoli.com\/blog\/tag\/droit-homme\" rel=\"tag\">droits de l'homme<\/a>, <a href=\"https:\/\/www.jcvignoli.com\/blog\/tag\/initiative\" rel=\"tag\">initiative<\/a>, <a href=\"https:\/\/www.jcvignoli.com\/blog\/tag\/udc\" rel=\"tag\">udc<\/a><\/td><td>2008-05-20 14:27:38<\/td><\/tr><tr><td><\/td><td><a href=\"https:\/\/www.jcvignoli.com\/blog\/2008\/droits-de-lhomme-a-lupr-une-france-au-dessus-de-tous-soupcons\">Droits de l&rsquo;homme \u00e0 l&rsquo;UPR : Une France au-dessus de tous soup\u00e7ons ?<\/a><\/td><td>2008\/05\/15<\/td><td><a href=\"https:\/\/www.jcvignoli.com\/blog\/category\/articles\" rel=\"category tag\">Articles<\/a>, <a href=\"https:\/\/www.jcvignoli.com\/blog\/category\/politique\/droits-humains\" rel=\"category tag\">Droits humains<\/a>, <a href=\"https:\/\/www.jcvignoli.com\/blog\/category\/politique\" rel=\"category tag\">Politique<\/a><\/td><td><a href=\"https:\/\/www.jcvignoli.com\/blog\/tag\/conseil-des-droits-de-lhomme\" rel=\"tag\">Conseil des droits de l'homme<\/a>, <a href=\"https:\/\/www.jcvignoli.com\/blog\/tag\/droit-homme\" rel=\"tag\">droits de l'homme<\/a>, <a href=\"https:\/\/www.jcvignoli.com\/blog\/tag\/epu\" rel=\"tag\">epu<\/a>, <a href=\"https:\/\/www.jcvignoli.com\/blog\/tag\/france\" rel=\"tag\">france<\/a>, <a href=\"https:\/\/www.jcvignoli.com\/blog\/tag\/francois-zimerey\" rel=\"tag\">Fran\u00e7ois Zimerey<\/a>, <a href=\"https:\/\/www.jcvignoli.com\/blog\/tag\/onu\" rel=\"tag\">ONU<\/a>, <a href=\"https:\/\/www.jcvignoli.com\/blog\/tag\/universal-periodic-review\" rel=\"tag\">universal periodic review<\/a>, <a href=\"https:\/\/www.jcvignoli.com\/blog\/tag\/upr\" rel=\"tag\">upr<\/a><\/td><td>2008-05-15 14:59:06<\/td><\/tr><tr><td><\/td><td><a href=\"https:\/\/www.jcvignoli.com\/blog\/2008\/une-comparaison-qui-fait-mal\">Une comparaison qui fait mal<\/a><\/td><td>2008\/04\/30<\/td><td><a href=\"https:\/\/www.jcvignoli.com\/blog\/category\/livres\" rel=\"category tag\">Presse\/livres<\/a><\/td><td><a href=\"https:\/\/www.jcvignoli.com\/blog\/tag\/faim\" rel=\"tag\">faim<\/a>, <a href=\"https:\/\/www.jcvignoli.com\/blog\/tag\/petrole\" rel=\"tag\">p\u00e9trole<\/a><\/td><td>2008-04-30 10:18:41<\/td><\/tr><tr><td><img loading=\"lazy\" decoding=\"async\" width=\"200\" height=\"200\" src=\"https:\/\/www.jcvignoli.com\/blog\/wp-content\/uploads\/Requiem-for-a-dream-200x200.jpg\" class=\"attachment-thumbnail size-thumbnail wp-post-image\" alt=\"\" \/><\/td><td><a href=\"https:\/\/www.jcvignoli.com\/blog\/2008\/requiem-for-a-dream\">Requiem for a dream<\/a><\/td><td>2008\/04\/16<\/td><td><a href=\"https:\/\/www.jcvignoli.com\/blog\/category\/cinema\" rel=\"category tag\">Cin\u00e9ma<\/a>, <a href=\"https:\/\/www.jcvignoli.com\/blog\/category\/cinema\/critiques-de-cinema\" rel=\"category tag\">Critiques de cin\u00e9ma<\/a><\/td><td><a href=\"https:\/\/www.jcvignoli.com\/blog\/tag\/cinema\" rel=\"tag\">Cin\u00e9ma<\/a>, <a href=\"https:\/\/www.jcvignoli.com\/blog\/tag\/darren-aronofsky\" rel=\"tag\">Darren Aronofsky<\/a>, <a href=\"https:\/\/www.jcvignoli.com\/blog\/tag\/david-lynch\" rel=\"tag\">David Lynch<\/a>, <a href=\"https:\/\/www.jcvignoli.com\/blog\/tag\/requiem-for-a-dream\" rel=\"tag\">Requiem for a dream<\/a><\/td><td>2008-04-16 09:31:43<\/td><\/tr><tr><td><\/td><td><a href=\"https:\/\/www.jcvignoli.com\/blog\/2008\/une-demande-suspecte-a-lambassade-americaine-i-have-a-dream\">Une demande suspecte \u00e0 l&rsquo;ambassade am\u00e9ricaine : I have a dream&#8230;<\/a><\/td><td>2008\/04\/14<\/td><td><a href=\"https:\/\/www.jcvignoli.com\/blog\/category\/activisme\" rel=\"category tag\">Activisme<\/a>, <a href=\"https:\/\/www.jcvignoli.com\/blog\/category\/humour\" rel=\"category tag\">Humour<\/a>, <a href=\"https:\/\/www.jcvignoli.com\/blog\/category\/politique\/usa\" rel=\"category tag\">USA<\/a><\/td><td><a href=\"https:\/\/www.jcvignoli.com\/blog\/tag\/democratie\" rel=\"tag\">d\u00e9mocratie<\/a>, <a href=\"https:\/\/www.jcvignoli.com\/blog\/tag\/election\" rel=\"tag\">\u00e9lection<\/a>, <a href=\"https:\/\/www.jcvignoli.com\/blog\/tag\/etat-nation\" rel=\"tag\">Etat-nation<\/a>, <a href=\"https:\/\/www.jcvignoli.com\/blog\/tag\/etats-unis\" rel=\"tag\">Etats-Unis<\/a>, <a href=\"https:\/\/www.jcvignoli.com\/blog\/tag\/lincoln\" rel=\"tag\">Lincoln<\/a>, <a href=\"https:\/\/www.jcvignoli.com\/blog\/tag\/vote\" rel=\"tag\">vote<\/a><\/td><td>2008-04-14 13:54:23<\/td><\/tr><tr><td><\/td><td><a href=\"https:\/\/www.jcvignoli.com\/blog\/2008\/photos-en-direct-live-7\">Photos en direct live<\/a><\/td><td>2008\/04\/07<\/td><td><a href=\"https:\/\/www.jcvignoli.com\/blog\/category\/moblog\" rel=\"category tag\">Moblog<\/a><\/td><td><\/td><td>2008-04-07 22:00:59<\/td><\/tr><tr><td><img loading=\"lazy\" decoding=\"async\" width=\"150\" height=\"150\" src=\"https:\/\/www.jcvignoli.com\/blog\/wp-content\/uploads\/caricature-mahomet-bombe-150x150.jpg\" class=\"attachment-thumbnail size-thumbnail wp-post-image\" alt=\"caricature de mahomet en bombe\" srcset=\"https:\/\/www.jcvignoli.com\/blog\/wp-content\/uploads\/caricature-mahomet-bombe-150x150.jpg 150w, https:\/\/www.jcvignoli.com\/blog\/wp-content\/uploads\/caricature-mahomet-bombe-308x311.jpg 308w\" sizes=\"auto, (max-width: 150px) 100vw, 150px\" \/><\/td><td><a href=\"https:\/\/www.jcvignoli.com\/blog\/2008\/la-liberte-dexpression-est-absolue-pour-tout-sauf-pour-la-shoa\">La libert\u00e9 d&rsquo;expression est absolue pour tout. Sauf pour&#8230; la Shoa.<\/a><\/td><td>2008\/04\/01<\/td><td><a href=\"https:\/\/www.jcvignoli.com\/blog\/category\/politique\" rel=\"category tag\">Politique<\/a><\/td><td><a href=\"https:\/\/www.jcvignoli.com\/blog\/tag\/ahmadinejad\" rel=\"tag\">Ahmadinejad<\/a>, <a href=\"https:\/\/www.jcvignoli.com\/blog\/tag\/conseil-des-droits-de-lhomme\" rel=\"tag\">Conseil des droits de l'homme<\/a>, <a href=\"https:\/\/www.jcvignoli.com\/blog\/tag\/holocauste\" rel=\"tag\">holocauste<\/a>, <a href=\"https:\/\/www.jcvignoli.com\/blog\/tag\/israel\" rel=\"tag\">isra\u00ebl<\/a>, <a href=\"https:\/\/www.jcvignoli.com\/blog\/tag\/liberte\" rel=\"tag\">libert\u00e9<\/a>, <a href=\"https:\/\/www.jcvignoli.com\/blog\/tag\/multilateralisme\" rel=\"tag\">multilat\u00e9ralisme<\/a>, <a href=\"https:\/\/www.jcvignoli.com\/blog\/tag\/religion\" rel=\"tag\">religion<\/a>, <a href=\"https:\/\/www.jcvignoli.com\/blog\/tag\/wilders\" rel=\"tag\">Wilders<\/a><\/td><td>2008-04-01 00:41:13<\/td><\/tr><tr><td><\/td><td><a href=\"https:\/\/www.jcvignoli.com\/blog\/2008\/il-y-a-147-ans-lhumanite-senregistrait-pour-la-premiere-fois\">Il y a 147 ans, l&rsquo;humanit\u00e9 s&rsquo;enregistrait pour la premi\u00e8re fois<\/a><\/td><td>2008\/03\/31<\/td><td><a href=\"https:\/\/www.jcvignoli.com\/blog\/en\/category\/miscellaneous\" rel=\"category tag\">Miscellaneous<\/a><\/td><td><a href=\"https:\/\/www.jcvignoli.com\/blog\/tag\/phonautographe\" rel=\"tag\">phonautographe<\/a>, <a href=\"https:\/\/www.jcvignoli.com\/blog\/tag\/support-memoriel\" rel=\"tag\">support m\u00e9moriel<\/a><\/td><td>2008-03-31 11:50:08<\/td><\/tr><tr><td><img loading=\"lazy\" decoding=\"async\" width=\"200\" height=\"200\" src=\"https:\/\/www.jcvignoli.com\/blog\/wp-content\/uploads\/Jean-Ziegler-200x200.jpg\" class=\"attachment-thumbnail size-thumbnail wp-post-image\" alt=\"Jean Ziegler le vieux\" srcset=\"https:\/\/www.jcvignoli.com\/blog\/wp-content\/uploads\/Jean-Ziegler-200x200.jpg 200w, https:\/\/www.jcvignoli.com\/blog\/wp-content\/uploads\/Jean-Ziegler-225x225.jpg 225w, https:\/\/www.jcvignoli.com\/blog\/wp-content\/uploads\/Jean-Ziegler-160x160.jpg 160w, https:\/\/www.jcvignoli.com\/blog\/wp-content\/uploads\/Jean-Ziegler-320x320.jpg 320w, https:\/\/www.jcvignoli.com\/blog\/wp-content\/uploads\/Jean-Ziegler.jpg 554w\" sizes=\"auto, (max-width: 200px) 100vw, 200px\" \/><\/td><td><a href=\"https:\/\/www.jcvignoli.com\/blog\/2008\/comment-jean-ziegler-se-fit-elire-au-conseil-des-droits-de-lhomme\">Comment Jean Ziegler se fit \u00e9lire au Conseil des droits de l&rsquo;homme<\/a><\/td><td>2008\/03\/28<\/td><td><a href=\"https:\/\/www.jcvignoli.com\/blog\/category\/politique\/droits-humains\" rel=\"category tag\">Droits humains<\/a>, <a href=\"https:\/\/www.jcvignoli.com\/blog\/category\/politique\/onu\" rel=\"category tag\">ONU<\/a>, <a href=\"https:\/\/www.jcvignoli.com\/blog\/category\/politique\" rel=\"category tag\">Politique<\/a><\/td><td><a href=\"https:\/\/www.jcvignoli.com\/blog\/tag\/agricarburant\" rel=\"tag\">agricarburant<\/a>, <a href=\"https:\/\/www.jcvignoli.com\/blog\/tag\/conseil-des-droits-de-lhomme\" rel=\"tag\">Conseil des droits de l'homme<\/a>, <a href=\"https:\/\/www.jcvignoli.com\/blog\/tag\/imposteur\" rel=\"tag\">imposteur<\/a>, <a href=\"https:\/\/www.jcvignoli.com\/blog\/tag\/jean-ziegler\" rel=\"tag\">Jean Ziegler<\/a>, <a href=\"https:\/\/www.jcvignoli.com\/blog\/tag\/onu\" rel=\"tag\">ONU<\/a><\/td><td>2008-03-28 08:51:26<\/td><\/tr><tr><td><\/td><td><a href=\"https:\/\/www.jcvignoli.com\/blog\/2008\/jo-chinois-medaille-dor-de-repression-et-censure\">J.O. chinois : m\u00e9daille d&rsquo;or de r\u00e9pression, lot de consolation pour la censure<\/a><\/td><td>2008\/03\/27<\/td><td><a href=\"https:\/\/www.jcvignoli.com\/blog\/category\/politique\/droits-humains\" rel=\"category tag\">Droits humains<\/a>, <a href=\"https:\/\/www.jcvignoli.com\/blog\/category\/politique\" rel=\"category tag\">Politique<\/a><\/td><td><a href=\"https:\/\/www.jcvignoli.com\/blog\/tag\/chine\" rel=\"tag\">Chine<\/a>, <a href=\"https:\/\/www.jcvignoli.com\/blog\/tag\/droit-homme\" rel=\"tag\">droits de l'homme<\/a>, <a href=\"https:\/\/www.jcvignoli.com\/blog\/tag\/jeux-olympiques\" rel=\"tag\">jeux olympiques<\/a><\/td><td>2008-03-27 13:56:21<\/td><\/tr><tr><td><\/td><td><a href=\"https:\/\/www.jcvignoli.com\/blog\/2008\/nos-pires-peurs-deviennent-realite\">Nos pires peurs deviennent r\u00e9alit\u00e9<\/a><\/td><td>2008\/03\/23<\/td><td><a href=\"https:\/\/www.jcvignoli.com\/blog\/category\/politique\/droits-humains\" rel=\"category tag\">Droits humains<\/a>, <a href=\"https:\/\/www.jcvignoli.com\/blog\/category\/politique\" rel=\"category tag\">Politique<\/a><\/td><td><a href=\"https:\/\/www.jcvignoli.com\/blog\/tag\/extremisme\" rel=\"tag\">extr\u00e9misme<\/a>, <a href=\"https:\/\/www.jcvignoli.com\/blog\/tag\/oksana-chelysheva\" rel=\"tag\">Oksana Chelysheva<\/a>, <a href=\"https:\/\/www.jcvignoli.com\/blog\/tag\/russie\" rel=\"tag\">Russie<\/a>, <a href=\"https:\/\/www.jcvignoli.com\/blog\/tag\/tchetchenie\" rel=\"tag\">tch\u00e9tch\u00e9nie<\/a>, <a href=\"https:\/\/www.jcvignoli.com\/blog\/tag\/vladimir-poutine\" rel=\"tag\">Vladimir Poutine<\/a><\/td><td>2008-03-23 01:57:24<\/td><\/tr><tr><td><\/td><td><a href=\"https:\/\/www.jcvignoli.com\/blog\/2008\/on-prend-les-memes-et-on-recommence\">On prend les m\u00eames et on recommence<\/a><\/td><td>2008\/03\/19<\/td><td><a href=\"https:\/\/www.jcvignoli.com\/blog\/category\/politique\" rel=\"category tag\">Politique<\/a>, <a href=\"https:\/\/www.jcvignoli.com\/blog\/category\/politique\/usa\" rel=\"category tag\">USA<\/a><\/td><td><a href=\"https:\/\/www.jcvignoli.com\/blog\/tag\/al-quaeda\" rel=\"tag\">Al Quaeda<\/a>, <a href=\"https:\/\/www.jcvignoli.com\/blog\/tag\/barack-obama\" rel=\"tag\">Barack Obama<\/a>, <a href=\"https:\/\/www.jcvignoli.com\/blog\/tag\/george-w-bush\" rel=\"tag\">George W. Bush<\/a>, <a href=\"https:\/\/www.jcvignoli.com\/blog\/tag\/john-mccain\" rel=\"tag\">John McCain<\/a><\/td><td>2008-03-19 11:02:33<\/td><\/tr><tr><td><img loading=\"lazy\" decoding=\"async\" width=\"200\" height=\"200\" src=\"https:\/\/www.jcvignoli.com\/blog\/wp-content\/uploads\/Jorn-RIEL-Le-chant-pour-celui-qui-desire-vivre-200x200.jpg\" class=\"attachment-thumbnail size-thumbnail wp-post-image\" alt=\"Le chant pour celui qui desire vivre de Jorn Riel\" \/><\/td><td><a href=\"https:\/\/www.jcvignoli.com\/blog\/2008\/le-chant-pour-celui-qui-desire-vivre\">Le chant pour celui qui d\u00e9sire vivre<\/a><\/td><td>2008\/03\/18<\/td><td><a href=\"https:\/\/www.jcvignoli.com\/blog\/category\/livres\" rel=\"category tag\">Presse\/livres<\/a><\/td><td><a href=\"https:\/\/www.jcvignoli.com\/blog\/tag\/arluk\" rel=\"tag\">arluk<\/a>, <a href=\"https:\/\/www.jcvignoli.com\/blog\/tag\/autochtones\" rel=\"tag\">autochtones<\/a>, <a href=\"https:\/\/www.jcvignoli.com\/blog\/tag\/heq\" rel=\"tag\">heq<\/a>, <a href=\"https:\/\/www.jcvignoli.com\/blog\/tag\/inuit\" rel=\"tag\">inuit<\/a>, <a href=\"https:\/\/www.jcvignoli.com\/blog\/tag\/jorn-riel\" rel=\"tag\">jorn riel<\/a>, <a href=\"https:\/\/www.jcvignoli.com\/blog\/tag\/liberte\" rel=\"tag\">libert\u00e9<\/a>, <a href=\"https:\/\/www.jcvignoli.com\/blog\/tag\/litterature\" rel=\"tag\">litt\u00e9rature<\/a>, <a href=\"https:\/\/www.jcvignoli.com\/blog\/tag\/modernite\" rel=\"tag\">modernit\u00e9<\/a>, <a href=\"https:\/\/www.jcvignoli.com\/blog\/tag\/mort\" rel=\"tag\">mort<\/a>, <a href=\"https:\/\/www.jcvignoli.com\/blog\/tag\/mystere\" rel=\"tag\">myst\u00e8re<\/a>, <a href=\"https:\/\/www.jcvignoli.com\/blog\/tag\/sore\" rel=\"tag\">sor\u00e9<\/a><\/td><td>2008-03-18 00:57:01<\/td><\/tr><tr><td><img loading=\"lazy\" decoding=\"async\" width=\"150\" height=\"150\" src=\"https:\/\/www.jcvignoli.com\/blog\/wp-content\/uploads\/vall-militaire-150x150.jpg\" class=\"attachment-thumbnail size-thumbnail wp-post-image\" alt=\"vall en militaire\" \/><\/td><td><a href=\"https:\/\/www.jcvignoli.com\/blog\/2008\/mauritanie-le-coup-detat-democratique\">Mauritanie: Le coup d&rsquo;Etat d\u00e9mocratique<\/a><\/td><td>2008\/03\/17<\/td><td><a href=\"https:\/\/www.jcvignoli.com\/blog\/category\/articles\" rel=\"category tag\">Articles<\/a>, <a href=\"https:\/\/www.jcvignoli.com\/blog\/category\/politique\/droits-humains\" rel=\"category tag\">Droits humains<\/a>, <a href=\"https:\/\/www.jcvignoli.com\/blog\/category\/politique\" rel=\"category tag\">Politique<\/a><\/td><td><a href=\"https:\/\/www.jcvignoli.com\/blog\/tag\/coup-detat\" rel=\"tag\">coup d'\u00e9tat<\/a>, <a href=\"https:\/\/www.jcvignoli.com\/blog\/tag\/democratie\" rel=\"tag\">d\u00e9mocratie<\/a>, <a href=\"https:\/\/www.jcvignoli.com\/blog\/tag\/droit-international\" rel=\"tag\">droit international<\/a>, <a href=\"https:\/\/www.jcvignoli.com\/blog\/tag\/ely-ould-mohamed-vall\" rel=\"tag\">Ely Ould Mohamed Vall<\/a>, <a href=\"https:\/\/www.jcvignoli.com\/blog\/tag\/fifdh\" rel=\"tag\">fifdh<\/a>, <a href=\"https:\/\/www.jcvignoli.com\/blog\/tag\/mauritanie\" rel=\"tag\">mauritanie<\/a>, <a href=\"https:\/\/www.jcvignoli.com\/blog\/tag\/robert-menard\" rel=\"tag\">Robert M\u00e9nard<\/a><\/td><td>2008-03-17 00:59:21<\/td><\/tr><tr><td><img loading=\"lazy\" decoding=\"async\" width=\"200\" height=\"200\" src=\"https:\/\/www.jcvignoli.com\/blog\/wp-content\/uploads\/putin-medvedev-200x200.jpg\" class=\"attachment-thumbnail size-thumbnail wp-post-image\" alt=\"\" srcset=\"https:\/\/www.jcvignoli.com\/blog\/wp-content\/uploads\/putin-medvedev-200x200.jpg 200w, https:\/\/www.jcvignoli.com\/blog\/wp-content\/uploads\/putin-medvedev-600x600.jpg 600w\" sizes=\"auto, (max-width: 200px) 100vw, 200px\" \/><\/td><td><a href=\"https:\/\/www.jcvignoli.com\/blog\/2008\/si-les-russes-veulent-lautocratie-quils-laient-entre-stereotypes-et-realites\">Si les Russes veulent l&rsquo;autocratie, qu&rsquo;ils l&rsquo;aient &#8211; entre st\u00e9r\u00e9otypes et r\u00e9alit\u00e9s<\/a><\/td><td>2008\/03\/16<\/td><td><a href=\"https:\/\/www.jcvignoli.com\/blog\/category\/articles\" rel=\"category tag\">Articles<\/a>, <a href=\"https:\/\/www.jcvignoli.com\/blog\/category\/cinema\" rel=\"category tag\">Cin\u00e9ma<\/a>, <a href=\"https:\/\/www.jcvignoli.com\/blog\/category\/politique\/droits-humains\" rel=\"category tag\">Droits humains<\/a>, <a href=\"https:\/\/www.jcvignoli.com\/blog\/category\/articles\/ecrits-publies\" rel=\"category tag\">Ecrits publi\u00e9s<\/a>, <a href=\"https:\/\/www.jcvignoli.com\/blog\/category\/articles\/interview\" rel=\"category tag\">Interview<\/a>, <a href=\"https:\/\/www.jcvignoli.com\/blog\/category\/politique\" rel=\"category tag\">Politique<\/a><\/td><td><a href=\"https:\/\/www.jcvignoli.com\/blog\/tag\/dmitri-medvedev\" rel=\"tag\">Dmitri Medvedev<\/a>, <a href=\"https:\/\/www.jcvignoli.com\/blog\/tag\/dmitri-orechkine\" rel=\"tag\">Dmitri Orechkine<\/a>, <a href=\"https:\/\/www.jcvignoli.com\/blog\/tag\/droit-homme\" rel=\"tag\">droits de l'homme<\/a>, <a href=\"https:\/\/www.jcvignoli.com\/blog\/tag\/fifdh\" rel=\"tag\">fifdh<\/a>, <a href=\"https:\/\/www.jcvignoli.com\/blog\/tag\/georges-nivat\" rel=\"tag\">Georges Nivat<\/a>, <a href=\"https:\/\/www.jcvignoli.com\/blog\/tag\/liberte\" rel=\"tag\">libert\u00e9<\/a>, <a href=\"https:\/\/www.jcvignoli.com\/blog\/tag\/oksana-chelysheva\" rel=\"tag\">Oksana Chelysheva<\/a>, <a href=\"https:\/\/www.jcvignoli.com\/blog\/tag\/russie\" rel=\"tag\">Russie<\/a>, <a href=\"https:\/\/www.jcvignoli.com\/blog\/tag\/tchetchenie\" rel=\"tag\">tch\u00e9tch\u00e9nie<\/a>, <a href=\"https:\/\/www.jcvignoli.com\/blog\/tag\/terrorisme\" rel=\"tag\">terrorisme<\/a>, <a href=\"https:\/\/www.jcvignoli.com\/blog\/tag\/vladimir-poutine\" rel=\"tag\">Vladimir Poutine<\/a><\/td><td>2008-03-16 00:39:26<\/td><\/tr><tr><td><\/td><td><a href=\"https:\/\/www.jcvignoli.com\/blog\/2008\/la-chine-tombe-dans-le-piege-des-droits-de-lhomme\">La Chine tombe dans le pi\u00e8ge des droits de l&rsquo;homme<\/a><\/td><td>2008\/03\/13<\/td><td><a href=\"https:\/\/www.jcvignoli.com\/blog\/category\/politique\/droits-humains\" rel=\"category tag\">Droits humains<\/a>, <a href=\"https:\/\/www.jcvignoli.com\/blog\/category\/politique\" rel=\"category tag\">Politique<\/a>, <a href=\"https:\/\/www.jcvignoli.com\/blog\/category\/politique\/usa\" rel=\"category tag\">USA<\/a><\/td><td><a href=\"https:\/\/www.jcvignoli.com\/blog\/tag\/beijing\" rel=\"tag\">Beijing<\/a>, <a href=\"https:\/\/www.jcvignoli.com\/blog\/tag\/chine\" rel=\"tag\">Chine<\/a>, <a href=\"https:\/\/www.jcvignoli.com\/blog\/tag\/droit-homme\" rel=\"tag\">droits de l'homme<\/a>, <a href=\"https:\/\/www.jcvignoli.com\/blog\/tag\/etats-unis\" rel=\"tag\">Etats-Unis<\/a><\/td><td>2008-03-13 11:32:01<\/td><\/tr><tr><td><\/td><td><a href=\"https:\/\/www.jcvignoli.com\/blog\/2008\/le-chasseur-de-dictateur-the-dictator-hunter\">Le chasseur de dictateur &#8211; the dictator hunter<\/a><\/td><td>2008\/03\/10<\/td><td><a href=\"https:\/\/www.jcvignoli.com\/blog\/category\/activisme\" rel=\"category tag\">Activisme<\/a>, <a href=\"https:\/\/www.jcvignoli.com\/blog\/category\/articles\" rel=\"category tag\">Articles<\/a>, <a href=\"https:\/\/www.jcvignoli.com\/blog\/category\/cinema\" rel=\"category tag\">Cin\u00e9ma<\/a>, <a href=\"https:\/\/www.jcvignoli.com\/blog\/category\/politique\/droits-humains\" rel=\"category tag\">Droits humains<\/a>, <a href=\"https:\/\/www.jcvignoli.com\/blog\/category\/politique\" rel=\"category tag\">Politique<\/a><\/td><td><a href=\"https:\/\/www.jcvignoli.com\/blog\/tag\/cpi\" rel=\"tag\">CPI<\/a>, <a href=\"https:\/\/www.jcvignoli.com\/blog\/tag\/dictateur\" rel=\"tag\">dictateur<\/a>, <a href=\"https:\/\/www.jcvignoli.com\/blog\/tag\/fifdh\" rel=\"tag\">fifdh<\/a>, <a href=\"https:\/\/www.jcvignoli.com\/blog\/tag\/guerre\" rel=\"tag\">guerre<\/a>, <a href=\"https:\/\/www.jcvignoli.com\/blog\/tag\/reed-brody\" rel=\"tag\">Reed Brody<\/a>, <a href=\"https:\/\/www.jcvignoli.com\/blog\/tag\/tchad\" rel=\"tag\">Tchad<\/a>, <a href=\"https:\/\/www.jcvignoli.com\/blog\/tag\/tito-okello\" rel=\"tag\">Tito Okello<\/a>, <a href=\"https:\/\/www.jcvignoli.com\/blog\/tag\/uganda\" rel=\"tag\">Uganda<\/a><\/td><td>2008-03-10 04:00:03<\/td><\/tr><tr><td><\/td><td><a href=\"https:\/\/www.jcvignoli.com\/blog\/2008\/la-montee-du-populisme-en-europe-la-gauche-sautocongratule\">La mont\u00e9e du populisme en Europe : la gauche s&rsquo;autocongratule<\/a><\/td><td>2008\/03\/08<\/td><td><a href=\"https:\/\/www.jcvignoli.com\/blog\/category\/articles\" rel=\"category tag\">Articles<\/a>, <a href=\"https:\/\/www.jcvignoli.com\/blog\/category\/cinema\" rel=\"category tag\">Cin\u00e9ma<\/a>, <a href=\"https:\/\/www.jcvignoli.com\/blog\/category\/politique\/droits-humains\" rel=\"category tag\">Droits humains<\/a>, <a href=\"https:\/\/www.jcvignoli.com\/blog\/category\/politique\" rel=\"category tag\">Politique<\/a><\/td><td><a href=\"https:\/\/www.jcvignoli.com\/blog\/tag\/carmen-castillo\" rel=\"tag\">Carmen Castillo<\/a>, <a href=\"https:\/\/www.jcvignoli.com\/blog\/tag\/droit-homme\" rel=\"tag\">droits de l'homme<\/a>, <a href=\"https:\/\/www.jcvignoli.com\/blog\/tag\/fifdh\" rel=\"tag\">fifdh<\/a>, <a href=\"https:\/\/www.jcvignoli.com\/blog\/tag\/gauchisme\" rel=\"tag\">gauchisme<\/a>, <a href=\"https:\/\/www.jcvignoli.com\/blog\/tag\/jean-ziegler\" rel=\"tag\">Jean Ziegler<\/a>, <a href=\"https:\/\/www.jcvignoli.com\/blog\/tag\/jean-pierre-krief\" rel=\"tag\">Jean-Pierre Krief<\/a>, <a href=\"https:\/\/www.jcvignoli.com\/blog\/tag\/oskana-chelysheva\" rel=\"tag\">Oskana Chelysheva<\/a>, <a href=\"https:\/\/www.jcvignoli.com\/blog\/tag\/philippe-vial\" rel=\"tag\">Philippe Vial<\/a><\/td><td>2008-03-08 05:45:02<\/td><\/tr><tr><td><\/td><td><a href=\"https:\/\/www.jcvignoli.com\/blog\/2008\/gary-gigax-a-echoue-dans-son-lance-de-d20-pour-la-derniere-fois\">Gary Gygax a \u00e9chou\u00e9 dans son lanc\u00e9 de d20 pour la derni\u00e8re fois<\/a><\/td><td>2008\/03\/05<\/td><td><a href=\"https:\/\/www.jcvignoli.com\/blog\/category\/livres\" rel=\"category tag\">Presse\/livres<\/a><\/td><td><a href=\"https:\/\/www.jcvignoli.com\/blog\/tag\/appel-de-cthulhu\" rel=\"tag\">appel de cthulhu<\/a>, <a href=\"https:\/\/www.jcvignoli.com\/blog\/tag\/des-a-20-faces\" rel=\"tag\">d\u00e9s \u00e0 20 faces<\/a>, <a href=\"https:\/\/www.jcvignoli.com\/blog\/tag\/donjons-et-dragons\" rel=\"tag\">donjons et dragons<\/a>, <a href=\"https:\/\/www.jcvignoli.com\/blog\/tag\/gary-gygax\" rel=\"tag\">Gary Gygax<\/a>, <a href=\"https:\/\/www.jcvignoli.com\/blog\/tag\/livres-dont-vous-etes-le-heros\" rel=\"tag\">Livres dont vous \u00eates le h\u00e9ros<\/a>, <a href=\"https:\/\/www.jcvignoli.com\/blog\/tag\/science-fiction\" rel=\"tag\">science fiction<\/a><\/td><td>2008-03-05 02:55:16<\/td><\/tr><tr><td><\/td><td><a href=\"https:\/\/www.jcvignoli.com\/blog\/2008\/obama-et-la-continuite-de-la-politique-us-revolution-programmee\">Obama et la continuit\u00e9 de la politique US; r\u00e9volution programm\u00e9e ?<\/a><\/td><td>2008\/02\/25<\/td><td><a href=\"https:\/\/www.jcvignoli.com\/blog\/category\/politique\" rel=\"category tag\">Politique<\/a>, <a href=\"https:\/\/www.jcvignoli.com\/blog\/category\/politique\/usa\" rel=\"category tag\">USA<\/a><\/td><td><a href=\"https:\/\/www.jcvignoli.com\/blog\/tag\/barack-obama\" rel=\"tag\">Barack Obama<\/a>, <a href=\"https:\/\/www.jcvignoli.com\/blog\/tag\/bush\" rel=\"tag\">Bush<\/a>, <a href=\"https:\/\/www.jcvignoli.com\/blog\/tag\/democratie\" rel=\"tag\">d\u00e9mocratie<\/a>, <a href=\"https:\/\/www.jcvignoli.com\/blog\/tag\/elections\" rel=\"tag\">\u00e9lections<\/a>, <a href=\"https:\/\/www.jcvignoli.com\/blog\/tag\/etats-unis\" rel=\"tag\">Etats-Unis<\/a>, <a href=\"https:\/\/www.jcvignoli.com\/blog\/tag\/john-howard\" rel=\"tag\">John Howard<\/a>, <a href=\"https:\/\/www.jcvignoli.com\/blog\/tag\/kevin-rudd\" rel=\"tag\">Kevin Rudd<\/a>, <a href=\"https:\/\/www.jcvignoli.com\/blog\/tag\/kyoto\" rel=\"tag\">kyoto<\/a>, <a href=\"https:\/\/www.jcvignoli.com\/blog\/tag\/usa\" rel=\"tag\">USA<\/a><\/td><td>2008-02-25 14:18:10<\/td><\/tr><tr><td><img loading=\"lazy\" decoding=\"async\" width=\"200\" height=\"200\" src=\"https:\/\/www.jcvignoli.com\/blog\/wp-content\/uploads\/rear-window-200x200.jpg\" class=\"attachment-thumbnail size-thumbnail wp-post-image\" alt=\"\" \/><\/td><td><a href=\"https:\/\/www.jcvignoli.com\/blog\/2008\/rear-window\">Rear window<\/a><\/td><td>2008\/02\/25<\/td><td><a href=\"https:\/\/www.jcvignoli.com\/blog\/category\/cinema\/critiques-de-cinema\" rel=\"category tag\">Critiques de cin\u00e9ma<\/a><\/td><td><a href=\"https:\/\/www.jcvignoli.com\/blog\/tag\/hitchcock\" rel=\"tag\">hitchcock<\/a>, <a href=\"https:\/\/www.jcvignoli.com\/blog\/tag\/real-tv\" rel=\"tag\">real tv<\/a>, <a href=\"https:\/\/www.jcvignoli.com\/blog\/tag\/rear-window\" rel=\"tag\">rear window<\/a>, <a href=\"https:\/\/www.jcvignoli.com\/blog\/tag\/voyeurisme\" rel=\"tag\">voyeurisme<\/a><\/td><td>2008-02-25 03:51:38<\/td><\/tr><tr><td><\/td><td><a href=\"https:\/\/www.jcvignoli.com\/blog\/2008\/le-monde-selon-monsanto\">Le monde selon Monsanto<\/a><\/td><td>2008\/02\/20<\/td><td><a href=\"https:\/\/www.jcvignoli.com\/blog\/category\/politique\/ecologie\" rel=\"category tag\">Ecologie<\/a>, <a href=\"https:\/\/www.jcvignoli.com\/blog\/category\/politique\" rel=\"category tag\">Politique<\/a>, <a href=\"https:\/\/www.jcvignoli.com\/blog\/category\/livres\" rel=\"category tag\">Presse\/livres<\/a><\/td><td><a href=\"https:\/\/www.jcvignoli.com\/blog\/tag\/arte\" rel=\"tag\">arte<\/a>, <a href=\"https:\/\/www.jcvignoli.com\/blog\/tag\/documentaire\" rel=\"tag\">documentaire<\/a>, <a href=\"https:\/\/www.jcvignoli.com\/blog\/tag\/marie-monique-robin\" rel=\"tag\">Marie-Monique Robin<\/a>, <a href=\"https:\/\/www.jcvignoli.com\/blog\/tag\/monsanto\" rel=\"tag\">Monsanto<\/a>, <a href=\"https:\/\/www.jcvignoli.com\/blog\/tag\/ogm\" rel=\"tag\">OGM<\/a>, <a href=\"https:\/\/www.jcvignoli.com\/blog\/tag\/tsr\" rel=\"tag\">tsr<\/a><\/td><td>2008-02-20 16:42:10<\/td><\/tr><tr><td><img loading=\"lazy\" decoding=\"async\" width=\"200\" height=\"200\" src=\"https:\/\/www.jcvignoli.com\/blog\/wp-content\/uploads\/john-mccain-thumb-up-200x200.jpg\" class=\"attachment-thumbnail size-thumbnail wp-post-image\" alt=\"john mccain pouce vers le haut\" srcset=\"https:\/\/www.jcvignoli.com\/blog\/wp-content\/uploads\/john-mccain-thumb-up-200x200.jpg 200w, https:\/\/www.jcvignoli.com\/blog\/wp-content\/uploads\/john-mccain-thumb-up-160x160.jpg 160w, https:\/\/www.jcvignoli.com\/blog\/wp-content\/uploads\/john-mccain-thumb-up-320x320.jpg 320w\" sizes=\"auto, (max-width: 200px) 100vw, 200px\" \/><\/td><td><a href=\"https:\/\/www.jcvignoli.com\/blog\/2008\/john-mccain-the-international-relations-expert\">John McCain, the international relations expert<\/a><\/td><td>2008\/02\/07<\/td><td><a href=\"https:\/\/www.jcvignoli.com\/blog\/category\/politique\" rel=\"category tag\">Politique<\/a>, <a href=\"https:\/\/www.jcvignoli.com\/blog\/category\/politique\/usa\" rel=\"category tag\">USA<\/a><\/td><td><a href=\"https:\/\/www.jcvignoli.com\/blog\/tag\/elections-presidentielles\" rel=\"tag\">\u00e9lections pr\u00e9sidentielles<\/a>, <a href=\"https:\/\/www.jcvignoli.com\/blog\/tag\/etats-unis\" rel=\"tag\">Etats-Unis<\/a>, <a href=\"https:\/\/www.jcvignoli.com\/blog\/tag\/iran\" rel=\"tag\">Iran<\/a>, <a href=\"https:\/\/www.jcvignoli.com\/blog\/tag\/john-mccain\" rel=\"tag\">John McCain<\/a><\/td><td>2008-02-07 13:41:12<\/td><\/tr><tr><td><\/td><td><a href=\"https:\/\/www.jcvignoli.com\/blog\/2008\/petite-graine\">Petite graine<\/a><\/td><td>2008\/02\/02<\/td><td><a href=\"https:\/\/www.jcvignoli.com\/blog\/en\/category\/miscellaneous\" rel=\"category tag\">Miscellaneous<\/a><\/td><td><a href=\"https:\/\/www.jcvignoli.com\/blog\/tag\/la-graine-mysterieuse\" rel=\"tag\">la graine myst\u00e9rieuse<\/a><\/td><td>2008-02-02 09:33:29<\/td><\/tr><tr><td><\/td><td><a href=\"https:\/\/www.jcvignoli.com\/blog\/2008\/ode-en-do-mineur-sans-casque-de-travailleur\">ode en do mineur, sans casque de travailleur<\/a><\/td><td>2008\/01\/31<\/td><td><a href=\"https:\/\/www.jcvignoli.com\/blog\/category\/humour\" rel=\"category tag\">Humour<\/a><\/td><td><a href=\"https:\/\/www.jcvignoli.com\/blog\/tag\/fonctionnaire\" rel=\"tag\">fonctionnaire<\/a><\/td><td>2008-01-31 02:01:58<\/td><\/tr><tr><td><img loading=\"lazy\" decoding=\"async\" width=\"200\" height=\"200\" src=\"https:\/\/www.jcvignoli.com\/blog\/wp-content\/uploads\/rich-and-strange-200x200.jpg\" class=\"attachment-thumbnail size-thumbnail wp-post-image\" alt=\"Movie Rich and Strange directed by Alfred Hitchcock\" \/><\/td><td><a href=\"https:\/\/www.jcvignoli.com\/blog\/2008\/rich-and-strange\">Rich and strange<\/a><\/td><td>2008\/01\/30<\/td><td><a href=\"https:\/\/www.jcvignoli.com\/blog\/category\/cinema\/critiques-de-cinema\" rel=\"category tag\">Critiques de cin\u00e9ma<\/a><\/td><td><a href=\"https:\/\/www.jcvignoli.com\/blog\/tag\/cinema\" rel=\"tag\">Cin\u00e9ma<\/a>, <a href=\"https:\/\/www.jcvignoli.com\/blog\/tag\/hitchcock\" rel=\"tag\">hitchcock<\/a>, <a href=\"https:\/\/www.jcvignoli.com\/blog\/tag\/jacques-tati\" rel=\"tag\">jacques tati<\/a>, <a href=\"https:\/\/www.jcvignoli.com\/blog\/tag\/rich-and-strange\" rel=\"tag\">rich and strange<\/a><\/td><td>2008-01-30 16:08:34<\/td><\/tr><tr><td><img loading=\"lazy\" decoding=\"async\" width=\"200\" height=\"200\" src=\"https:\/\/www.jcvignoli.com\/blog\/wp-content\/uploads\/spellbound-200x200.jpg\" class=\"attachment-thumbnail size-thumbnail wp-post-image\" alt=\"Image du film Spellbound d&#039;Alfred Hitchkock\" \/><\/td><td><a href=\"https:\/\/www.jcvignoli.com\/blog\/2008\/spellbound\">Spellbound<\/a><\/td><td>2008\/01\/30<\/td><td><a href=\"https:\/\/www.jcvignoli.com\/blog\/category\/cinema\/critiques-de-cinema\" rel=\"category tag\">Critiques de cin\u00e9ma<\/a><\/td><td><a href=\"https:\/\/www.jcvignoli.com\/blog\/tag\/cinema\" rel=\"tag\">Cin\u00e9ma<\/a>, <a href=\"https:\/\/www.jcvignoli.com\/blog\/tag\/folie\" rel=\"tag\">folie<\/a>, <a href=\"https:\/\/www.jcvignoli.com\/blog\/tag\/hitchcock\" rel=\"tag\">hitchcock<\/a>, <a href=\"https:\/\/www.jcvignoli.com\/blog\/tag\/psychiatrie\" rel=\"tag\">psychiatrie<\/a><\/td><td>2008-01-30 16:07:26<\/td><\/tr><tr><td><img loading=\"lazy\" decoding=\"async\" width=\"200\" height=\"109\" src=\"https:\/\/www.jcvignoli.com\/blog\/wp-content\/uploads\/law_order.gif\" class=\"attachment-thumbnail size-thumbnail wp-post-image\" alt=\"Christoph blocher raus du conseil f\u00e9d\u00e9ral\" \/><\/td><td><a href=\"https:\/\/www.jcvignoli.com\/blog\/2007\/rappels-elementaires-sur-les-institutions-democratiques-la-democratie-en-suisse-cest-aussi-le-parlement\">Rappels \u00e9l\u00e9mentaires sur les institutions d\u00e9mocratiques &#8211; la d\u00e9mocratie en Suisse, c&rsquo;est aussi le parlement<\/a><\/td><td>2007\/12\/13<\/td><td><a href=\"https:\/\/www.jcvignoli.com\/blog\/category\/politique\" rel=\"category tag\">Politique<\/a>, <a href=\"https:\/\/www.jcvignoli.com\/blog\/category\/politique\/suisse\" rel=\"category tag\">Suisse<\/a><\/td><td><a href=\"https:\/\/www.jcvignoli.com\/blog\/tag\/christoph_blocher\" rel=\"tag\">christoph blocher<\/a>, <a href=\"https:\/\/www.jcvignoli.com\/blog\/tag\/democratie\" rel=\"tag\">d\u00e9mocratie<\/a>, <a href=\"https:\/\/www.jcvignoli.com\/blog\/tag\/eveline-wider-schlumpf\" rel=\"tag\">Eveline Wider-Schlumpf<\/a>, <a href=\"https:\/\/www.jcvignoli.com\/blog\/tag\/parlement\" rel=\"tag\">parlement<\/a>, <a href=\"https:\/\/www.jcvignoli.com\/blog\/tag\/representation\" rel=\"tag\">repr\u00e9sentation<\/a>, <a href=\"https:\/\/www.jcvignoli.com\/blog\/tag\/udc\" rel=\"tag\">udc<\/a><\/td><td>2007-12-13 19:51:20<\/td><\/tr><tr><td><\/td><td><a href=\"https:\/\/www.jcvignoli.com\/blog\/2007\/changement-dans-le-temple-du-conservatisme\">Changement dans le temple du conservatisme<\/a><\/td><td>2007\/12\/12<\/td><td><a href=\"https:\/\/www.jcvignoli.com\/blog\/category\/politique\" rel=\"category tag\">Politique<\/a>, <a href=\"https:\/\/www.jcvignoli.com\/blog\/category\/politique\/suisse\" rel=\"category tag\">Suisse<\/a><\/td><td><a href=\"https:\/\/www.jcvignoli.com\/blog\/tag\/christoph_blocher\" rel=\"tag\">christoph blocher<\/a>, <a href=\"https:\/\/www.jcvignoli.com\/blog\/tag\/elections\" rel=\"tag\">\u00e9lections<\/a><\/td><td>2007-12-12 16:18:05<\/td><\/tr><tr><td><img loading=\"lazy\" decoding=\"async\" width=\"150\" height=\"150\" src=\"https:\/\/www.jcvignoli.com\/blog\/wp-content\/uploads\/martinez-jacques-150x150.jpg\" class=\"attachment-thumbnail size-thumbnail wp-post-image\" alt=\"Conf\u00e9rence Joaquin Jose Martinez Jacques\" \/><\/td><td><a href=\"https:\/\/www.jcvignoli.com\/blog\/2007\/joaquin-jose-martinez-un-temoignage-essentiel-sur-la-realite-des-couloirs-de-la-mort-aux-usa\">Joaqu\u00ed\u00adn Jos\u00e9 Mart\u00ednez, un t\u00e9moignage essentiel sur la r\u00e9alit\u00e9 des couloirs de la mort aux USA<\/a><\/td><td>2007\/12\/01<\/td><td><a href=\"https:\/\/www.jcvignoli.com\/blog\/category\/activisme\" rel=\"category tag\">Activisme<\/a>, <a href=\"https:\/\/www.jcvignoli.com\/blog\/category\/articles\" rel=\"category tag\">Articles<\/a>, <a href=\"https:\/\/www.jcvignoli.com\/blog\/category\/politique\/droits-humains\" rel=\"category tag\">Droits humains<\/a>, <a href=\"https:\/\/www.jcvignoli.com\/blog\/category\/articles\/interview\" rel=\"category tag\">Interview<\/a>, <a href=\"https:\/\/www.jcvignoli.com\/blog\/category\/politique\" rel=\"category tag\">Politique<\/a><\/td><td><a href=\"https:\/\/www.jcvignoli.com\/blog\/tag\/droits-humains\" rel=\"tag\">droits humains<\/a>, <a href=\"https:\/\/www.jcvignoli.com\/blog\/tag\/etats-unis\" rel=\"tag\">Etats-Unis<\/a>, <a href=\"https:\/\/www.jcvignoli.com\/blog\/tag\/geneve\" rel=\"tag\">Gen\u00e8ve<\/a>, <a href=\"https:\/\/www.jcvignoli.com\/blog\/tag\/joaquin-jose-martinez\" rel=\"tag\">Joaquin Jose Martinez<\/a>, <a href=\"https:\/\/www.jcvignoli.com\/blog\/tag\/peine-de-mort\" rel=\"tag\">peine de mort<\/a><\/td><td>2007-12-01 14:32:39<\/td><\/tr><tr><td><\/td><td><a href=\"https:\/\/www.jcvignoli.com\/blog\/2007\/le-nucleaire-cest-de-la-bombe\">Le nucl\u00e9aire, c&rsquo;est de la bombe !<\/a><\/td><td>2007\/11\/27<\/td><td><a href=\"https:\/\/www.jcvignoli.com\/blog\/category\/humour\" rel=\"category tag\">Humour<\/a>, <a href=\"https:\/\/www.jcvignoli.com\/blog\/category\/politique\" rel=\"category tag\">Politique<\/a><\/td><td><a href=\"https:\/\/www.jcvignoli.com\/blog\/tag\/greenpeace\" rel=\"tag\">greenpeace<\/a>, <a href=\"https:\/\/www.jcvignoli.com\/blog\/tag\/manifestation\" rel=\"tag\">manifestation<\/a><\/td><td>2007-11-27 20:42:24<\/td><\/tr><tr><td><\/td><td><a href=\"https:\/\/www.jcvignoli.com\/blog\/2007\/30-novembre-a-geneve-villes-unies-contre-la-peine-de-mort-une-action-commune-mondiale\">30 novembre \u00e0 Gen\u00e8ve : Villes unies contre la peine de mort, une action commune mondiale<\/a><\/td><td>2007\/11\/23<\/td><td><a href=\"https:\/\/www.jcvignoli.com\/blog\/category\/activisme\" rel=\"category tag\">Activisme<\/a><\/td><td><a href=\"https:\/\/www.jcvignoli.com\/blog\/tag\/amnesty\" rel=\"tag\">amnesty<\/a>, <a href=\"https:\/\/www.jcvignoli.com\/blog\/tag\/geneve\" rel=\"tag\">Gen\u00e8ve<\/a>, <a href=\"https:\/\/www.jcvignoli.com\/blog\/tag\/joaquin-jose-martinez\" rel=\"tag\">Joaquin Jose Martinez<\/a>, <a href=\"https:\/\/www.jcvignoli.com\/blog\/tag\/peine-de-mort\" rel=\"tag\">peine de mort<\/a><\/td><td>2007-11-23 13:34:47<\/td><\/tr><tr><td><img loading=\"lazy\" decoding=\"async\" width=\"200\" height=\"200\" src=\"https:\/\/www.jcvignoli.com\/blog\/wp-content\/uploads\/The_Life-of-Oharu-200x200.webp\" class=\"attachment-thumbnail size-thumbnail wp-post-image\" alt=\"\" \/><\/td><td><a href=\"https:\/\/www.jcvignoli.com\/blog\/2007\/saikaku-ichidai-onna\">Saikaku ichidai onna<\/a><\/td><td>2007\/11\/23<\/td><td><a href=\"https:\/\/www.jcvignoli.com\/blog\/category\/cinema\/critiques-de-cinema\" rel=\"category tag\">Critiques de cin\u00e9ma<\/a><\/td><td><a href=\"https:\/\/www.jcvignoli.com\/blog\/tag\/femme\" rel=\"tag\">femme<\/a>, <a href=\"https:\/\/www.jcvignoli.com\/blog\/tag\/kenji-mizoguchi\" rel=\"tag\">kenji mizoguchi<\/a>, <a href=\"https:\/\/www.jcvignoli.com\/blog\/tag\/lars_von_trier\" rel=\"tag\">Lars Von Trier<\/a><\/td><td>2007-11-23 13:15:53<\/td><\/tr><tr><td><\/td><td><a href=\"https:\/\/www.jcvignoli.com\/blog\/2007\/de-limpossibilite-des-races\">De l&rsquo;impossibilit\u00e9 des races<\/a><\/td><td>2007\/11\/03<\/td><td><a href=\"https:\/\/www.jcvignoli.com\/blog\/category\/articles\" rel=\"category tag\">Articles<\/a>, <a href=\"https:\/\/www.jcvignoli.com\/blog\/category\/philosophie\" rel=\"category tag\">Philosophie<\/a>, <a href=\"https:\/\/www.jcvignoli.com\/blog\/category\/politique\" rel=\"category tag\">Politique<\/a><\/td><td><a href=\"https:\/\/www.jcvignoli.com\/blog\/tag\/extreme-droite\" rel=\"tag\">extr\u00eame droite<\/a>, <a href=\"https:\/\/www.jcvignoli.com\/blog\/tag\/genetique\" rel=\"tag\">g\u00e9n\u00e9tique<\/a>, <a href=\"https:\/\/www.jcvignoli.com\/blog\/tag\/race\" rel=\"tag\">race<\/a>, <a href=\"https:\/\/www.jcvignoli.com\/blog\/tag\/racisme\" rel=\"tag\">racisme<\/a><\/td><td>2007-11-03 17:01:00<\/td><\/tr><tr><td><img loading=\"lazy\" decoding=\"async\" width=\"150\" height=\"150\" src=\"https:\/\/www.jcvignoli.com\/blog\/wp-content\/uploads\/udc3-150x150.jpg\" class=\"attachment-thumbnail size-thumbnail wp-post-image\" alt=\"udc d\u00e9fil\u00e9 fausse manif de droite 03\" \/><\/td><td><a href=\"https:\/\/www.jcvignoli.com\/blog\/2007\/pourquoi-cest-lextreme-droite-qui-a-gagne-en-suisse\">Pourquoi c&rsquo;est l&rsquo;extr\u00eame droite qui a gagn\u00e9 en Suisse<\/a><\/td><td>2007\/10\/23<\/td><td><a href=\"https:\/\/www.jcvignoli.com\/blog\/category\/politique\" rel=\"category tag\">Politique<\/a>, <a href=\"https:\/\/www.jcvignoli.com\/blog\/category\/politique\/suisse\" rel=\"category tag\">Suisse<\/a><\/td><td><a href=\"https:\/\/www.jcvignoli.com\/blog\/tag\/christoph_blocher\" rel=\"tag\">christoph blocher<\/a>, <a href=\"https:\/\/www.jcvignoli.com\/blog\/tag\/extreme-droite\" rel=\"tag\">extr\u00eame droite<\/a>, <a href=\"https:\/\/www.jcvignoli.com\/blog\/tag\/extremisme\" rel=\"tag\">extr\u00e9misme<\/a>, <a href=\"https:\/\/www.jcvignoli.com\/blog\/tag\/suisse\" rel=\"tag\">Suisse<\/a>, <a href=\"https:\/\/www.jcvignoli.com\/blog\/tag\/udc\" rel=\"tag\">udc<\/a>, <a href=\"https:\/\/www.jcvignoli.com\/blog\/tag\/vote\" rel=\"tag\">vote<\/a><\/td><td>2007-10-23 19:16:01<\/td><\/tr><tr><td><\/td><td><a href=\"https:\/\/www.jcvignoli.com\/blog\/2007\/initiative-populaire-pour-le-renvoi-des-hommes\">Initiative populaire pour le renvoi des hommes<\/a><\/td><td>2007\/10\/13<\/td><td><a href=\"https:\/\/www.jcvignoli.com\/blog\/category\/humour\" rel=\"category tag\">Humour<\/a>, <a href=\"https:\/\/www.jcvignoli.com\/blog\/category\/politique\" rel=\"category tag\">Politique<\/a>, <a href=\"https:\/\/www.jcvignoli.com\/blog\/category\/politique\/suisse\" rel=\"category tag\">Suisse<\/a><\/td><td><a href=\"https:\/\/www.jcvignoli.com\/blog\/tag\/homme\" rel=\"tag\">homme<\/a>, <a href=\"https:\/\/www.jcvignoli.com\/blog\/tag\/initiative\" rel=\"tag\">initiative<\/a>, <a href=\"https:\/\/www.jcvignoli.com\/blog\/tag\/renvoi\" rel=\"tag\">renvoi<\/a>, <a href=\"https:\/\/www.jcvignoli.com\/blog\/tag\/udc\" rel=\"tag\">udc<\/a><\/td><td>2007-10-13 18:08:21<\/td><\/tr><tr><td><\/td><td><a href=\"https:\/\/www.jcvignoli.com\/blog\/2007\/pour-en-finir-avec-le-11-septembre-le-president-du-12-septembre\">Pour en finir avec le 11 septembre, le pr\u00e9sident du 12 septembre<\/a><\/td><td>2007\/10\/11<\/td><td><a href=\"https:\/\/www.jcvignoli.com\/blog\/category\/politique\" rel=\"category tag\">Politique<\/a>, <a href=\"https:\/\/www.jcvignoli.com\/blog\/category\/livres\" rel=\"category tag\">Presse\/livres<\/a>, <a href=\"https:\/\/www.jcvignoli.com\/blog\/category\/politique\/usa\" rel=\"category tag\">USA<\/a><\/td><td><a href=\"https:\/\/www.jcvignoli.com\/blog\/tag\/11-septembre\" rel=\"tag\">11 septembre<\/a>, <a href=\"https:\/\/www.jcvignoli.com\/blog\/tag\/al-quaeda\" rel=\"tag\">Al Quaeda<\/a>, <a href=\"https:\/\/www.jcvignoli.com\/blog\/tag\/anti-americanisme\" rel=\"tag\">anti-am\u00e9ricanisme<\/a>, <a href=\"https:\/\/www.jcvignoli.com\/blog\/tag\/bush\" rel=\"tag\">Bush<\/a>, <a href=\"https:\/\/www.jcvignoli.com\/blog\/tag\/democratie\" rel=\"tag\">d\u00e9mocratie<\/a><\/td><td>2007-10-11 21:37:48<\/td><\/tr><tr><td><img loading=\"lazy\" decoding=\"async\" width=\"150\" height=\"150\" src=\"https:\/\/www.jcvignoli.com\/blog\/wp-content\/uploads\/udc2-150x150.jpg\" class=\"attachment-thumbnail size-thumbnail wp-post-image\" alt=\"UDC d\u00e9fli\u00e9 fausse manif de droite 02\" \/><\/td><td><a href=\"https:\/\/www.jcvignoli.com\/blog\/2007\/udc-et-xenophobie-suisse-et-si-la-meilleure-arme-etait-lhumour-compte-rendu-manif-a-geneve\">UDC, et x\u00e9nophobie suisse : et si la meilleure arme \u00e9tait l&rsquo;humour ? Compte rendu manif \u00e0 Gen\u00e8ve<\/a><\/td><td>2007\/10\/10<\/td><td><a href=\"https:\/\/www.jcvignoli.com\/blog\/category\/activisme\" rel=\"category tag\">Activisme<\/a>, <a href=\"https:\/\/www.jcvignoli.com\/blog\/category\/politique\" rel=\"category tag\">Politique<\/a>, <a href=\"https:\/\/www.jcvignoli.com\/blog\/category\/politique\/suisse\" rel=\"category tag\">Suisse<\/a><\/td><td><a href=\"https:\/\/www.jcvignoli.com\/blog\/tag\/christoph_blocher\" rel=\"tag\">christoph blocher<\/a>, <a href=\"https:\/\/www.jcvignoli.com\/blog\/tag\/droite\" rel=\"tag\">droite<\/a>, <a href=\"https:\/\/www.jcvignoli.com\/blog\/tag\/elections\" rel=\"tag\">\u00e9lections<\/a>, <a href=\"https:\/\/www.jcvignoli.com\/blog\/tag\/fausse\" rel=\"tag\">fausse<\/a>, <a href=\"https:\/\/www.jcvignoli.com\/blog\/tag\/geneve\" rel=\"tag\">Gen\u00e8ve<\/a>, <a href=\"https:\/\/www.jcvignoli.com\/blog\/tag\/manifestation\" rel=\"tag\">manifestation<\/a><\/td><td>2007-10-10 22:45:40<\/td><\/tr><tr><td><img loading=\"lazy\" decoding=\"async\" width=\"150\" height=\"150\" src=\"https:\/\/www.jcvignoli.com\/blog\/wp-content\/uploads\/manif-anti-udc-drapeau-suisse-150x150.jpg\" class=\"attachment-thumbnail size-thumbnail wp-post-image\" alt=\"porter du drapeau \u00e0 la fausse manifestation udc\" \/><\/td><td><a href=\"https:\/\/www.jcvignoli.com\/blog\/2007\/la-politique-demonstrative\">La politique d\u00e9monstrative<\/a><\/td><td>2007\/10\/05<\/td><td><a href=\"https:\/\/www.jcvignoli.com\/blog\/category\/politique\" rel=\"category tag\">Politique<\/a>, <a href=\"https:\/\/www.jcvignoli.com\/blog\/category\/politique\/suisse\" rel=\"category tag\">Suisse<\/a><\/td><td><a href=\"https:\/\/www.jcvignoli.com\/blog\/tag\/christoph_blocher\" rel=\"tag\">christoph blocher<\/a>, <a href=\"https:\/\/www.jcvignoli.com\/blog\/tag\/manifestation\" rel=\"tag\">manifestation<\/a>, <a href=\"https:\/\/www.jcvignoli.com\/blog\/tag\/udc\" rel=\"tag\">udc<\/a><\/td><td>2007-10-05 20:34:12<\/td><\/tr><tr><td><img loading=\"lazy\" decoding=\"async\" width=\"150\" height=\"150\" src=\"https:\/\/www.jcvignoli.com\/blog\/wp-content\/uploads\/UDC-moutons-150x150.png\" class=\"attachment-thumbnail size-thumbnail wp-post-image\" alt=\"UDC affiche avec les moutons et un noir\" \/><\/td><td><a href=\"https:\/\/www.jcvignoli.com\/blog\/2007\/la-chevre-de-m-blocher\">La ch\u00e8vre de M. Blocher<\/a><\/td><td>2007\/09\/06<\/td><td><a href=\"https:\/\/www.jcvignoli.com\/blog\/category\/politique\" rel=\"category tag\">Politique<\/a>, <a href=\"https:\/\/www.jcvignoli.com\/blog\/category\/politique\/suisse\" rel=\"category tag\">Suisse<\/a><\/td><td><a href=\"https:\/\/www.jcvignoli.com\/blog\/tag\/christoph_blocher\" rel=\"tag\">christoph blocher<\/a>, <a href=\"https:\/\/www.jcvignoli.com\/blog\/tag\/propagande\" rel=\"tag\">propagande<\/a>, <a href=\"https:\/\/www.jcvignoli.com\/blog\/tag\/racisme\" rel=\"tag\">racisme<\/a>, <a href=\"https:\/\/www.jcvignoli.com\/blog\/tag\/udc\" rel=\"tag\">udc<\/a><\/td><td>2007-09-06 12:41:56<\/td><\/tr><tr><td><img loading=\"lazy\" decoding=\"async\" width=\"150\" height=\"150\" src=\"https:\/\/www.jcvignoli.com\/blog\/wp-content\/uploads\/stockholm_pont-150x150.jpg\" class=\"attachment-thumbnail size-thumbnail wp-post-image\" alt=\"stockholm pont\" \/><\/td><td><a href=\"https:\/\/www.jcvignoli.com\/blog\/2007\/un-drakkhar-noir-sarrime-au-port-de-stockholm\">Un Drakkhar noir s&rsquo;arrime au port de Stockholm<\/a><\/td><td>2007\/08\/20<\/td><td><a href=\"https:\/\/www.jcvignoli.com\/blog\/category\/voyages\/chroniques\" rel=\"category tag\">Chroniques<\/a><\/td><td><a href=\"https:\/\/www.jcvignoli.com\/blog\/tag\/stockholm\" rel=\"tag\">stockholm<\/a>, <a href=\"https:\/\/www.jcvignoli.com\/blog\/tag\/suede\" rel=\"tag\">su\u00e8de<\/a>, <a href=\"https:\/\/www.jcvignoli.com\/blog\/tag\/tranche-de-vie\" rel=\"tag\">tranche-de-vie<\/a>, <a href=\"https:\/\/www.jcvignoli.com\/blog\/tag\/voyage\" rel=\"tag\">voyage<\/a><\/td><td>2007-08-20 23:06:01<\/td><\/tr><tr><td><\/td><td><a href=\"https:\/\/www.jcvignoli.com\/blog\/2007\/le-jardin\">Le jardin<\/a><\/td><td>2007\/08\/20<\/td><td><a href=\"https:\/\/www.jcvignoli.com\/blog\/en\/category\/miscellaneous\" rel=\"category tag\">Miscellaneous<\/a><\/td><td><a href=\"https:\/\/www.jcvignoli.com\/blog\/tag\/genocide\" rel=\"tag\">g\u00e9nocide<\/a>, <a href=\"https:\/\/www.jcvignoli.com\/blog\/tag\/poeme\" rel=\"tag\">po\u00e8me<\/a>, <a href=\"https:\/\/www.jcvignoli.com\/blog\/tag\/theresienstadt\" rel=\"tag\">theresienstadt<\/a><\/td><td>2007-08-20 23:05:43<\/td><\/tr><tr><td><img loading=\"lazy\" decoding=\"async\" width=\"150\" height=\"150\" src=\"https:\/\/www.jcvignoli.com\/blog\/wp-content\/uploads\/prague-pont-karlov-most-150x150.jpg\" class=\"attachment-thumbnail size-thumbnail wp-post-image\" alt=\"karlov most - pont charles - \u00e0 Prague\" \/><\/td><td><a href=\"https:\/\/www.jcvignoli.com\/blog\/2007\/prague-capitale-imperiale\">Prague, capitale imp\u00e9riale<\/a><\/td><td>2007\/08\/09<\/td><td><a href=\"https:\/\/www.jcvignoli.com\/blog\/category\/articles\" rel=\"category tag\">Articles<\/a>, <a href=\"https:\/\/www.jcvignoli.com\/blog\/category\/voyages\" rel=\"category tag\">Voyages<\/a><\/td><td><a href=\"https:\/\/www.jcvignoli.com\/blog\/tag\/articles\" rel=\"tag\">Articles<\/a>, <a href=\"https:\/\/www.jcvignoli.com\/blog\/tag\/biere\" rel=\"tag\">bi\u00e8re<\/a>, <a href=\"https:\/\/www.jcvignoli.com\/blog\/tag\/prague\" rel=\"tag\">Prague<\/a>, <a href=\"https:\/\/www.jcvignoli.com\/blog\/tag\/republique-tcheque\" rel=\"tag\">R\u00e9publique-tch\u00e8que<\/a>, <a href=\"https:\/\/www.jcvignoli.com\/blog\/tag\/voyage\" rel=\"tag\">voyage<\/a><\/td><td>2007-08-09 00:50:20<\/td><\/tr><tr><td><img loading=\"lazy\" decoding=\"async\" width=\"150\" height=\"150\" src=\"https:\/\/www.jcvignoli.com\/blog\/wp-content\/uploads\/terezin-cimetiere-juif-150x150.jpg\" class=\"attachment-thumbnail size-thumbnail wp-post-image\" alt=\"terezin cimeti\u00e8re juif\" \/><\/td><td><a href=\"https:\/\/www.jcvignoli.com\/blog\/2007\/la-solennite-en-concentre\">La solennit\u00e9 en concentr\u00e9<\/a><\/td><td>2007\/08\/04<\/td><td><a href=\"https:\/\/www.jcvignoli.com\/blog\/category\/articles\" rel=\"category tag\">Articles<\/a>, <a href=\"https:\/\/www.jcvignoli.com\/blog\/category\/voyages\" rel=\"category tag\">Voyages<\/a><\/td><td><a href=\"https:\/\/www.jcvignoli.com\/blog\/tag\/articles\" rel=\"tag\">Articles<\/a>, <a href=\"https:\/\/www.jcvignoli.com\/blog\/tag\/genocide\" rel=\"tag\">g\u00e9nocide<\/a>, <a href=\"https:\/\/www.jcvignoli.com\/blog\/tag\/tchequie\" rel=\"tag\">tch\u00e9quie<\/a>, <a href=\"https:\/\/www.jcvignoli.com\/blog\/tag\/terezin\" rel=\"tag\">terezin<\/a>, <a href=\"https:\/\/www.jcvignoli.com\/blog\/tag\/theresienstadt\" rel=\"tag\">theresienstadt<\/a><\/td><td>2007-08-04 19:46:13<\/td><\/tr><tr><td><img loading=\"lazy\" decoding=\"async\" width=\"150\" height=\"150\" src=\"https:\/\/www.jcvignoli.com\/blog\/wp-content\/uploads\/ubuntu-2-150x150.png\" class=\"attachment-thumbnail size-thumbnail wp-post-image\" alt=\"ubuntu look 2\" \/><\/td><td><a href=\"https:\/\/www.jcvignoli.com\/blog\/2007\/ubuntu-party-1-an-de-nouvelle-vie-jinvite-tout-le-monde-a-le-feter\">Ubuntu party: 1 an de nouvelle vie, j&rsquo;invite tout le monde \u00e0 f\u00eater l&rsquo;\u00e9v\u00e8nement<\/a><\/td><td>2007\/07\/13<\/td><td><a href=\"https:\/\/www.jcvignoli.com\/blog\/category\/informatique\/gnulinux\" rel=\"category tag\">GNU\/Linux<\/a>, <a href=\"https:\/\/www.jcvignoli.com\/blog\/category\/informatique\" rel=\"category tag\">Informatique<\/a><\/td><td><a href=\"https:\/\/www.jcvignoli.com\/blog\/tag\/ubuntu\" rel=\"tag\">ubuntu<\/a><\/td><td>2007-07-13 21:40:29<\/td><\/tr><tr><td><\/td><td><a href=\"https:\/\/www.jcvignoli.com\/blog\/2007\/le-torpilleur-du-tece-en-redemande\">Le torpilleur du TECE en redemande<\/a><\/td><td>2007\/07\/10<\/td><td><a href=\"https:\/\/www.jcvignoli.com\/blog\/category\/politique\" rel=\"category tag\">Politique<\/a>, <a href=\"https:\/\/www.jcvignoli.com\/blog\/category\/politique\/ue\" rel=\"category tag\">UE<\/a><\/td><td><a href=\"https:\/\/www.jcvignoli.com\/blog\/tag\/tece\" rel=\"tag\">TECE<\/a>, <a href=\"https:\/\/www.jcvignoli.com\/blog\/tag\/union_europeenne\" rel=\"tag\">Union Europ\u00e9enne<\/a><\/td><td>2007-07-10 18:33:48<\/td><\/tr><tr><td><img loading=\"lazy\" decoding=\"async\" width=\"200\" height=\"200\" src=\"https:\/\/www.jcvignoli.com\/blog\/wp-content\/uploads\/sommet-new-york-200x200.jpg\" class=\"attachment-thumbnail size-thumbnail wp-post-image\" alt=\"Gratte-ciels \u00e0 central park \u00e0 New-York\" \/><\/td><td><a href=\"https:\/\/www.jcvignoli.com\/blog\/2007\/il-y-a-10-ans-le-sommet-de-la-terre-souvrait-a-new-york-quen-reste-t-il\">Il y a 10 ans, le sommet de la Terre s&rsquo;ouvrait \u00e0 New-York. Qu&rsquo;en reste-t-il ?<\/a><\/td><td>2007\/07\/10<\/td><td><a href=\"https:\/\/www.jcvignoli.com\/blog\/category\/articles\" rel=\"category tag\">Articles<\/a>, <a href=\"https:\/\/www.jcvignoli.com\/blog\/category\/politique\/ecologie\" rel=\"category tag\">Ecologie<\/a>, <a href=\"https:\/\/www.jcvignoli.com\/blog\/category\/politique\/onu\" rel=\"category tag\">ONU<\/a>, <a href=\"https:\/\/www.jcvignoli.com\/blog\/category\/politique\" rel=\"category tag\">Politique<\/a><\/td><td><a href=\"https:\/\/www.jcvignoli.com\/blog\/tag\/bill-clinton\" rel=\"tag\">bill clinton<\/a>, <a href=\"https:\/\/www.jcvignoli.com\/blog\/tag\/blair\" rel=\"tag\">blair<\/a>, <a href=\"https:\/\/www.jcvignoli.com\/blog\/tag\/g8\" rel=\"tag\">g8<\/a>, <a href=\"https:\/\/www.jcvignoli.com\/blog\/tag\/kyoto\" rel=\"tag\">kyoto<\/a>, <a href=\"https:\/\/www.jcvignoli.com\/blog\/tag\/rechauffement-climatique\" rel=\"tag\">R\u00e9chauffement climatique<\/a>, <a href=\"https:\/\/www.jcvignoli.com\/blog\/tag\/sommet-de-la-terre\" rel=\"tag\">sommet de la terre<\/a><\/td><td>2007-07-10 18:29:36<\/td><\/tr><tr><td><img loading=\"lazy\" decoding=\"async\" width=\"150\" height=\"150\" src=\"https:\/\/www.jcvignoli.com\/blog\/wp-content\/uploads\/chapelle-sixtine-dieu-crea-lhomme-150x150.jpg\" class=\"attachment-thumbnail size-thumbnail wp-post-image\" alt=\"chapelle sixtine dieu cr\u00e9a l&#039;homme\" \/><\/td><td><a href=\"https:\/\/www.jcvignoli.com\/blog\/2007\/peine-de-mort-et-si-cetait-votre-enfant\">Peine de mort : \u00ab\u00a0Et si c&rsquo;\u00e9tait votre enfant ?\u00a0\u00bb<\/a><\/td><td>2007\/06\/11<\/td><td><a href=\"https:\/\/www.jcvignoli.com\/blog\/category\/articles\" rel=\"category tag\">Articles<\/a>, <a href=\"https:\/\/www.jcvignoli.com\/blog\/category\/politique\/droits-humains\" rel=\"category tag\">Droits humains<\/a>, <a href=\"https:\/\/www.jcvignoli.com\/blog\/category\/philosophie\" rel=\"category tag\">Philosophie<\/a>, <a href=\"https:\/\/www.jcvignoli.com\/blog\/category\/politique\" rel=\"category tag\">Politique<\/a><\/td><td><a href=\"https:\/\/www.jcvignoli.com\/blog\/tag\/etats-unis\" rel=\"tag\">Etats-Unis<\/a>, <a href=\"https:\/\/www.jcvignoli.com\/blog\/tag\/peine-de-mort\" rel=\"tag\">peine de mort<\/a>, <a href=\"https:\/\/www.jcvignoli.com\/blog\/tag\/torture\" rel=\"tag\">torture<\/a><\/td><td>2007-06-11 18:55:57<\/td><\/tr><tr><td><\/td><td><a href=\"https:\/\/www.jcvignoli.com\/blog\/2007\/la-constitution-suisse-est-plus-morale-que-ses-habitants\">La constitution suisse est plus morale que ses habitants<\/a><\/td><td>2007\/06\/02<\/td><td><a href=\"https:\/\/www.jcvignoli.com\/blog\/category\/politique\" rel=\"category tag\">Politique<\/a>, <a href=\"https:\/\/www.jcvignoli.com\/blog\/category\/politique\/suisse\" rel=\"category tag\">Suisse<\/a><\/td><td><a href=\"https:\/\/www.jcvignoli.com\/blog\/tag\/concurrence\" rel=\"tag\">concurrence<\/a>, <a href=\"https:\/\/www.jcvignoli.com\/blog\/tag\/economie\" rel=\"tag\">\u00e9conomie<\/a>, <a href=\"https:\/\/www.jcvignoli.com\/blog\/tag\/fiscalite\" rel=\"tag\">fiscalit\u00e9<\/a>, <a href=\"https:\/\/www.jcvignoli.com\/blog\/tag\/impot-degressif\" rel=\"tag\">imp\u00f4t-d\u00e9gressif<\/a>, <a href=\"https:\/\/www.jcvignoli.com\/blog\/tag\/union_europeenne\" rel=\"tag\">Union Europ\u00e9enne<\/a>, <a href=\"https:\/\/www.jcvignoli.com\/blog\/tag\/zisyadis\" rel=\"tag\">Zisyadis<\/a><\/td><td>2007-06-02 15:42:26<\/td><\/tr><tr><td><\/td><td><a href=\"https:\/\/www.jcvignoli.com\/blog\/2007\/inegalite-face-au-rechauffement-climatique\">In\u00e9galit\u00e9 face au r\u00e9chauffement climatique<\/a><\/td><td>2007\/05\/25<\/td><td><a href=\"https:\/\/www.jcvignoli.com\/blog\/category\/politique\/ecologie\" rel=\"category tag\">Ecologie<\/a>, <a href=\"https:\/\/www.jcvignoli.com\/blog\/category\/politique\" rel=\"category tag\">Politique<\/a><\/td><td><a href=\"https:\/\/www.jcvignoli.com\/blog\/tag\/cooperation-internationale\" rel=\"tag\">coop\u00e9ration internationale<\/a>, <a href=\"https:\/\/www.jcvignoli.com\/blog\/tag\/rechauffement-climatique\" rel=\"tag\">R\u00e9chauffement climatique<\/a><\/td><td>2007-05-25 19:26:30<\/td><\/tr><tr><td><\/td><td><a href=\"https:\/\/www.jcvignoli.com\/blog\/2007\/avis-de-tempete-sarkozy-force-5\">Avis de temp\u00eate : Sarkozy, force 5<\/a><\/td><td>2007\/05\/19<\/td><td><a href=\"https:\/\/www.jcvignoli.com\/blog\/category\/politique\" rel=\"category tag\">Politique<\/a><\/td><td><a href=\"https:\/\/www.jcvignoli.com\/blog\/tag\/france\" rel=\"tag\">france<\/a>, <a href=\"https:\/\/www.jcvignoli.com\/blog\/tag\/royale\" rel=\"tag\">royale<\/a>, <a href=\"https:\/\/www.jcvignoli.com\/blog\/tag\/sarkozy\" rel=\"tag\">sarkozy<\/a><\/td><td>2007-05-19 12:57:02<\/td><\/tr><tr><td><img loading=\"lazy\" decoding=\"async\" width=\"200\" height=\"200\" src=\"https:\/\/www.jcvignoli.com\/blog\/wp-content\/uploads\/Salar-de-Uyuni-04-200x200.jpg\" class=\"attachment-thumbnail size-thumbnail wp-post-image\" alt=\"\" \/><\/td><td><a href=\"https:\/\/www.jcvignoli.com\/blog\/2007\/hyperdemocratiecom-comment-les-nouvelles-technologies-alterent-definitivement-les-structures-politiques\">Hyperd\u00e9mocratie : comment les nouvelles technologies alt\u00e8rent d\u00e9finitivement les structures politiques<\/a><\/td><td>2007\/05\/16<\/td><td><a href=\"https:\/\/www.jcvignoli.com\/blog\/category\/articles\" rel=\"category tag\">Articles<\/a>, <a href=\"https:\/\/www.jcvignoli.com\/blog\/category\/informatique\" rel=\"category tag\">Informatique<\/a>, <a href=\"https:\/\/www.jcvignoli.com\/blog\/category\/philosophie\" rel=\"category tag\">Philosophie<\/a>, <a href=\"https:\/\/www.jcvignoli.com\/blog\/category\/politique\" rel=\"category tag\">Politique<\/a><\/td><td><a href=\"https:\/\/www.jcvignoli.com\/blog\/tag\/democratie\" rel=\"tag\">d\u00e9mocratie<\/a>, <a href=\"https:\/\/www.jcvignoli.com\/blog\/tag\/essai\" rel=\"tag\">Essai<\/a>, <a href=\"https:\/\/www.jcvignoli.com\/blog\/tag\/hyperdemocratie\" rel=\"tag\">hyperd\u00e9mocratie<\/a>, <a href=\"https:\/\/www.jcvignoli.com\/blog\/tag\/hypermemoire\" rel=\"tag\">hyperm\u00e9moire<\/a>, <a href=\"https:\/\/www.jcvignoli.com\/blog\/tag\/media\" rel=\"tag\">m\u00e9dia<\/a>, <a href=\"https:\/\/www.jcvignoli.com\/blog\/tag\/memoire\" rel=\"tag\">m\u00e9moire<\/a><\/td><td>2007-05-16 00:43:12<\/td><\/tr><tr><td><img loading=\"lazy\" decoding=\"async\" width=\"200\" height=\"200\" src=\"https:\/\/www.jcvignoli.com\/blog\/wp-content\/uploads\/Digital-Right-Management-200x200.jpg\" class=\"attachment-thumbnail size-thumbnail wp-post-image\" alt=\"\" \/><\/td><td><a href=\"https:\/\/www.jcvignoli.com\/blog\/2007\/drm-ces-3-lettres-que-tout-le-monde-devrait-connaitre\">DRM, ces 3 lettres que tout le monde devrait conna\u00eetre<\/a><\/td><td>2007\/05\/10<\/td><td><a href=\"https:\/\/www.jcvignoli.com\/blog\/category\/informatique\/gnulinux\" rel=\"category tag\">GNU\/Linux<\/a>, <a href=\"https:\/\/www.jcvignoli.com\/blog\/category\/informatique\" rel=\"category tag\">Informatique<\/a>, <a href=\"https:\/\/www.jcvignoli.com\/blog\/category\/politique\" rel=\"category tag\">Politique<\/a><\/td><td><a href=\"https:\/\/www.jcvignoli.com\/blog\/tag\/drm\" rel=\"tag\">DRM<\/a>, <a href=\"https:\/\/www.jcvignoli.com\/blog\/tag\/liberte\" rel=\"tag\">libert\u00e9<\/a>, <a href=\"https:\/\/www.jcvignoli.com\/blog\/tag\/mark-shuttleworth\" rel=\"tag\">mark-shuttleworth<\/a>, <a href=\"https:\/\/www.jcvignoli.com\/blog\/tag\/microsoft\" rel=\"tag\">Microsoft<\/a>, <a href=\"https:\/\/www.jcvignoli.com\/blog\/tag\/rms\" rel=\"tag\">rms<\/a>, <a href=\"https:\/\/www.jcvignoli.com\/blog\/tag\/ubuntu\" rel=\"tag\">ubuntu<\/a>, <a href=\"https:\/\/www.jcvignoli.com\/blog\/tag\/windows-vista\" rel=\"tag\">windows-vista<\/a><\/td><td>2007-05-10 01:04:58<\/td><\/tr><tr><td><\/td><td><a href=\"https:\/\/www.jcvignoli.com\/blog\/2007\/sarkozy-qui-passe-au-premier-coup-naura-pas-droit-a-un-second-essai\">Sarkozy : qui passe au premier coup n&rsquo;aura pas droit \u00e0 un second essai<\/a><\/td><td>2007\/05\/07<\/td><td><a href=\"https:\/\/www.jcvignoli.com\/blog\/category\/politique\" rel=\"category tag\">Politique<\/a><\/td><td><a href=\"https:\/\/www.jcvignoli.com\/blog\/tag\/droite-francaise\" rel=\"tag\">Droite fran\u00e7aise<\/a>, <a href=\"https:\/\/www.jcvignoli.com\/blog\/tag\/elections-presidentielles\" rel=\"tag\">\u00e9lections pr\u00e9sidentielles<\/a>, <a href=\"https:\/\/www.jcvignoli.com\/blog\/tag\/france\" rel=\"tag\">france<\/a>, <a href=\"https:\/\/www.jcvignoli.com\/blog\/tag\/sarkozy\" rel=\"tag\">sarkozy<\/a><\/td><td>2007-05-07 22:44:24<\/td><\/tr><tr><td><img loading=\"lazy\" decoding=\"async\" width=\"200\" height=\"200\" src=\"https:\/\/www.jcvignoli.com\/blog\/wp-content\/uploads\/big-fish-200x200.jpg\" class=\"attachment-thumbnail size-thumbnail wp-post-image\" alt=\"Affiche du film Big Fish\" \/><\/td><td><a href=\"https:\/\/www.jcvignoli.com\/blog\/2007\/big-fish\">Big Fish<\/a><\/td><td>2007\/05\/07<\/td><td><a href=\"https:\/\/www.jcvignoli.com\/blog\/category\/articles\" rel=\"category tag\">Articles<\/a>, <a href=\"https:\/\/www.jcvignoli.com\/blog\/category\/cinema\/critiques-de-cinema\" rel=\"category tag\">Critiques de cin\u00e9ma<\/a><\/td><td><a href=\"https:\/\/www.jcvignoli.com\/blog\/tag\/articles\" rel=\"tag\">Articles<\/a>, <a href=\"https:\/\/www.jcvignoli.com\/blog\/tag\/big-fish\" rel=\"tag\">Big Fish<\/a>, <a href=\"https:\/\/www.jcvignoli.com\/blog\/tag\/cinema\" rel=\"tag\">Cin\u00e9ma<\/a>, <a href=\"https:\/\/www.jcvignoli.com\/blog\/tag\/critiques\" rel=\"tag\">Critiques<\/a>, <a href=\"https:\/\/www.jcvignoli.com\/blog\/tag\/tim-burton\" rel=\"tag\">Tim Burton<\/a><\/td><td>2007-05-07 20:29:31<\/td><\/tr><tr><td><img loading=\"lazy\" decoding=\"async\" width=\"150\" height=\"150\" src=\"https:\/\/www.jcvignoli.com\/blog\/wp-content\/uploads\/colisee-de-rome-150x150.jpg\" class=\"attachment-thumbnail size-thumbnail wp-post-image\" alt=\"Colis\u00e9e de Rome\" \/><\/td><td><a href=\"https:\/\/www.jcvignoli.com\/blog\/2007\/idiocracy\">Idiocracy<\/a><\/td><td>2007\/05\/03<\/td><td><a href=\"https:\/\/www.jcvignoli.com\/blog\/category\/cinema\/critiques-de-cinema\" rel=\"category tag\">Critiques de cin\u00e9ma<\/a>, <a href=\"https:\/\/www.jcvignoli.com\/blog\/category\/politique\" rel=\"category tag\">Politique<\/a><\/td><td><a href=\"https:\/\/www.jcvignoli.com\/blog\/tag\/beavis-butt-head\" rel=\"tag\">beavis &amp; butt-head<\/a>, <a href=\"https:\/\/www.jcvignoli.com\/blog\/tag\/cinema\" rel=\"tag\">Cin\u00e9ma<\/a>, <a href=\"https:\/\/www.jcvignoli.com\/blog\/tag\/idiocracy\" rel=\"tag\">idiocracy<\/a>, <a href=\"https:\/\/www.jcvignoli.com\/blog\/tag\/mike-judge\" rel=\"tag\">mike-judge<\/a>, <a href=\"https:\/\/www.jcvignoli.com\/blog\/tag\/mtv\" rel=\"tag\">mtv<\/a><\/td><td>2007-05-03 21:13:25<\/td><\/tr><tr><td><img loading=\"lazy\" decoding=\"async\" width=\"150\" height=\"150\" src=\"https:\/\/www.jcvignoli.com\/blog\/wp-content\/uploads\/reverien-rurangwa-150x150.jpg\" class=\"attachment-thumbnail size-thumbnail wp-post-image\" alt=\"R\u00e9v\u00e9rien Rurangwa\" \/><\/td><td><a href=\"https:\/\/www.jcvignoli.com\/blog\/2007\/nouvelles-concernant-reverien-rurangwa\">Nouvelles concernant R\u00e9v\u00e9rien Rurangwa<\/a><\/td><td>2007\/04\/28<\/td><td><a href=\"https:\/\/www.jcvignoli.com\/blog\/category\/activisme\" rel=\"category tag\">Activisme<\/a>, <a href=\"https:\/\/www.jcvignoli.com\/blog\/category\/politique\" rel=\"category tag\">Politique<\/a>, <a href=\"https:\/\/www.jcvignoli.com\/blog\/category\/politique\/suisse\" rel=\"category tag\">Suisse<\/a><\/td><td><a href=\"https:\/\/www.jcvignoli.com\/blog\/tag\/droit-homme\" rel=\"tag\">droits de l'homme<\/a>, <a href=\"https:\/\/www.jcvignoli.com\/blog\/tag\/genocide\" rel=\"tag\">g\u00e9nocide<\/a>, <a href=\"https:\/\/www.jcvignoli.com\/blog\/tag\/reverien-rurangwa\" rel=\"tag\">r\u00e9v\u00e9rien-rurangwa<\/a>, <a href=\"https:\/\/www.jcvignoli.com\/blog\/tag\/rwanda\" rel=\"tag\">rwanda<\/a><\/td><td>2007-04-28 19:06:42<\/td><\/tr><tr><td><\/td><td><a href=\"https:\/\/www.jcvignoli.com\/blog\/2007\/pourquoi-la-france-va-changer-le-6-mai-2007\">Pourquoi la France va changer le 6 mai 2007<\/a><\/td><td>2007\/04\/28<\/td><td><a href=\"https:\/\/www.jcvignoli.com\/blog\/category\/politique\" rel=\"category tag\">Politique<\/a><\/td><td><a href=\"https:\/\/www.jcvignoli.com\/blog\/tag\/elections-presidentielles\" rel=\"tag\">\u00e9lections pr\u00e9sidentielles<\/a>, <a href=\"https:\/\/www.jcvignoli.com\/blog\/tag\/france\" rel=\"tag\">france<\/a>, <a href=\"https:\/\/www.jcvignoli.com\/blog\/tag\/liberalisme\" rel=\"tag\">lib\u00e9ralisme<\/a>, <a href=\"https:\/\/www.jcvignoli.com\/blog\/tag\/mariage_homosexuel\" rel=\"tag\">mariage_homosexuel<\/a>, <a href=\"https:\/\/www.jcvignoli.com\/blog\/tag\/royale\" rel=\"tag\">royale<\/a>, <a href=\"https:\/\/www.jcvignoli.com\/blog\/tag\/sarkozy\" rel=\"tag\">sarkozy<\/a><\/td><td>2007-04-28 13:51:46<\/td><\/tr><tr><td><\/td><td><a href=\"https:\/\/www.jcvignoli.com\/blog\/2007\/wolfowitz-la-banque-mondiale-et-les-neo-conservateurs-le-menage-a-trois-est-impossible\">Wolfowitz, la Banque mondiale et les n\u00e9o-conservateurs : le m\u00e9nage \u00e0 trois est impossible<\/a><\/td><td>2007\/04\/25<\/td><td><a href=\"https:\/\/www.jcvignoli.com\/blog\/category\/politique\/onu\" rel=\"category tag\">ONU<\/a>, <a href=\"https:\/\/www.jcvignoli.com\/blog\/category\/politique\" rel=\"category tag\">Politique<\/a>, <a href=\"https:\/\/www.jcvignoli.com\/blog\/category\/politique\/usa\" rel=\"category tag\">USA<\/a><\/td><td><a href=\"https:\/\/www.jcvignoli.com\/blog\/tag\/jim-lobe\" rel=\"tag\">Jim-Lobe<\/a>, <a href=\"https:\/\/www.jcvignoli.com\/blog\/tag\/multilateralisme\" rel=\"tag\">multilat\u00e9ralisme<\/a>, <a href=\"https:\/\/www.jcvignoli.com\/blog\/tag\/neo-cons\" rel=\"tag\">neo-cons<\/a>, <a href=\"https:\/\/www.jcvignoli.com\/blog\/tag\/neo-conservateurs\" rel=\"tag\">n\u00e9o-conservateurs<\/a>, <a href=\"https:\/\/www.jcvignoli.com\/blog\/tag\/paul-wolfowitz\" rel=\"tag\">paul-wolfowitz<\/a>, <a href=\"https:\/\/www.jcvignoli.com\/blog\/tag\/world-bank\" rel=\"tag\">world-bank<\/a><\/td><td>2007-04-25 00:29:56<\/td><\/tr><tr><td><img loading=\"lazy\" decoding=\"async\" width=\"150\" height=\"150\" src=\"https:\/\/www.jcvignoli.com\/blog\/wp-content\/uploads\/reverien-rurangwa-150x150.jpg\" class=\"attachment-thumbnail size-thumbnail wp-post-image\" alt=\"R\u00e9v\u00e9rien Rurangwa\" \/><\/td><td><a href=\"https:\/\/www.jcvignoli.com\/blog\/2007\/reverien-rurangwa-reste-en-attente-dune-decision\">R\u00e9v\u00e9rien Rurangwa reste en attente d&rsquo;une d\u00e9cision<\/a><\/td><td>2007\/04\/11<\/td><td><a href=\"https:\/\/www.jcvignoli.com\/blog\/category\/activisme\" rel=\"category tag\">Activisme<\/a>, <a href=\"https:\/\/www.jcvignoli.com\/blog\/category\/articles\" rel=\"category tag\">Articles<\/a>, <a href=\"https:\/\/www.jcvignoli.com\/blog\/category\/articles\/interview\" rel=\"category tag\">Interview<\/a>, <a href=\"https:\/\/www.jcvignoli.com\/blog\/category\/politique\" rel=\"category tag\">Politique<\/a><\/td><td><a href=\"https:\/\/www.jcvignoli.com\/blog\/tag\/christoph_blocher\" rel=\"tag\">christoph blocher<\/a>, <a href=\"https:\/\/www.jcvignoli.com\/blog\/tag\/droit-homme\" rel=\"tag\">droits de l'homme<\/a>, <a href=\"https:\/\/www.jcvignoli.com\/blog\/tag\/genocide\" rel=\"tag\">g\u00e9nocide<\/a>, <a href=\"https:\/\/www.jcvignoli.com\/blog\/tag\/holocauste\" rel=\"tag\">holocauste<\/a>, <a href=\"https:\/\/www.jcvignoli.com\/blog\/tag\/reverien-rurangwa\" rel=\"tag\">r\u00e9v\u00e9rien-rurangwa<\/a>, <a href=\"https:\/\/www.jcvignoli.com\/blog\/tag\/rwanda\" rel=\"tag\">rwanda<\/a><\/td><td>2007-04-11 15:55:06<\/td><\/tr><tr><td><\/td><td><a href=\"https:\/\/www.jcvignoli.com\/blog\/2007\/rwanda-un-genocide-deja-oublie\">Rwanda, un g\u00e9nocide d\u00e9j\u00e0 oubli\u00e9<\/a><\/td><td>2007\/04\/10<\/td><td><a href=\"https:\/\/www.jcvignoli.com\/blog\/category\/politique\/droits-humains\" rel=\"category tag\">Droits humains<\/a>, <a href=\"https:\/\/www.jcvignoli.com\/blog\/category\/politique\" rel=\"category tag\">Politique<\/a>, <a href=\"https:\/\/www.jcvignoli.com\/blog\/category\/politique\/suisse\" rel=\"category tag\">Suisse<\/a><\/td><td><a href=\"https:\/\/www.jcvignoli.com\/blog\/tag\/ban-ki-moon\" rel=\"tag\">Ban-Ki-moon<\/a>, <a href=\"https:\/\/www.jcvignoli.com\/blog\/tag\/droit-homme\" rel=\"tag\">droits de l'homme<\/a>, <a href=\"https:\/\/www.jcvignoli.com\/blog\/tag\/genocide\" rel=\"tag\">g\u00e9nocide<\/a>, <a href=\"https:\/\/www.jcvignoli.com\/blog\/tag\/ibuka\" rel=\"tag\">ibuka<\/a>, <a href=\"https:\/\/www.jcvignoli.com\/blog\/tag\/rwanda\" rel=\"tag\">rwanda<\/a><\/td><td>2007-04-10 22:00:15<\/td><\/tr><tr><td><img loading=\"lazy\" decoding=\"async\" width=\"150\" height=\"150\" src=\"https:\/\/www.jcvignoli.com\/blog\/wp-content\/uploads\/centrale-temelin-france-150x150.jpg\" class=\"attachment-thumbnail size-thumbnail wp-post-image\" alt=\"centrale nucl\u00e9aire temelin en france\" \/><\/td><td><a href=\"https:\/\/www.jcvignoli.com\/blog\/2007\/une-face-meconnue-du-nucleaire\">Une face m\u00e9connue du nucl\u00e9aire<\/a><\/td><td>2007\/04\/07<\/td><td><a href=\"https:\/\/www.jcvignoli.com\/blog\/category\/activisme\" rel=\"category tag\">Activisme<\/a>, <a href=\"https:\/\/www.jcvignoli.com\/blog\/category\/politique\/ecologie\" rel=\"category tag\">Ecologie<\/a><\/td><td><a href=\"https:\/\/www.jcvignoli.com\/blog\/tag\/areva\" rel=\"tag\">areva<\/a>, <a href=\"https:\/\/www.jcvignoli.com\/blog\/tag\/atome\" rel=\"tag\">atome<\/a>, <a href=\"https:\/\/www.jcvignoli.com\/blog\/tag\/centrale-nucleaire\" rel=\"tag\">Centrale nucl\u00e9aire<\/a>, <a href=\"https:\/\/www.jcvignoli.com\/blog\/tag\/nucleaire\" rel=\"tag\">nucl\u00e9aire<\/a><\/td><td>2007-04-07 14:25:44<\/td><\/tr><tr><td><img loading=\"lazy\" decoding=\"async\" width=\"150\" height=\"150\" src=\"https:\/\/www.jcvignoli.com\/blog\/wp-content\/uploads\/spam-collection-150x150.jpg\" class=\"attachment-thumbnail size-thumbnail wp-post-image\" alt=\"Boites de spam\" \/><\/td><td><a href=\"https:\/\/www.jcvignoli.com\/blog\/2007\/la-vie-les-blogs-et-les-spams\">La vie, les blogs et les spams<\/a><\/td><td>2007\/04\/07<\/td><td><a href=\"https:\/\/www.jcvignoli.com\/blog\/category\/informatique\/blog\" rel=\"category tag\">blog<\/a>, <a href=\"https:\/\/www.jcvignoli.com\/blog\/category\/informatique\" rel=\"category tag\">Informatique<\/a>, <a href=\"https:\/\/www.jcvignoli.com\/blog\/category\/informatique\/wordpress\" rel=\"category tag\">wordpress<\/a><\/td><td><a href=\"https:\/\/www.jcvignoli.com\/blog\/tag\/akismet\" rel=\"tag\">akismet<\/a>, <a href=\"https:\/\/www.jcvignoli.com\/blog\/tag\/blog\" rel=\"tag\">blog<\/a>, <a href=\"https:\/\/www.jcvignoli.com\/blog\/tag\/captcha\" rel=\"tag\">captcha<\/a>, <a href=\"https:\/\/www.jcvignoli.com\/blog\/tag\/pourriel\" rel=\"tag\">pourriel<\/a>, <a href=\"https:\/\/www.jcvignoli.com\/blog\/tag\/spam\" rel=\"tag\">spam<\/a>, <a href=\"https:\/\/www.jcvignoli.com\/blog\/tag\/statistiques\" rel=\"tag\">statistiques<\/a>, <a href=\"https:\/\/www.jcvignoli.com\/blog\/tag\/wordpress\" rel=\"tag\">wordpress<\/a><\/td><td>2007-04-07 11:57:03<\/td><\/tr><tr><td><\/td><td><a href=\"https:\/\/www.jcvignoli.com\/blog\/2007\/de-6-a-27-quelle-europe-leurope-avance-t-elle-ou-recule-t-elle\">\u00ab\u00a0De 6 \u00e0 27: Quelle Europe ?\u00a0\u00bb &#8211; l&rsquo;Europe avance-t-elle ou recule-t-elle ?<\/a><\/td><td>2007\/03\/28<\/td><td><a href=\"https:\/\/www.jcvignoli.com\/blog\/category\/articles\" rel=\"category tag\">Articles<\/a>, <a href=\"https:\/\/www.jcvignoli.com\/blog\/category\/politique\" rel=\"category tag\">Politique<\/a>, <a href=\"https:\/\/www.jcvignoli.com\/blog\/category\/politique\/ue\" rel=\"category tag\">UE<\/a><\/td><td><a href=\"https:\/\/www.jcvignoli.com\/blog\/tag\/barroso\" rel=\"tag\">barroso<\/a>, <a href=\"https:\/\/www.jcvignoli.com\/blog\/tag\/guerre\" rel=\"tag\">guerre<\/a>, <a href=\"https:\/\/www.jcvignoli.com\/blog\/tag\/omc\" rel=\"tag\">OMC<\/a>, <a href=\"https:\/\/www.jcvignoli.com\/blog\/tag\/tece\" rel=\"tag\">TECE<\/a>, <a href=\"https:\/\/www.jcvignoli.com\/blog\/tag\/union_europeenne\" rel=\"tag\">Union Europ\u00e9enne<\/a><\/td><td>2007-03-28 00:13:35<\/td><\/tr><tr><td><img loading=\"lazy\" decoding=\"async\" width=\"150\" height=\"150\" src=\"https:\/\/www.jcvignoli.com\/blog\/wp-content\/uploads\/ikiru-Republicain-frontpage-150x150.jpg\" class=\"attachment-thumbnail size-thumbnail wp-post-image\" alt=\"Le R\u00e9publicain Togo Une\" \/><\/td><td><a href=\"https:\/\/www.jcvignoli.com\/blog\/2007\/lost-highway-prend-temporairement-ses-quartiers-en-afrique\">Lost Highway prend temporairement ses quartiers en Afrique<\/a><\/td><td>2007\/03\/24<\/td><td><a href=\"https:\/\/www.jcvignoli.com\/blog\/category\/informatique\/blog\" rel=\"category tag\">blog<\/a>, <a href=\"https:\/\/www.jcvignoli.com\/blog\/category\/livres\" rel=\"category tag\">Presse\/livres<\/a><\/td><td><a href=\"https:\/\/www.jcvignoli.com\/blog\/tag\/afrique\" rel=\"tag\">Afrique<\/a>, <a href=\"https:\/\/www.jcvignoli.com\/blog\/tag\/articles\" rel=\"tag\">Articles<\/a>, <a href=\"https:\/\/www.jcvignoli.com\/blog\/tag\/auto-promotion\" rel=\"tag\">auto-promotion<\/a>, <a href=\"https:\/\/www.jcvignoli.com\/blog\/tag\/blog\" rel=\"tag\">blog<\/a>, <a href=\"https:\/\/www.jcvignoli.com\/blog\/tag\/citation\" rel=\"tag\">citation<\/a>, <a href=\"https:\/\/www.jcvignoli.com\/blog\/tag\/le-republicain\" rel=\"tag\">le-r\u00e9publicain<\/a>, <a href=\"https:\/\/www.jcvignoli.com\/blog\/tag\/presse\" rel=\"tag\">presse<\/a>, <a href=\"https:\/\/www.jcvignoli.com\/blog\/tag\/togo\" rel=\"tag\">togo<\/a><\/td><td>2007-03-24 22:03:40<\/td><\/tr><tr><td><\/td><td><a href=\"https:\/\/www.jcvignoli.com\/blog\/2007\/fin-de-linnocence-pour-nicolas-hulot\">Fin de l&rsquo;innocence pour Nicolas Hulot ?<\/a><\/td><td>2007\/03\/20<\/td><td><a href=\"https:\/\/www.jcvignoli.com\/blog\/category\/politique\/ecologie\" rel=\"category tag\">Ecologie<\/a><\/td><td><a href=\"https:\/\/www.jcvignoli.com\/blog\/tag\/compromission-politique\" rel=\"tag\">compromission politique<\/a>, <a href=\"https:\/\/www.jcvignoli.com\/blog\/tag\/france\" rel=\"tag\">france<\/a>, <a href=\"https:\/\/www.jcvignoli.com\/blog\/tag\/nicolas-hulot\" rel=\"tag\">Nicolas Hulot<\/a><\/td><td>2007-03-20 12:07:16<\/td><\/tr><tr><td><\/td><td><a href=\"https:\/\/www.jcvignoli.com\/blog\/2007\/la-chine-nest-officiellement-plus-communiste\">La Chine n&rsquo;est officiellement plus communiste<\/a><\/td><td>2007\/03\/17<\/td><td><a href=\"https:\/\/www.jcvignoli.com\/blog\/category\/politique\" rel=\"category tag\">Politique<\/a><\/td><td><a href=\"https:\/\/www.jcvignoli.com\/blog\/tag\/chine\" rel=\"tag\">Chine<\/a>, <a href=\"https:\/\/www.jcvignoli.com\/blog\/tag\/communisme\" rel=\"tag\">Communisme<\/a>, <a href=\"https:\/\/www.jcvignoli.com\/blog\/tag\/liberalisme\" rel=\"tag\">lib\u00e9ralisme<\/a><\/td><td>2007-03-17 19:36:29<\/td><\/tr><tr><td><img loading=\"lazy\" decoding=\"async\" width=\"150\" height=\"150\" src=\"https:\/\/www.jcvignoli.com\/blog\/wp-content\/uploads\/Cle-de-sol-maison-de-face-150x150.jpg\" class=\"attachment-thumbnail size-thumbnail wp-post-image\" alt=\"Cl\u00e9 de sol maison de face\" \/><\/td><td><a href=\"https:\/\/www.jcvignoli.com\/blog\/2007\/cle-de-sol-une-maison-ecologique-sans-fausse-note\">Cl\u00e9 de Sol, une maison \u00e9cologique sans fausse note<\/a><\/td><td>2007\/03\/14<\/td><td><a href=\"https:\/\/www.jcvignoli.com\/blog\/category\/articles\" rel=\"category tag\">Articles<\/a>, <a href=\"https:\/\/www.jcvignoli.com\/blog\/category\/politique\/ecologie\" rel=\"category tag\">Ecologie<\/a>, <a href=\"https:\/\/www.jcvignoli.com\/blog\/category\/articles\/ecrits-publies\" rel=\"category tag\">Ecrits publi\u00e9s<\/a>, <a href=\"https:\/\/www.jcvignoli.com\/blog\/category\/articles\/interview\" rel=\"category tag\">Interview<\/a><\/td><td><a href=\"https:\/\/www.jcvignoli.com\/blog\/tag\/cle-de-sol\" rel=\"tag\">Cl\u00e9 de sol<\/a>, <a href=\"https:\/\/www.jcvignoli.com\/blog\/tag\/eau-de-pluie\" rel=\"tag\">eau de pluie<\/a>, <a href=\"https:\/\/www.jcvignoli.com\/blog\/tag\/irha\" rel=\"tag\">irha<\/a>, <a href=\"https:\/\/www.jcvignoli.com\/blog\/tag\/maison-ecologique\" rel=\"tag\">maison \u00e9cologique<\/a><\/td><td>2007-03-14 18:09:09<\/td><\/tr><tr><td><img loading=\"lazy\" decoding=\"async\" width=\"150\" height=\"150\" src=\"https:\/\/www.jcvignoli.com\/blog\/wp-content\/uploads\/Matin-bleu-couverture-journee-femme-150x150.jpg\" class=\"attachment-thumbnail size-thumbnail wp-post-image\" alt=\"Matin bleu couverture journ\u00e9e de la femme\" \/><\/td><td><a href=\"https:\/\/www.jcvignoli.com\/blog\/2007\/femmes-gratuites-pour-la-journee-de-la-femme-dans-les-gratuits\">Femmes gratuites pour la journ\u00e9e de la femme dans les gratuits<\/a><\/td><td>2007\/03\/10<\/td><td><a href=\"https:\/\/www.jcvignoli.com\/blog\/category\/livres\" rel=\"category tag\">Presse\/livres<\/a>, <a href=\"https:\/\/www.jcvignoli.com\/blog\/category\/politique\/suisse\" rel=\"category tag\">Suisse<\/a><\/td><td><a href=\"https:\/\/www.jcvignoli.com\/blog\/tag\/journal\" rel=\"tag\">journal<\/a>, <a href=\"https:\/\/www.jcvignoli.com\/blog\/tag\/journal-gratuit\" rel=\"tag\">journal gratuit<\/a>, <a href=\"https:\/\/www.jcvignoli.com\/blog\/tag\/journalisme\" rel=\"tag\">journalisme<\/a>, <a href=\"https:\/\/www.jcvignoli.com\/blog\/tag\/le-matin-bleu\" rel=\"tag\">le matin bleu<\/a><\/td><td>2007-03-10 15:49:18<\/td><\/tr><tr><td><\/td><td><a href=\"https:\/\/www.jcvignoli.com\/blog\/2007\/loption-nucleaire-communique-des-verts-suisses\">L&rsquo;option nucl\u00e9aire : communiqu\u00e9 des Verts suisses<\/a><\/td><td>2007\/02\/27<\/td><td><a href=\"https:\/\/www.jcvignoli.com\/blog\/category\/politique\/ecologie\" rel=\"category tag\">Ecologie<\/a>, <a href=\"https:\/\/www.jcvignoli.com\/blog\/category\/politique\" rel=\"category tag\">Politique<\/a><\/td><td><a href=\"https:\/\/www.jcvignoli.com\/blog\/tag\/communique-de-presse\" rel=\"tag\">communiqu\u00e9 de presse<\/a>, <a href=\"https:\/\/www.jcvignoli.com\/blog\/tag\/conseil-federal-suisse\" rel=\"tag\">conseil f\u00e9d\u00e9ral suisse<\/a>, <a href=\"https:\/\/www.jcvignoli.com\/blog\/tag\/les-verts\" rel=\"tag\">les Verts<\/a>, <a href=\"https:\/\/www.jcvignoli.com\/blog\/tag\/nucleaire\" rel=\"tag\">nucl\u00e9aire<\/a>, <a href=\"https:\/\/www.jcvignoli.com\/blog\/tag\/strategie-energetique\" rel=\"tag\">strat\u00e9gie \u00e9nerg\u00e9tique<\/a><\/td><td>2007-02-27 20:14:27<\/td><\/tr><tr><td><\/td><td><a href=\"https:\/\/www.jcvignoli.com\/blog\/2007\/des-criminels-pour-pacifier-lirak\">Des criminels pour pacifier l&rsquo;Irak<\/a><\/td><td>2007\/02\/24<\/td><td><a href=\"https:\/\/www.jcvignoli.com\/blog\/category\/politique\/droits-humains\" rel=\"category tag\">Droits humains<\/a>, <a href=\"https:\/\/www.jcvignoli.com\/blog\/category\/politique\" rel=\"category tag\">Politique<\/a>, <a href=\"https:\/\/www.jcvignoli.com\/blog\/category\/politique\/usa\" rel=\"category tag\">USA<\/a><\/td><td><a href=\"https:\/\/www.jcvignoli.com\/blog\/tag\/irak\" rel=\"tag\">irak<\/a>, <a href=\"https:\/\/www.jcvignoli.com\/blog\/tag\/liberation\" rel=\"tag\">lib\u00e9ration<\/a><\/td><td>2007-02-24 15:32:32<\/td><\/tr><tr><td><\/td><td><a href=\"https:\/\/www.jcvignoli.com\/blog\/2007\/laissez-travailler-les-europeens-qui-se-levent-tot-tant-que-le-soleil-se-leve-du-moins\">Laissez travailler les Europ\u00e9ens qui se l\u00e8vent t\u00f4t ! Tant que le soleil se l\u00e8ve, du moins.<\/a><\/td><td>2007\/01\/31<\/td><td><a href=\"https:\/\/www.jcvignoli.com\/blog\/category\/politique\/ecologie\" rel=\"category tag\">Ecologie<\/a>, <a href=\"https:\/\/www.jcvignoli.com\/blog\/category\/politique\" rel=\"category tag\">Politique<\/a><\/td><td><a href=\"https:\/\/www.jcvignoli.com\/blog\/tag\/consommation\" rel=\"tag\">consommation<\/a>, <a href=\"https:\/\/www.jcvignoli.com\/blog\/tag\/impots\" rel=\"tag\">imp\u00f4ts<\/a>, <a href=\"https:\/\/www.jcvignoli.com\/blog\/tag\/les-verts\" rel=\"tag\">les Verts<\/a>, <a href=\"https:\/\/www.jcvignoli.com\/blog\/tag\/repartission-des-richesses\" rel=\"tag\">r\u00e9partission des richesses<\/a><\/td><td>2007-01-31 21:12:59<\/td><\/tr><tr><td><\/td><td><a href=\"https:\/\/www.jcvignoli.com\/blog\/2007\/une-fois-nest-pas-coutume\">Une fois n&rsquo;est pas coutume<\/a><\/td><td>2007\/01\/24<\/td><td><a href=\"https:\/\/www.jcvignoli.com\/blog\/category\/humour\" rel=\"category tag\">Humour<\/a><\/td><td><a href=\"https:\/\/www.jcvignoli.com\/blog\/tag\/balourd\" rel=\"tag\">balourd<\/a>, <a href=\"https:\/\/www.jcvignoli.com\/blog\/tag\/berlusconi\" rel=\"tag\">berlusconi<\/a>, <a href=\"https:\/\/www.jcvignoli.com\/blog\/tag\/beta\" rel=\"tag\">beta<\/a>, <a href=\"https:\/\/www.jcvignoli.com\/blog\/tag\/bibendum\" rel=\"tag\">bibendum<\/a>, <a href=\"https:\/\/www.jcvignoli.com\/blog\/tag\/blair\" rel=\"tag\">blair<\/a>, <a href=\"https:\/\/www.jcvignoli.com\/blog\/tag\/blaireau\" rel=\"tag\">blaireau<\/a>, <a href=\"https:\/\/www.jcvignoli.com\/blog\/tag\/bobet\" rel=\"tag\">bobet<\/a>, <a href=\"https:\/\/www.jcvignoli.com\/blog\/tag\/boulet\" rel=\"tag\">boulet<\/a>, <a href=\"https:\/\/www.jcvignoli.com\/blog\/tag\/bourre\" rel=\"tag\">bourr\u00e9<\/a>, <a href=\"https:\/\/www.jcvignoli.com\/blog\/tag\/brelle\" rel=\"tag\">brelle<\/a>, <a href=\"https:\/\/www.jcvignoli.com\/blog\/tag\/bush\" rel=\"tag\">Bush<\/a>, <a href=\"https:\/\/www.jcvignoli.com\/blog\/tag\/humour\" rel=\"tag\">Humour<\/a><\/td><td>2007-01-24 23:12:43<\/td><\/tr><tr><td><\/td><td><a href=\"https:\/\/www.jcvignoli.com\/blog\/2007\/lassurance-maladie-en-suisse-vers-une-caisse-unique\">L&rsquo;assurance maladie en Suisse : vers une caisse unique ?<\/a><\/td><td>2007\/01\/23<\/td><td><a href=\"https:\/\/www.jcvignoli.com\/blog\/category\/politique\" rel=\"category tag\">Politique<\/a>, <a href=\"https:\/\/www.jcvignoli.com\/blog\/category\/politique\/suisse\" rel=\"category tag\">Suisse<\/a><\/td><td><a href=\"https:\/\/www.jcvignoli.com\/blog\/tag\/assurance-maladie\" rel=\"tag\">assurance-maladie<\/a>, <a href=\"https:\/\/www.jcvignoli.com\/blog\/tag\/sante\" rel=\"tag\">sant\u00e9<\/a><\/td><td>2007-01-23 08:46:30<\/td><\/tr><tr><td><\/td><td><a href=\"https:\/\/www.jcvignoli.com\/blog\/2007\/dis-papa-cest-quoi-un-raciste\">Dis, papa, c&rsquo;est quoi un raciste ?<\/a><\/td><td>2007\/01\/22<\/td><td><a href=\"https:\/\/www.jcvignoli.com\/blog\/category\/philosophie\" rel=\"category tag\">Philosophie<\/a>, <a href=\"https:\/\/www.jcvignoli.com\/blog\/category\/politique\" rel=\"category tag\">Politique<\/a><\/td><td><a href=\"https:\/\/www.jcvignoli.com\/blog\/tag\/berlusconi\" rel=\"tag\">berlusconi<\/a>, <a href=\"https:\/\/www.jcvignoli.com\/blog\/tag\/christoph_blocher\" rel=\"tag\">christoph blocher<\/a>, <a href=\"https:\/\/www.jcvignoli.com\/blog\/tag\/extreme-droite\" rel=\"tag\">extr\u00eame droite<\/a>, <a href=\"https:\/\/www.jcvignoli.com\/blog\/tag\/extremisme\" rel=\"tag\">extr\u00e9misme<\/a>, <a href=\"https:\/\/www.jcvignoli.com\/blog\/tag\/fascisme\" rel=\"tag\">fascisme<\/a>, <a href=\"https:\/\/www.jcvignoli.com\/blog\/tag\/identitaire\" rel=\"tag\">identitaire<\/a>, <a href=\"https:\/\/www.jcvignoli.com\/blog\/tag\/nazi\" rel=\"tag\">nazi<\/a>, <a href=\"https:\/\/www.jcvignoli.com\/blog\/tag\/racisme\" rel=\"tag\">racisme<\/a><\/td><td>2007-01-22 20:02:24<\/td><\/tr><tr><td><\/td><td><a href=\"https:\/\/www.jcvignoli.com\/blog\/2006\/american-tabloid-ou-comment-mettre-les-usa-a-poil\">American tablo\u00efd, ou comment mettre les USA \u00e0 poil<\/a><\/td><td>2006\/12\/23<\/td><td><a href=\"https:\/\/www.jcvignoli.com\/blog\/category\/livres\" rel=\"category tag\">Presse\/livres<\/a><\/td><td><a href=\"https:\/\/www.jcvignoli.com\/blog\/tag\/american\" rel=\"tag\">american<\/a>, <a href=\"https:\/\/www.jcvignoli.com\/blog\/tag\/james-ellroy\" rel=\"tag\">james-ellroy<\/a>, <a href=\"https:\/\/www.jcvignoli.com\/blog\/tag\/tabloid\" rel=\"tag\">tabloid<\/a><\/td><td>2006-12-23 16:28:13<\/td><\/tr><tr><td><img loading=\"lazy\" decoding=\"async\" width=\"200\" height=\"200\" src=\"https:\/\/www.jcvignoli.com\/blog\/wp-content\/uploads\/windows-vista-200x200.jpg\" class=\"attachment-thumbnail size-thumbnail wp-post-image\" alt=\"Ecran windows vista\" \/><\/td><td><a href=\"https:\/\/www.jcvignoli.com\/blog\/2006\/cest-quoi-un-os-windows-vista-sans-virus-et-un-pan-industriel-seffondre\">C&rsquo;est quoi un OS ? &#8211; Windows Vista sans virus, et un pan industriel s&rsquo;effondre<\/a><\/td><td>2006\/12\/22<\/td><td><a href=\"https:\/\/www.jcvignoli.com\/blog\/category\/informatique\/gnulinux\" rel=\"category tag\">GNU\/Linux<\/a>, <a href=\"https:\/\/www.jcvignoli.com\/blog\/category\/informatique\" rel=\"category tag\">Informatique<\/a><\/td><td><a href=\"https:\/\/www.jcvignoli.com\/blog\/tag\/agoravox\" rel=\"tag\">agoravox<\/a>, <a href=\"https:\/\/www.jcvignoli.com\/blog\/tag\/logiciel-libre\" rel=\"tag\">logiciel-libre<\/a>, <a href=\"https:\/\/www.jcvignoli.com\/blog\/tag\/microsoft\" rel=\"tag\">Microsoft<\/a>, <a href=\"https:\/\/www.jcvignoli.com\/blog\/tag\/open_source\" rel=\"tag\">open_source<\/a>, <a href=\"https:\/\/www.jcvignoli.com\/blog\/tag\/os\" rel=\"tag\">os<\/a>, <a href=\"https:\/\/www.jcvignoli.com\/blog\/tag\/vista\" rel=\"tag\">vista<\/a>, <a href=\"https:\/\/www.jcvignoli.com\/blog\/tag\/windows\" rel=\"tag\">windows<\/a><\/td><td>2006-12-22 22:36:05<\/td><\/tr><tr><td><img loading=\"lazy\" decoding=\"async\" width=\"150\" height=\"150\" src=\"https:\/\/www.jcvignoli.com\/blog\/wp-content\/uploads\/togoville-prince-asrafo-150x150.jpg\" class=\"attachment-thumbnail size-thumbnail wp-post-image\" alt=\"Prince Asrafo Togoville\" \/><\/td><td><a href=\"https:\/\/www.jcvignoli.com\/blog\/2006\/surprise-a-togoville\">Surprise \u00e0 Togoville<\/a><\/td><td>2006\/12\/02<\/td><td><a href=\"https:\/\/www.jcvignoli.com\/blog\/category\/articles\" rel=\"category tag\">Articles<\/a>, <a href=\"https:\/\/www.jcvignoli.com\/blog\/category\/voyages\/chroniques\" rel=\"category tag\">Chroniques<\/a>, <a href=\"https:\/\/www.jcvignoli.com\/blog\/category\/articles\/ecrits-publies\" rel=\"category tag\">Ecrits publi\u00e9s<\/a>, <a href=\"https:\/\/www.jcvignoli.com\/blog\/category\/voyages\" rel=\"category tag\">Voyages<\/a><\/td><td><a href=\"https:\/\/www.jcvignoli.com\/blog\/tag\/articles\" rel=\"tag\">Articles<\/a>, <a href=\"https:\/\/www.jcvignoli.com\/blog\/tag\/roi-mlapa\" rel=\"tag\">roi-mlapa<\/a>, <a href=\"https:\/\/www.jcvignoli.com\/blog\/tag\/togo\" rel=\"tag\">togo<\/a>, <a href=\"https:\/\/www.jcvignoli.com\/blog\/tag\/voyage\" rel=\"tag\">voyage<\/a><\/td><td>2006-12-02 19:08:05<\/td><\/tr><tr><td><img loading=\"lazy\" decoding=\"async\" width=\"150\" height=\"150\" src=\"https:\/\/www.jcvignoli.com\/blog\/wp-content\/uploads\/togoville-barque-150x150.jpg\" class=\"attachment-thumbnail size-thumbnail wp-post-image\" alt=\"Barque Togoville\" \/><\/td><td><a href=\"https:\/\/www.jcvignoli.com\/blog\/2006\/de-la-liberte-en-afrique-totalitaire\">De la libert\u00e9 en Afrique totalitaire<\/a><\/td><td>2006\/11\/17<\/td><td><a href=\"https:\/\/www.jcvignoli.com\/blog\/category\/voyages\/chroniques\" rel=\"category tag\">Chroniques<\/a>, <a href=\"https:\/\/www.jcvignoli.com\/blog\/category\/philosophie\" rel=\"category tag\">Philosophie<\/a>, <a href=\"https:\/\/www.jcvignoli.com\/blog\/category\/politique\" rel=\"category tag\">Politique<\/a><\/td><td><a href=\"https:\/\/www.jcvignoli.com\/blog\/tag\/afrique\" rel=\"tag\">Afrique<\/a>, <a href=\"https:\/\/www.jcvignoli.com\/blog\/tag\/togo\" rel=\"tag\">togo<\/a><\/td><td>2006-11-17 17:41:42<\/td><\/tr><tr><td><\/td><td><a href=\"https:\/\/www.jcvignoli.com\/blog\/2006\/liberte-egalite-et-colonialisme\">Libert\u00e9, \u00e9galit\u00e9 et colonialisme<\/a><\/td><td>2006\/11\/15<\/td><td><a href=\"https:\/\/www.jcvignoli.com\/blog\/category\/politique\" rel=\"category tag\">Politique<\/a><\/td><td><a href=\"https:\/\/www.jcvignoli.com\/blog\/tag\/colonialisme\" rel=\"tag\">colonialisme<\/a>, <a href=\"https:\/\/www.jcvignoli.com\/blog\/tag\/egalite\" rel=\"tag\">\u00e9galit\u00e9<\/a>, <a href=\"https:\/\/www.jcvignoli.com\/blog\/tag\/liberte\" rel=\"tag\">libert\u00e9<\/a><\/td><td>2006-11-15 17:53:10<\/td><\/tr><tr><td><\/td><td><a href=\"https:\/\/www.jcvignoli.com\/blog\/2006\/tete-de-turque-ankara-genocide-et-liberte-dexpression\">T\u00eate de turque &#8211; Ankara, g\u00e9nocide et libert\u00e9 d&rsquo;expression<\/a><\/td><td>2006\/10\/14<\/td><td><a href=\"https:\/\/www.jcvignoli.com\/blog\/category\/articles\" rel=\"category tag\">Articles<\/a>, <a href=\"https:\/\/www.jcvignoli.com\/blog\/category\/politique\/droits-humains\" rel=\"category tag\">Droits humains<\/a>, <a href=\"https:\/\/www.jcvignoli.com\/blog\/category\/politique\" rel=\"category tag\">Politique<\/a>, <a href=\"https:\/\/www.jcvignoli.com\/blog\/category\/politique\/suisse\" rel=\"category tag\">Suisse<\/a>, <a href=\"https:\/\/www.jcvignoli.com\/blog\/category\/politique\/ue\" rel=\"category tag\">UE<\/a><\/td><td><a href=\"https:\/\/www.jcvignoli.com\/blog\/tag\/armenie\" rel=\"tag\">arm\u00e9nie<\/a>, <a href=\"https:\/\/www.jcvignoli.com\/blog\/tag\/ataturk\" rel=\"tag\">Atat\u00fcrk<\/a>, <a href=\"https:\/\/www.jcvignoli.com\/blog\/tag\/christoph_blocher\" rel=\"tag\">christoph blocher<\/a>, <a href=\"https:\/\/www.jcvignoli.com\/blog\/tag\/droit-homme\" rel=\"tag\">droits de l'homme<\/a>, <a href=\"https:\/\/www.jcvignoli.com\/blog\/tag\/genocide\" rel=\"tag\">g\u00e9nocide<\/a>, <a href=\"https:\/\/www.jcvignoli.com\/blog\/tag\/liberte_expression\" rel=\"tag\">libert\u00e9 d'expression<\/a>, <a href=\"https:\/\/www.jcvignoli.com\/blog\/tag\/turquie\" rel=\"tag\">Turquie<\/a>, <a href=\"https:\/\/www.jcvignoli.com\/blog\/tag\/union-europeenne\" rel=\"tag\">union-europ\u00e9enne<\/a><\/td><td>2006-10-14 15:30:41<\/td><\/tr><tr><td><img loading=\"lazy\" decoding=\"async\" width=\"150\" height=\"150\" src=\"https:\/\/www.jcvignoli.com\/blog\/wp-content\/uploads\/ramses-abou-simbel-150x150.jpg\" class=\"attachment-thumbnail size-thumbnail wp-post-image\" alt=\"Abou Simbel Rams\u00e8s Nefertari\" \/><\/td><td><a href=\"https:\/\/www.jcvignoli.com\/blog\/2006\/pharaons-et-egypte-moderne\">Pharaons et Egypte moderne<\/a><\/td><td>2006\/10\/01<\/td><td><a href=\"https:\/\/www.jcvignoli.com\/blog\/category\/articles\" rel=\"category tag\">Articles<\/a>, <a href=\"https:\/\/www.jcvignoli.com\/blog\/category\/voyages\/chroniques\" rel=\"category tag\">Chroniques<\/a>, <a href=\"https:\/\/www.jcvignoli.com\/blog\/category\/politique\" rel=\"category tag\">Politique<\/a><\/td><td><a href=\"https:\/\/www.jcvignoli.com\/blog\/tag\/abou-simbel\" rel=\"tag\">abou simbel<\/a>, <a href=\"https:\/\/www.jcvignoli.com\/blog\/tag\/amon\" rel=\"tag\">amon<\/a>, <a href=\"https:\/\/www.jcvignoli.com\/blog\/tag\/egypte\" rel=\"tag\">egypte<\/a>, <a href=\"https:\/\/www.jcvignoli.com\/blog\/tag\/ramses\" rel=\"tag\">ramses<\/a><\/td><td>2006-10-01 19:14:13<\/td><\/tr><tr><td><img loading=\"lazy\" decoding=\"async\" width=\"150\" height=\"150\" src=\"https:\/\/www.jcvignoli.com\/blog\/wp-content\/uploads\/Tourism-Africa-chanteur-150x150.jpg\" class=\"attachment-thumbnail size-thumbnail wp-post-image\" alt=\"TourismAfrica chanteur\" \/><\/td><td><a href=\"https:\/\/www.jcvignoli.com\/blog\/2006\/tourismafrica-ambiance-de-la-brousse\">TourismAfrica &#8211; Ambiance de la brousse<\/a><\/td><td>2006\/09\/13<\/td><td><a href=\"https:\/\/www.jcvignoli.com\/blog\/en\/category\/miscellaneous\" rel=\"category tag\">Miscellaneous<\/a><\/td><td><a href=\"https:\/\/www.jcvignoli.com\/blog\/tag\/afrique\" rel=\"tag\">Afrique<\/a>, <a href=\"https:\/\/www.jcvignoli.com\/blog\/tag\/congres\" rel=\"tag\">congr\u00e8s<\/a>, <a href=\"https:\/\/www.jcvignoli.com\/blog\/tag\/evenement\" rel=\"tag\">\u00e9v\u00e9nement<\/a>, <a href=\"https:\/\/www.jcvignoli.com\/blog\/tag\/palexpo\" rel=\"tag\">palexpo<\/a>, <a href=\"https:\/\/www.jcvignoli.com\/blog\/tag\/tourismafrica\" rel=\"tag\">tourismafrica<\/a>, <a href=\"https:\/\/www.jcvignoli.com\/blog\/tag\/tourisme\" rel=\"tag\">tourisme<\/a><\/td><td>2006-09-13 23:45:34<\/td><\/tr><tr><td><img loading=\"lazy\" decoding=\"async\" width=\"200\" height=\"200\" src=\"https:\/\/www.jcvignoli.com\/blog\/wp-content\/uploads\/Christian-Jacq-Les-mysteres-d\u2019Osiris-200x200.jpg\" class=\"attachment-thumbnail size-thumbnail wp-post-image\" alt=\"Couverture du livre de Christian Jacq: Les myst\u00e8res d\u2019Osiris\" srcset=\"https:\/\/www.jcvignoli.com\/blog\/wp-content\/uploads\/Christian-Jacq-Les-mysteres-d\u2019Osiris-200x200.jpg 200w, https:\/\/www.jcvignoli.com\/blog\/wp-content\/uploads\/Christian-Jacq-Les-mysteres-d\u2019Osiris-160x160.jpg 160w, https:\/\/www.jcvignoli.com\/blog\/wp-content\/uploads\/Christian-Jacq-Les-mysteres-d\u2019Osiris-320x320.jpg 320w\" sizes=\"auto, (max-width: 200px) 100vw, 200px\" \/><\/td><td><a href=\"https:\/\/www.jcvignoli.com\/blog\/2006\/christian-jacq-les-mysteres-dosiris\">Christian Jacq &#8211; Les myst\u00e8res d&rsquo;Osiris<\/a><\/td><td>2006\/09\/13<\/td><td><a href=\"https:\/\/www.jcvignoli.com\/blog\/category\/livres\" rel=\"category tag\">Presse\/livres<\/a><\/td><td><a href=\"https:\/\/www.jcvignoli.com\/blog\/tag\/11-septembre\" rel=\"tag\">11 septembre<\/a>, <a href=\"https:\/\/www.jcvignoli.com\/blog\/tag\/christian-jacq\" rel=\"tag\">Christian Jacq<\/a>, <a href=\"https:\/\/www.jcvignoli.com\/blog\/tag\/egypte\" rel=\"tag\">egypte<\/a>, <a href=\"https:\/\/www.jcvignoli.com\/blog\/tag\/egyptologie\" rel=\"tag\">egyptologie<\/a>, <a href=\"https:\/\/www.jcvignoli.com\/blog\/tag\/litterature\" rel=\"tag\">litt\u00e9rature<\/a>, <a href=\"https:\/\/www.jcvignoli.com\/blog\/tag\/mystere\" rel=\"tag\">myst\u00e8re<\/a>, <a href=\"https:\/\/www.jcvignoli.com\/blog\/tag\/osiris\" rel=\"tag\">osiris<\/a>, <a href=\"https:\/\/www.jcvignoli.com\/blog\/tag\/pharaon\" rel=\"tag\">pharaon<\/a><\/td><td>2006-09-13 00:36:59<\/td><\/tr><tr><td><img loading=\"lazy\" decoding=\"async\" width=\"150\" height=\"150\" src=\"https:\/\/www.jcvignoli.com\/blog\/wp-content\/uploads\/ubuntu-look-150x150.png\" class=\"attachment-thumbnail size-thumbnail wp-post-image\" alt=\"ubuntu visualisation\" \/><\/td><td><a href=\"https:\/\/www.jcvignoli.com\/blog\/2006\/ubuntu-take-2-la-liberte-a-tout-prix\">Ubuntu, take 2 : la libert\u00e9 \u00e0 tout prix<\/a><\/td><td>2006\/08\/26<\/td><td><a href=\"https:\/\/www.jcvignoli.com\/blog\/category\/informatique\/gnulinux\" rel=\"category tag\">GNU\/Linux<\/a>, <a href=\"https:\/\/www.jcvignoli.com\/blog\/category\/informatique\" rel=\"category tag\">Informatique<\/a><\/td><td><a href=\"https:\/\/www.jcvignoli.com\/blog\/tag\/gnu\" rel=\"tag\">gnu<\/a>, <a href=\"https:\/\/www.jcvignoli.com\/blog\/tag\/liberte\" rel=\"tag\">libert\u00e9<\/a>, <a href=\"https:\/\/www.jcvignoli.com\/blog\/tag\/linux\" rel=\"tag\">linux<\/a>, <a href=\"https:\/\/www.jcvignoli.com\/blog\/tag\/ubuntu\" rel=\"tag\">ubuntu<\/a><\/td><td>2006-08-26 05:07:23<\/td><\/tr><tr><td><img loading=\"lazy\" decoding=\"async\" width=\"200\" height=\"200\" src=\"https:\/\/www.jcvignoli.com\/blog\/wp-content\/uploads\/Flag-Israel-200x200.jpg\" class=\"attachment-thumbnail size-thumbnail wp-post-image\" alt=\"\" \/><\/td><td><a href=\"https:\/\/www.jcvignoli.com\/blog\/2006\/le-droit-de-la-haine\">Le droit de la haine<\/a><\/td><td>2006\/07\/15<\/td><td><a href=\"https:\/\/www.jcvignoli.com\/blog\/category\/politique\/droits-humains\" rel=\"category tag\">Droits humains<\/a>, <a href=\"https:\/\/www.jcvignoli.com\/blog\/category\/politique\" rel=\"category tag\">Politique<\/a><\/td><td><a href=\"https:\/\/www.jcvignoli.com\/blog\/tag\/droit-international\" rel=\"tag\">droit international<\/a>, <a href=\"https:\/\/www.jcvignoli.com\/blog\/tag\/droit-homme\" rel=\"tag\">droits de l'homme<\/a>, <a href=\"https:\/\/www.jcvignoli.com\/blog\/tag\/genocide\" rel=\"tag\">g\u00e9nocide<\/a>, <a href=\"https:\/\/www.jcvignoli.com\/blog\/tag\/israel\" rel=\"tag\">isra\u00ebl<\/a>, <a href=\"https:\/\/www.jcvignoli.com\/blog\/tag\/juif\" rel=\"tag\">juif<\/a>, <a href=\"https:\/\/www.jcvignoli.com\/blog\/tag\/moyen-orient\" rel=\"tag\">moyen-orient<\/a>, <a href=\"https:\/\/www.jcvignoli.com\/blog\/tag\/propagande\" rel=\"tag\">propagande<\/a><\/td><td>2006-07-15 01:37:45<\/td><\/tr><tr><td><\/td><td><a href=\"https:\/\/www.jcvignoli.com\/blog\/2006\/photos-en-direct-live-6\">Photos en direct live<\/a><\/td><td>2006\/07\/01<\/td><td><a href=\"https:\/\/www.jcvignoli.com\/blog\/category\/moblog\" rel=\"category tag\">Moblog<\/a><\/td><td><a href=\"https:\/\/www.jcvignoli.com\/blog\/tag\/moblog\" rel=\"tag\">Moblog<\/a><\/td><td>2006-07-01 17:09:06<\/td><\/tr><tr><td><img loading=\"lazy\" decoding=\"async\" width=\"150\" height=\"150\" src=\"https:\/\/www.jcvignoli.com\/blog\/wp-content\/uploads\/ubuntu-150x150.png\" class=\"attachment-thumbnail size-thumbnail wp-post-image\" alt=\"ubuntu look\" \/><\/td><td><a href=\"https:\/\/www.jcvignoli.com\/blog\/2006\/linux-une-solution-paresseuse-pour-les-radins\">Linux, une solution paresseuse pour les radins<\/a><\/td><td>2006\/06\/28<\/td><td><a href=\"https:\/\/www.jcvignoli.com\/blog\/category\/informatique\/gnulinux\" rel=\"category tag\">GNU\/Linux<\/a>, <a href=\"https:\/\/www.jcvignoli.com\/blog\/category\/informatique\" rel=\"category tag\">Informatique<\/a><\/td><td><a href=\"https:\/\/www.jcvignoli.com\/blog\/tag\/flicage\" rel=\"tag\">flicage<\/a>, <a href=\"https:\/\/www.jcvignoli.com\/blog\/tag\/gnu\" rel=\"tag\">gnu<\/a>, <a href=\"https:\/\/www.jcvignoli.com\/blog\/tag\/liberte\" rel=\"tag\">libert\u00e9<\/a>, <a href=\"https:\/\/www.jcvignoli.com\/blog\/tag\/linux\" rel=\"tag\">linux<\/a>, <a href=\"https:\/\/www.jcvignoli.com\/blog\/tag\/microsoft\" rel=\"tag\">Microsoft<\/a>, <a href=\"https:\/\/www.jcvignoli.com\/blog\/tag\/os\" rel=\"tag\">os<\/a>, <a href=\"https:\/\/www.jcvignoli.com\/blog\/tag\/palladium\" rel=\"tag\">palladium<\/a>, <a href=\"https:\/\/www.jcvignoli.com\/blog\/tag\/ubuntu\" rel=\"tag\">ubuntu<\/a>, <a href=\"https:\/\/www.jcvignoli.com\/blog\/tag\/windows\" rel=\"tag\">windows<\/a><\/td><td>2006-06-28 02:54:53<\/td><\/tr><tr><td><\/td><td><a href=\"https:\/\/www.jcvignoli.com\/blog\/2006\/le-matin-une-journal-qui-tient-le-cap\">Le Matin, un journal qui tient le cap<\/a><\/td><td>2006\/06\/27<\/td><td><a href=\"https:\/\/www.jcvignoli.com\/blog\/category\/livres\" rel=\"category tag\">Presse\/livres<\/a><\/td><td><a href=\"https:\/\/www.jcvignoli.com\/blog\/tag\/articles\" rel=\"tag\">Articles<\/a>, <a href=\"https:\/\/www.jcvignoli.com\/blog\/tag\/hip-hop\" rel=\"tag\">hip-hop<\/a>, <a href=\"https:\/\/www.jcvignoli.com\/blog\/tag\/journal\" rel=\"tag\">journal<\/a>, <a href=\"https:\/\/www.jcvignoli.com\/blog\/tag\/journaux_gratuits\" rel=\"tag\">journaux_gratuits<\/a>, <a href=\"https:\/\/www.jcvignoli.com\/blog\/tag\/le_matin\" rel=\"tag\">le_matin<\/a>, <a href=\"https:\/\/www.jcvignoli.com\/blog\/tag\/people\" rel=\"tag\">people<\/a>, <a href=\"https:\/\/www.jcvignoli.com\/blog\/tag\/suisse\" rel=\"tag\">Suisse<\/a>, <a href=\"https:\/\/www.jcvignoli.com\/blog\/tag\/trash\" rel=\"tag\">trash<\/a><\/td><td>2006-06-27 20:33:16<\/td><\/tr><tr><td><img loading=\"lazy\" decoding=\"async\" width=\"150\" height=\"150\" src=\"https:\/\/www.jcvignoli.com\/blog\/wp-content\/uploads\/anniv-blog-01-gateau-anniversaire-150x150.gif\" class=\"attachment-thumbnail size-thumbnail wp-post-image\" alt=\"gateau d&#039;anniversaire 1 an\" \/><\/td><td><a href=\"https:\/\/www.jcvignoli.com\/blog\/2006\/il-y-a-un-an-le-tece-mourrait-deja\">Il y a un an, le TECE mourrait d\u00e9j\u00e0<\/a><\/td><td>2006\/05\/29<\/td><td><a href=\"https:\/\/www.jcvignoli.com\/blog\/category\/politique\" rel=\"category tag\">Politique<\/a>, <a href=\"https:\/\/www.jcvignoli.com\/blog\/category\/politique\/ue\" rel=\"category tag\">UE<\/a><\/td><td><a href=\"https:\/\/www.jcvignoli.com\/blog\/tag\/barroso\" rel=\"tag\">barroso<\/a>, <a href=\"https:\/\/www.jcvignoli.com\/blog\/tag\/multilateralisme\" rel=\"tag\">multilat\u00e9ralisme<\/a>, <a href=\"https:\/\/www.jcvignoli.com\/blog\/tag\/socialisme\" rel=\"tag\">socialisme<\/a>, <a href=\"https:\/\/www.jcvignoli.com\/blog\/tag\/tece\" rel=\"tag\">TECE<\/a>, <a href=\"https:\/\/www.jcvignoli.com\/blog\/tag\/union_europeenne\" rel=\"tag\">Union Europ\u00e9enne<\/a><\/td><td>2006-05-29 15:29:55<\/td><\/tr><tr><td><\/td><td><a href=\"https:\/\/www.jcvignoli.com\/blog\/2006\/photos-en-direct-live-5\">Photos en direct live<\/a><\/td><td>2006\/05\/14<\/td><td><a href=\"https:\/\/www.jcvignoli.com\/blog\/category\/moblog\" rel=\"category tag\">Moblog<\/a><\/td><td><a href=\"https:\/\/www.jcvignoli.com\/blog\/tag\/moblog\" rel=\"tag\">Moblog<\/a><\/td><td>2006-05-14 16:09:33<\/td><\/tr><tr><td><img loading=\"lazy\" decoding=\"async\" width=\"150\" height=\"150\" src=\"https:\/\/www.jcvignoli.com\/blog\/wp-content\/uploads\/hubert-zurkinden-portrait-150x150.png\" class=\"attachment-thumbnail size-thumbnail wp-post-image\" alt=\"Hubert Zurkinden portrait\" \/><\/td><td><a href=\"https:\/\/www.jcvignoli.com\/blog\/2006\/ni-de-droite-ni-de-gauche-les-verts-pas-si-simple\">Ni de droite ni de gauche, les Verts ? Pas si simple&#8230;<\/a><\/td><td>2006\/05\/03<\/td><td><a href=\"https:\/\/www.jcvignoli.com\/blog\/category\/politique\/ecologie\" rel=\"category tag\">Ecologie<\/a>, <a href=\"https:\/\/www.jcvignoli.com\/blog\/category\/politique\" rel=\"category tag\">Politique<\/a><\/td><td><a href=\"https:\/\/www.jcvignoli.com\/blog\/tag\/hubert-zurkinden\" rel=\"tag\">Hubert Zurkinden<\/a>, <a href=\"https:\/\/www.jcvignoli.com\/blog\/tag\/les-verts\" rel=\"tag\">les Verts<\/a>, <a href=\"https:\/\/www.jcvignoli.com\/blog\/tag\/partisanisme\" rel=\"tag\">partisanisme<\/a><\/td><td>2006-05-03 12:30:24<\/td><\/tr><tr><td><\/td><td><a href=\"https:\/\/www.jcvignoli.com\/blog\/2006\/la-liberte-de-la-presse-sarrete-la-ou-commence-le-pot-de-vin\">La libert\u00e9 de la presse s&rsquo;arr\u00eate l\u00e0 o\u00f9 commence le pot-de-vin<\/a><\/td><td>2006\/04\/21<\/td><td><a href=\"https:\/\/www.jcvignoli.com\/blog\/category\/politique\" rel=\"category tag\">Politique<\/a>, <a href=\"https:\/\/www.jcvignoli.com\/blog\/category\/livres\" rel=\"category tag\">Presse\/livres<\/a>, <a href=\"https:\/\/www.jcvignoli.com\/blog\/category\/politique\/ue\" rel=\"category tag\">UE<\/a><\/td><td><a href=\"https:\/\/www.jcvignoli.com\/blog\/tag\/international-herald-tribune\" rel=\"tag\">international herald tribune<\/a>, <a href=\"https:\/\/www.jcvignoli.com\/blog\/tag\/le-monde-diplo\" rel=\"tag\">le monde diplo<\/a>, <a href=\"https:\/\/www.jcvignoli.com\/blog\/tag\/liberte_expression\" rel=\"tag\">libert\u00e9 d'expression<\/a>, <a href=\"https:\/\/www.jcvignoli.com\/blog\/tag\/propagande\" rel=\"tag\">propagande<\/a><\/td><td>2006-04-21 13:15:33<\/td><\/tr><tr><td><img loading=\"lazy\" decoding=\"async\" width=\"150\" height=\"150\" src=\"https:\/\/www.jcvignoli.com\/blog\/wp-content\/uploads\/wto-omc-150x150.jpg\" class=\"attachment-thumbnail size-thumbnail wp-post-image\" alt=\"Plaquette WTO OMC\" \/><\/td><td><a href=\"https:\/\/www.jcvignoli.com\/blog\/2006\/yes-men-the\">Yes men, the<\/a><\/td><td>2006\/04\/18<\/td><td><a href=\"https:\/\/www.jcvignoli.com\/blog\/category\/cinema\/critiques-de-cinema\" rel=\"category tag\">Critiques de cin\u00e9ma<\/a>, <a href=\"https:\/\/www.jcvignoli.com\/blog\/category\/politique\" rel=\"category tag\">Politique<\/a><\/td><td><a href=\"https:\/\/www.jcvignoli.com\/blog\/tag\/agoravox\" rel=\"tag\">agoravox<\/a>, <a href=\"https:\/\/www.jcvignoli.com\/blog\/tag\/critique-sociale\" rel=\"tag\">critique sociale<\/a>, <a href=\"https:\/\/www.jcvignoli.com\/blog\/tag\/documentaire\" rel=\"tag\">documentaire<\/a>, <a href=\"https:\/\/www.jcvignoli.com\/blog\/tag\/michael-moore\" rel=\"tag\">michael-moore<\/a>, <a href=\"https:\/\/www.jcvignoli.com\/blog\/tag\/omc\" rel=\"tag\">OMC<\/a>, <a href=\"https:\/\/www.jcvignoli.com\/blog\/tag\/wto\" rel=\"tag\">wto<\/a>, <a href=\"https:\/\/www.jcvignoli.com\/blog\/tag\/yes-men\" rel=\"tag\">yes-men<\/a><\/td><td>2006-04-18 19:53:42<\/td><\/tr><tr><td><img loading=\"lazy\" decoding=\"async\" width=\"150\" height=\"150\" src=\"https:\/\/www.jcvignoli.com\/blog\/wp-content\/uploads\/godfather-part-iii-150x150.jpg\" class=\"attachment-thumbnail size-thumbnail wp-post-image\" alt=\"godfather part iii affiche\" \/><\/td><td><a href=\"https:\/\/www.jcvignoli.com\/blog\/2006\/godfather-part-iii-the\">Godfather: Part III, the<\/a><\/td><td>2006\/04\/11<\/td><td><a href=\"https:\/\/www.jcvignoli.com\/blog\/category\/articles\" rel=\"category tag\">Articles<\/a>, <a href=\"https:\/\/www.jcvignoli.com\/blog\/category\/cinema\/critiques-de-cinema\" rel=\"category tag\">Critiques de cin\u00e9ma<\/a><\/td><td><a href=\"https:\/\/www.jcvignoli.com\/blog\/tag\/articles\" rel=\"tag\">Articles<\/a>, <a href=\"https:\/\/www.jcvignoli.com\/blog\/tag\/cinema\" rel=\"tag\">Cin\u00e9ma<\/a>, <a href=\"https:\/\/www.jcvignoli.com\/blog\/tag\/critiques\" rel=\"tag\">Critiques<\/a>, <a href=\"https:\/\/www.jcvignoli.com\/blog\/tag\/godfather\" rel=\"tag\">godfather<\/a>, <a href=\"https:\/\/www.jcvignoli.com\/blog\/tag\/mafia\" rel=\"tag\">mafia<\/a>, <a href=\"https:\/\/www.jcvignoli.com\/blog\/tag\/parrain\" rel=\"tag\">parrain<\/a><\/td><td>2006-04-11 23:07:45<\/td><\/tr><tr><td><\/td><td><a href=\"https:\/\/www.jcvignoli.com\/blog\/2006\/quelques-enseignements-du-vote-italien\">Quelques enseignements du vote italien<\/a><\/td><td>2006\/04\/11<\/td><td><a href=\"https:\/\/www.jcvignoli.com\/blog\/category\/politique\" rel=\"category tag\">Politique<\/a><\/td><td><a href=\"https:\/\/www.jcvignoli.com\/blog\/tag\/democratie\" rel=\"tag\">d\u00e9mocratie<\/a>, <a href=\"https:\/\/www.jcvignoli.com\/blog\/tag\/election\" rel=\"tag\">\u00e9lection<\/a>, <a href=\"https:\/\/www.jcvignoli.com\/blog\/tag\/italia\" rel=\"tag\">italia<\/a><\/td><td>2006-04-11 20:33:49<\/td><\/tr><tr><td><\/td><td><a href=\"https:\/\/www.jcvignoli.com\/blog\/2006\/leuropeen-est-genetiquement-aussi-idiot-que-letasunien\">L&rsquo;Europ\u00e9en est g\u00e9n\u00e9tiquement aussi idiot que l&rsquo;Etasunien<\/a><\/td><td>2006\/04\/11<\/td><td><a href=\"https:\/\/www.jcvignoli.com\/blog\/category\/politique\" rel=\"category tag\">Politique<\/a><\/td><td><a href=\"https:\/\/www.jcvignoli.com\/blog\/tag\/berlusconi\" rel=\"tag\">berlusconi<\/a>, <a href=\"https:\/\/www.jcvignoli.com\/blog\/tag\/italia\" rel=\"tag\">italia<\/a><\/td><td>2006-04-11 00:29:54<\/td><\/tr><tr><td><\/td><td><a href=\"https:\/\/www.jcvignoli.com\/blog\/2006\/le-chomage-apres-60-ans-schizophrenie-a-la-suisse\">Le ch\u00f4mage apr\u00e8s 60 ans : schizophr\u00e9nie \u00e0 la suisse<\/a><\/td><td>2006\/04\/07<\/td><td><a href=\"https:\/\/www.jcvignoli.com\/blog\/category\/articles\" rel=\"category tag\">Articles<\/a>, <a href=\"https:\/\/www.jcvignoli.com\/blog\/category\/politique\/suisse\" rel=\"category tag\">Suisse<\/a><\/td><td><a href=\"https:\/\/www.jcvignoli.com\/blog\/tag\/articles\" rel=\"tag\">Articles<\/a>, <a href=\"https:\/\/www.jcvignoli.com\/blog\/tag\/suisse\" rel=\"tag\">Suisse<\/a><\/td><td>2006-04-07 10:49:22<\/td><\/tr><tr><td><img loading=\"lazy\" decoding=\"async\" width=\"150\" height=\"150\" src=\"https:\/\/www.jcvignoli.com\/blog\/wp-content\/uploads\/Slobodan-milosevic-affiche-150x150.jpg\" class=\"attachment-thumbnail size-thumbnail wp-post-image\" alt=\"Affiche Slobodan Milosevic\" \/><\/td><td><a href=\"https:\/\/www.jcvignoli.com\/blog\/2006\/les-consequences-de-la-mort-de-milosevic\">Les cons\u00e9quences de la mort de Milosevic<\/a><\/td><td>2006\/04\/01<\/td><td><a href=\"https:\/\/www.jcvignoli.com\/blog\/category\/articles\" rel=\"category tag\">Articles<\/a>, <a href=\"https:\/\/www.jcvignoli.com\/blog\/category\/politique\/droits-humains\" rel=\"category tag\">Droits humains<\/a>, <a href=\"https:\/\/www.jcvignoli.com\/blog\/category\/politique\/onu\" rel=\"category tag\">ONU<\/a>, <a href=\"https:\/\/www.jcvignoli.com\/blog\/category\/politique\" rel=\"category tag\">Politique<\/a><\/td><td><a href=\"https:\/\/www.jcvignoli.com\/blog\/tag\/agoravox\" rel=\"tag\">agoravox<\/a>, <a href=\"https:\/\/www.jcvignoli.com\/blog\/tag\/droit-international\" rel=\"tag\">droit international<\/a>, <a href=\"https:\/\/www.jcvignoli.com\/blog\/tag\/droit-homme\" rel=\"tag\">droits de l'homme<\/a>, <a href=\"https:\/\/www.jcvignoli.com\/blog\/tag\/milosevic\" rel=\"tag\">milosevic<\/a>, <a href=\"https:\/\/www.jcvignoli.com\/blog\/tag\/serbie\" rel=\"tag\">serbie<\/a>, <a href=\"https:\/\/www.jcvignoli.com\/blog\/tag\/tribunal-penal-international\" rel=\"tag\">tribunal-p\u00e9nal-international<\/a>, <a href=\"https:\/\/www.jcvignoli.com\/blog\/tag\/yougoslavie\" rel=\"tag\">yougoslavie<\/a><\/td><td>2006-04-01 14:43:12<\/td><\/tr><tr><td><\/td><td><a href=\"https:\/\/www.jcvignoli.com\/blog\/2006\/les-droits-dauteurs-sur-internet-ne-paniquez-pas\">Les droits d&rsquo;auteurs sur internet : ne paniquez pas !<\/a><\/td><td>2006\/03\/30<\/td><td><a href=\"https:\/\/www.jcvignoli.com\/blog\/category\/informatique\" rel=\"category tag\">Informatique<\/a><\/td><td><a href=\"https:\/\/www.jcvignoli.com\/blog\/tag\/celestia\" rel=\"tag\">Celestia<\/a>, <a href=\"https:\/\/www.jcvignoli.com\/blog\/tag\/copyright\" rel=\"tag\">copyright<\/a>, <a href=\"https:\/\/www.jcvignoli.com\/blog\/tag\/droit-auteur\" rel=\"tag\">droit-auteur<\/a>, <a href=\"https:\/\/www.jcvignoli.com\/blog\/tag\/forum\" rel=\"tag\">forum<\/a>, <a href=\"https:\/\/www.jcvignoli.com\/blog\/tag\/reproduction\" rel=\"tag\">reproduction<\/a><\/td><td>2006-03-30 21:08:59<\/td><\/tr><tr><td><\/td><td><a href=\"https:\/\/www.jcvignoli.com\/blog\/2006\/jeune-ump-pour-le-contrat-premiere-embauche-cpe\">Jeune UMP pour le Contrat Premi\u00e8re Embauche (CPE)<\/a><\/td><td>2006\/03\/17<\/td><td><a href=\"https:\/\/www.jcvignoli.com\/blog\/category\/politique\" rel=\"category tag\">Politique<\/a><\/td><td><a href=\"https:\/\/www.jcvignoli.com\/blog\/tag\/contrat-premiere-embauche\" rel=\"tag\">Contrat Premi\u00e8re Embauche<\/a>, <a href=\"https:\/\/www.jcvignoli.com\/blog\/tag\/cpe\" rel=\"tag\">cpe<\/a>, <a href=\"https:\/\/www.jcvignoli.com\/blog\/tag\/droite-francaise\" rel=\"tag\">Droite fran\u00e7aise<\/a>, <a href=\"https:\/\/www.jcvignoli.com\/blog\/tag\/emeutes\" rel=\"tag\">\u00e9meutes<\/a>, <a href=\"https:\/\/www.jcvignoli.com\/blog\/tag\/jeunes\" rel=\"tag\">jeunes<\/a>, <a href=\"https:\/\/www.jcvignoli.com\/blog\/tag\/villepin\" rel=\"tag\">villepin<\/a><\/td><td>2006-03-17 20:10:59<\/td><\/tr><tr><td><img loading=\"lazy\" decoding=\"async\" width=\"150\" height=\"150\" src=\"https:\/\/www.jcvignoli.com\/blog\/wp-content\/uploads\/msf-camp-150x150.jpg\" class=\"attachment-thumbnail size-thumbnail wp-post-image\" alt=\"M\u00e9decins sans fronti\u00e8res fille dans camps\" \/><\/td><td><a href=\"https:\/\/www.jcvignoli.com\/blog\/2006\/medecins-sans-frontieres-lhumanitaire-face-a-ses-contradictions\">M\u00e9decins sans fronti\u00e8res : l&rsquo;humanitaire face \u00e0 ses contradictions<\/a><\/td><td>2006\/03\/17<\/td><td><a href=\"https:\/\/www.jcvignoli.com\/blog\/category\/politique\/droits-humains\" rel=\"category tag\">Droits humains<\/a>, <a href=\"https:\/\/www.jcvignoli.com\/blog\/category\/politique\" rel=\"category tag\">Politique<\/a><\/td><td><a href=\"https:\/\/www.jcvignoli.com\/blog\/tag\/french-doctors\" rel=\"tag\">french doctors<\/a>, <a href=\"https:\/\/www.jcvignoli.com\/blog\/tag\/humanitaire\" rel=\"tag\">humanitaire<\/a>, <a href=\"https:\/\/www.jcvignoli.com\/blog\/tag\/medecins-sans-frontieres\" rel=\"tag\">m\u00e9decins-sans-fronti\u00e8res<\/a>, <a href=\"https:\/\/www.jcvignoli.com\/blog\/tag\/msf\" rel=\"tag\">MSF<\/a>, <a href=\"https:\/\/www.jcvignoli.com\/blog\/tag\/recherche\" rel=\"tag\">recherche<\/a>, <a href=\"https:\/\/www.jcvignoli.com\/blog\/tag\/seminaire\" rel=\"tag\">s\u00e9minaire<\/a><\/td><td>2006-03-17 18:36:28<\/td><\/tr><tr><td><img loading=\"lazy\" decoding=\"async\" width=\"150\" height=\"150\" src=\"https:\/\/www.jcvignoli.com\/blog\/wp-content\/uploads\/Siege-onu-150x150.jpg\" class=\"attachment-thumbnail size-thumbnail wp-post-image\" alt=\"Si\u00e8ge de l&#039;ONU\" \/><\/td><td><a href=\"https:\/\/www.jcvignoli.com\/blog\/2006\/les-espoirs-officiels-du-conseil-des-droits-de-lhomme\">Les espoirs officiels du Conseil des droits de l&rsquo;homme<\/a><\/td><td>2006\/03\/17<\/td><td><a href=\"https:\/\/www.jcvignoli.com\/blog\/category\/politique\/droits-humains\" rel=\"category tag\">Droits humains<\/a>, <a href=\"https:\/\/www.jcvignoli.com\/blog\/category\/politique\/onu\" rel=\"category tag\">ONU<\/a>, <a href=\"https:\/\/www.jcvignoli.com\/blog\/category\/politique\" rel=\"category tag\">Politique<\/a><\/td><td><a href=\"https:\/\/www.jcvignoli.com\/blog\/tag\/agoravox\" rel=\"tag\">agoravox<\/a>, <a href=\"https:\/\/www.jcvignoli.com\/blog\/tag\/droit-international\" rel=\"tag\">droit international<\/a>, <a href=\"https:\/\/www.jcvignoli.com\/blog\/tag\/droit-homme\" rel=\"tag\">droits de l'homme<\/a>, <a href=\"https:\/\/www.jcvignoli.com\/blog\/tag\/multilateralisme\" rel=\"tag\">multilat\u00e9ralisme<\/a><\/td><td>2006-03-17 14:32:42<\/td><\/tr><tr><td><img loading=\"lazy\" decoding=\"async\" width=\"200\" height=\"200\" src=\"https:\/\/www.jcvignoli.com\/blog\/wp-content\/uploads\/conseil-des-droits-homme-200x200.jpg\" class=\"attachment-thumbnail size-thumbnail wp-post-image\" alt=\"Salle du Conseil des droits de l&#039;homme\" srcset=\"https:\/\/www.jcvignoli.com\/blog\/wp-content\/uploads\/conseil-des-droits-homme-200x200.jpg 200w, https:\/\/www.jcvignoli.com\/blog\/wp-content\/uploads\/conseil-des-droits-homme-160x160.jpg 160w, https:\/\/www.jcvignoli.com\/blog\/wp-content\/uploads\/conseil-des-droits-homme-320x320.jpg 320w\" sizes=\"auto, (max-width: 200px) 100vw, 200px\" \/><\/td><td><a href=\"https:\/\/www.jcvignoli.com\/blog\/2006\/le-conseil-des-droits-de-lhomme-est-ne\">Le Conseil des droits de l&rsquo;homme est n\u00e9<\/a><\/td><td>2006\/03\/15<\/td><td><a href=\"https:\/\/www.jcvignoli.com\/blog\/category\/politique\/droits-humains\" rel=\"category tag\">Droits humains<\/a>, <a href=\"https:\/\/www.jcvignoli.com\/blog\/category\/politique\/onu\" rel=\"category tag\">ONU<\/a>, <a href=\"https:\/\/www.jcvignoli.com\/blog\/category\/politique\" rel=\"category tag\">Politique<\/a><\/td><td><a href=\"https:\/\/www.jcvignoli.com\/blog\/tag\/droit-international\" rel=\"tag\">droit international<\/a>, <a href=\"https:\/\/www.jcvignoli.com\/blog\/tag\/droit-homme\" rel=\"tag\">droits de l'homme<\/a>, <a href=\"https:\/\/www.jcvignoli.com\/blog\/tag\/multilateralisme\" rel=\"tag\">multilat\u00e9ralisme<\/a>, <a href=\"https:\/\/www.jcvignoli.com\/blog\/tag\/unilateralisme\" rel=\"tag\">unilat\u00e9ralisme<\/a><\/td><td>2006-03-15 19:59:41<\/td><\/tr><tr><td><img loading=\"lazy\" decoding=\"async\" width=\"150\" height=\"150\" src=\"https:\/\/www.jcvignoli.com\/blog\/wp-content\/uploads\/jacques-de-guenin-150x150.jpg\" class=\"attachment-thumbnail size-thumbnail wp-post-image\" alt=\"jacques de guenin portrait\" \/><\/td><td><a href=\"https:\/\/www.jcvignoli.com\/blog\/2006\/reponse-a-un-vrai-liberal-francais-jacques-de-guenin\">R\u00e9ponse \u00e0 un vrai lib\u00e9ral fran\u00e7ais, Jacques de Gu\u00e9nin<\/a><\/td><td>2006\/03\/15<\/td><td><a href=\"https:\/\/www.jcvignoli.com\/blog\/category\/politique\" rel=\"category tag\">Politique<\/a><\/td><td><a href=\"https:\/\/www.jcvignoli.com\/blog\/tag\/adam_smith\" rel=\"tag\">Adam Smith<\/a>, <a href=\"https:\/\/www.jcvignoli.com\/blog\/tag\/bonne_foi\" rel=\"tag\">bonne_foi<\/a>, <a href=\"https:\/\/www.jcvignoli.com\/blog\/tag\/concurrence\" rel=\"tag\">concurrence<\/a>, <a href=\"https:\/\/www.jcvignoli.com\/blog\/tag\/economie\" rel=\"tag\">\u00e9conomie<\/a>, <a href=\"https:\/\/www.jcvignoli.com\/blog\/tag\/france\" rel=\"tag\">france<\/a>, <a href=\"https:\/\/www.jcvignoli.com\/blog\/tag\/friedrich-hayek\" rel=\"tag\">Friedrich Hayek<\/a>, <a href=\"https:\/\/www.jcvignoli.com\/blog\/tag\/liberalisme\" rel=\"tag\">lib\u00e9ralisme<\/a>, <a href=\"https:\/\/www.jcvignoli.com\/blog\/tag\/liberte\" rel=\"tag\">libert\u00e9<\/a>, <a href=\"https:\/\/www.jcvignoli.com\/blog\/tag\/neo-liberalisme\" rel=\"tag\">n\u00e9o-lib\u00e9ralisme<\/a>, <a href=\"https:\/\/www.jcvignoli.com\/blog\/tag\/socialisme\" rel=\"tag\">socialisme<\/a><\/td><td>2006-03-15 18:19:33<\/td><\/tr><tr><td><\/td><td><a href=\"https:\/\/www.jcvignoli.com\/blog\/2006\/redistribution-des-cartes-en-politique-les-verts-simposent-en-suisse-romande\">Redistribution des cartes en politique : les Verts s&rsquo;imposent en Suisse romande<\/a><\/td><td>2006\/03\/14<\/td><td><a href=\"https:\/\/www.jcvignoli.com\/blog\/category\/politique\/ecologie\" rel=\"category tag\">Ecologie<\/a>, <a href=\"https:\/\/www.jcvignoli.com\/blog\/category\/politique\" rel=\"category tag\">Politique<\/a>, <a href=\"https:\/\/www.jcvignoli.com\/blog\/category\/politique\/suisse\" rel=\"category tag\">Suisse<\/a><\/td><td><a href=\"https:\/\/www.jcvignoli.com\/blog\/tag\/antonio-hodgers\" rel=\"tag\">antonio hodgers<\/a>, <a href=\"https:\/\/www.jcvignoli.com\/blog\/tag\/club_de_rome\" rel=\"tag\">Club de Rome<\/a>, <a href=\"https:\/\/www.jcvignoli.com\/blog\/tag\/elections\" rel=\"tag\">\u00e9lections<\/a>, <a href=\"https:\/\/www.jcvignoli.com\/blog\/tag\/les-verts\" rel=\"tag\">les Verts<\/a><\/td><td>2006-03-14 12:26:13<\/td><\/tr><tr><td><\/td><td><a href=\"https:\/\/www.jcvignoli.com\/blog\/2006\/la-discrimination-en-chine\">La discrimination en Chine<\/a><\/td><td>2006\/03\/09<\/td><td><a href=\"https:\/\/www.jcvignoli.com\/blog\/category\/politique\" rel=\"category tag\">Politique<\/a><\/td><td><a href=\"https:\/\/www.jcvignoli.com\/blog\/tag\/chine\" rel=\"tag\">Chine<\/a>, <a href=\"https:\/\/www.jcvignoli.com\/blog\/tag\/discrimination\" rel=\"tag\">Discrimination<\/a><\/td><td>2006-03-09 18:56:06<\/td><\/tr><tr><td><\/td><td><a href=\"https:\/\/www.jcvignoli.com\/blog\/2006\/les-gratuits-romands-comparaison-a-zero-franc\">Les gratuits romands : comparaison \u00e0 z\u00e9ro franc<\/a><\/td><td>2006\/03\/09<\/td><td><a href=\"https:\/\/www.jcvignoli.com\/blog\/category\/livres\" rel=\"category tag\">Presse\/livres<\/a>, <a href=\"https:\/\/www.jcvignoli.com\/blog\/category\/politique\/suisse\" rel=\"category tag\">Suisse<\/a><\/td><td><a href=\"https:\/\/www.jcvignoli.com\/blog\/tag\/20-minutes\" rel=\"tag\">20 minutes<\/a>, <a href=\"https:\/\/www.jcvignoli.com\/blog\/tag\/edipresse\" rel=\"tag\">edipresse<\/a>, <a href=\"https:\/\/www.jcvignoli.com\/blog\/tag\/journal\" rel=\"tag\">journal<\/a>, <a href=\"https:\/\/www.jcvignoli.com\/blog\/tag\/journal-gratuit\" rel=\"tag\">journal gratuit<\/a>, <a href=\"https:\/\/www.jcvignoli.com\/blog\/tag\/journalisme\" rel=\"tag\">journalisme<\/a>, <a href=\"https:\/\/www.jcvignoli.com\/blog\/tag\/le-matin-bleu\" rel=\"tag\">le matin bleu<\/a>, <a href=\"https:\/\/www.jcvignoli.com\/blog\/tag\/suisse\" rel=\"tag\">Suisse<\/a><\/td><td>2006-03-09 11:26:03<\/td><\/tr><tr><td><\/td><td><a href=\"https:\/\/www.jcvignoli.com\/blog\/2006\/photos-en-direct-live-4\">Photos en direct live<\/a><\/td><td>2006\/03\/07<\/td><td><a href=\"https:\/\/www.jcvignoli.com\/blog\/category\/moblog\" rel=\"category tag\">Moblog<\/a><\/td><td><a href=\"https:\/\/www.jcvignoli.com\/blog\/tag\/moblog\" rel=\"tag\">Moblog<\/a><\/td><td>2006-03-07 11:08:27<\/td><\/tr><tr><td><img loading=\"lazy\" decoding=\"async\" width=\"150\" height=\"150\" src=\"https:\/\/www.jcvignoli.com\/blog\/wp-content\/uploads\/le-matin-bleu-une-150x150.jpg\" class=\"attachment-thumbnail size-thumbnail wp-post-image\" alt=\"Une le matin bleu\" \/><\/td><td><a href=\"https:\/\/www.jcvignoli.com\/blog\/2006\/bilan-qualitatif-et-personnel-du-matin-bleu\">Bilan qualitatif et personnel du Matin bleu<\/a><\/td><td>2006\/02\/28<\/td><td><a href=\"https:\/\/www.jcvignoli.com\/blog\/category\/livres\" rel=\"category tag\">Presse\/livres<\/a><\/td><td><a href=\"https:\/\/www.jcvignoli.com\/blog\/tag\/article\" rel=\"tag\">article<\/a>, <a href=\"https:\/\/www.jcvignoli.com\/blog\/tag\/journal\" rel=\"tag\">journal<\/a>, <a href=\"https:\/\/www.jcvignoli.com\/blog\/tag\/journal-gratuit\" rel=\"tag\">journal gratuit<\/a>, <a href=\"https:\/\/www.jcvignoli.com\/blog\/tag\/journalisme\" rel=\"tag\">journalisme<\/a>, <a href=\"https:\/\/www.jcvignoli.com\/blog\/tag\/le-matin-bleu\" rel=\"tag\">le matin bleu<\/a>, <a href=\"https:\/\/www.jcvignoli.com\/blog\/tag\/le-matin\" rel=\"tag\">le-matin<\/a>, <a href=\"https:\/\/www.jcvignoli.com\/blog\/tag\/suisse\" rel=\"tag\">Suisse<\/a><\/td><td>2006-02-28 15:05:32<\/td><\/tr><tr><td><img loading=\"lazy\" decoding=\"async\" width=\"150\" height=\"150\" src=\"https:\/\/www.jcvignoli.com\/blog\/wp-content\/uploads\/emule-prison-150x150.jpg\" class=\"attachment-thumbnail size-thumbnail wp-post-image\" alt=\"emule en prison\" \/><\/td><td><a href=\"https:\/\/www.jcvignoli.com\/blog\/2006\/mensonges-necessaires-du-p2p-la-mort-de-razorback-2\">Mensonges n\u00e9cessaires du P2P : la mort de Razorback 2<\/a><\/td><td>2006\/02\/23<\/td><td><a href=\"https:\/\/www.jcvignoli.com\/blog\/category\/informatique\" rel=\"category tag\">Informatique<\/a>, <a href=\"https:\/\/www.jcvignoli.com\/blog\/category\/informatique\/p2p\" rel=\"category tag\">P2P<\/a>, <a href=\"https:\/\/www.jcvignoli.com\/blog\/category\/politique\/suisse\" rel=\"category tag\">Suisse<\/a><\/td><td><a href=\"https:\/\/www.jcvignoli.com\/blog\/tag\/ifpi\" rel=\"tag\">ifpi<\/a>, <a href=\"https:\/\/www.jcvignoli.com\/blog\/tag\/mpaa\" rel=\"tag\">mpaa<\/a>, <a href=\"https:\/\/www.jcvignoli.com\/blog\/tag\/p2p\" rel=\"tag\">P2P<\/a>, <a href=\"https:\/\/www.jcvignoli.com\/blog\/tag\/pair_a_pair\" rel=\"tag\">pair_\u00e0_pair<\/a>, <a href=\"https:\/\/www.jcvignoli.com\/blog\/tag\/peer-to-peer\" rel=\"tag\">peer to peer<\/a>, <a href=\"https:\/\/www.jcvignoli.com\/blog\/tag\/razorback\" rel=\"tag\">razorback<\/a>, <a href=\"https:\/\/www.jcvignoli.com\/blog\/tag\/riaa\" rel=\"tag\">riaa<\/a><\/td><td>2006-02-23 19:19:07<\/td><\/tr><tr><td><img loading=\"lazy\" decoding=\"async\" width=\"150\" height=\"150\" src=\"https:\/\/www.jcvignoli.com\/blog\/wp-content\/uploads\/cochon-150x150.jpg\" class=\"attachment-thumbnail size-thumbnail wp-post-image\" alt=\"cochon tirelire\" \/><\/td><td><a href=\"https:\/\/www.jcvignoli.com\/blog\/2006\/la-concurrence-sauvage-des-cantons-suisses\">La concurrence \u00ab\u00a0sauvage\u00a0\u00bb des cantons suisses<\/a><\/td><td>2006\/02\/22<\/td><td><a href=\"https:\/\/www.jcvignoli.com\/blog\/category\/articles\" rel=\"category tag\">Articles<\/a>, <a href=\"https:\/\/www.jcvignoli.com\/blog\/category\/politique\" rel=\"category tag\">Politique<\/a>, <a href=\"https:\/\/www.jcvignoli.com\/blog\/category\/politique\/suisse\" rel=\"category tag\">Suisse<\/a><\/td><td><a href=\"https:\/\/www.jcvignoli.com\/blog\/tag\/agoravox\" rel=\"tag\">agoravox<\/a>, <a href=\"https:\/\/www.jcvignoli.com\/blog\/tag\/concurrence\" rel=\"tag\">concurrence<\/a>, <a href=\"https:\/\/www.jcvignoli.com\/blog\/tag\/economie\" rel=\"tag\">\u00e9conomie<\/a>, <a href=\"https:\/\/www.jcvignoli.com\/blog\/tag\/fiscalite\" rel=\"tag\">fiscalit\u00e9<\/a>, <a href=\"https:\/\/www.jcvignoli.com\/blog\/tag\/impot-degressif\" rel=\"tag\">imp\u00f4t-d\u00e9gressif<\/a>, <a href=\"https:\/\/www.jcvignoli.com\/blog\/tag\/impot-progressif\" rel=\"tag\">imp\u00f4t-progressif<\/a>, <a href=\"https:\/\/www.jcvignoli.com\/blog\/tag\/impot-proportionnel\" rel=\"tag\">imp\u00f4t-proportionnel<\/a><\/td><td>2006-02-22 17:52:34<\/td><\/tr><tr><td><\/td><td><a href=\"https:\/\/www.jcvignoli.com\/blog\/2006\/recherche-caricature-chinoise-desesperement\">Recherche caricature chinoise d\u00e9sesp\u00e9r\u00e9ment<\/a><\/td><td>2006\/02\/14<\/td><td><a href=\"https:\/\/www.jcvignoli.com\/blog\/category\/politique\" rel=\"category tag\">Politique<\/a><\/td><td><a href=\"https:\/\/www.jcvignoli.com\/blog\/tag\/bbc\" rel=\"tag\">BBC<\/a>, <a href=\"https:\/\/www.jcvignoli.com\/blog\/tag\/caricature\" rel=\"tag\">caricature<\/a>, <a href=\"https:\/\/www.jcvignoli.com\/blog\/tag\/censure\" rel=\"tag\">censure<\/a>, <a href=\"https:\/\/www.jcvignoli.com\/blog\/tag\/chine\" rel=\"tag\">Chine<\/a>, <a href=\"https:\/\/www.jcvignoli.com\/blog\/tag\/freedom\" rel=\"tag\">freedom<\/a><\/td><td>2006-02-14 14:23:48<\/td><\/tr><tr><td><\/td><td><a href=\"https:\/\/www.jcvignoli.com\/blog\/2006\/de-la-superiorite-occidentale-la-liberte-dexpression-a-lepreuve-de-la-mondialisation\">De la sup\u00e9riorit\u00e9 occidentale : la libert\u00e9 d&rsquo;expression \u00e0 l&rsquo;\u00e9preuve de la mondialisation<\/a><\/td><td>2006\/02\/09<\/td><td><a href=\"https:\/\/www.jcvignoli.com\/blog\/category\/politique\" rel=\"category tag\">Politique<\/a><\/td><td><a href=\"https:\/\/www.jcvignoli.com\/blog\/tag\/agoravox\" rel=\"tag\">agoravox<\/a>, <a href=\"https:\/\/www.jcvignoli.com\/blog\/tag\/caricature\" rel=\"tag\">caricature<\/a>, <a href=\"https:\/\/www.jcvignoli.com\/blog\/tag\/freedom_of_expression\" rel=\"tag\">freedom_of_expression<\/a>, <a href=\"https:\/\/www.jcvignoli.com\/blog\/tag\/liberte_expression\" rel=\"tag\">libert\u00e9 d'expression<\/a>, <a href=\"https:\/\/www.jcvignoli.com\/blog\/tag\/mahomet\" rel=\"tag\">mahomet<\/a>, <a href=\"https:\/\/www.jcvignoli.com\/blog\/tag\/mohammed\" rel=\"tag\">mohammed<\/a><\/td><td>2006-02-09 14:49:35<\/td><\/tr><tr><td><img loading=\"lazy\" decoding=\"async\" width=\"150\" height=\"150\" src=\"https:\/\/www.jcvignoli.com\/blog\/wp-content\/uploads\/corto-maltese-150x150.jpg\" class=\"attachment-thumbnail size-thumbnail wp-post-image\" alt=\"corto maltese pr\u00e9face\" \/><\/td><td><a href=\"https:\/\/www.jcvignoli.com\/blog\/2006\/la-lune-de-corto-maltese\">La Lune de Corto Maltese<\/a><\/td><td>2006\/02\/08<\/td><td><a href=\"https:\/\/www.jcvignoli.com\/blog\/category\/articles\" rel=\"category tag\">Articles<\/a>, <a href=\"https:\/\/www.jcvignoli.com\/blog\/category\/livres\" rel=\"category tag\">Presse\/livres<\/a><\/td><td><a href=\"https:\/\/www.jcvignoli.com\/blog\/tag\/articles\" rel=\"tag\">Articles<\/a>, <a href=\"https:\/\/www.jcvignoli.com\/blog\/tag\/bande-dessinee\" rel=\"tag\">Bande-dessin\u00e9e<\/a>, <a href=\"https:\/\/www.jcvignoli.com\/blog\/tag\/bd\" rel=\"tag\">bd<\/a>, <a href=\"https:\/\/www.jcvignoli.com\/blog\/tag\/casterman\" rel=\"tag\">casterman<\/a>, <a href=\"https:\/\/www.jcvignoli.com\/blog\/tag\/cong\" rel=\"tag\">cong<\/a>, <a href=\"https:\/\/www.jcvignoli.com\/blog\/tag\/corto_maltese\" rel=\"tag\">Corto Maltese<\/a>, <a href=\"https:\/\/www.jcvignoli.com\/blog\/tag\/hugo_pratt\" rel=\"tag\">hugo_pratt<\/a>, <a href=\"https:\/\/www.jcvignoli.com\/blog\/tag\/litterature\" rel=\"tag\">litt\u00e9rature<\/a>, <a href=\"https:\/\/www.jcvignoli.com\/blog\/tag\/lune\" rel=\"tag\">lune<\/a><\/td><td>2006-02-08 22:47:56<\/td><\/tr><tr><td><\/td><td><a href=\"https:\/\/www.jcvignoli.com\/blog\/2006\/iran-et-irak-deux-pays-deux-destins\">Iran et Irak, deux pays, deux destins<\/a><\/td><td>2006\/02\/04<\/td><td><a href=\"https:\/\/www.jcvignoli.com\/blog\/category\/politique\/onu\" rel=\"category tag\">ONU<\/a>, <a href=\"https:\/\/www.jcvignoli.com\/blog\/category\/politique\" rel=\"category tag\">Politique<\/a><\/td><td><a href=\"https:\/\/www.jcvignoli.com\/blog\/tag\/aiea\" rel=\"tag\">aiea<\/a>, <a href=\"https:\/\/www.jcvignoli.com\/blog\/tag\/atome\" rel=\"tag\">atome<\/a>, <a href=\"https:\/\/www.jcvignoli.com\/blog\/tag\/conseil_de_securite\" rel=\"tag\">conseil_de_s\u00e9curit\u00e9<\/a>, <a href=\"https:\/\/www.jcvignoli.com\/blog\/tag\/elbaradei\" rel=\"tag\">ElBaradei<\/a>, <a href=\"https:\/\/www.jcvignoli.com\/blog\/tag\/irak\" rel=\"tag\">irak<\/a>, <a href=\"https:\/\/www.jcvignoli.com\/blog\/tag\/iran\" rel=\"tag\">Iran<\/a>, <a href=\"https:\/\/www.jcvignoli.com\/blog\/tag\/nucleaire\" rel=\"tag\">nucl\u00e9aire<\/a><\/td><td>2006-02-04 18:52:45<\/td><\/tr><tr><td><img loading=\"lazy\" decoding=\"async\" width=\"150\" height=\"150\" src=\"https:\/\/www.jcvignoli.com\/blog\/wp-content\/uploads\/Bouee-liberte-150x150.jpg\" class=\"attachment-thumbnail size-thumbnail wp-post-image\" alt=\"bou\u00e9e de sauvetage nomm\u00e9e libert\u00e9\" \/><\/td><td><a href=\"https:\/\/www.jcvignoli.com\/blog\/2006\/liberte-dexpression-quand-tu-nous-tiens\">Libert\u00e9 d&rsquo;expression, quand tu nous tiens&#8230;<\/a><\/td><td>2006\/02\/01<\/td><td><a href=\"https:\/\/www.jcvignoli.com\/blog\/category\/politique\" rel=\"category tag\">Politique<\/a>, <a href=\"https:\/\/www.jcvignoli.com\/blog\/category\/livres\" rel=\"category tag\">Presse\/livres<\/a><\/td><td><a href=\"https:\/\/www.jcvignoli.com\/blog\/tag\/caricature\" rel=\"tag\">caricature<\/a>, <a href=\"https:\/\/www.jcvignoli.com\/blog\/tag\/france-soir\" rel=\"tag\">france-soir<\/a>, <a href=\"https:\/\/www.jcvignoli.com\/blog\/tag\/huntington\" rel=\"tag\">huntington<\/a>, <a href=\"https:\/\/www.jcvignoli.com\/blog\/tag\/liberte_expression\" rel=\"tag\">libert\u00e9 d'expression<\/a>, <a href=\"https:\/\/www.jcvignoli.com\/blog\/tag\/medias\" rel=\"tag\">m\u00e9dias<\/a>, <a href=\"https:\/\/www.jcvignoli.com\/blog\/tag\/prophet_muhammad\" rel=\"tag\">prophet_muhammad<\/a><\/td><td>2006-02-01 13:41:21<\/td><\/tr><tr><td><img loading=\"lazy\" decoding=\"async\" width=\"150\" height=\"150\" src=\"https:\/\/www.jcvignoli.com\/blog\/wp-content\/uploads\/Jorg-haider-portrait-150x150.jpg\" class=\"attachment-thumbnail size-thumbnail wp-post-image\" alt=\"Jorg Haider portrait\" \/><\/td><td><a href=\"https:\/\/www.jcvignoli.com\/blog\/2006\/prise-trois-lextremisme-a-nouveau-au-pouvoir-rappel\">Prise trois : l&rsquo;extr\u00e9misme \u00e0 nouveau au pouvoir, rappel<\/a><\/td><td>2006\/01\/27<\/td><td><a href=\"https:\/\/www.jcvignoli.com\/blog\/category\/politique\/droits-humains\" rel=\"category tag\">Droits humains<\/a>, <a href=\"https:\/\/www.jcvignoli.com\/blog\/category\/politique\" rel=\"category tag\">Politique<\/a>, <a href=\"https:\/\/www.jcvignoli.com\/blog\/category\/livres\" rel=\"category tag\">Presse\/livres<\/a><\/td><td><a href=\"https:\/\/www.jcvignoli.com\/blog\/tag\/agoravox\" rel=\"tag\">agoravox<\/a>, <a href=\"https:\/\/www.jcvignoli.com\/blog\/tag\/algerie\" rel=\"tag\">alg\u00e9rie<\/a>, <a href=\"https:\/\/www.jcvignoli.com\/blog\/tag\/autriche\" rel=\"tag\">autriche<\/a>, <a href=\"https:\/\/www.jcvignoli.com\/blog\/tag\/christoph_blocher\" rel=\"tag\">christoph blocher<\/a>, <a href=\"https:\/\/www.jcvignoli.com\/blog\/tag\/democratie\" rel=\"tag\">d\u00e9mocratie<\/a>, <a href=\"https:\/\/www.jcvignoli.com\/blog\/tag\/fascisme\" rel=\"tag\">fascisme<\/a>, <a href=\"https:\/\/www.jcvignoli.com\/blog\/tag\/guerre_civile\" rel=\"tag\">guerre_civile<\/a>, <a href=\"https:\/\/www.jcvignoli.com\/blog\/tag\/hamas\" rel=\"tag\">hamas<\/a>, <a href=\"https:\/\/www.jcvignoli.com\/blog\/tag\/islamisme\" rel=\"tag\">islamisme<\/a>, <a href=\"https:\/\/www.jcvignoli.com\/blog\/tag\/jorg_haider\" rel=\"tag\">jorg_haider<\/a>, <a href=\"https:\/\/www.jcvignoli.com\/blog\/tag\/palestine\" rel=\"tag\">palestine<\/a>, <a href=\"https:\/\/www.jcvignoli.com\/blog\/tag\/terrorisme\" rel=\"tag\">terrorisme<\/a>, <a href=\"https:\/\/www.jcvignoli.com\/blog\/tag\/udc\" rel=\"tag\">udc<\/a><\/td><td>2006-01-27 16:07:21<\/td><\/tr><tr><td><\/td><td><a href=\"https:\/\/www.jcvignoli.com\/blog\/2006\/iran-chine-des-comprehensions-de-la-liberte-dexpression-convergente\">Iran, Chine, des compr\u00e9hensions de la libert\u00e9 d&rsquo;expression convergentes<\/a><\/td><td>2006\/01\/26<\/td><td><a href=\"https:\/\/www.jcvignoli.com\/blog\/category\/informatique\" rel=\"category tag\">Informatique<\/a>, <a href=\"https:\/\/www.jcvignoli.com\/blog\/category\/politique\" rel=\"category tag\">Politique<\/a><\/td><td><a href=\"https:\/\/www.jcvignoli.com\/blog\/tag\/censure\" rel=\"tag\">censure<\/a>, <a href=\"https:\/\/www.jcvignoli.com\/blog\/tag\/chine\" rel=\"tag\">Chine<\/a>, <a href=\"https:\/\/www.jcvignoli.com\/blog\/tag\/google\" rel=\"tag\">google<\/a>, <a href=\"https:\/\/www.jcvignoli.com\/blog\/tag\/iran\" rel=\"tag\">Iran<\/a>, <a href=\"https:\/\/www.jcvignoli.com\/blog\/tag\/liberte_expression\" rel=\"tag\">libert\u00e9 d'expression<\/a>, <a href=\"https:\/\/www.jcvignoli.com\/blog\/tag\/nucleaire\" rel=\"tag\">nucl\u00e9aire<\/a><\/td><td>2006-01-26 14:01:51<\/td><\/tr><tr><td><\/td><td><a href=\"https:\/\/www.jcvignoli.com\/blog\/2006\/humour-noir-on-a-perdu-dieudonne\">Humour noir : on a perdu Dieudonn\u00e9<\/a><\/td><td>2006\/01\/25<\/td><td><a href=\"https:\/\/www.jcvignoli.com\/blog\/category\/politique\" rel=\"category tag\">Politique<\/a><\/td><td><a href=\"https:\/\/www.jcvignoli.com\/blog\/tag\/antisemite\" rel=\"tag\">antis\u00e9mite<\/a>, <a href=\"https:\/\/www.jcvignoli.com\/blog\/tag\/crif\" rel=\"tag\">crif<\/a>, <a href=\"https:\/\/www.jcvignoli.com\/blog\/tag\/dieudonne\" rel=\"tag\">dieudonn\u00e9<\/a>, <a href=\"https:\/\/www.jcvignoli.com\/blog\/tag\/extremisme\" rel=\"tag\">extr\u00e9misme<\/a>, <a href=\"https:\/\/www.jcvignoli.com\/blog\/tag\/humour\" rel=\"tag\">Humour<\/a>, <a href=\"https:\/\/www.jcvignoli.com\/blog\/tag\/juif\" rel=\"tag\">juif<\/a>, <a href=\"https:\/\/www.jcvignoli.com\/blog\/tag\/racisme\" rel=\"tag\">racisme<\/a><\/td><td>2006-01-25 15:53:38<\/td><\/tr><tr><td><\/td><td><a href=\"https:\/\/www.jcvignoli.com\/blog\/2006\/la-torture-rend-sourd\">La torture rend sourd<\/a><\/td><td>2006\/01\/25<\/td><td><a href=\"https:\/\/www.jcvignoli.com\/blog\/category\/politique\/droits-humains\" rel=\"category tag\">Droits humains<\/a>, <a href=\"https:\/\/www.jcvignoli.com\/blog\/category\/politique\" rel=\"category tag\">Politique<\/a>, <a href=\"https:\/\/www.jcvignoli.com\/blog\/category\/politique\/suisse\" rel=\"category tag\">Suisse<\/a>, <a href=\"https:\/\/www.jcvignoli.com\/blog\/category\/politique\/ue\" rel=\"category tag\">UE<\/a>, <a href=\"https:\/\/www.jcvignoli.com\/blog\/category\/politique\/usa\" rel=\"category tag\">USA<\/a><\/td><td><a href=\"https:\/\/www.jcvignoli.com\/blog\/tag\/abou_ghraib\" rel=\"tag\">abou_ghraib<\/a>, <a href=\"https:\/\/www.jcvignoli.com\/blog\/tag\/anti-americanisme\" rel=\"tag\">anti-am\u00e9ricanisme<\/a>, <a href=\"https:\/\/www.jcvignoli.com\/blog\/tag\/bush\" rel=\"tag\">Bush<\/a>, <a href=\"https:\/\/www.jcvignoli.com\/blog\/tag\/clinton\" rel=\"tag\">clinton<\/a>, <a href=\"https:\/\/www.jcvignoli.com\/blog\/tag\/guantanamo\" rel=\"tag\">guantanamo<\/a>, <a href=\"https:\/\/www.jcvignoli.com\/blog\/tag\/infrarouge\" rel=\"tag\">infrarouge<\/a>, <a href=\"https:\/\/www.jcvignoli.com\/blog\/tag\/patriot_act\" rel=\"tag\">Patriot_act<\/a>, <a href=\"https:\/\/www.jcvignoli.com\/blog\/tag\/torture\" rel=\"tag\">torture<\/a>, <a href=\"https:\/\/www.jcvignoli.com\/blog\/tag\/tsr\" rel=\"tag\">tsr<\/a><\/td><td>2006-01-25 02:44:25<\/td><\/tr><tr><td><img loading=\"lazy\" decoding=\"async\" width=\"150\" height=\"150\" src=\"https:\/\/www.jcvignoli.com\/blog\/wp-content\/uploads\/article-ikiru-le-matin-150x150.jpg\" class=\"attachment-thumbnail size-thumbnail wp-post-image\" alt=\"article dans le matin sur ikiru\" \/><\/td><td><a href=\"https:\/\/www.jcvignoli.com\/blog\/2006\/la-philosophie-mene-a-la-gloire\">La philosophie m\u00e8ne \u00e0 la gloire<\/a><\/td><td>2006\/01\/23<\/td><td><a href=\"https:\/\/www.jcvignoli.com\/blog\/category\/informatique\/blog\" rel=\"category tag\">blog<\/a>, <a href=\"https:\/\/www.jcvignoli.com\/blog\/category\/livres\" rel=\"category tag\">Presse\/livres<\/a><\/td><td><a href=\"https:\/\/www.jcvignoli.com\/blog\/tag\/auto-promotion\" rel=\"tag\">auto-promotion<\/a>, <a href=\"https:\/\/www.jcvignoli.com\/blog\/tag\/awards\" rel=\"tag\">awards<\/a>, <a href=\"https:\/\/www.jcvignoli.com\/blog\/tag\/blog\" rel=\"tag\">blog<\/a>, <a href=\"https:\/\/www.jcvignoli.com\/blog\/tag\/citation\" rel=\"tag\">citation<\/a>, <a href=\"https:\/\/www.jcvignoli.com\/blog\/tag\/droits\" rel=\"tag\">droits<\/a>, <a href=\"https:\/\/www.jcvignoli.com\/blog\/tag\/le_matin\" rel=\"tag\">le_matin<\/a>, <a href=\"https:\/\/www.jcvignoli.com\/blog\/tag\/media\" rel=\"tag\">m\u00e9dia<\/a>, <a href=\"https:\/\/www.jcvignoli.com\/blog\/tag\/presse\" rel=\"tag\">presse<\/a><\/td><td>2006-01-23 13:15:01<\/td><\/tr><tr><td><img loading=\"lazy\" decoding=\"async\" width=\"150\" height=\"150\" src=\"https:\/\/www.jcvignoli.com\/blog\/wp-content\/uploads\/Rowling-150x150.jpg\" class=\"attachment-thumbnail size-thumbnail wp-post-image\" alt=\"JK Rowling\" \/><\/td><td><a href=\"https:\/\/www.jcvignoli.com\/blog\/2006\/harry-potter-lensorceleur\">Harry Potter l&rsquo;ensorceleur<\/a><\/td><td>2006\/01\/19<\/td><td><a href=\"https:\/\/www.jcvignoli.com\/blog\/category\/livres\" rel=\"category tag\">Presse\/livres<\/a><\/td><td><\/td><td>2006-01-19 15:04:47<\/td><\/tr><tr><td><\/td><td><a href=\"https:\/\/www.jcvignoli.com\/blog\/2006\/en-direct-live-paris\">En direct live<\/a><\/td><td>2006\/01\/09<\/td><td><a href=\"https:\/\/www.jcvignoli.com\/blog\/category\/moblog\" rel=\"category tag\">Moblog<\/a><\/td><td><\/td><td>2006-01-09 11:40:17<\/td><\/tr><tr><td><\/td><td><a href=\"https:\/\/www.jcvignoli.com\/blog\/2006\/lirak-face-a-la-guerre-civile-je-vous-lavais-bien-dit\">L&rsquo;Irak face \u00e0 la guerre civile : \u00ab\u00a0je vous l&rsquo;avais bien dit\u00a0\u00bb<\/a><\/td><td>2006\/01\/06<\/td><td><a href=\"https:\/\/www.jcvignoli.com\/blog\/category\/politique\" rel=\"category tag\">Politique<\/a>, <a href=\"https:\/\/www.jcvignoli.com\/blog\/category\/politique\/usa\" rel=\"category tag\">USA<\/a><\/td><td><a href=\"https:\/\/www.jcvignoli.com\/blog\/tag\/bush\" rel=\"tag\">Bush<\/a>, <a href=\"https:\/\/www.jcvignoli.com\/blog\/tag\/guerre\" rel=\"tag\">guerre<\/a>, <a href=\"https:\/\/www.jcvignoli.com\/blog\/tag\/irak\" rel=\"tag\">irak<\/a>, <a href=\"https:\/\/www.jcvignoli.com\/blog\/tag\/le_monde\" rel=\"tag\">Le Monde<\/a>, <a href=\"https:\/\/www.jcvignoli.com\/blog\/tag\/le_figaro\" rel=\"tag\">le_figaro<\/a>, <a href=\"https:\/\/www.jcvignoli.com\/blog\/tag\/saddam_hussein\" rel=\"tag\">Saddam_Hussein<\/a>, <a href=\"https:\/\/www.jcvignoli.com\/blog\/tag\/unilateralisme\" rel=\"tag\">unilat\u00e9ralisme<\/a>, <a href=\"https:\/\/www.jcvignoli.com\/blog\/tag\/zarqaoui\" rel=\"tag\">Zarqaoui<\/a><\/td><td>2006-01-06 12:42:28<\/td><\/tr><tr><td><img loading=\"lazy\" decoding=\"async\" width=\"150\" height=\"150\" src=\"https:\/\/www.jcvignoli.com\/blog\/wp-content\/uploads\/mur-berlin-touriste-USA-150x150.jpg\" class=\"attachment-thumbnail size-thumbnail wp-post-image\" alt=\"mur berlin touriste USA\" \/><\/td><td><a href=\"https:\/\/www.jcvignoli.com\/blog\/2006\/la-peur-de-loccident-se-cristallise-murs-de-separations\">La peur de l&rsquo;Occident se cristallise &#8211; murs de s\u00e9parations<\/a><\/td><td>2006\/01\/04<\/td><td><a href=\"https:\/\/www.jcvignoli.com\/blog\/category\/politique\/droits-humains\" rel=\"category tag\">Droits humains<\/a>, <a href=\"https:\/\/www.jcvignoli.com\/blog\/category\/philosophie\" rel=\"category tag\">Philosophie<\/a>, <a href=\"https:\/\/www.jcvignoli.com\/blog\/category\/politique\" rel=\"category tag\">Politique<\/a>, <a href=\"https:\/\/www.jcvignoli.com\/blog\/category\/politique\/usa\" rel=\"category tag\">USA<\/a><\/td><td><a href=\"https:\/\/www.jcvignoli.com\/blog\/tag\/bordage\" rel=\"tag\">bordage<\/a>, <a href=\"https:\/\/www.jcvignoli.com\/blog\/tag\/bush\" rel=\"tag\">Bush<\/a>, <a href=\"https:\/\/www.jcvignoli.com\/blog\/tag\/fox\" rel=\"tag\">fox<\/a>, <a href=\"https:\/\/www.jcvignoli.com\/blog\/tag\/israel\" rel=\"tag\">isra\u00ebl<\/a>, <a href=\"https:\/\/www.jcvignoli.com\/blog\/tag\/mexique\" rel=\"tag\">mexique<\/a>, <a href=\"https:\/\/www.jcvignoli.com\/blog\/tag\/mur\" rel=\"tag\">mur<\/a>, <a href=\"https:\/\/www.jcvignoli.com\/blog\/tag\/sf\" rel=\"tag\">sf<\/a>, <a href=\"https:\/\/www.jcvignoli.com\/blog\/tag\/sharon\" rel=\"tag\">sharon<\/a>, <a href=\"https:\/\/www.jcvignoli.com\/blog\/tag\/wang\" rel=\"tag\">wang<\/a><\/td><td>2006-01-04 15:14:36<\/td><\/tr><tr><td><\/td><td><a href=\"https:\/\/www.jcvignoli.com\/blog\/2005\/lextreme-droite-sait-utiliser-les-blogs\">L&rsquo;extr\u00eame droite sait utiliser les blogs<\/a><\/td><td>2005\/12\/24<\/td><td><a href=\"https:\/\/www.jcvignoli.com\/blog\/category\/informatique\/blog\" rel=\"category tag\">blog<\/a>, <a href=\"https:\/\/www.jcvignoli.com\/blog\/category\/politique\" rel=\"category tag\">Politique<\/a><\/td><td><a href=\"https:\/\/www.jcvignoli.com\/blog\/tag\/blog\" rel=\"tag\">blog<\/a>, <a href=\"https:\/\/www.jcvignoli.com\/blog\/tag\/extreme-droite\" rel=\"tag\">extr\u00eame droite<\/a>, <a href=\"https:\/\/www.jcvignoli.com\/blog\/tag\/propagande\" rel=\"tag\">propagande<\/a><\/td><td>2005-12-24 16:11:31<\/td><\/tr><tr><td><\/td><td><a href=\"https:\/\/www.jcvignoli.com\/blog\/2005\/le-parlement-francais-face-au-p2p-2eme-partie\">Le parlement fran\u00e7ais face au P2P &#8211; 2\u00e8me partie<\/a><\/td><td>2005\/12\/23<\/td><td><a href=\"https:\/\/www.jcvignoli.com\/blog\/category\/articles\" rel=\"category tag\">Articles<\/a>, <a href=\"https:\/\/www.jcvignoli.com\/blog\/category\/informatique\" rel=\"category tag\">Informatique<\/a>, <a href=\"https:\/\/www.jcvignoli.com\/blog\/category\/informatique\/p2p\" rel=\"category tag\">P2P<\/a>, <a href=\"https:\/\/www.jcvignoli.com\/blog\/category\/politique\" rel=\"category tag\">Politique<\/a><\/td><td><a href=\"https:\/\/www.jcvignoli.com\/blog\/tag\/dadvsi\" rel=\"tag\">DADVSI<\/a>, <a href=\"https:\/\/www.jcvignoli.com\/blog\/tag\/drm\" rel=\"tag\">DRM<\/a>, <a href=\"https:\/\/www.jcvignoli.com\/blog\/tag\/france\" rel=\"tag\">france<\/a>, <a href=\"https:\/\/www.jcvignoli.com\/blog\/tag\/pair_a_pair\" rel=\"tag\">pair_\u00e0_pair<\/a>, <a href=\"https:\/\/www.jcvignoli.com\/blog\/tag\/peer-to-peer\" rel=\"tag\">peer to peer<\/a><\/td><td>2005-12-23 16:18:26<\/td><\/tr><tr><td><\/td><td><a href=\"https:\/\/www.jcvignoli.com\/blog\/2005\/credibilite-des-militaires-etude-dun-cas\">Cr\u00e9dibilit\u00e9 des militaires : \u00e9tude d&rsquo;un cas<\/a><\/td><td>2005\/12\/22<\/td><td><a href=\"https:\/\/www.jcvignoli.com\/blog\/category\/humour\" rel=\"category tag\">Humour<\/a>, <a href=\"https:\/\/www.jcvignoli.com\/blog\/category\/liens\" rel=\"category tag\">Liens<\/a>, <a href=\"https:\/\/www.jcvignoli.com\/blog\/category\/politique\" rel=\"category tag\">Politique<\/a>, <a href=\"https:\/\/www.jcvignoli.com\/blog\/category\/livres\" rel=\"category tag\">Presse\/livres<\/a><\/td><td><a href=\"https:\/\/www.jcvignoli.com\/blog\/tag\/armee\" rel=\"tag\">arm\u00e9e<\/a>, <a href=\"https:\/\/www.jcvignoli.com\/blog\/tag\/blog\" rel=\"tag\">blog<\/a>, <a href=\"https:\/\/www.jcvignoli.com\/blog\/tag\/le_temps\" rel=\"tag\">le_temps<\/a>, <a href=\"https:\/\/www.jcvignoli.com\/blog\/tag\/propagande\" rel=\"tag\">propagande<\/a><\/td><td>2005-12-22 07:58:55<\/td><\/tr><tr><td><\/td><td><a href=\"https:\/\/www.jcvignoli.com\/blog\/2005\/le-parlement-francais-face-au-p2p\">Le parlement fran\u00e7ais face au P2P<\/a><\/td><td>2005\/12\/22<\/td><td><a href=\"https:\/\/www.jcvignoli.com\/blog\/category\/articles\" rel=\"category tag\">Articles<\/a>, <a href=\"https:\/\/www.jcvignoli.com\/blog\/category\/informatique\" rel=\"category tag\">Informatique<\/a>, <a href=\"https:\/\/www.jcvignoli.com\/blog\/category\/informatique\/p2p\" rel=\"category tag\">P2P<\/a>, <a href=\"https:\/\/www.jcvignoli.com\/blog\/category\/politique\" rel=\"category tag\">Politique<\/a>, <a href=\"https:\/\/www.jcvignoli.com\/blog\/category\/livres\" rel=\"category tag\">Presse\/livres<\/a><\/td><td><a href=\"https:\/\/www.jcvignoli.com\/blog\/tag\/dadvsi\" rel=\"tag\">DADVSI<\/a>, <a href=\"https:\/\/www.jcvignoli.com\/blog\/tag\/eucd\" rel=\"tag\">eucd<\/a>, <a href=\"https:\/\/www.jcvignoli.com\/blog\/tag\/pair_a_pair\" rel=\"tag\">pair_\u00e0_pair<\/a>, <a href=\"https:\/\/www.jcvignoli.com\/blog\/tag\/peer-to-peer\" rel=\"tag\">peer to peer<\/a><\/td><td>2005-12-22 06:24:01<\/td><\/tr><tr><td><\/td><td><a href=\"https:\/\/www.jcvignoli.com\/blog\/2005\/lalliance-contre-nature-de-zarqaoui-et-bin-laden\">L&rsquo;alliance contre-nature de Zarqaoui et Bin Laden<\/a><\/td><td>2005\/12\/20<\/td><td><a href=\"https:\/\/www.jcvignoli.com\/blog\/category\/liens\" rel=\"category tag\">Liens<\/a>, <a href=\"https:\/\/www.jcvignoli.com\/blog\/category\/politique\" rel=\"category tag\">Politique<\/a><\/td><td><a href=\"https:\/\/www.jcvignoli.com\/blog\/tag\/al-quaeda\" rel=\"tag\">Al Quaeda<\/a>, <a href=\"https:\/\/www.jcvignoli.com\/blog\/tag\/bin_laden\" rel=\"tag\">Bin Laden<\/a>, <a href=\"https:\/\/www.jcvignoli.com\/blog\/tag\/intelligent\" rel=\"tag\">intelligent<\/a>, <a href=\"https:\/\/www.jcvignoli.com\/blog\/tag\/zarqaoui\" rel=\"tag\">Zarqaoui<\/a><\/td><td>2005-12-20 16:56:54<\/td><\/tr><tr><td><\/td><td><a href=\"https:\/\/www.jcvignoli.com\/blog\/2005\/les-fourberies-de-monsieur-sca-bush\">Les fourberies de monsieur Sca-Bush<\/a><\/td><td>2005\/12\/19<\/td><td><a href=\"https:\/\/www.jcvignoli.com\/blog\/category\/politique\" rel=\"category tag\">Politique<\/a>, <a href=\"https:\/\/www.jcvignoli.com\/blog\/category\/politique\/usa\" rel=\"category tag\">USA<\/a><\/td><td><a href=\"https:\/\/www.jcvignoli.com\/blog\/tag\/bush\" rel=\"tag\">Bush<\/a>, <a href=\"https:\/\/www.jcvignoli.com\/blog\/tag\/chomsky\" rel=\"tag\">Chomsky<\/a>, <a href=\"https:\/\/www.jcvignoli.com\/blog\/tag\/etats-unis\" rel=\"tag\">Etats-Unis<\/a>, <a href=\"https:\/\/www.jcvignoli.com\/blog\/tag\/fbi\" rel=\"tag\">FBI<\/a>, <a href=\"https:\/\/www.jcvignoli.com\/blog\/tag\/halliburton\" rel=\"tag\">Halliburton<\/a>, <a href=\"https:\/\/www.jcvignoli.com\/blog\/tag\/hamas\" rel=\"tag\">hamas<\/a>, <a href=\"https:\/\/www.jcvignoli.com\/blog\/tag\/moyen-orient\" rel=\"tag\">moyen-orient<\/a>, <a href=\"https:\/\/www.jcvignoli.com\/blog\/tag\/patriot_act\" rel=\"tag\">Patriot_act<\/a>, <a href=\"https:\/\/www.jcvignoli.com\/blog\/tag\/rice\" rel=\"tag\">Rice<\/a>, <a href=\"https:\/\/www.jcvignoli.com\/blog\/tag\/terrorisme\" rel=\"tag\">terrorisme<\/a><\/td><td>2005-12-19 18:08:40<\/td><\/tr><tr><td><\/td><td><a href=\"https:\/\/www.jcvignoli.com\/blog\/2005\/insidieuse-extreme-droite-lhabit-ne-fait-pas-le-moine\">Insidieuse extr\u00eame droite : l&rsquo;habit ne fait pas le moine<\/a><\/td><td>2005\/12\/09<\/td><td><a href=\"https:\/\/www.jcvignoli.com\/blog\/category\/liens\" rel=\"category tag\">Liens<\/a>, <a href=\"https:\/\/www.jcvignoli.com\/blog\/category\/politique\" rel=\"category tag\">Politique<\/a><\/td><td><a href=\"https:\/\/www.jcvignoli.com\/blog\/tag\/extreme-droite\" rel=\"tag\">extr\u00eame droite<\/a>, <a href=\"https:\/\/www.jcvignoli.com\/blog\/tag\/identitaire\" rel=\"tag\">identitaire<\/a>, <a href=\"https:\/\/www.jcvignoli.com\/blog\/tag\/liberte\" rel=\"tag\">libert\u00e9<\/a>, <a href=\"https:\/\/www.jcvignoli.com\/blog\/tag\/novopress\" rel=\"tag\">novopress<\/a><\/td><td>2005-12-09 17:11:39<\/td><\/tr><tr><td><\/td><td><a href=\"https:\/\/www.jcvignoli.com\/blog\/2005\/mariage-homo-adoption-et-procreation-jusquou-aller\">mariage homo, adoption et procr\u00e9ation : jusqu&rsquo;o\u00f9 aller ?<\/a><\/td><td>2005\/12\/06<\/td><td><a href=\"https:\/\/www.jcvignoli.com\/blog\/category\/philosophie\" rel=\"category tag\">Philosophie<\/a>, <a href=\"https:\/\/www.jcvignoli.com\/blog\/category\/politique\" rel=\"category tag\">Politique<\/a><\/td><td><a href=\"https:\/\/www.jcvignoli.com\/blog\/tag\/adoption\" rel=\"tag\">adoption<\/a>, <a href=\"https:\/\/www.jcvignoli.com\/blog\/tag\/gay\" rel=\"tag\">gay<\/a>, <a href=\"https:\/\/www.jcvignoli.com\/blog\/tag\/genetique\" rel=\"tag\">g\u00e9n\u00e9tique<\/a>, <a href=\"https:\/\/www.jcvignoli.com\/blog\/tag\/lesbienne\" rel=\"tag\">lesbienne<\/a>, <a href=\"https:\/\/www.jcvignoli.com\/blog\/tag\/mariage_homosexuel\" rel=\"tag\">mariage_homosexuel<\/a>, <a href=\"https:\/\/www.jcvignoli.com\/blog\/tag\/pacs\" rel=\"tag\">PACS<\/a>, <a href=\"https:\/\/www.jcvignoli.com\/blog\/tag\/procreation_assistee\" rel=\"tag\">procr\u00e9ation_assist\u00e9e<\/a>, <a href=\"https:\/\/www.jcvignoli.com\/blog\/tag\/science\" rel=\"tag\">science<\/a><\/td><td>2005-12-06 13:57:48<\/td><\/tr><tr><td><\/td><td><a href=\"https:\/\/www.jcvignoli.com\/blog\/2005\/ce-quest-le-liberalisme-economique\">Ce qu&rsquo;est le lib\u00e9ralisme \u00e9conomique<\/a><\/td><td>2005\/12\/02<\/td><td><a href=\"https:\/\/www.jcvignoli.com\/blog\/category\/liens\" rel=\"category tag\">Liens<\/a>, <a href=\"https:\/\/www.jcvignoli.com\/blog\/category\/politique\" rel=\"category tag\">Politique<\/a><\/td><td><a href=\"https:\/\/www.jcvignoli.com\/blog\/tag\/adam_smith\" rel=\"tag\">Adam Smith<\/a>, <a href=\"https:\/\/www.jcvignoli.com\/blog\/tag\/friedrich-hayek\" rel=\"tag\">Friedrich Hayek<\/a>, <a href=\"https:\/\/www.jcvignoli.com\/blog\/tag\/liberalisme\" rel=\"tag\">lib\u00e9ralisme<\/a>, <a href=\"https:\/\/www.jcvignoli.com\/blog\/tag\/max_havelaar\" rel=\"tag\">max_havelaar<\/a>, <a href=\"https:\/\/www.jcvignoli.com\/blog\/tag\/neo-liberalisme\" rel=\"tag\">n\u00e9o-lib\u00e9ralisme<\/a><\/td><td>2005-12-02 11:32:38<\/td><\/tr><tr><td><\/td><td><a href=\"https:\/\/www.jcvignoli.com\/blog\/2005\/lanti-americanisme-vu-par-un-etasunien\">L&rsquo;anti-am\u00e9ricanisme vu par un Etasunien<\/a><\/td><td>2005\/11\/30<\/td><td><a href=\"https:\/\/www.jcvignoli.com\/blog\/category\/politique\" rel=\"category tag\">Politique<\/a>, <a href=\"https:\/\/www.jcvignoli.com\/blog\/category\/livres\" rel=\"category tag\">Presse\/livres<\/a>, <a href=\"https:\/\/www.jcvignoli.com\/blog\/category\/politique\/ue\" rel=\"category tag\">UE<\/a>, <a href=\"https:\/\/www.jcvignoli.com\/blog\/category\/politique\/usa\" rel=\"category tag\">USA<\/a><\/td><td><a href=\"https:\/\/www.jcvignoli.com\/blog\/tag\/droit-international\" rel=\"tag\">droit international<\/a>, <a href=\"https:\/\/www.jcvignoli.com\/blog\/tag\/international_herald_tribune\" rel=\"tag\">international_herald_tribune<\/a>, <a href=\"https:\/\/www.jcvignoli.com\/blog\/tag\/liberalisme\" rel=\"tag\">lib\u00e9ralisme<\/a>, <a href=\"https:\/\/www.jcvignoli.com\/blog\/tag\/unilateralisme\" rel=\"tag\">unilat\u00e9ralisme<\/a><\/td><td>2005-11-30 14:53:03<\/td><\/tr><tr><td><\/td><td><a href=\"https:\/\/www.jcvignoli.com\/blog\/2005\/demande-de-fonds-par-email-lenquete\">Arnaque par email : l&rsquo;enqu\u00eate<\/a><\/td><td>2005\/11\/26<\/td><td><a href=\"https:\/\/www.jcvignoli.com\/blog\/category\/humour\" rel=\"category tag\">Humour<\/a>, <a href=\"https:\/\/www.jcvignoli.com\/blog\/en\/category\/miscellaneous\" rel=\"category tag\">Miscellaneous<\/a><\/td><td><a href=\"https:\/\/www.jcvignoli.com\/blog\/tag\/humour\" rel=\"tag\">Humour<\/a><\/td><td>2005-11-26 14:07:53<\/td><\/tr><tr><td><\/td><td><a href=\"https:\/\/www.jcvignoli.com\/blog\/2005\/les-services-publics-sont-ils-encore-necessaires\">Les services publics sont-ils encore n\u00e9cessaires ?<\/a><\/td><td>2005\/11\/26<\/td><td><a href=\"https:\/\/www.jcvignoli.com\/blog\/category\/politique\" rel=\"category tag\">Politique<\/a>, <a href=\"https:\/\/www.jcvignoli.com\/blog\/category\/politique\/suisse\" rel=\"category tag\">Suisse<\/a><\/td><td><a href=\"https:\/\/www.jcvignoli.com\/blog\/tag\/chomage\" rel=\"tag\">ch\u00f4mage<\/a>, <a href=\"https:\/\/www.jcvignoli.com\/blog\/tag\/geneve\" rel=\"tag\">Gen\u00e8ve<\/a>, <a href=\"https:\/\/www.jcvignoli.com\/blog\/tag\/neo-liberalisme\" rel=\"tag\">n\u00e9o-lib\u00e9ralisme<\/a>, <a href=\"https:\/\/www.jcvignoli.com\/blog\/tag\/oce\" rel=\"tag\">OCE<\/a>, <a href=\"https:\/\/www.jcvignoli.com\/blog\/tag\/swisscom\" rel=\"tag\">swisscom<\/a><\/td><td>2005-11-26 00:10:06<\/td><\/tr><tr><td><img loading=\"lazy\" decoding=\"async\" width=\"200\" height=\"200\" src=\"https:\/\/www.jcvignoli.com\/blog\/wp-content\/uploads\/cigarette-200x200.jpg\" class=\"attachment-thumbnail size-thumbnail wp-post-image\" alt=\"Illustration de cigarette\" srcset=\"https:\/\/www.jcvignoli.com\/blog\/wp-content\/uploads\/cigarette-200x200.jpg 200w, https:\/\/www.jcvignoli.com\/blog\/wp-content\/uploads\/cigarette-160x160.jpg 160w, https:\/\/www.jcvignoli.com\/blog\/wp-content\/uploads\/cigarette-320x320.jpg 320w\" sizes=\"auto, (max-width: 200px) 100vw, 200px\" \/><\/td><td><a href=\"https:\/\/www.jcvignoli.com\/blog\/2005\/ouvrons-le-rideau-de-fumee-fumer-dans-les-lieux-publics\">Ouvrons le rideau de fum\u00e9e : fumer dans les lieux publics<\/a><\/td><td>2005\/11\/19<\/td><td><a href=\"https:\/\/www.jcvignoli.com\/blog\/category\/politique\" rel=\"category tag\">Politique<\/a><\/td><td><a href=\"https:\/\/www.jcvignoli.com\/blog\/tag\/bur\" rel=\"tag\">bur<\/a>, <a href=\"https:\/\/www.jcvignoli.com\/blog\/tag\/cigarette\" rel=\"tag\">cigarette<\/a>, <a href=\"https:\/\/www.jcvignoli.com\/blog\/tag\/france\" rel=\"tag\">france<\/a>, <a href=\"https:\/\/www.jcvignoli.com\/blog\/tag\/fumer\" rel=\"tag\">fumer<\/a>, <a href=\"https:\/\/www.jcvignoli.com\/blog\/tag\/liberte\" rel=\"tag\">libert\u00e9<\/a>, <a href=\"https:\/\/www.jcvignoli.com\/blog\/tag\/ump\" rel=\"tag\">ump<\/a><\/td><td>2005-11-19 14:10:07<\/td><\/tr><tr><td><\/td><td><a href=\"https:\/\/www.jcvignoli.com\/blog\/2005\/ifpi-un-pirate-vaut-mieux-que-deux-tu-lauras\">IFPI &#8211; un pirate vaut mieux que deux tu l&rsquo;auras<\/a><\/td><td>2005\/11\/16<\/td><td><a href=\"https:\/\/www.jcvignoli.com\/blog\/category\/informatique\" rel=\"category tag\">Informatique<\/a>, <a href=\"https:\/\/www.jcvignoli.com\/blog\/category\/informatique\/p2p\" rel=\"category tag\">P2P<\/a>, <a href=\"https:\/\/www.jcvignoli.com\/blog\/category\/politique\" rel=\"category tag\">Politique<\/a>, <a href=\"https:\/\/www.jcvignoli.com\/blog\/category\/politique\/suisse\" rel=\"category tag\">Suisse<\/a><\/td><td><a href=\"https:\/\/www.jcvignoli.com\/blog\/tag\/copyright\" rel=\"tag\">copyright<\/a>, <a href=\"https:\/\/www.jcvignoli.com\/blog\/tag\/ifpi\" rel=\"tag\">ifpi<\/a>, <a href=\"https:\/\/www.jcvignoli.com\/blog\/tag\/peer-to-peer\" rel=\"tag\">peer to peer<\/a>, <a href=\"https:\/\/www.jcvignoli.com\/blog\/tag\/pirate\" rel=\"tag\">pirate<\/a>, <a href=\"https:\/\/www.jcvignoli.com\/blog\/tag\/riaa\" rel=\"tag\">riaa<\/a><\/td><td>2005-11-16 01:53:05<\/td><\/tr><tr><td><img loading=\"lazy\" decoding=\"async\" width=\"150\" height=\"150\" src=\"https:\/\/www.jcvignoli.com\/blog\/wp-content\/uploads\/maintien-de-la-paix-tank-150x150.jpg\" class=\"attachment-thumbnail size-thumbnail wp-post-image\" alt=\"Tank maintien de la paix\" \/><\/td><td><a href=\"https:\/\/www.jcvignoli.com\/blog\/2005\/onu-ue-et-operations-de-maintien-de-la-paix\">ONU, UE, et op\u00e9rations de maintien de la paix<\/a><\/td><td>2005\/11\/10<\/td><td><a href=\"https:\/\/www.jcvignoli.com\/blog\/category\/articles\" rel=\"category tag\">Articles<\/a>, <a href=\"https:\/\/www.jcvignoli.com\/blog\/category\/politique\/onu\" rel=\"category tag\">ONU<\/a>, <a href=\"https:\/\/www.jcvignoli.com\/blog\/category\/politique\" rel=\"category tag\">Politique<\/a>, <a href=\"https:\/\/www.jcvignoli.com\/blog\/category\/politique\/ue\" rel=\"category tag\">UE<\/a><\/td><td><a href=\"https:\/\/www.jcvignoli.com\/blog\/tag\/artemis\" rel=\"tag\">art\u00e9mis<\/a>, <a href=\"https:\/\/www.jcvignoli.com\/blog\/tag\/concordia\" rel=\"tag\">concordia<\/a>, <a href=\"https:\/\/www.jcvignoli.com\/blog\/tag\/cooperation-internationale\" rel=\"tag\">coop\u00e9ration internationale<\/a>, <a href=\"https:\/\/www.jcvignoli.com\/blog\/tag\/gcsp\" rel=\"tag\">GCSP<\/a>, <a href=\"https:\/\/www.jcvignoli.com\/blog\/tag\/operation_de_maintien_de_la_paix\" rel=\"tag\">op\u00e9ration_de_maintien_de_la_paix<\/a>, <a href=\"https:\/\/www.jcvignoli.com\/blog\/tag\/tece\" rel=\"tag\">TECE<\/a><\/td><td>2005-11-10 04:33:29<\/td><\/tr><tr><td><\/td><td><a href=\"https:\/\/www.jcvignoli.com\/blog\/2005\/revue-de-presse-blog-des-emeutes-francaises\">revue de presse blog des \u00e9meutes fran\u00e7aises<\/a><\/td><td>2005\/11\/09<\/td><td><a href=\"https:\/\/www.jcvignoli.com\/blog\/category\/politique\" rel=\"category tag\">Politique<\/a>, <a href=\"https:\/\/www.jcvignoli.com\/blog\/category\/politique\/usa\" rel=\"category tag\">USA<\/a><\/td><td><a href=\"https:\/\/www.jcvignoli.com\/blog\/tag\/11-septembre\" rel=\"tag\">11 septembre<\/a>, <a href=\"https:\/\/www.jcvignoli.com\/blog\/tag\/emeutes\" rel=\"tag\">\u00e9meutes<\/a>, <a href=\"https:\/\/www.jcvignoli.com\/blog\/tag\/french-riots\" rel=\"tag\">french riots<\/a>, <a href=\"https:\/\/www.jcvignoli.com\/blog\/tag\/huntington\" rel=\"tag\">huntington<\/a>, <a href=\"https:\/\/www.jcvignoli.com\/blog\/tag\/paris_riots\" rel=\"tag\">paris_riots<\/a><\/td><td>2005-11-09 15:06:45<\/td><\/tr><tr><td><img loading=\"lazy\" decoding=\"async\" width=\"200\" height=\"200\" src=\"https:\/\/www.jcvignoli.com\/blog\/wp-content\/uploads\/france-emeutes-2005-200x200.jpg\" class=\"attachment-thumbnail size-thumbnail wp-post-image\" alt=\"Voitures br\u00fbl\u00e9es lors des \u00e9meutes 2005 en France\" srcset=\"https:\/\/www.jcvignoli.com\/blog\/wp-content\/uploads\/france-emeutes-2005-200x200.jpg 200w, https:\/\/www.jcvignoli.com\/blog\/wp-content\/uploads\/france-emeutes-2005-160x160.jpg 160w, https:\/\/www.jcvignoli.com\/blog\/wp-content\/uploads\/france-emeutes-2005-320x320.jpg 320w\" sizes=\"auto, (max-width: 200px) 100vw, 200px\" \/><\/td><td><a href=\"https:\/\/www.jcvignoli.com\/blog\/2005\/feu-de-joie-triste-mai-68-est-definitivement-mort-et-enterre\">Feu de joie triste, mai 68 est d\u00e9finitivement mort et enterr\u00e9<\/a><\/td><td>2005\/11\/08<\/td><td><a href=\"https:\/\/www.jcvignoli.com\/blog\/category\/politique\" rel=\"category tag\">Politique<\/a><\/td><td><a href=\"https:\/\/www.jcvignoli.com\/blog\/tag\/mai-68\" rel=\"tag\">mai 68<\/a><\/td><td>2005-11-08 16:21:20<\/td><\/tr><tr><td><img loading=\"lazy\" decoding=\"async\" width=\"200\" height=\"200\" src=\"https:\/\/www.jcvignoli.com\/blog\/wp-content\/uploads\/windows-vista-200x200.jpg\" class=\"attachment-thumbnail size-thumbnail wp-post-image\" alt=\"Ecran windows vista\" \/><\/td><td><a href=\"https:\/\/www.jcvignoli.com\/blog\/2005\/windows-vista-longhorn-ferme-aux-formats-ouverts-ouvrons-nos-esprits\">Windows Vista (Longhorn) : Ferm\u00e9 aux formats ouverts, ouvrons nos esprits ferm\u00e9s<\/a><\/td><td>2005\/11\/03<\/td><td><a href=\"https:\/\/www.jcvignoli.com\/blog\/category\/informatique\" rel=\"category tag\">Informatique<\/a><\/td><td><a href=\"https:\/\/www.jcvignoli.com\/blog\/tag\/drm\" rel=\"tag\">DRM<\/a>, <a href=\"https:\/\/www.jcvignoli.com\/blog\/tag\/liberte\" rel=\"tag\">libert\u00e9<\/a>, <a href=\"https:\/\/www.jcvignoli.com\/blog\/tag\/linux\" rel=\"tag\">linux<\/a>, <a href=\"https:\/\/www.jcvignoli.com\/blog\/tag\/mandrake\" rel=\"tag\">mandrake<\/a>, <a href=\"https:\/\/www.jcvignoli.com\/blog\/tag\/mandriva\" rel=\"tag\">mandriva<\/a>, <a href=\"https:\/\/www.jcvignoli.com\/blog\/tag\/open_source\" rel=\"tag\">open_source<\/a>, <a href=\"https:\/\/www.jcvignoli.com\/blog\/tag\/red_hat\" rel=\"tag\">red_hat<\/a>, <a href=\"https:\/\/www.jcvignoli.com\/blog\/tag\/rms\" rel=\"tag\">rms<\/a>, <a href=\"https:\/\/www.jcvignoli.com\/blog\/tag\/vista\" rel=\"tag\">vista<\/a>, <a href=\"https:\/\/www.jcvignoli.com\/blog\/tag\/windows\" rel=\"tag\">windows<\/a><\/td><td>2005-11-03 04:55:15<\/td><\/tr><tr><td><img loading=\"lazy\" decoding=\"async\" width=\"150\" height=\"150\" src=\"https:\/\/www.jcvignoli.com\/blog\/wp-content\/uploads\/paul-aymon-prophete-150x150.png\" class=\"attachment-thumbnail size-thumbnail wp-post-image\" alt=\"Paul Aymon proph\u00e8te bulletin de vote\" \/><\/td><td><a href=\"https:\/\/www.jcvignoli.com\/blog\/2005\/elections-de-lexecutif-genevois-khalil-gibran-ou-paul-aymon\">Elections de l&rsquo;ex\u00e9cutif genevois : Khalil Gibran ou Paul Aymon ?<\/a><\/td><td>2005\/11\/02<\/td><td><a href=\"https:\/\/www.jcvignoli.com\/blog\/category\/humour\" rel=\"category tag\">Humour<\/a>, <a href=\"https:\/\/www.jcvignoli.com\/blog\/category\/politique\" rel=\"category tag\">Politique<\/a><\/td><td><a href=\"https:\/\/www.jcvignoli.com\/blog\/tag\/elections\" rel=\"tag\">\u00e9lections<\/a>, <a href=\"https:\/\/www.jcvignoli.com\/blog\/tag\/geneve\" rel=\"tag\">Gen\u00e8ve<\/a><\/td><td>2005-11-02 14:41:54<\/td><\/tr><tr><td><img loading=\"lazy\" decoding=\"async\" width=\"200\" height=\"200\" src=\"https:\/\/www.jcvignoli.com\/blog\/wp-content\/uploads\/Le-Matin-Bleu-logo-200x200.jpg\" class=\"attachment-thumbnail size-thumbnail wp-post-image\" alt=\"Le logo du journal le Matin bleu\" srcset=\"https:\/\/www.jcvignoli.com\/blog\/wp-content\/uploads\/Le-Matin-Bleu-logo-200x200.jpg 200w, https:\/\/www.jcvignoli.com\/blog\/wp-content\/uploads\/Le-Matin-Bleu-logo-160x160.jpg 160w, https:\/\/www.jcvignoli.com\/blog\/wp-content\/uploads\/Le-Matin-Bleu-logo-320x320.jpg 320w\" sizes=\"auto, (max-width: 200px) 100vw, 200px\" \/><\/td><td><a href=\"https:\/\/www.jcvignoli.com\/blog\/2005\/journal-gratuit-et-matin-bleu\">Journal gratuit et matin bleu<\/a><\/td><td>2005\/11\/01<\/td><td><a href=\"https:\/\/www.jcvignoli.com\/blog\/category\/informatique\" rel=\"category tag\">Informatique<\/a>, <a href=\"https:\/\/www.jcvignoli.com\/blog\/category\/livres\" rel=\"category tag\">Presse\/livres<\/a>, <a href=\"https:\/\/www.jcvignoli.com\/blog\/category\/politique\/suisse\" rel=\"category tag\">Suisse<\/a><\/td><td><a href=\"https:\/\/www.jcvignoli.com\/blog\/tag\/journal\" rel=\"tag\">journal<\/a>, <a href=\"https:\/\/www.jcvignoli.com\/blog\/tag\/journal_gratuit\" rel=\"tag\">journal_gratuit<\/a>, <a href=\"https:\/\/www.jcvignoli.com\/blog\/tag\/journalisme\" rel=\"tag\">journalisme<\/a>, <a href=\"https:\/\/www.jcvignoli.com\/blog\/tag\/le_matin\" rel=\"tag\">le_matin<\/a>, <a href=\"https:\/\/www.jcvignoli.com\/blog\/tag\/le_matin_bleu\" rel=\"tag\">le_matin_bleu<\/a><\/td><td>2005-11-01 02:58:45<\/td><\/tr><tr><td><img loading=\"lazy\" decoding=\"async\" width=\"150\" height=\"150\" src=\"https:\/\/www.jcvignoli.com\/blog\/wp-content\/uploads\/stats-awstats-150x150.png\" class=\"attachment-thumbnail size-thumbnail wp-post-image\" alt=\"statistiques awstats\" \/><\/td><td><a href=\"https:\/\/www.jcvignoli.com\/blog\/2005\/statistiques-tromperies-et-arnaques\">Statistiques web : tromperies et arnaques<\/a><\/td><td>2005\/10\/26<\/td><td><a href=\"https:\/\/www.jcvignoli.com\/blog\/category\/informatique\/blog\" rel=\"category tag\">blog<\/a>, <a href=\"https:\/\/www.jcvignoli.com\/blog\/category\/informatique\" rel=\"category tag\">Informatique<\/a><\/td><td><a href=\"https:\/\/www.jcvignoli.com\/blog\/tag\/awstats\" rel=\"tag\">awstats<\/a>, <a href=\"https:\/\/www.jcvignoli.com\/blog\/tag\/blog\" rel=\"tag\">blog<\/a>, <a href=\"https:\/\/www.jcvignoli.com\/blog\/tag\/business\" rel=\"tag\">business<\/a>, <a href=\"https:\/\/www.jcvignoli.com\/blog\/tag\/statistiques\" rel=\"tag\">statistiques<\/a>, <a href=\"https:\/\/www.jcvignoli.com\/blog\/tag\/webalizer\" rel=\"tag\">webalizer<\/a><\/td><td>2005-10-26 03:40:35<\/td><\/tr><tr><td><img loading=\"lazy\" decoding=\"async\" width=\"150\" height=\"150\" src=\"https:\/\/www.jcvignoli.com\/blog\/wp-content\/uploads\/Poulets-batterie-150x150.jpg\" class=\"attachment-thumbnail size-thumbnail wp-post-image\" alt=\"Poulet \u00e9lev\u00e9s en batterie\" \/><\/td><td><a href=\"https:\/\/www.jcvignoli.com\/blog\/2005\/la-grippe-aviaire-deplume-lhomme\">La grippe aviaire d\u00e9plume l&rsquo;homme<\/a><\/td><td>2005\/10\/24<\/td><td><a href=\"https:\/\/www.jcvignoli.com\/blog\/category\/politique\/ecologie\" rel=\"category tag\">Ecologie<\/a>, <a href=\"https:\/\/www.jcvignoli.com\/blog\/category\/politique\" rel=\"category tag\">Politique<\/a><\/td><td><a href=\"https:\/\/www.jcvignoli.com\/blog\/tag\/animaux\" rel=\"tag\">animaux<\/a>, <a href=\"https:\/\/www.jcvignoli.com\/blog\/tag\/grippe-aviaire\" rel=\"tag\">grippe aviaire<\/a>, <a href=\"https:\/\/www.jcvignoli.com\/blog\/tag\/inhumanite\" rel=\"tag\">inhumanit\u00e9<\/a>, <a href=\"https:\/\/www.jcvignoli.com\/blog\/tag\/journalisme\" rel=\"tag\">journalisme<\/a>, <a href=\"https:\/\/www.jcvignoli.com\/blog\/tag\/ogm\" rel=\"tag\">OGM<\/a>, <a href=\"https:\/\/www.jcvignoli.com\/blog\/tag\/poule\" rel=\"tag\">poule<\/a><\/td><td>2005-10-24 23:27:11<\/td><\/tr><tr><td><\/td><td><a href=\"https:\/\/www.jcvignoli.com\/blog\/2005\/dans-la-peau-dune-blonde\">Dans la peau d&rsquo;une blonde<\/a><\/td><td>2005\/10\/22<\/td><td><a href=\"https:\/\/www.jcvignoli.com\/blog\/en\/category\/miscellaneous\" rel=\"category tag\">Miscellaneous<\/a>, <a href=\"https:\/\/www.jcvignoli.com\/blog\/category\/politique\" rel=\"category tag\">Politique<\/a><\/td><td><a href=\"https:\/\/www.jcvignoli.com\/blog\/tag\/blonde\" rel=\"tag\">blonde<\/a>, <a href=\"https:\/\/www.jcvignoli.com\/blog\/tag\/feminisme\" rel=\"tag\">f\u00e9minisme<\/a>, <a href=\"https:\/\/www.jcvignoli.com\/blog\/tag\/femme\" rel=\"tag\">femme<\/a>, <a href=\"https:\/\/www.jcvignoli.com\/blog\/tag\/machisme\" rel=\"tag\">machisme<\/a>, <a href=\"https:\/\/www.jcvignoli.com\/blog\/tag\/macho\" rel=\"tag\">macho<\/a>, <a href=\"https:\/\/www.jcvignoli.com\/blog\/tag\/phallocrate\" rel=\"tag\">phallocrate<\/a><\/td><td>2005-10-22 02:07:44<\/td><\/tr><tr><td><img loading=\"lazy\" decoding=\"async\" width=\"150\" height=\"141\" src=\"https:\/\/www.jcvignoli.com\/blog\/wp-content\/uploads\/jim-lobe-portrait-150x141.jpg\" class=\"attachment-thumbnail size-thumbnail wp-post-image\" alt=\"jim lobe portrait\" \/><\/td><td><a href=\"https:\/\/www.jcvignoli.com\/blog\/2005\/what-is-a-neo-conservative-anyway-by-jim-lobe\">What is a neo-conservative anyway ?  &#8211; by Jim Lobe<\/a><\/td><td>2005\/10\/18<\/td><td><a href=\"https:\/\/www.jcvignoli.com\/blog\/category\/politique\" rel=\"category tag\">Politique<\/a>, <a href=\"https:\/\/www.jcvignoli.com\/blog\/category\/politique\/usa\" rel=\"category tag\">USA<\/a><\/td><td><a href=\"https:\/\/www.jcvignoli.com\/blog\/tag\/bush\" rel=\"tag\">Bush<\/a>, <a href=\"https:\/\/www.jcvignoli.com\/blog\/tag\/holocauste\" rel=\"tag\">holocauste<\/a>, <a href=\"https:\/\/www.jcvignoli.com\/blog\/tag\/jim_lobe\" rel=\"tag\">Jim_Lobe<\/a>, <a href=\"https:\/\/www.jcvignoli.com\/blog\/tag\/juif\" rel=\"tag\">juif<\/a>, <a href=\"https:\/\/www.jcvignoli.com\/blog\/tag\/neo-cons\" rel=\"tag\">neo-cons<\/a>, <a href=\"https:\/\/www.jcvignoli.com\/blog\/tag\/neo-conservateurs\" rel=\"tag\">n\u00e9o-conservateurs<\/a><\/td><td>2005-10-18 00:55:56<\/td><\/tr><tr><td><\/td><td><a href=\"https:\/\/www.jcvignoli.com\/blog\/2005\/lheritage-dataturk-les-raisons-de-lentree-turque-dans-lue\">L&rsquo;h\u00e9ritage d&rsquo;Atat\u00fcrk : les raisons de l&rsquo;entr\u00e9e turque dans l&rsquo;UE<\/a><\/td><td>2005\/10\/17<\/td><td><a href=\"https:\/\/www.jcvignoli.com\/blog\/category\/politique\" rel=\"category tag\">Politique<\/a>, <a href=\"https:\/\/www.jcvignoli.com\/blog\/category\/politique\/ue\" rel=\"category tag\">UE<\/a><\/td><td><a href=\"https:\/\/www.jcvignoli.com\/blog\/tag\/ataturk\" rel=\"tag\">Atat\u00fcrk<\/a>, <a href=\"https:\/\/www.jcvignoli.com\/blog\/tag\/erdogan\" rel=\"tag\">erdogan<\/a>, <a href=\"https:\/\/www.jcvignoli.com\/blog\/tag\/ocalan\" rel=\"tag\">Ocalan<\/a>, <a href=\"https:\/\/www.jcvignoli.com\/blog\/tag\/turquie\" rel=\"tag\">Turquie<\/a>, <a href=\"https:\/\/www.jcvignoli.com\/blog\/tag\/union_europeenne\" rel=\"tag\">Union Europ\u00e9enne<\/a><\/td><td>2005-10-17 22:12:14<\/td><\/tr><tr><td><\/td><td><a href=\"https:\/\/www.jcvignoli.com\/blog\/2005\/les-blogs-sont-ils-linformation-de-demain-2eme-partie\">Les blogs sont-ils l&rsquo;information de demain ? &#8211; <strong>2\u00e8me partie<\/strong><\/a><\/td><td>2005\/10\/13<\/td><td><a href=\"https:\/\/www.jcvignoli.com\/blog\/category\/informatique\" rel=\"category tag\">Informatique<\/a>, <a href=\"https:\/\/www.jcvignoli.com\/blog\/category\/politique\" rel=\"category tag\">Politique<\/a>, <a href=\"https:\/\/www.jcvignoli.com\/blog\/category\/livres\" rel=\"category tag\">Presse\/livres<\/a><\/td><td><a href=\"https:\/\/www.jcvignoli.com\/blog\/tag\/bbc\" rel=\"tag\">BBC<\/a>, <a href=\"https:\/\/www.jcvignoli.com\/blog\/tag\/blog\" rel=\"tag\">blog<\/a>, <a href=\"https:\/\/www.jcvignoli.com\/blog\/tag\/dassault\" rel=\"tag\">Dassault<\/a>, <a href=\"https:\/\/www.jcvignoli.com\/blog\/tag\/journalisme\" rel=\"tag\">journalisme<\/a>, <a href=\"https:\/\/www.jcvignoli.com\/blog\/tag\/le-monde\" rel=\"tag\">le Monde<\/a>, <a href=\"https:\/\/www.jcvignoli.com\/blog\/tag\/search_engine\" rel=\"tag\">search_engine<\/a>, <a href=\"https:\/\/www.jcvignoli.com\/blog\/tag\/www\" rel=\"tag\">www<\/a><\/td><td>2005-10-13 22:48:44<\/td><\/tr><tr><td><\/td><td><a href=\"https:\/\/www.jcvignoli.com\/blog\/2005\/les-blogs-sont-ils-linformation-de-demain\">Les blogs sont-ils l&rsquo;information de demain ? &#8211; <strong>1\u00e8re partie<\/strong><\/a><\/td><td>2005\/10\/12<\/td><td><a href=\"https:\/\/www.jcvignoli.com\/blog\/category\/informatique\" rel=\"category tag\">Informatique<\/a>, <a href=\"https:\/\/www.jcvignoli.com\/blog\/category\/politique\" rel=\"category tag\">Politique<\/a>, <a href=\"https:\/\/www.jcvignoli.com\/blog\/category\/livres\" rel=\"category tag\">Presse\/livres<\/a><\/td><td><a href=\"https:\/\/www.jcvignoli.com\/blog\/tag\/bbc\" rel=\"tag\">BBC<\/a>, <a href=\"https:\/\/www.jcvignoli.com\/blog\/tag\/blog\" rel=\"tag\">blog<\/a>, <a href=\"https:\/\/www.jcvignoli.com\/blog\/tag\/journalisme\" rel=\"tag\">journalisme<\/a>, <a href=\"https:\/\/www.jcvignoli.com\/blog\/tag\/le_monde\" rel=\"tag\">Le Monde<\/a><\/td><td>2005-10-12 05:52:08<\/td><\/tr><tr><td><img loading=\"lazy\" decoding=\"async\" width=\"150\" height=\"150\" src=\"https:\/\/www.jcvignoli.com\/blog\/wp-content\/uploads\/bruno-ganz-untergang-150x150.jpg\" class=\"attachment-thumbnail size-thumbnail wp-post-image\" alt=\"Untergang bruno ganz\" \/><\/td><td><a href=\"https:\/\/www.jcvignoli.com\/blog\/2005\/untergang-der\">Untergang<\/a><\/td><td>2005\/10\/10<\/td><td><a href=\"https:\/\/www.jcvignoli.com\/blog\/category\/cinema\/critiques-de-cinema\" rel=\"category tag\">Critiques de cin\u00e9ma<\/a><\/td><td><a href=\"https:\/\/www.jcvignoli.com\/blog\/tag\/cinema\" rel=\"tag\">Cin\u00e9ma<\/a>, <a href=\"https:\/\/www.jcvignoli.com\/blog\/tag\/critiques\" rel=\"tag\">Critiques<\/a>, <a href=\"https:\/\/www.jcvignoli.com\/blog\/tag\/fuhrer\" rel=\"tag\">Fuhrer<\/a>, <a href=\"https:\/\/www.jcvignoli.com\/blog\/tag\/hitler\" rel=\"tag\">Hitler<\/a>, <a href=\"https:\/\/www.jcvignoli.com\/blog\/tag\/untergang\" rel=\"tag\">Untergang<\/a><\/td><td>2005-10-10 23:56:55<\/td><\/tr><tr><td><\/td><td><a href=\"https:\/\/www.jcvignoli.com\/blog\/2005\/photos-en-direct-live-2\">Photos en direct live<\/a><\/td><td>2005\/10\/08<\/td><td><a href=\"https:\/\/www.jcvignoli.com\/blog\/category\/moblog\" rel=\"category tag\">Moblog<\/a><\/td><td><a href=\"https:\/\/www.jcvignoli.com\/blog\/tag\/moblog\" rel=\"tag\">Moblog<\/a><\/td><td>2005-10-08 02:01:15<\/td><\/tr><tr><td><img loading=\"lazy\" decoding=\"async\" width=\"200\" height=\"200\" src=\"https:\/\/www.jcvignoli.com\/blog\/wp-content\/uploads\/arizona_werewolf-200x200.jpg\" class=\"attachment-thumbnail size-thumbnail wp-post-image\" alt=\"Film Arizona Werewolf, presque pas dirig\u00e9 par le non-r\u00e9alisateur Tony Zarindast\" \/><\/td><td><a href=\"https:\/\/www.jcvignoli.com\/blog\/2005\/arizona-werewolf\">Arizona Werewolf<\/a><\/td><td>2005\/10\/07<\/td><td><a href=\"https:\/\/www.jcvignoli.com\/blog\/category\/cinema\/critiques-de-cinema\" rel=\"category tag\">Critiques de cin\u00e9ma<\/a><\/td><td><a href=\"https:\/\/www.jcvignoli.com\/blog\/tag\/critiques\" rel=\"tag\">Critiques<\/a>, <a href=\"https:\/\/www.jcvignoli.com\/blog\/tag\/loup-garou\" rel=\"tag\">loup-garou<\/a>, <a href=\"https:\/\/www.jcvignoli.com\/blog\/tag\/navet\" rel=\"tag\">navet<\/a>, <a href=\"https:\/\/www.jcvignoli.com\/blog\/tag\/tony-zarindast\" rel=\"tag\">Tony Zarindast<\/a><\/td><td>2005-10-07 05:06:58<\/td><\/tr><tr><td><img loading=\"lazy\" decoding=\"async\" width=\"200\" height=\"200\" src=\"https:\/\/www.jcvignoli.com\/blog\/wp-content\/uploads\/Akira-Kurosawa-200x200.jpg\" class=\"attachment-thumbnail size-thumbnail wp-post-image\" alt=\"Akira Kurosawa avec des lunettes de soleil\" \/><\/td><td><a href=\"https:\/\/www.jcvignoli.com\/blog\/2005\/akira-kurosawa\">Akira Kurosawa<\/a><\/td><td>2005\/10\/06<\/td><td><a href=\"https:\/\/www.jcvignoli.com\/blog\/category\/cinema\" rel=\"category tag\">Cin\u00e9ma<\/a><\/td><td><a href=\"https:\/\/www.jcvignoli.com\/blog\/tag\/akira-kurosawa\" rel=\"tag\">Akira Kurosawa<\/a>, <a href=\"https:\/\/www.jcvignoli.com\/blog\/tag\/cinema\" rel=\"tag\">Cin\u00e9ma<\/a>, <a href=\"https:\/\/www.jcvignoli.com\/blog\/tag\/toshiro-mifune\" rel=\"tag\">Toshiro Mif\u00fbne<\/a><\/td><td>2005-10-06 13:15:09<\/td><\/tr><tr><td><img loading=\"lazy\" decoding=\"async\" width=\"150\" height=\"150\" src=\"https:\/\/www.jcvignoli.com\/blog\/wp-content\/uploads\/kauffman-troma-150x150.jpg\" class=\"attachment-thumbnail size-thumbnail wp-post-image\" alt=\"kauffman troma\" \/><\/td><td><a href=\"https:\/\/www.jcvignoli.com\/blog\/2005\/le-troma-de-lloyd-kaufman\">Le Troma de Lloyd Kaufman<\/a><\/td><td>2005\/10\/04<\/td><td><a href=\"https:\/\/www.jcvignoli.com\/blog\/category\/cinema\" rel=\"category tag\">Cin\u00e9ma<\/a><\/td><td><a href=\"https:\/\/www.jcvignoli.com\/blog\/tag\/cinema\" rel=\"tag\">Cin\u00e9ma<\/a><\/td><td>2005-10-04 13:47:01<\/td><\/tr><tr><td><\/td><td><a href=\"https:\/\/www.jcvignoli.com\/blog\/2005\/bush-rien-ne-larretera-cest-pire-que-katrina\">Bush : plus fort que Katrina, rien ne l&rsquo;arr\u00eatera<\/a><\/td><td>2005\/10\/04<\/td><td><a href=\"https:\/\/www.jcvignoli.com\/blog\/category\/politique\" rel=\"category tag\">Politique<\/a>, <a href=\"https:\/\/www.jcvignoli.com\/blog\/category\/politique\/usa\" rel=\"category tag\">USA<\/a><\/td><td><a href=\"https:\/\/www.jcvignoli.com\/blog\/tag\/bush\" rel=\"tag\">Bush<\/a>, <a href=\"https:\/\/www.jcvignoli.com\/blog\/tag\/cour_supreme\" rel=\"tag\">Cour Supr\u00eame<\/a>, <a href=\"https:\/\/www.jcvignoli.com\/blog\/tag\/katrina\" rel=\"tag\">Katrina<\/a><\/td><td>2005-10-04 13:23:19<\/td><\/tr><tr><td><img loading=\"lazy\" decoding=\"async\" width=\"200\" height=\"200\" src=\"https:\/\/www.jcvignoli.com\/blog\/wp-content\/uploads\/Gremlins-200x200.jpg\" class=\"attachment-thumbnail size-thumbnail wp-post-image\" alt=\"Image des deux types de gremlins de Joe Dante\" \/><\/td><td><a href=\"https:\/\/www.jcvignoli.com\/blog\/2005\/gremlins\">Gremlins<\/a><\/td><td>2005\/10\/04<\/td><td><a href=\"https:\/\/www.jcvignoli.com\/blog\/category\/cinema\/critiques-de-cinema\" rel=\"category tag\">Critiques de cin\u00e9ma<\/a><\/td><td><a href=\"https:\/\/www.jcvignoli.com\/blog\/tag\/cinema\" rel=\"tag\">Cin\u00e9ma<\/a>, <a href=\"https:\/\/www.jcvignoli.com\/blog\/tag\/critiques\" rel=\"tag\">Critiques<\/a>, <a href=\"https:\/\/www.jcvignoli.com\/blog\/tag\/gremlins\" rel=\"tag\">gremlins<\/a>, <a href=\"https:\/\/www.jcvignoli.com\/blog\/tag\/joe-dante\" rel=\"tag\">joe dante<\/a><\/td><td>2005-10-04 03:23:56<\/td><\/tr><tr><td><\/td><td><a href=\"https:\/\/www.jcvignoli.com\/blog\/2005\/de-la-radicalite\">De la radicalit\u00e9<\/a><\/td><td>2005\/10\/04<\/td><td><a href=\"https:\/\/www.jcvignoli.com\/blog\/category\/activisme\" rel=\"category tag\">Activisme<\/a>, <a href=\"https:\/\/www.jcvignoli.com\/blog\/en\/category\/miscellaneous\" rel=\"category tag\">Miscellaneous<\/a>, <a href=\"https:\/\/www.jcvignoli.com\/blog\/category\/philosophie\" rel=\"category tag\">Philosophie<\/a><\/td><td><a href=\"https:\/\/www.jcvignoli.com\/blog\/tag\/philo\" rel=\"tag\">Philo<\/a><\/td><td>2005-10-04 01:53:41<\/td><\/tr><tr><td><img loading=\"lazy\" decoding=\"async\" width=\"150\" height=\"150\" src=\"https:\/\/www.jcvignoli.com\/blog\/wp-content\/uploads\/erdogan-eu-drapeau-150x150.png\" class=\"attachment-thumbnail size-thumbnail wp-post-image\" alt=\"erdogan portrait avec drapeau turque et europ\u00e9en\" \/><\/td><td><a href=\"https:\/\/www.jcvignoli.com\/blog\/2005\/lepicier-turc-ankara-et-lue\">L&rsquo;\u00e9picier turc : Ankara et l&rsquo;UE<\/a><\/td><td>2005\/10\/01<\/td><td><a href=\"https:\/\/www.jcvignoli.com\/blog\/category\/articles\" rel=\"category tag\">Articles<\/a>, <a href=\"https:\/\/www.jcvignoli.com\/blog\/category\/politique\" rel=\"category tag\">Politique<\/a>, <a href=\"https:\/\/www.jcvignoli.com\/blog\/category\/politique\/ue\" rel=\"category tag\">UE<\/a><\/td><td><a href=\"https:\/\/www.jcvignoli.com\/blog\/tag\/chirac\" rel=\"tag\">Chirac<\/a>, <a href=\"https:\/\/www.jcvignoli.com\/blog\/tag\/chypre\" rel=\"tag\">Chypre<\/a>, <a href=\"https:\/\/www.jcvignoli.com\/blog\/tag\/genocide\" rel=\"tag\">g\u00e9nocide<\/a>, <a href=\"https:\/\/www.jcvignoli.com\/blog\/tag\/turquie\" rel=\"tag\">Turquie<\/a>, <a href=\"https:\/\/www.jcvignoli.com\/blog\/tag\/union_europeenne\" rel=\"tag\">Union Europ\u00e9enne<\/a><\/td><td>2005-10-01 17:04:49<\/td><\/tr><tr><td><img loading=\"lazy\" decoding=\"async\" width=\"150\" height=\"150\" src=\"https:\/\/www.jcvignoli.com\/blog\/wp-content\/uploads\/sky-news-bush-disaster-150x150.jpg\" class=\"attachment-thumbnail size-thumbnail wp-post-image\" alt=\"sky news bush is a disaster\" \/><\/td><td><a href=\"https:\/\/www.jcvignoli.com\/blog\/2005\/w-bush-disaster\">w. Bush disaster<\/a><\/td><td>2005\/09\/29<\/td><td><a href=\"https:\/\/www.jcvignoli.com\/blog\/category\/humour\" rel=\"category tag\">Humour<\/a>, <a href=\"https:\/\/www.jcvignoli.com\/blog\/category\/politique\" rel=\"category tag\">Politique<\/a>, <a href=\"https:\/\/www.jcvignoli.com\/blog\/category\/politique\/usa\" rel=\"category tag\">USA<\/a><\/td><td><a href=\"https:\/\/www.jcvignoli.com\/blog\/tag\/bush\" rel=\"tag\">Bush<\/a>, <a href=\"https:\/\/www.jcvignoli.com\/blog\/tag\/george-w-bush\" rel=\"tag\">George W. Bush<\/a><\/td><td>2005-09-29 04:28:59<\/td><\/tr><tr><td><\/td><td><a href=\"https:\/\/www.jcvignoli.com\/blog\/2005\/photos-en-direct-live-3\">Photos en direct live<\/a><\/td><td>2005\/09\/25<\/td><td><a href=\"https:\/\/www.jcvignoli.com\/blog\/category\/moblog\" rel=\"category tag\">Moblog<\/a><\/td><td><a href=\"https:\/\/www.jcvignoli.com\/blog\/tag\/fete\" rel=\"tag\">f\u00eate<\/a>, <a href=\"https:\/\/www.jcvignoli.com\/blog\/tag\/moblog\" rel=\"tag\">Moblog<\/a><\/td><td>2005-09-25 21:44:31<\/td><\/tr><tr><td><\/td><td><a href=\"https:\/\/www.jcvignoli.com\/blog\/2005\/velo-a-6000-balles\">v\u00e9lo \u00e0 6000 balles<\/a><\/td><td>2005\/09\/22<\/td><td><a href=\"https:\/\/www.jcvignoli.com\/blog\/category\/moblog\" rel=\"category tag\">Moblog<\/a><\/td><td><a href=\"https:\/\/www.jcvignoli.com\/blog\/tag\/moblog\" rel=\"tag\">Moblog<\/a>, <a href=\"https:\/\/www.jcvignoli.com\/blog\/tag\/velo\" rel=\"tag\">v\u00e9lo<\/a><\/td><td>2005-09-22 08:32:16<\/td><\/tr><tr><td><img loading=\"lazy\" decoding=\"async\" width=\"200\" height=\"200\" src=\"https:\/\/www.jcvignoli.com\/blog\/wp-content\/uploads\/rss-big-200x200.png\" class=\"attachment-thumbnail size-thumbnail wp-post-image\" alt=\"Big RSS logo\" \/><\/td><td><a href=\"https:\/\/www.jcvignoli.com\/blog\/2005\/rss-pour-les-grands-journaux-de-ce-monde\">RSS pour les grands journaux de ce monde<\/a><\/td><td>2005\/09\/17<\/td><td><a href=\"https:\/\/www.jcvignoli.com\/blog\/category\/informatique\" rel=\"category tag\">Informatique<\/a>, <a href=\"https:\/\/www.jcvignoli.com\/blog\/category\/liens\" rel=\"category tag\">Liens<\/a>, <a href=\"https:\/\/www.jcvignoli.com\/blog\/category\/livres\" rel=\"category tag\">Presse\/livres<\/a><\/td><td><a href=\"https:\/\/www.jcvignoli.com\/blog\/tag\/firefox\" rel=\"tag\">Firefox<\/a>, <a href=\"https:\/\/www.jcvignoli.com\/blog\/tag\/liens\" rel=\"tag\">Liens<\/a>, <a href=\"https:\/\/www.jcvignoli.com\/blog\/tag\/really_simple_syndication\" rel=\"tag\">really_simple_syndication<\/a>, <a href=\"https:\/\/www.jcvignoli.com\/blog\/tag\/rss\" rel=\"tag\">rss<\/a>, <a href=\"https:\/\/www.jcvignoli.com\/blog\/tag\/sage\" rel=\"tag\">sage<\/a><\/td><td>2005-09-17 13:44:29<\/td><\/tr><tr><td><img loading=\"lazy\" decoding=\"async\" width=\"200\" height=\"200\" src=\"https:\/\/www.jcvignoli.com\/blog\/wp-content\/uploads\/La_Pierre_de_la_sagesse_Loup_solitaire_tome_6-200x200.jpg\" class=\"attachment-thumbnail size-thumbnail wp-post-image\" alt=\"La Pierre de la sagesse Loup_solitaire tome 6\" \/><\/td><td><a href=\"https:\/\/www.jcvignoli.com\/blog\/2005\/loup-solitaire-un-livre-dont-vous-etes-le-heros\">Loup solitaire &#8211; un livre dont vous \u00eates le h\u00e9ros<\/a><\/td><td>2005\/09\/16<\/td><td><a href=\"https:\/\/www.jcvignoli.com\/blog\/category\/informatique\/blog\" rel=\"category tag\">blog<\/a>, <a href=\"https:\/\/www.jcvignoli.com\/blog\/category\/liens\" rel=\"category tag\">Liens<\/a>, <a href=\"https:\/\/www.jcvignoli.com\/blog\/category\/livres\" rel=\"category tag\">Presse\/livres<\/a><\/td><td><a href=\"https:\/\/www.jcvignoli.com\/blog\/tag\/livres-dont-vous-etes-le-heros\" rel=\"tag\">Livres dont vous \u00eates le h\u00e9ros<\/a>, <a href=\"https:\/\/www.jcvignoli.com\/blog\/tag\/lone_wolf\" rel=\"tag\">Lone_wolf<\/a>, <a href=\"https:\/\/www.jcvignoli.com\/blog\/tag\/loup-solitaire\" rel=\"tag\">Loup Solitaire<\/a>, <a href=\"https:\/\/www.jcvignoli.com\/blog\/tag\/magnamund\" rel=\"tag\">magnamund<\/a><\/td><td>2005-09-16 22:14:20<\/td><\/tr><tr><td><img loading=\"lazy\" decoding=\"async\" width=\"191\" height=\"200\" src=\"https:\/\/www.jcvignoli.com\/blog\/wp-content\/uploads\/lars-von-trier-191x200.jpg\" class=\"attachment-thumbnail size-thumbnail wp-post-image\" alt=\"Lars Von Trier jeune faisant le signe cornuto\" \/><\/td><td><a href=\"https:\/\/www.jcvignoli.com\/blog\/2005\/le-dogme-95\">Le dogme 95<\/a><\/td><td>2005\/09\/16<\/td><td><a href=\"https:\/\/www.jcvignoli.com\/blog\/category\/cinema\" rel=\"category tag\">Cin\u00e9ma<\/a><\/td><td><a href=\"https:\/\/www.jcvignoli.com\/blog\/tag\/cannes\" rel=\"tag\">Cannes<\/a>, <a href=\"https:\/\/www.jcvignoli.com\/blog\/tag\/cinema\" rel=\"tag\">Cin\u00e9ma<\/a>, <a href=\"https:\/\/www.jcvignoli.com\/blog\/tag\/dogme-95\" rel=\"tag\">dogme 95<\/a>, <a href=\"https:\/\/www.jcvignoli.com\/blog\/tag\/lars_von_trier\" rel=\"tag\">Lars Von Trier<\/a>, <a href=\"https:\/\/www.jcvignoli.com\/blog\/tag\/thomas_vinterberg\" rel=\"tag\">Thomas_Vinterberg<\/a><\/td><td>2005-09-16 01:49:11<\/td><\/tr><tr><td><\/td><td><a href=\"https:\/\/www.jcvignoli.com\/blog\/2005\/photos-en-direct-live\">Photos en direct live<\/a><\/td><td>2005\/09\/13<\/td><td><a href=\"https:\/\/www.jcvignoli.com\/blog\/category\/moblog\" rel=\"category tag\">Moblog<\/a><\/td><td><a href=\"https:\/\/www.jcvignoli.com\/blog\/tag\/lausanne\" rel=\"tag\">lausanne<\/a>, <a href=\"https:\/\/www.jcvignoli.com\/blog\/tag\/moblog\" rel=\"tag\">Moblog<\/a><\/td><td>2005-09-13 23:56:27<\/td><\/tr><tr><td><\/td><td><a href=\"https:\/\/www.jcvignoli.com\/blog\/2005\/le-prix-de-lessence\">Le prix de l&rsquo;essence&#8230;<\/a><\/td><td>2005\/09\/10<\/td><td><a href=\"https:\/\/www.jcvignoli.com\/blog\/category\/politique\/ecologie\" rel=\"category tag\">Ecologie<\/a>, <a href=\"https:\/\/www.jcvignoli.com\/blog\/category\/politique\" rel=\"category tag\">Politique<\/a><\/td><td><a href=\"https:\/\/www.jcvignoli.com\/blog\/tag\/chine\" rel=\"tag\">Chine<\/a>, <a href=\"https:\/\/www.jcvignoli.com\/blog\/tag\/consommation\" rel=\"tag\">consommation<\/a>, <a href=\"https:\/\/www.jcvignoli.com\/blog\/tag\/economie\" rel=\"tag\">\u00e9conomie<\/a>, <a href=\"https:\/\/www.jcvignoli.com\/blog\/tag\/essence\" rel=\"tag\">essence<\/a>, <a href=\"https:\/\/www.jcvignoli.com\/blog\/tag\/petrole\" rel=\"tag\">p\u00e9trole<\/a><\/td><td>2005-09-10 19:00:03<\/td><\/tr><tr><td><\/td><td><a href=\"https:\/\/www.jcvignoli.com\/blog\/2005\/le-retour-du-plombier-polonais-masque-il-est-en-suisse\">Le retour du plombier polonais masqu\u00e9 : il est en Suisse<\/a><\/td><td>2005\/09\/09<\/td><td><a href=\"https:\/\/www.jcvignoli.com\/blog\/category\/articles\" rel=\"category tag\">Articles<\/a>, <a href=\"https:\/\/www.jcvignoli.com\/blog\/category\/politique\" rel=\"category tag\">Politique<\/a>, <a href=\"https:\/\/www.jcvignoli.com\/blog\/category\/politique\/suisse\" rel=\"category tag\">Suisse<\/a>, <a href=\"https:\/\/www.jcvignoli.com\/blog\/category\/politique\/ue\" rel=\"category tag\">UE<\/a><\/td><td><a href=\"https:\/\/www.jcvignoli.com\/blog\/tag\/accords_bilateraux\" rel=\"tag\">Accords bilat\u00e9raux<\/a>, <a href=\"https:\/\/www.jcvignoli.com\/blog\/tag\/barroso\" rel=\"tag\">barroso<\/a>, <a href=\"https:\/\/www.jcvignoli.com\/blog\/tag\/constitution\" rel=\"tag\">constitution<\/a>, <a href=\"https:\/\/www.jcvignoli.com\/blog\/tag\/pologne\" rel=\"tag\">Pologne<\/a>, <a href=\"https:\/\/www.jcvignoli.com\/blog\/tag\/tece\" rel=\"tag\">TECE<\/a>, <a href=\"https:\/\/www.jcvignoli.com\/blog\/tag\/union_europeenne\" rel=\"tag\">Union Europ\u00e9enne<\/a><\/td><td>2005-09-09 05:07:57<\/td><\/tr><tr><td><\/td><td><a href=\"https:\/\/www.jcvignoli.com\/blog\/2005\/google-earth\">Google Earth<\/a><\/td><td>2005\/09\/09<\/td><td><a href=\"https:\/\/www.jcvignoli.com\/blog\/category\/informatique\" rel=\"category tag\">Informatique<\/a>, <a href=\"https:\/\/www.jcvignoli.com\/blog\/category\/liens\" rel=\"category tag\">Liens<\/a><\/td><td><a href=\"https:\/\/www.jcvignoli.com\/blog\/tag\/celestia\" rel=\"tag\">Celestia<\/a>, <a href=\"https:\/\/www.jcvignoli.com\/blog\/tag\/googlearth\" rel=\"tag\">Googlearth<\/a>, <a href=\"https:\/\/www.jcvignoli.com\/blog\/tag\/kmz\" rel=\"tag\">kmz<\/a>, <a href=\"https:\/\/www.jcvignoli.com\/blog\/tag\/liens\" rel=\"tag\">Liens<\/a>, <a href=\"https:\/\/www.jcvignoli.com\/blog\/tag\/nasa_worldwind\" rel=\"tag\">NASA_Worldwind<\/a><\/td><td>2005-09-09 00:49:57<\/td><\/tr><tr><td><\/td><td><a href=\"https:\/\/www.jcvignoli.com\/blog\/2005\/begayement\">B\u00e9gayement<\/a><\/td><td>2005\/09\/09<\/td><td><a href=\"https:\/\/www.jcvignoli.com\/blog\/en\/category\/miscellaneous\" rel=\"category tag\">Miscellaneous<\/a>, <a href=\"https:\/\/www.jcvignoli.com\/blog\/category\/moblog\" rel=\"category tag\">Moblog<\/a>, <a href=\"https:\/\/www.jcvignoli.com\/blog\/category\/philosophie\" rel=\"category tag\">Philosophie<\/a><\/td><td><a href=\"https:\/\/www.jcvignoli.com\/blog\/tag\/memoire\" rel=\"tag\">m\u00e9moire<\/a>, <a href=\"https:\/\/www.jcvignoli.com\/blog\/tag\/mort\" rel=\"tag\">mort<\/a><\/td><td>2005-09-09 00:15:15<\/td><\/tr><tr><td><img loading=\"lazy\" decoding=\"async\" width=\"200\" height=\"200\" src=\"https:\/\/www.jcvignoli.com\/blog\/wp-content\/uploads\/identity-200x200.jpg\" class=\"attachment-thumbnail size-thumbnail wp-post-image\" alt=\"\" \/><\/td><td><a href=\"https:\/\/www.jcvignoli.com\/blog\/2005\/identity\">Identity<\/a><\/td><td>2005\/09\/06<\/td><td><a href=\"https:\/\/www.jcvignoli.com\/blog\/category\/cinema\/critiques-de-cinema\" rel=\"category tag\">Critiques de cin\u00e9ma<\/a><\/td><td><a href=\"https:\/\/www.jcvignoli.com\/blog\/tag\/identity\" rel=\"tag\">identity<\/a>, <a href=\"https:\/\/www.jcvignoli.com\/blog\/tag\/mangold\" rel=\"tag\">mangold<\/a><\/td><td>2005-09-06 20:11:00<\/td><\/tr><tr><td><img loading=\"lazy\" decoding=\"async\" width=\"200\" height=\"200\" src=\"https:\/\/www.jcvignoli.com\/blog\/wp-content\/uploads\/terrence-malick-witt-jim-caviezel-thin-red-line1-200x200.jpg\" class=\"attachment-thumbnail size-thumbnail wp-post-image\" alt=\"jim caviezel in the thin red line by terrence malick\" \/><\/td><td><a href=\"https:\/\/www.jcvignoli.com\/blog\/2005\/thin-red-line-the\">Thin Red Line, the<\/a><\/td><td>2005\/09\/06<\/td><td><a href=\"https:\/\/www.jcvignoli.com\/blog\/category\/cinema\/critiques-de-cinema\" rel=\"category tag\">Critiques de cin\u00e9ma<\/a><\/td><td><a href=\"https:\/\/www.jcvignoli.com\/blog\/tag\/critiques\" rel=\"tag\">Critiques<\/a><\/td><td>2005-09-06 18:00:36<\/td><\/tr><tr><td><img loading=\"lazy\" decoding=\"async\" width=\"200\" height=\"200\" src=\"https:\/\/www.jcvignoli.com\/blog\/wp-content\/uploads\/the-matrix-reloaded-200x200.jpg\" class=\"attachment-thumbnail size-thumbnail wp-post-image\" alt=\"\" \/><\/td><td><a href=\"https:\/\/www.jcvignoli.com\/blog\/2005\/matrix-reloaded\">Matrix Reloaded<\/a><\/td><td>2005\/09\/06<\/td><td><a href=\"https:\/\/www.jcvignoli.com\/blog\/category\/cinema\/critiques-de-cinema\" rel=\"category tag\">Critiques de cin\u00e9ma<\/a><\/td><td><a href=\"https:\/\/www.jcvignoli.com\/blog\/tag\/critiques\" rel=\"tag\">Critiques<\/a><\/td><td>2005-09-06 17:59:48<\/td><\/tr><tr><td><img loading=\"lazy\" decoding=\"async\" width=\"200\" height=\"200\" src=\"https:\/\/www.jcvignoli.com\/blog\/wp-content\/uploads\/jeux-denfants-200x200.webp\" class=\"attachment-thumbnail size-thumbnail wp-post-image\" alt=\"\" \/><\/td><td><a href=\"https:\/\/www.jcvignoli.com\/blog\/2005\/jeux-denfants\">Jeux d&rsquo;enfants<\/a><\/td><td>2005\/09\/06<\/td><td><a href=\"https:\/\/www.jcvignoli.com\/blog\/category\/cinema\/critiques-de-cinema\" rel=\"category tag\">Critiques de cin\u00e9ma<\/a><\/td><td><a href=\"https:\/\/www.jcvignoli.com\/blog\/tag\/amour\" rel=\"tag\">amour<\/a>, <a href=\"https:\/\/www.jcvignoli.com\/blog\/tag\/cap-pas-cap\" rel=\"tag\">cap pas cap<\/a>, <a href=\"https:\/\/www.jcvignoli.com\/blog\/tag\/critiques\" rel=\"tag\">Critiques<\/a><\/td><td>2005-09-06 17:58:23<\/td><\/tr><tr><td><img loading=\"lazy\" decoding=\"async\" width=\"200\" height=\"200\" src=\"https:\/\/www.jcvignoli.com\/blog\/wp-content\/uploads\/fight-club-200x200.jpg\" class=\"attachment-thumbnail size-thumbnail wp-post-image\" alt=\"Image promotionnelle du film Fight Club de David Fincher\" \/><\/td><td><a href=\"https:\/\/www.jcvignoli.com\/blog\/2005\/fight-club\">Fight Club<\/a><\/td><td>2005\/09\/06<\/td><td><a href=\"https:\/\/www.jcvignoli.com\/blog\/category\/cinema\/critiques-de-cinema\" rel=\"category tag\">Critiques de cin\u00e9ma<\/a><\/td><td><a href=\"https:\/\/www.jcvignoli.com\/blog\/tag\/brad_pitt\" rel=\"tag\">Brad Pitt<\/a>, <a href=\"https:\/\/www.jcvignoli.com\/blog\/tag\/consommation\" rel=\"tag\">consommation<\/a>, <a href=\"https:\/\/www.jcvignoli.com\/blog\/tag\/consumerisme\" rel=\"tag\">consum\u00e9risme<\/a>, <a href=\"https:\/\/www.jcvignoli.com\/blog\/tag\/david-fincher\" rel=\"tag\">David Fincher<\/a>, <a href=\"https:\/\/www.jcvignoli.com\/blog\/tag\/edward_norton\" rel=\"tag\">Edward Norton<\/a>, <a href=\"https:\/\/www.jcvignoli.com\/blog\/tag\/fight-club\" rel=\"tag\">Fight Club<\/a>, <a href=\"https:\/\/www.jcvignoli.com\/blog\/tag\/ikea\" rel=\"tag\">Ikea<\/a>, <a href=\"https:\/\/www.jcvignoli.com\/blog\/tag\/meat-loaf\" rel=\"tag\">Meat Loaf<\/a><\/td><td>2005-09-06 17:57:34<\/td><\/tr><tr><td><img loading=\"lazy\" decoding=\"async\" width=\"200\" height=\"200\" src=\"https:\/\/www.jcvignoli.com\/blog\/wp-content\/uploads\/les-invasions-barbares-200x200.jpg\" class=\"attachment-thumbnail size-thumbnail wp-post-image\" alt=\"Film les invasions barbares dirig\u00e9 par Denys Arcand\" \/><\/td><td><a href=\"https:\/\/www.jcvignoli.com\/blog\/2005\/invasions-barbares-les\">Les invasions barbares<\/a><\/td><td>2005\/09\/06<\/td><td><a href=\"https:\/\/www.jcvignoli.com\/blog\/category\/cinema\/critiques-de-cinema\" rel=\"category tag\">Critiques de cin\u00e9ma<\/a><\/td><td><a href=\"https:\/\/www.jcvignoli.com\/blog\/tag\/cinema\" rel=\"tag\">Cin\u00e9ma<\/a>, <a href=\"https:\/\/www.jcvignoli.com\/blog\/tag\/critiques\" rel=\"tag\">Critiques<\/a>, <a href=\"https:\/\/www.jcvignoli.com\/blog\/tag\/denys-arcand\" rel=\"tag\">denys arcand<\/a>, <a href=\"https:\/\/www.jcvignoli.com\/blog\/tag\/les-invasions-barbares\" rel=\"tag\">les invasions barbares<\/a>, <a href=\"https:\/\/www.jcvignoli.com\/blog\/tag\/mort\" rel=\"tag\">mort<\/a><\/td><td>2005-09-06 17:54:59<\/td><\/tr><tr><td><img loading=\"lazy\" decoding=\"async\" width=\"200\" height=\"200\" src=\"https:\/\/www.jcvignoli.com\/blog\/wp-content\/uploads\/cube-1997-200x200.jpg\" class=\"attachment-thumbnail size-thumbnail wp-post-image\" alt=\"\" srcset=\"https:\/\/www.jcvignoli.com\/blog\/wp-content\/uploads\/cube-1997-200x200.jpg 200w, https:\/\/www.jcvignoli.com\/blog\/wp-content\/uploads\/cube-1997-600x600.jpg 600w\" sizes=\"auto, (max-width: 200px) 100vw, 200px\" \/><\/td><td><a href=\"https:\/\/www.jcvignoli.com\/blog\/2005\/cube-vincenzo-natali\">Cube<\/a><\/td><td>2005\/09\/06<\/td><td><a href=\"https:\/\/www.jcvignoli.com\/blog\/category\/cinema\/critiques-de-cinema\" rel=\"category tag\">Critiques de cin\u00e9ma<\/a><\/td><td><a href=\"https:\/\/www.jcvignoli.com\/blog\/tag\/allegorie\" rel=\"tag\">all\u00e9gorie<\/a>, <a href=\"https:\/\/www.jcvignoli.com\/blog\/tag\/critiques\" rel=\"tag\">Critiques<\/a>, <a href=\"https:\/\/www.jcvignoli.com\/blog\/tag\/cube\" rel=\"tag\">cube<\/a>, <a href=\"https:\/\/www.jcvignoli.com\/blog\/tag\/vincenzo-natali\" rel=\"tag\">Vincenzo Natali<\/a><\/td><td>2005-09-06 17:52:17<\/td><\/tr><tr><td><img loading=\"lazy\" decoding=\"async\" width=\"200\" height=\"200\" src=\"https:\/\/www.jcvignoli.com\/blog\/wp-content\/uploads\/american_beauty-200x200.jpeg\" class=\"attachment-thumbnail size-thumbnail wp-post-image\" alt=\"Film American Beauty dirig\u00e9 par Sam Mendes\" \/><\/td><td><a href=\"https:\/\/www.jcvignoli.com\/blog\/2005\/american-beauty\">American Beauty<\/a><\/td><td>2005\/09\/06<\/td><td><a href=\"https:\/\/www.jcvignoli.com\/blog\/category\/cinema\/critiques-de-cinema\" rel=\"category tag\">Critiques de cin\u00e9ma<\/a><\/td><td><a href=\"https:\/\/www.jcvignoli.com\/blog\/tag\/7eme-art\" rel=\"tag\">7\u00e8me art<\/a>, <a href=\"https:\/\/www.jcvignoli.com\/blog\/tag\/american-beauty\" rel=\"tag\">American Beauty<\/a>, <a href=\"https:\/\/www.jcvignoli.com\/blog\/tag\/sam-mendes\" rel=\"tag\">Sam Mendes<\/a><\/td><td>2005-09-06 08:15:56<\/td><\/tr><tr><td><img loading=\"lazy\" decoding=\"async\" width=\"200\" height=\"200\" src=\"https:\/\/www.jcvignoli.com\/blog\/wp-content\/uploads\/cigarette-200x200.jpg\" class=\"attachment-thumbnail size-thumbnail wp-post-image\" alt=\"Illustration de cigarette\" srcset=\"https:\/\/www.jcvignoli.com\/blog\/wp-content\/uploads\/cigarette-200x200.jpg 200w, https:\/\/www.jcvignoli.com\/blog\/wp-content\/uploads\/cigarette-160x160.jpg 160w, https:\/\/www.jcvignoli.com\/blog\/wp-content\/uploads\/cigarette-320x320.jpg 320w\" sizes=\"auto, (max-width: 200px) 100vw, 200px\" \/><\/td><td><a href=\"https:\/\/www.jcvignoli.com\/blog\/2005\/clopes\">Esprit critique qui part en fum\u00e9e<\/a><\/td><td>2005\/09\/04<\/td><td><a href=\"https:\/\/www.jcvignoli.com\/blog\/category\/politique\/ecologie\" rel=\"category tag\">Ecologie<\/a>, <a href=\"https:\/\/www.jcvignoli.com\/blog\/category\/politique\" rel=\"category tag\">Politique<\/a><\/td><td><a href=\"https:\/\/www.jcvignoli.com\/blog\/tag\/cigarette\" rel=\"tag\">cigarette<\/a>, <a href=\"https:\/\/www.jcvignoli.com\/blog\/tag\/fumer\" rel=\"tag\">fumer<\/a><\/td><td>2005-09-04 18:34:09<\/td><\/tr><tr><td><img loading=\"lazy\" decoding=\"async\" width=\"150\" height=\"150\" src=\"https:\/\/www.jcvignoli.com\/blog\/wp-content\/uploads\/sweetsurrender-150x150.jpg\" class=\"attachment-thumbnail size-thumbnail wp-post-image\" alt=\"chirac dummy\" \/><\/td><td><a href=\"https:\/\/www.jcvignoli.com\/blog\/2005\/idealisme-et-illumination-au-pays-du-materialisme\">Id\u00e9alisme et illumination au pays du mat\u00e9rialisme<\/a><\/td><td>2005\/09\/03<\/td><td><a href=\"https:\/\/www.jcvignoli.com\/blog\/category\/philosophie\" rel=\"category tag\">Philosophie<\/a>, <a href=\"https:\/\/www.jcvignoli.com\/blog\/category\/politique\" rel=\"category tag\">Politique<\/a>, <a href=\"https:\/\/www.jcvignoli.com\/blog\/category\/politique\/usa\" rel=\"category tag\">USA<\/a><\/td><td><a href=\"https:\/\/www.jcvignoli.com\/blog\/tag\/france\" rel=\"tag\">france<\/a>, <a href=\"https:\/\/www.jcvignoli.com\/blog\/tag\/irak\" rel=\"tag\">irak<\/a><\/td><td>2005-09-03 03:13:20<\/td><\/tr><tr><td><\/td><td><a href=\"https:\/\/www.jcvignoli.com\/blog\/2005\/photos-du-terrain-en-direct-live-3\">Photos en direct live<\/a><\/td><td>2005\/08\/20<\/td><td><a href=\"https:\/\/www.jcvignoli.com\/blog\/category\/moblog\/france-2005\" rel=\"category tag\">france 2005<\/a>, <a href=\"https:\/\/www.jcvignoli.com\/blog\/category\/moblog\" rel=\"category tag\">Moblog<\/a><\/td><td><a href=\"https:\/\/www.jcvignoli.com\/blog\/tag\/moblog\" rel=\"tag\">Moblog<\/a><\/td><td>2005-08-20 22:00:07<\/td><\/tr><tr><td><\/td><td><a href=\"https:\/\/www.jcvignoli.com\/blog\/2005\/photos-du-terrain-en-direct-live-4\">Photos en direct live<\/a><\/td><td>2005\/08\/19<\/td><td><a href=\"https:\/\/www.jcvignoli.com\/blog\/category\/moblog\/france-2005\" rel=\"category tag\">france 2005<\/a>, <a href=\"https:\/\/www.jcvignoli.com\/blog\/category\/moblog\" rel=\"category tag\">Moblog<\/a><\/td><td><a href=\"https:\/\/www.jcvignoli.com\/blog\/tag\/france-2005\" rel=\"tag\">France 2005<\/a>, <a href=\"https:\/\/www.jcvignoli.com\/blog\/tag\/moblog\" rel=\"tag\">Moblog<\/a><\/td><td>2005-08-19 20:01:10<\/td><\/tr><tr><td><\/td><td><a href=\"https:\/\/www.jcvignoli.com\/blog\/2005\/photos-du-terrain-en-direct-live-5\">Photos en direct live<\/a><\/td><td>2005\/08\/19<\/td><td><a href=\"https:\/\/www.jcvignoli.com\/blog\/category\/moblog\/france-2005\" rel=\"category tag\">france 2005<\/a>, <a href=\"https:\/\/www.jcvignoli.com\/blog\/category\/moblog\" rel=\"category tag\">Moblog<\/a><\/td><td><a href=\"https:\/\/www.jcvignoli.com\/blog\/tag\/moblog\" rel=\"tag\">Moblog<\/a><\/td><td>2005-08-19 19:57:29<\/td><\/tr><tr><td><\/td><td><a href=\"https:\/\/www.jcvignoli.com\/blog\/2005\/photos-du-terrain-en-direct-live-6\">Photos en direct live<\/a><\/td><td>2005\/08\/17<\/td><td><a href=\"https:\/\/www.jcvignoli.com\/blog\/category\/moblog\/france-2005\" rel=\"category tag\">france 2005<\/a>, <a href=\"https:\/\/www.jcvignoli.com\/blog\/category\/moblog\" rel=\"category tag\">Moblog<\/a><\/td><td><a href=\"https:\/\/www.jcvignoli.com\/blog\/tag\/moblog\" rel=\"tag\">Moblog<\/a><\/td><td>2005-08-17 00:24:48<\/td><\/tr><tr><td><\/td><td><a href=\"https:\/\/www.jcvignoli.com\/blog\/2005\/photos-du-terrain-en-direct-live-7\">Photos en direct live<\/a><\/td><td>2005\/08\/13<\/td><td><a href=\"https:\/\/www.jcvignoli.com\/blog\/category\/moblog\/france-2005\" rel=\"category tag\">france 2005<\/a>, <a href=\"https:\/\/www.jcvignoli.com\/blog\/category\/moblog\" rel=\"category tag\">Moblog<\/a><\/td><td><a href=\"https:\/\/www.jcvignoli.com\/blog\/tag\/moblog\" rel=\"tag\">Moblog<\/a><\/td><td>2005-08-13 22:48:08<\/td><\/tr><tr><td><\/td><td><a href=\"https:\/\/www.jcvignoli.com\/blog\/2005\/photos-du-terrain-en-direct-live-8\">Photos en direct live<\/a><\/td><td>2005\/08\/09<\/td><td><a href=\"https:\/\/www.jcvignoli.com\/blog\/category\/moblog\/france-2005\" rel=\"category tag\">france 2005<\/a>, <a href=\"https:\/\/www.jcvignoli.com\/blog\/category\/moblog\" rel=\"category tag\">Moblog<\/a><\/td><td><a href=\"https:\/\/www.jcvignoli.com\/blog\/tag\/avignon\" rel=\"tag\">avignon<\/a>, <a href=\"https:\/\/www.jcvignoli.com\/blog\/tag\/moblog\" rel=\"tag\">Moblog<\/a><\/td><td>2005-08-09 18:17:15<\/td><\/tr><tr><td><\/td><td><a href=\"https:\/\/www.jcvignoli.com\/blog\/2005\/photos-du-terrain-en-direct-live-2\">Photos en direct live<\/a><\/td><td>2005\/08\/08<\/td><td><a href=\"https:\/\/www.jcvignoli.com\/blog\/category\/moblog\/france-2005\" rel=\"category tag\">france 2005<\/a>, <a href=\"https:\/\/www.jcvignoli.com\/blog\/category\/moblog\" rel=\"category tag\">Moblog<\/a><\/td><td><a href=\"https:\/\/www.jcvignoli.com\/blog\/tag\/france\" rel=\"tag\">france<\/a>, <a href=\"https:\/\/www.jcvignoli.com\/blog\/tag\/julien\" rel=\"tag\">julien<\/a>, <a href=\"https:\/\/www.jcvignoli.com\/blog\/tag\/moblog\" rel=\"tag\">Moblog<\/a><\/td><td>2005-08-08 22:20:23<\/td><\/tr><tr><td><\/td><td><a href=\"https:\/\/www.jcvignoli.com\/blog\/2005\/brother-lexploitation-et-lacceptation\">Brother, l&rsquo;exploitation et l&rsquo;acceptation<\/a><\/td><td>2005\/08\/06<\/td><td><a href=\"https:\/\/www.jcvignoli.com\/blog\/category\/politique\" rel=\"category tag\">Politique<\/a><\/td><td><a href=\"https:\/\/www.jcvignoli.com\/blog\/tag\/brother\" rel=\"tag\">Brother<\/a>, <a href=\"https:\/\/www.jcvignoli.com\/blog\/tag\/chine\" rel=\"tag\">Chine<\/a>, <a href=\"https:\/\/www.jcvignoli.com\/blog\/tag\/exploitation\" rel=\"tag\">exploitation<\/a><\/td><td>2005-08-06 13:54:51<\/td><\/tr><tr><td><\/td><td><a href=\"https:\/\/www.jcvignoli.com\/blog\/2005\/matteo-moblog-et-moelleux-au-chocolat\">Matteo, moblog, et moelleux au chocolat<\/a><\/td><td>2005\/08\/06<\/td><td><a href=\"https:\/\/www.jcvignoli.com\/blog\/category\/informatique\/blog\" rel=\"category tag\">blog<\/a>, <a href=\"https:\/\/www.jcvignoli.com\/blog\/en\/category\/miscellaneous\" rel=\"category tag\">Miscellaneous<\/a>, <a href=\"https:\/\/www.jcvignoli.com\/blog\/category\/moblog\" rel=\"category tag\">Moblog<\/a><\/td><td><a href=\"https:\/\/www.jcvignoli.com\/blog\/tag\/blog\" rel=\"tag\">blog<\/a>, <a href=\"https:\/\/www.jcvignoli.com\/blog\/tag\/moblog\" rel=\"tag\">Moblog<\/a><\/td><td>2005-08-06 04:49:48<\/td><\/tr><tr><td><\/td><td><a href=\"https:\/\/www.jcvignoli.com\/blog\/2005\/et-ca-continue\">et \u00e7a continue&#8230;.<\/a><\/td><td>2005\/08\/05<\/td><td><a href=\"https:\/\/www.jcvignoli.com\/blog\/category\/moblog\" rel=\"category tag\">Moblog<\/a><\/td><td><a href=\"https:\/\/www.jcvignoli.com\/blog\/tag\/geneve\" rel=\"tag\">Gen\u00e8ve<\/a>, <a href=\"https:\/\/www.jcvignoli.com\/blog\/tag\/moblog\" rel=\"tag\">Moblog<\/a>, <a href=\"https:\/\/www.jcvignoli.com\/blog\/tag\/salsa\" rel=\"tag\">salsa<\/a><\/td><td>2005-08-05 01:41:48<\/td><\/tr><tr><td><\/td><td><a href=\"https:\/\/www.jcvignoli.com\/blog\/2005\/photos-du-terrain-en-direct-live\">Photos en direct live<\/a><\/td><td>2005\/08\/04<\/td><td><a href=\"https:\/\/www.jcvignoli.com\/blog\/category\/moblog\" rel=\"category tag\">Moblog<\/a><\/td><td><a href=\"https:\/\/www.jcvignoli.com\/blog\/tag\/geneve\" rel=\"tag\">Gen\u00e8ve<\/a>, <a href=\"https:\/\/www.jcvignoli.com\/blog\/tag\/moblog\" rel=\"tag\">Moblog<\/a><\/td><td>2005-08-04 20:17:44<\/td><\/tr><tr><td><\/td><td><a href=\"https:\/\/www.jcvignoli.com\/blog\/2005\/mobile-blog-je-suis-fun-et-ca-se-voit\">Mobile blog : je suis fun, et \u00e7a se voit<\/a><\/td><td>2005\/08\/04<\/td><td><a href=\"https:\/\/www.jcvignoli.com\/blog\/category\/informatique\/blog\" rel=\"category tag\">blog<\/a>, <a href=\"https:\/\/www.jcvignoli.com\/blog\/category\/moblog\" rel=\"category tag\">Moblog<\/a>, <a href=\"https:\/\/www.jcvignoli.com\/blog\/category\/informatique\/wordpress\" rel=\"category tag\">wordpress<\/a><\/td><td><a href=\"https:\/\/www.jcvignoli.com\/blog\/tag\/blog\" rel=\"tag\">blog<\/a>, <a href=\"https:\/\/www.jcvignoli.com\/blog\/tag\/moblog\" rel=\"tag\">Moblog<\/a>, <a href=\"https:\/\/www.jcvignoli.com\/blog\/tag\/wordpress\" rel=\"tag\">wordpress<\/a><\/td><td>2005-08-04 15:33:49<\/td><\/tr><tr><td><img loading=\"lazy\" decoding=\"async\" width=\"200\" height=\"200\" src=\"https:\/\/www.jcvignoli.com\/blog\/wp-content\/uploads\/Comet-logo-200x200.jpg\" class=\"attachment-thumbnail size-thumbnail wp-post-image\" alt=\"Comet-logo\" srcset=\"https:\/\/www.jcvignoli.com\/blog\/wp-content\/uploads\/Comet-logo-200x200.jpg 200w, https:\/\/www.jcvignoli.com\/blog\/wp-content\/uploads\/Comet-logo-160x160.jpg 160w\" sizes=\"auto, (max-width: 200px) 100vw, 200px\" \/><\/td><td><a href=\"https:\/\/www.jcvignoli.com\/blog\/2005\/hei-comet\">HEI Comet<\/a><\/td><td>2005\/07\/28<\/td><td><a href=\"https:\/\/www.jcvignoli.com\/blog\/category\/informatique\/blog\" rel=\"category tag\">blog<\/a>, <a href=\"https:\/\/www.jcvignoli.com\/blog\/category\/livres\" rel=\"category tag\">Presse\/livres<\/a><\/td><td><a href=\"https:\/\/www.jcvignoli.com\/blog\/tag\/comet\" rel=\"tag\">comet<\/a>, <a href=\"https:\/\/www.jcvignoli.com\/blog\/tag\/graduate-institute-geneva\" rel=\"tag\">graduate institute geneva<\/a>, <a href=\"https:\/\/www.jcvignoli.com\/blog\/tag\/hautes-etudes-internationales\" rel=\"tag\">hautes \u00e9tudes internationales<\/a>, <a href=\"https:\/\/www.jcvignoli.com\/blog\/tag\/hei-comet\" rel=\"tag\">HEI Comet<\/a>, <a href=\"https:\/\/www.jcvignoli.com\/blog\/tag\/journal\" rel=\"tag\">journal<\/a><\/td><td>2005-07-28 19:20:22<\/td><\/tr><tr><td><\/td><td><a href=\"https:\/\/www.jcvignoli.com\/blog\/2005\/contre-attaque-polonaise\">Contre-attaque polonaise<\/a><\/td><td>2005\/06\/30<\/td><td><a href=\"https:\/\/www.jcvignoli.com\/blog\/category\/humour\" rel=\"category tag\">Humour<\/a>, <a href=\"https:\/\/www.jcvignoli.com\/blog\/category\/politique\" rel=\"category tag\">Politique<\/a>, <a href=\"https:\/\/www.jcvignoli.com\/blog\/category\/politique\/ue\" rel=\"category tag\">UE<\/a><\/td><td><a href=\"https:\/\/www.jcvignoli.com\/blog\/tag\/pologne\" rel=\"tag\">Pologne<\/a>, <a href=\"https:\/\/www.jcvignoli.com\/blog\/tag\/ue\" rel=\"tag\">UE<\/a><\/td><td>2005-06-30 14:06:50<\/td><\/tr><tr><td><\/td><td><a href=\"https:\/\/www.jcvignoli.com\/blog\/2005\/cerveau-de-la-taille-dun-poil\">Cerveau de la taille d&rsquo;un poil<\/a><\/td><td>2005\/06\/29<\/td><td><a href=\"https:\/\/www.jcvignoli.com\/blog\/category\/humour\" rel=\"category tag\">Humour<\/a><\/td><td><a href=\"https:\/\/www.jcvignoli.com\/blog\/tag\/femme\" rel=\"tag\">femme<\/a>, <a href=\"https:\/\/www.jcvignoli.com\/blog\/tag\/ideologie\" rel=\"tag\">id\u00e9ologie<\/a>, <a href=\"https:\/\/www.jcvignoli.com\/blog\/tag\/poil\" rel=\"tag\">poil<\/a><\/td><td>2005-06-29 23:35:05<\/td><\/tr><tr><td><\/td><td><a href=\"https:\/\/www.jcvignoli.com\/blog\/2005\/creme-de-neo-nazi\">Cr\u00e8me de n\u00e9o-nazi<\/a><\/td><td>2005\/06\/29<\/td><td><a href=\"https:\/\/www.jcvignoli.com\/blog\/category\/humour\" rel=\"category tag\">Humour<\/a>, <a href=\"https:\/\/www.jcvignoli.com\/blog\/category\/politique\" rel=\"category tag\">Politique<\/a><\/td><td><a href=\"https:\/\/www.jcvignoli.com\/blog\/tag\/avant-garde\" rel=\"tag\">avant-garde<\/a>, <a href=\"https:\/\/www.jcvignoli.com\/blog\/tag\/hitler\" rel=\"tag\">Hitler<\/a>, <a href=\"https:\/\/www.jcvignoli.com\/blog\/tag\/nazi\" rel=\"tag\">nazi<\/a>, <a href=\"https:\/\/www.jcvignoli.com\/blog\/tag\/neo-nazi\" rel=\"tag\">n\u00e9o-nazi<\/a><\/td><td>2005-06-29 15:09:16<\/td><\/tr><tr><td><\/td><td><a href=\"https:\/\/www.jcvignoli.com\/blog\/2005\/de-lideologie\">De l&rsquo;id\u00e9ologie<\/a><\/td><td>2005\/06\/11<\/td><td><a href=\"https:\/\/www.jcvignoli.com\/blog\/category\/philosophie\" rel=\"category tag\">Philosophie<\/a>, <a href=\"https:\/\/www.jcvignoli.com\/blog\/category\/politique\" rel=\"category tag\">Politique<\/a><\/td><td><a href=\"https:\/\/www.jcvignoli.com\/blog\/tag\/ideologie\" rel=\"tag\">id\u00e9ologie<\/a><\/td><td>2005-06-11 01:58:46<\/td><\/tr><tr><td><\/td><td><a href=\"https:\/\/www.jcvignoli.com\/blog\/2005\/theorie-dolson\">Th\u00e9orie d&rsquo;Olson<\/a><\/td><td>2005\/02\/15<\/td><td><a href=\"https:\/\/www.jcvignoli.com\/blog\/category\/politique\" rel=\"category tag\">Politique<\/a><\/td><td><a href=\"https:\/\/www.jcvignoli.com\/blog\/tag\/ideologie\" rel=\"tag\">id\u00e9ologie<\/a>, <a href=\"https:\/\/www.jcvignoli.com\/blog\/tag\/olson\" rel=\"tag\">olson<\/a><\/td><td>2005-02-15 15:31:40<\/td><\/tr><tr><td><\/td><td><a href=\"https:\/\/www.jcvignoli.com\/blog\/2005\/peine-de-mort\">Peine de mort<\/a><\/td><td>2005\/01\/27<\/td><td><a href=\"https:\/\/www.jcvignoli.com\/blog\/category\/humour\" rel=\"category tag\">Humour<\/a>, <a href=\"https:\/\/www.jcvignoli.com\/blog\/category\/politique\" rel=\"category tag\">Politique<\/a>, <a href=\"https:\/\/www.jcvignoli.com\/blog\/category\/politique\/usa\" rel=\"category tag\">USA<\/a><\/td><td><a href=\"https:\/\/www.jcvignoli.com\/blog\/tag\/peine-de-mort\" rel=\"tag\">peine de mort<\/a><\/td><td>2005-01-27 18:28:20<\/td><\/tr><tr><td><\/td><td><a href=\"https:\/\/www.jcvignoli.com\/blog\/2005\/liberte-des-medias\">Libert\u00e9 des m\u00e9dias<\/a><\/td><td>2005\/01\/05<\/td><td><a href=\"https:\/\/www.jcvignoli.com\/blog\/en\/category\/miscellaneous\" rel=\"category tag\">Miscellaneous<\/a><\/td><td><a href=\"https:\/\/www.jcvignoli.com\/blog\/tag\/coca-cola\" rel=\"tag\">coca-cola<\/a>, <a href=\"https:\/\/www.jcvignoli.com\/blog\/tag\/tf1\" rel=\"tag\">tf1<\/a><\/td><td>2005-01-05 23:24:02<\/td><\/tr><tr><td><\/td><td><a href=\"https:\/\/www.jcvignoli.com\/blog\/2004\/taxes-universitaires-comment-mentir-en-une-lecon\">Taxes universitaires : comment mentir en une le\u00e7on<\/a><\/td><td>2004\/12\/17<\/td><td><a href=\"https:\/\/www.jcvignoli.com\/blog\/en\/category\/miscellaneous\" rel=\"category tag\">Miscellaneous<\/a><\/td><td><a href=\"https:\/\/www.jcvignoli.com\/blog\/tag\/taxe\" rel=\"tag\">taxe<\/a>, <a href=\"https:\/\/www.jcvignoli.com\/blog\/tag\/universite\" rel=\"tag\">universit\u00e9<\/a><\/td><td>2004-12-17 16:48:14<\/td><\/tr><tr><td><\/td><td><a href=\"https:\/\/www.jcvignoli.com\/blog\/2004\/chronique-dune-mort-annoncee\">Chronique d&rsquo;une mort annonc\u00e9e<\/a><\/td><td>2004\/11\/18<\/td><td><a href=\"https:\/\/www.jcvignoli.com\/blog\/category\/politique\/ecologie\" rel=\"category tag\">Ecologie<\/a><\/td><td><a href=\"https:\/\/www.jcvignoli.com\/blog\/tag\/club_de_rome\" rel=\"tag\">Club de Rome<\/a>, <a href=\"https:\/\/www.jcvignoli.com\/blog\/tag\/fiction\" rel=\"tag\">fiction<\/a>, <a href=\"https:\/\/www.jcvignoli.com\/blog\/tag\/rechauffement-climatique\" rel=\"tag\">R\u00e9chauffement climatique<\/a><\/td><td>2004-11-18 13:43:06<\/td><\/tr><tr><td><\/td><td><a href=\"https:\/\/www.jcvignoli.com\/blog\/2004\/nous-sommes-tous-des-imbeciles\">nous sommes tous des imb\u00e9ciles<\/a><\/td><td>2004\/11\/03<\/td><td><a href=\"https:\/\/www.jcvignoli.com\/blog\/category\/politique\" rel=\"category tag\">Politique<\/a>, <a href=\"https:\/\/www.jcvignoli.com\/blog\/category\/politique\/usa\" rel=\"category tag\">USA<\/a><\/td><td><a href=\"https:\/\/www.jcvignoli.com\/blog\/tag\/bush\" rel=\"tag\">Bush<\/a>, <a href=\"https:\/\/www.jcvignoli.com\/blog\/tag\/elections-presidentielles\" rel=\"tag\">\u00e9lections pr\u00e9sidentielles<\/a>, <a href=\"https:\/\/www.jcvignoli.com\/blog\/tag\/imbecile\" rel=\"tag\">Imb\u00e9cile<\/a><\/td><td>2004-11-03 23:23:15<\/td><\/tr><tr><td><\/td><td><a href=\"https:\/\/www.jcvignoli.com\/blog\/2004\/signe-ostentatoire-de-bont\">Signe ostentatoire de bont\u00e9<\/a><\/td><td>2004\/03\/15<\/td><td><a href=\"https:\/\/www.jcvignoli.com\/blog\/category\/activisme\" rel=\"category tag\">Activisme<\/a>, <a href=\"https:\/\/www.jcvignoli.com\/blog\/en\/category\/miscellaneous\" rel=\"category tag\">Miscellaneous<\/a><\/td><td><a href=\"https:\/\/www.jcvignoli.com\/blog\/tag\/kitsch\" rel=\"tag\">kitsch<\/a><\/td><td>2004-03-15 17:32:29<\/td><\/tr><tr><td><img loading=\"lazy\" decoding=\"async\" width=\"112\" height=\"99\" src=\"https:\/\/www.jcvignoli.com\/blog\/wp-content\/uploads\/numerologie.jpg\" class=\"attachment-thumbnail size-thumbnail wp-post-image\" alt=\"Connerie de num\u00e9rologie\" \/><\/td><td><a href=\"https:\/\/www.jcvignoli.com\/blog\/2004\/presentation\">Pr\u00e9sentation<\/a><\/td><td>2004\/02\/27<\/td><td><a href=\"https:\/\/www.jcvignoli.com\/blog\/category\/informatique\/blog\" rel=\"category tag\">blog<\/a>, <a href=\"https:\/\/www.jcvignoli.com\/blog\/en\/category\/miscellaneous\" rel=\"category tag\">Miscellaneous<\/a><\/td><td><a href=\"https:\/\/www.jcvignoli.com\/blog\/tag\/introduction\" rel=\"tag\">introduction<\/a>, <a href=\"https:\/\/www.jcvignoli.com\/blog\/tag\/jean-claude\" rel=\"tag\">jean-claude<\/a>, <a href=\"https:\/\/www.jcvignoli.com\/blog\/tag\/presentation\" rel=\"tag\">pr\u00e9sentation<\/a><\/td><td>2004-02-27 17:11:57<\/td><\/tr><tr><td><img loading=\"lazy\" decoding=\"async\" width=\"200\" height=\"200\" src=\"https:\/\/www.jcvignoli.com\/blog\/wp-content\/uploads\/spider-man-200x200.webp\" class=\"attachment-thumbnail size-thumbnail wp-post-image\" alt=\"\" srcset=\"https:\/\/www.jcvignoli.com\/blog\/wp-content\/uploads\/spider-man-200x200.webp 200w, https:\/\/www.jcvignoli.com\/blog\/wp-content\/uploads\/spider-man-600x600.webp 600w\" sizes=\"auto, (max-width: 200px) 100vw, 200px\" \/><\/td><td><a href=\"https:\/\/www.jcvignoli.com\/blog\/2003\/spider-man\">Spider-Man<\/a><\/td><td>2003\/10\/18<\/td><td><a href=\"https:\/\/www.jcvignoli.com\/blog\/category\/cinema\/critiques-de-cinema\" rel=\"category tag\">Critiques de cin\u00e9ma<\/a><\/td><td><a href=\"https:\/\/www.jcvignoli.com\/blog\/tag\/sam-raimi\" rel=\"tag\">Sam Raimi<\/a>, <a href=\"https:\/\/www.jcvignoli.com\/blog\/tag\/spider-man\" rel=\"tag\">spider-man<\/a><\/td><td>2003-10-18 04:20:00<\/td><\/tr><\/tbody><\/table>\n","protected":false},"excerpt":{"rendered":"<p>Page regroupant toutes les archives cat\u00e9goris\u00e9es de Lost Highway Utilisez les filtres pour trouver une article en particulier.<\/p>\n","protected":false},"author":1,"featured_media":2736,"parent":0,"menu_order":0,"comment_status":"closed","ping_status":"open","template":"","meta":{"ocean_post_layout":"full-width","ocean_both_sidebars_style":"","ocean_both_sidebars_content_width":0,"ocean_both_sidebars_sidebars_width":0,"ocean_sidebar":"sidebar","ocean_second_sidebar":"0","ocean_disable_margins":"enable","ocean_add_body_class":"","ocean_shortcode_before_top_bar":"","ocean_shortcode_after_top_bar":"","ocean_shortcode_before_header":"","ocean_shortcode_after_header":"","ocean_has_shortcode":"","ocean_shortcode_after_title":"","ocean_shortcode_before_footer_widgets":"","ocean_shortcode_after_footer_widgets":"","ocean_shortcode_before_footer_bottom":"","ocean_shortcode_after_footer_bottom":"","ocean_display_top_bar":"default","ocean_display_header":"default","ocean_header_style":"","ocean_center_header_left_menu":"0","ocean_custom_header_template":"0","ocean_custom_logo":0,"ocean_custom_retina_logo":0,"ocean_custom_logo_max_width":0,"ocean_custom_logo_tablet_max_width":0,"ocean_custom_logo_mobile_max_width":0,"ocean_custom_logo_max_height":0,"ocean_custom_logo_tablet_max_height":0,"ocean_custom_logo_mobile_max_height":0,"ocean_header_custom_menu":"0","ocean_menu_typo_font_family":"0","ocean_menu_typo_font_subset":"","ocean_menu_typo_font_size":0,"ocean_menu_typo_font_size_tablet":0,"ocean_menu_typo_font_size_mobile":0,"ocean_menu_typo_font_size_unit":"px","ocean_menu_typo_font_weight":"","ocean_menu_typo_font_weight_tablet":"","ocean_menu_typo_font_weight_mobile":"","ocean_menu_typo_transform":"","ocean_menu_typo_transform_tablet":"","ocean_menu_typo_transform_mobile":"","ocean_menu_typo_line_height":0,"ocean_menu_typo_line_height_tablet":0,"ocean_menu_typo_line_height_mobile":0,"ocean_menu_typo_line_height_unit":"","ocean_menu_typo_spacing":0,"ocean_menu_typo_spacing_tablet":0,"ocean_menu_typo_spacing_mobile":0,"ocean_menu_typo_spacing_unit":"","ocean_menu_link_color":"","ocean_menu_link_color_hover":"","ocean_menu_link_color_active":"","ocean_menu_link_background":"","ocean_menu_link_hover_background":"","ocean_menu_link_active_background":"","ocean_menu_social_links_bg":"","ocean_menu_social_hover_links_bg":"","ocean_menu_social_links_color":"","ocean_menu_social_hover_links_color":"","ocean_disable_title":"default","ocean_disable_heading":"default","ocean_post_title":"","ocean_post_subheading":"","ocean_post_title_style":"","ocean_post_title_background_color":"","ocean_post_title_background":0,"ocean_post_title_bg_image_position":"","ocean_post_title_bg_image_attachment":"","ocean_post_title_bg_image_repeat":"","ocean_post_title_bg_image_size":"","ocean_post_title_height":0,"ocean_post_title_bg_overlay":0.5,"ocean_post_title_bg_overlay_color":"","ocean_disable_breadcrumbs":"on","ocean_breadcrumbs_color":"","ocean_breadcrumbs_separator_color":"","ocean_breadcrumbs_links_color":"","ocean_breadcrumbs_links_hover_color":"","ocean_display_footer_widgets":"default","ocean_display_footer_bottom":"default","ocean_custom_footer_template":"","footnotes":""},"class_list":["post-2634","page","type-page","status-publish","has-post-thumbnail","hentry","entry","has-media"],"aioseo_notices":[],"language":"fr","_links":{"self":[{"href":"https:\/\/www.jcvignoli.com\/blog\/wp-json\/wp\/v2\/pages\/2634","targetHints":{"allow":["GET"]}}],"collection":[{"href":"https:\/\/www.jcvignoli.com\/blog\/wp-json\/wp\/v2\/pages"}],"about":[{"href":"https:\/\/www.jcvignoli.com\/blog\/wp-json\/wp\/v2\/types\/page"}],"author":[{"embeddable":true,"href":"https:\/\/www.jcvignoli.com\/blog\/wp-json\/wp\/v2\/users\/1"}],"replies":[{"embeddable":true,"href":"https:\/\/www.jcvignoli.com\/blog\/wp-json\/wp\/v2\/comments?post=2634"}],"version-history":[{"count":2,"href":"https:\/\/www.jcvignoli.com\/blog\/wp-json\/wp\/v2\/pages\/2634\/revisions"}],"predecessor-version":[{"id":6337,"href":"https:\/\/www.jcvignoli.com\/blog\/wp-json\/wp\/v2\/pages\/2634\/revisions\/6337"}],"wp:featuredmedia":[{"embeddable":true,"href":"https:\/\/www.jcvignoli.com\/blog\/wp-json\/wp\/v2\/media\/2736"}],"wp:attachment":[{"href":"https:\/\/www.jcvignoli.com\/blog\/wp-json\/wp\/v2\/media?parent=2634"}],"curies":[{"name":"wp","href":"https:\/\/api.w.org\/{rel}","templated":true}]}}